{"id":3870,"date":"2022-02-20T09:45:52","date_gmt":"2022-02-20T08:45:52","guid":{"rendered":"https:\/\/sermons.seetal-chile.ch\/?post_type=wpfc_sermon&#038;p=3870"},"modified":"2023-01-07T12:09:46","modified_gmt":"2023-01-07T11:09:46","slug":"die-schoepferische-kraft-des-heiligen-geistes","status":"publish","type":"wpfc_sermon","link":"https:\/\/sermons.seetal-chile.ch\/it\/sermons\/die-schoepferische-kraft-des-heiligen-geistes\/","title":{"rendered":"Il pote\u00adre crea\u00adtivo del\u00adlo Spi\u00adri\u00adto&nbsp;Santo"},"content":{"rendered":"<p>Chi e cosa \u00e8 lo Spi\u00adri\u00adto San\u00adto? Nella Bibbia ebraica \u00e8 chi\u00adama\u00adto Ruach e si tro\u00adva fon\u00adda\u00admen\u00adtal\u00admen\u00adte nei tes\u00adti del\u00adla crea\u00adzio\u00adne. La Ruach \u00e8 ci\u00f2 che ren\u00adde pos\u00adsi\u00adbi\u00adle e crea la vita, sia nella crea\u00adzio\u00adne che nella nuo\u00adva crea\u00adzio\u00adne. La Ruach si rea\u00adliz\u00adza nella socie\u00adt\u00e0 nella giu\u00ads\u00adti\u00adzia, nella miser\u00adi\u00adcor\u00addia, nel diritto e nella&nbsp;pace.<\/p>\n<p>Ho let\u00adto la seguen\u00adte bat\u00adtu\u00adta: Il Pad\u00adre, il Figlio e lo Spi\u00adri\u00adto San\u00adto vogli\u00ado\u00adno anda\u00adre in vacan\u00adza. Il pad\u00adre dice: \u00abAndia\u00admo in Paki\u00adstan\u00bb. Il figlio dice: \u00abNon cre\u00addo che ci voglia\u00adno l\u00ec\u00bb. Lo Spi\u00adri\u00adto San\u00adto dice: \u00abAndia\u00admo in Cina\u00bb. Il pad\u00adre dice: \u00abCi cac\u00adceran\u00adno anche l\u00ec\u00bb. Il figlio dice: \u00abAll\u00ado\u00adra andia\u00admo a Roma!\u00bb. Deli\u00adzia\u00adto, lo Spi\u00adri\u00adto San\u00adto dice: \u00ab\u00c8 una gran\u00adde idea, dob\u00adbia\u00admo asso\u00adlu\u00adt\u00adamen\u00adte and\u00adar\u00adci, non ci sono mai sta\u00adto!\u00bb. Ques\u00adta bat\u00adtu\u00adta non coin\u00adci\u00adde asso\u00adlu\u00adt\u00adamen\u00adte con la mia opi\u00adni\u00adone per\u00adso\u00adna\u00adle! Ci\u00f2 che \u00e8 vero \u00e8 che Dio si rivela nel\u00adle per\u00adso\u00adne Pad\u00adre, Figlio e Spi\u00adri\u00adto San\u00adto. I ter\u00admi\u00adni \u00abPad\u00adre\u00bb e \u00abFiglio\u00bb sono facilm\u00aden\u00adte acces\u00adsi\u00adbi\u00adli per noi. Ad ent\u00adram\u00adbe le espres\u00adsio\u00adni asso\u00adcia\u00admo ricor\u00addi, imma\u00adgi\u00adni e sen\u00adti\u00admen\u00adti. Sono espe\u00adri\u00aden\u00adze socia\u00adli. Abbia\u00admo pi\u00f9 dif\u00adfi\u00adcol\u00adt\u00e0 con la ter\u00adza per\u00adso\u00adna del\u00adla Tri\u00adni\u00adt\u00e0. Sem\u00adpli\u00adce\u00admen\u00adte ci man\u00adca il back\u00adground di espe\u00adri\u00aden\u00adza. I bam\u00adbi\u00adni potreb\u00adbe\u00adro pen\u00adsare a un fan\u00adtas\u00adma. Gli adul\u00adti han\u00adno asso\u00adcia\u00adzio\u00adni come le sci\u00aden\u00adze uma\u00adne ris\u00adpet\u00adto alle sci\u00aden\u00adze natu\u00adra\u00adli. Per \u00abfan\u00adtas\u00adma\u00bb si inten\u00adde l\u2019in\u00adtel\u00adlet\u00adto di una per\u00adso\u00adna. Le per\u00adso\u00adne che lavor\u00adano con le mani sono pra\u00adti\u00adcan\u00adti. Al con\u00adtra\u00adrio, i teo\u00adri\u00adci lavor\u00adano con la tes\u00adta. La \u00abmen\u00adte\u00bb appar\u00adtiene quin\u00addi alla cate\u00adgo\u00adria del\u00adla \u00abteo\u00adria\u00bb.<br>\nAll\u2019o\u00adri\u00adgi\u00adne del ter\u00admi\u00adne era com\u00adple\u00adta\u00admen\u00adte diver\u00adso. Gli ebrei chi\u00adama\u00adno la ter\u00adza per\u00adso\u00adna del\u00adla Divi\u00adni\u00adt\u00e0 \u00abla Ruach\u00bb. Per descri\u00adve\u00adre ade\u00adgua\u00adta\u00admen\u00adte Ruach, abbia\u00admo biso\u00adg\u00adno di tre paro\u00adle: res\u00adpi\u00adro, ven\u00adto ed ener\u00adgia vita\u00adle. La Ruach \u00e8 semp\u00adre in movi\u00admen\u00adto e met\u00adte in movi\u00admen\u00adto gli altri. Per gli Ebrei, la Ruach non \u00e8 un\u2019e\u00ads\u00adpe\u00adri\u00aden\u00adza inter\u00adper\u00adso\u00adna\u00adle, ma un\u2019e\u00ads\u00adpe\u00adri\u00aden\u00adza del\u00adla natu\u00adra e del cor\u00adpo. Nel res\u00adpi\u00adro e nel ven\u00adto, l\u2019o\u00adri\u00aden\u00adta\u00adle spe\u00adri\u00admen\u00adta il mis\u00adte\u00adro e il fasci\u00adno del\u00adla vita. Ent\u00adram\u00adbi sono fen\u00adome\u00adni natu\u00adra\u00adli. Al con\u00adtra\u00adrio, le per\u00adso\u00adne reli\u00adgio\u00adse sono spes\u00adso fis\u00adsa\u00adte sul sopr\u00adan\u00adna\u00adtu\u00adra\u00adle, sui mira\u00adco\u00adli. Lo Spi\u00adri\u00adto San\u00adto, inve\u00adce, riguar\u00adda la mis\u00adte\u00adrio\u00adsi\u00adt\u00e0 del natu\u00adra\u00adle. Ruach ci ricorda di rima\u00adne\u00adre sem\u00adpli\u00adci, sani e naturali.<br>\nPer capi\u00adre lo Spi\u00adri\u00adto San\u00adto e la sua ope\u00adra, \u00e8 del\u00adla mas\u00adsi\u00adma import\u00adan\u00adza capir\u00adlo dal\u00adla Bibbia ebraica.<br>\nIl Ruach nella creazione<br>\nNel secon\u00addo ver\u00adset\u00adto del\u00adla Bibbia, la ruach appa\u00adre per la pri\u00adma vol\u00adta: \u00abLa ter\u00adra era deso\u00adla\u00adta e ste\u00adri\u00adle, le ten\u00adeb\u00adre erano sopra le acque. E lo Spi\u00adri\u00adto (ruach) di Dio aleg\u00adgi\u00ada\u00adva sul\u00adla fac\u00adcia del\u00adle acque\u00bb (Gene\u00adsi 1:2 <span class=\"caps\">NLB<\/span>). La pre\u00adsen\u00adza del\u00adla ruach \u00e8 la con\u00addi\u00adzio\u00adne per ci\u00f2 che avver\u00adr\u00e0: \u00abAll\u00ado\u00adra Dio dis\u00adse: \u00abSia la luce\u00bb, e la luce fu\u00bb (Gene\u00adsi 2:3 <span class=\"caps\">NLB<\/span>). La crea\u00adzio\u00adne avvie\u00adne in stret\u00adta con\u00adne\u00ads\u00adsio\u00adne tra la Paro\u00adla crea\u00adtri\u00adce e la Ruach che ren\u00adde pos\u00adsi\u00adbi\u00adle ques\u00adta Paro\u00adla crea\u00adtri\u00adce. \u00abI cie\u00adli sono sta\u00adti fat\u00adti dal\u00adla paro\u00adla del Signo\u00adre e tut\u00adto il suo eser\u00adci\u00adto dal sof\u00adfio (ruach) del\u00adla sua boc\u00adca\u00bb (Sal\u00admo 33:6 <span class=\"caps\">LUT<\/span>). Il res\u00adpi\u00adro \u00e8 strett\u00adamen\u00adte lega\u00adto alla paro\u00adla. Comu\u00adni\u00adchi\u00adamo con l\u2019e\u00adspi\u00adra\u00adzio\u00adne del res\u00adpi\u00adro. Sen\u00adza aria in movi\u00admen\u00adto non c\u2019\u00e8 voce, n\u00e9 can\u00adto, n\u00e9&nbsp;suono.<br>\nDuran\u00adte l\u2019o\u00adra di reli\u00adgio\u00adne, Fre\u00adde\u00adrik app\u00adren\u00adde come Dio abbia crea\u00adto tut\u00adto, com\u00adpre\u00adse le per\u00adso\u00adne. Ascol\u00adta con atten\u00adzio\u00adne quan\u00addo l\u2019in\u00adsegnan\u00adte gli rac\u00adcon\u00adta come Eva sia sta\u00adta crea\u00adta dal\u00adla cos\u00adto\u00adla di Ada\u00admo. Qual\u00adche gior\u00adno dopo, la mad\u00adre si accor\u00adge che Fre\u00adde\u00adrik non si sen\u00adte mol\u00adto bene e gli chie\u00adde: \u00abFre\u00adde\u00adrik, non ti stai amma\u00adlan\u00addo, vero?\u00bb. Il figlio rispon\u00adde: \u00abHo un ter\u00adri\u00adbi\u00adle pun\u00adto al fian\u00adco. Pen\u00adso che avr\u00f2 una mog\u00adlie\u00bb. Nel rac\u00adcon\u00adto del\u00adla crea\u00adzio\u00adne vedia\u00admo che ogni esse\u00adre uma\u00adno \u00e8 vivo attra\u00adver\u00adso la ruach: \u00abIl Signo\u00adre Dio for\u00adm\u00f2 l\u2019uo\u00admo dal\u00adla ter\u00adra e sof\u00adfi\u00f2 nel\u00adle sue nari\u00adci il res\u00adpi\u00adro (ruach) del\u00adla vita. Cos\u00ec l\u2019uo\u00admo pre\u00adse vita\u00bb (Gene\u00adsi 2:7&nbsp;<span class=\"caps\">NLB<\/span>).<br>\nDopo che Dio ha for\u00adma\u00adto Ada\u00admo dal\u00adla pol\u00advere del\u00adla ter\u00adra, arri\u00adva il pas\u00adso decisi\u00advo: Dio sof\u00adfia nel naso del\u00adl\u2019uo\u00admo. L\u2019uo\u00admo \u00e8 sta\u00adto crea\u00adto per ave\u00adre il res\u00adpi\u00adro del\u00adla vita, \u00e8 un esse\u00adre che respi\u00adra. Respi\u00adra\u00adre \u00e8 il biso\u00adg\u00adno che meno pos\u00adsia\u00admo riman\u00adda\u00adre. Sia\u00admo con\u00ads\u00adape\u00advo\u00adli di bere, man\u00adgia\u00adre e dorm\u00adire da soli. La respi\u00adra\u00adzio\u00adne avvie\u00adne auto\u00adma\u00adti\u00adca\u00admen\u00adte. Secon\u00addo il pen\u00adsie\u00adro ebraico, l\u2019es\u00adse\u00adre uma\u00adno \u00e8 for\u00adte\u00admen\u00adte dipen\u00adden\u00adte e non \u2013 come spes\u00adso cre\u00addia\u00admo noi in Occi\u00adden\u00adte \u2013 auto\u00adsuf\u00adfi\u00adci\u00aden\u00adte. Il movi\u00admen\u00adto del\u00adla vita avvie\u00adne in modo silen\u00adzio\u00adso e discreto.<br>\nRespi\u00adra\u00adre \u00e8 mol\u00adto pi\u00f9 che inspi\u00adra\u00adre e rila\u00adscia\u00adre aria. \u00c8 il movi\u00admen\u00adto del\u00adla vita. Sia\u00admo a con\u00adtat\u00adto con l\u2019a\u00adria, dal pri\u00admo all\u2019ul\u00adti\u00admo res\u00adpi\u00adro. Ogni res\u00adpi\u00adro \u00e8 una sor\u00adta di eser\u00adci\u00adzio di fidu\u00adcia. Ci affi\u00addia\u00admo all\u2019a\u00adria e le per\u00admett\u00adi\u00adamo di ent\u00adra\u00adre nel nos\u00adtro inti\u00admo. \u00c8 opport\u00adu\u00adno fidar\u00adsi di Dio come ci fidia\u00admo del\u00adl\u2019a\u00adria che respi\u00adria\u00admo. Per\u00adch\u00e9 Dio \u00e8 inti\u00adma\u00admen\u00adte lega\u00adto alla nos\u00adt\u00adra vita come l\u2019a\u00adria che respi\u00adria\u00admo. <span class=\"caps\">LUI<\/span> \u00e8 importan\u00adte come l\u2019a\u00adria che respi\u00adria\u00admo. Quan\u00addo le per\u00adso\u00adne ven\u00adgo\u00adno gas\u00ada\u00adte, la base pi\u00f9 natu\u00adra\u00adle del\u00adla nos\u00adt\u00adra vita diven\u00adta il nemi\u00adco. Ecco per\u00adch\u00e9 \u00e8 cos\u00ec abis\u00adsal\u00admen\u00adte malvagio.<br>\nL\u2019a\u00adria in movi\u00admen\u00adto dal\u00adla boc\u00adca del\u00adla mad\u00adre ha un mis\u00adte\u00adrio\u00adso pote\u00adre cura\u00adtivo quan\u00addo il bam\u00adbi\u00adno ha una feri\u00adta. Anche se non si pu\u00f2 spie\u00adga\u00adre sci\u00aden\u00adti\u00adfi\u00adca\u00admen\u00adte, il dolo\u00adre scompa\u00adre. Pur\u00adtrop\u00adpo ci pia\u00adce lascia\u00adre gli eser\u00adci\u00adzi di respi\u00adra\u00adzio\u00adne all\u2019e\u00adso\u00adte\u00adris\u00admo. Una respi\u00adra\u00adzio\u00adne cor\u00adret\u00adta \u00e8 mol\u00adto salu\u00adt\u00ada\u00adre e ha un pote\u00adre cura\u00adtivo. Una respi\u00adra\u00adzio\u00adne sana pro\u00advo\u00adca un leg\u00adge\u00adro mass\u00adag\u00adgio con\u00adti\u00adnuo del\u00adla par\u00adte infe\u00adrio\u00adre del cor\u00adpo. Se non respi\u00adria\u00admo pro\u00adfon\u00adda\u00admen\u00adte, la tem\u00adpe\u00adra\u00adtura cor\u00adpo\u00adrea pu\u00f2 scen\u00adde\u00adre fino a mez\u00adzo gra\u00addo, il che \u00e8 cau\u00adsa di mol\u00adte malat\u00adtie. Allo stes\u00adso modo, la Ruach ha un pote\u00adre di gua\u00adri\u00adgio\u00adne quan\u00addo la acco\u00adglia\u00admo con\u00ads\u00adape\u00advol\u00admen\u00adte e le dia\u00admo spazio.<br>\nIl ter\u00admi\u00adne ruach \u00e8 femmi\u00adni\u00adle in ebraico. Si trat\u00adta di una scel\u00adta deli\u00adbe\u00adra\u00adta. Esis\u00adte una stret\u00adta con\u00adne\u00ads\u00adsio\u00adne con il pro\u00adces\u00adso del par\u00adto. Nien\u00adte \u00e8 cos\u00ec crea\u00adtivo come una nas\u00adci\u00adta. Nella Bibbia c\u2019\u00e8 il ter\u00admi\u00adne rewach, che \u00e8 lega\u00adto a ruach e signi\u00adfi\u00adca vasti\u00adt\u00e0, spa\u00adzio. In una nas\u00adci\u00adta, attra\u00adver\u00adso il cana\u00adle del par\u00adto si entra nel\u00adl\u2019im\u00admen\u00adsi\u00adt\u00e0. Il popo\u00adlo d\u2019Is\u00adrae\u00adle fu cond\u00adot\u00adto in una nuo\u00adva vas\u00adta ter\u00adra, Cana\u00adan. Il ruach non por\u00adta mai alla rist\u00adret\u00adtez\u00adza, alla pic\u00adco\u00adlez\u00adza. Quan\u00addo la fede in Ges\u00f9 Cris\u00adto diven\u00adta una ter\u00adra stret\u00adta, sia\u00admo su una stra\u00adda mala\u00adta e sba\u00adglia\u00adta. Tra l\u2019al\u00adt\u00adro, l\u2019in\u00adte\u00adra nazio\u00adne di Israe\u00adle era \u00abnata dal ven\u00adto\u00bb. Quan\u00addo sono fug\u00adgi\u00adti dal\u00adl\u2019E\u00adgit\u00adto, han\u00adno ris\u00adch\u00adia\u00adto di anne\u00adga\u00adre nella poten\u00adza cao\u00adti\u00adca del\u00adl\u2019ac\u00adqua del Mar di Reed. Ma il ven\u00adto allon\u00adtan\u00f2 le acque e il popo\u00adlo pas\u00ads\u00f2 attra\u00adver\u00adso il \u00abcana\u00adle del par\u00adto\u00bb per poi diri\u00adger\u00adsi ver\u00adso Cana\u00adan, la vas\u00adta ter\u00adra promessa.<br>\nIl Ruach nella Nuo\u00adva Creazione<br>\nLa Ruach \u00e8 ci\u00f2 che ren\u00adde pos\u00adsi\u00adbi\u00adle e crea la vita, sia nella crea\u00adzio\u00adne che nella ri-crea\u00adzio\u00adne. In Eze\u00adchi\u00ade\u00adle 37 c\u2019\u00e8 il noto tes\u00adto sul\u00adle ossa mor\u00adte che giac\u00adci\u00ado\u00adno in un cam\u00adpo. Il tes\u00adto par\u00adla di una situa\u00adzio\u00adne in cui il popo\u00adlo d\u2019Is\u00adrae\u00adle era ina\u00adri\u00addi\u00adto e tagli\u00ada\u00adto fuo\u00adri dal\u00adla vita vibran\u00adte. Anche voi vi sen\u00adti\u00adte a vol\u00adte alla fine, ina\u00adri\u00addi\u00adti e sen\u00adza spe\u00adran\u00adza? Pur\u00adtrop\u00adpo, nella vita ci sono ques\u00adti&nbsp;bassi.<br>\nEd \u00e8 pro\u00adprio qui che entra in gio\u00adco il mis\u00adte\u00adro del\u00adla Ruach. Eze\u00adchi\u00ade\u00adle 37 \u00e8 il tes\u00adto pi\u00f9 inten\u00adso del\u00adla Bibbia sul pote\u00adre vivi\u00adfi\u00adcan\u00adte del\u00adla Ruach. Il ter\u00admi\u00adne compa\u00adre 9 vol\u00adte solo in ques\u00adto capi\u00adto\u00adlo! Ecco un estrat\u00adto: \u00abPoi mi dis\u00adse: \u00abPro\u00adf\u00ade\u00adtiz\u00adza sul sof\u00adfio, pro\u00adf\u00ade\u00adtiz\u00adza, figlio d\u2019uo\u00admo, e di\u00bb al sof\u00adfio: \u00abCos\u00ec dice il Signo\u00adre Dio: Vie\u00adni, o sof\u00adfio, dai quat\u00adtro ven\u00adti! Sof\u00adfia su ques\u00adti uccisi, per\u00adch\u00e9 torn\u00adi\u00adno a vive\u00adre\u00bb. Pro\u00adf\u00ade\u00adtiz\u00adzai come mi ave\u00adva ordi\u00adna\u00adto, e il res\u00adpi\u00adro ent\u00adr\u00f2 in loro e pre\u00adse\u00adro vita. Si alz\u00adaro\u00adno in pie\u00addi e ci fu una gran\u00adde fol\u00adla\u00bb (Eze\u00adchi\u00ade\u00adle 37:9f <span class=\"caps\">NLB<\/span>). Solo la Ruach pu\u00f2 dare nuo\u00adva\u00admen\u00adte un nuo\u00advo inizio.<br>\nTut\u00adta la ter\u00adra sospi\u00adra e desi\u00adde\u00adra la reden\u00adzio\u00adne. \u00c8 gra\u00adve\u00admen\u00adte col\u00adpi\u00adto. Solo la Ruach, lo Spi\u00adri\u00adto di Dio, pu\u00f2 ren\u00adde\u00adre nuo\u00advo il mon\u00addo. Ci\u00f2 avver\u00adr\u00e0 final\u00admen\u00adte quan\u00addo il reg\u00adno di Dio ver\u00adr\u00e0 sul\u00adla ter\u00adra come una nuo\u00adva Gerusalemme.<br>\nIl Ruach con il Messia<br>\nLa Ruach \u00e8 for\u00adte\u00admen\u00adte rappre\u00adsen\u00adta\u00adta anche nei tes\u00adti mes\u00adsia\u00adni\u00adci di Isa\u00adia. \u00abSu di lui ripo\u00adser\u00e0 lo Spi\u00adri\u00adto del Signo\u00adre: Spi\u00adri\u00adto di sapi\u00aden\u00adza e di intel\u00adli\u00adgen\u00adza, Spi\u00adri\u00adto di con\u00adsiglio e di for\u00adza, Spi\u00adri\u00adto di cono\u00adscen\u00adza e di timore del Signo\u00adre\u00bb (Isa\u00adia 11:1 <span class=\"caps\">NLB<\/span>). Per la pri\u00adma vol\u00adta si dice di una per\u00adso\u00adna che la Ruach si poser\u00e0 su di lei. Il Mes\u00adsia \u00e8 il \u00abpor\u00adtato\u00adre di Spi\u00adri\u00adto per eccel\u00adlen\u00adza\u00bb e vive in una rela\u00adzio\u00adne per\u00adma\u00adnen\u00adte con Lui. Gli effet\u00adti sono la sag\u00adgez\u00adza, la cono\u00adscen\u00adza e il timore di Dio. Poco pi\u00f9 avan\u00adti si leg\u00adge: \u00abEgli assi\u00adcu\u00adra la giu\u00ads\u00adti\u00adzia ai poveri e ren\u00adde giu\u00ads\u00adti\u00adzia agli oppres\u00adsi\u00bb (v. 4 <span class=\"caps\">NLB<\/span>). Un alt\u00adro tes\u00adto dice: \u00ab[\u2026] gli ho dato il mio Spi\u00adri\u00adto per port\u00adare la giu\u00ads\u00adti\u00adzia alle nazio\u00adni. [\u2026] Egli non spez\u00adzer\u00e0 la can\u00adna pie\u00adga\u00adta n\u00e9 speg\u00adner\u00e0 lo stop\u00adpi\u00adno fuman\u00adte. Egli met\u00adter\u00e0 in luce la giu\u00ads\u00adti\u00adzia con veri\u00adt\u00e0\u00bb (Isa\u00adia 41:1\u20133 <span class=\"caps\">NLB<\/span>). \u00c8 un\u2019im\u00adma\u00adgi\u00adne di misericordia.<br>\nI seg\u00adni auten\u00adti\u00adci del\u00adlo Spi\u00adri\u00adto San\u00adto non sono quin\u00addi prin\u00adci\u00adpal\u00admen\u00adte fen\u00adome\u00adni sopr\u00adan\u00adna\u00adtu\u00adra\u00adli o rapi\u00admen\u00adti, ma giu\u00ads\u00adti\u00adzia, miser\u00adi\u00adcor\u00addia e retti\u00adtu\u00addi\u00adne tan\u00adgi\u00adbi\u00adli. Cosa suc\u00adce\u00adder\u00adeb\u00adbe se ques\u00adta Ruach ripo\u00adsa\u00adsse con esat\u00adta\u00admen\u00adte ques\u00adti effet\u00adti su ogni esse\u00adre uma\u00adno sul\u00adla ter\u00adra? Avrem\u00admo il Giar\u00addi\u00adno del\u00adl\u2019E\u00adden 2.0.<br>\n&nbsp;<br>\nVer\u00adso la fine del\u00adl\u2019An\u00adti\u00adco Tes\u00adta\u00admen\u00adto incon\u00adtria\u00admo la seguen\u00adte pro\u00admes\u00adsa: \u00abNegli ulti\u00admi gior\u00adni effon\u00adder\u00f2 il mio Spi\u00adri\u00adto su tut\u00adti i popo\u00adli. I vos\u00adtri fig\u00adli e le vost\u00adre fig\u00adlie pro\u00adf\u00ade\u00adtiz\u00adzer\u00adan\u00adno, i vos\u00adtri vec\u00adchi faran\u00adno sogni pro\u00adf\u00ade\u00adti\u00adci e i vos\u00adtri gio\u00adva\u00adni avran\u00adno visio\u00adni\u00bb (Gioele 3:1 <span class=\"caps\">NLB<\/span>). Ver\u00adr\u00e0 il momen\u00adto in cui la Ruach sar\u00e0 river\u00adsa\u00adta su tut\u00adti gli uomi\u00adni. Nel ser\u00admo\u00adne di Pie\u00adtro per la Pen\u00adte\u00adcos\u00adte vie\u00adne cita\u00adto ques\u00adto tes\u00adto (At 2,17ss). La Ruach come res\u00adpi\u00adro \u00e8 in ogni esse\u00adre uma\u00adno. In essa tut\u00adti vivia\u00admo, tes\u00adsia\u00admo e sia\u00admo. Dal\u00adla Pen\u00adte\u00adcos\u00adte c\u2019\u00e8 l\u2019of\u00adfer\u00adta di Dio che la Ruach ripo\u00adsa in una per\u00adso\u00adna. La con\u00addi\u00adzio\u00adne per ques\u00adto \u00e8 il rap\u00adpor\u00adto per\u00adso\u00adna\u00adle con Ges\u00f9 Cris\u00adto, l\u2019ac\u00adcet\u00adta\u00adzio\u00adne con\u00ads\u00adape\u00advo\u00adle di ci\u00f2 che Egli ha fat\u00adto per noi. Chi apre il suo cuo\u00adre a Ges\u00f9, la Ruach si posa su di lui. Una per\u00adso\u00adna di ques\u00adto tipo teme Dio e lavo\u00adra per la miser\u00adi\u00adcor\u00addia, la giu\u00ads\u00adti\u00adzia e la retti\u00adtu\u00addi\u00adne in ques\u00adto mon\u00addo. Sono quin\u00addi pro\u00adprio ques\u00adti i mess\u00adag\u00adge\u00adri del\u00adla nuo\u00adva crea\u00adzio\u00adne ini\u00adzia\u00adta con Ges\u00f9 Cristo!<br>\n&nbsp;<br>\n&nbsp;<br>\n&nbsp;<br>\nDoman\u00adde per i pic\u00adco\u00adli gruppi<br>\nLeg\u00adgi il tes\u00adto del\u00adla Bibbia: Eze\u00adchi\u00ade\u00adle 37:1\u201314; Isa\u00adia 11:1\u20134; 42:1\u20134<\/p>\n<p>\tCosa hai impa\u00adra\u00adto oggi sul\u00adlo Spi\u00adri\u00adto San\u00adto che non cono\u00adsce\u00advi&nbsp;prima?<br>\n\tA cosa si asso\u00adcia il ter\u00admi\u00adne Ruach ris\u00adpet\u00adto al ter\u00admi\u00adne Spi\u00adri\u00adto&nbsp;Santo?<br>\n\tHai mai pen\u00adsa\u00adto alla respi\u00adra\u00adzio\u00adne? Fai un eser\u00adci\u00adzio di respi\u00adra\u00adzio\u00adne in cui inspi\u00adri ed espi\u00adri con\u00ads\u00adape\u00advol\u00admen\u00adte. Cosa fa scat\u00adta\u00adre questo?<br>\n\tChe ruo\u00adlo ha il Ruach nella ri-creazione?<br>\n\tQual \u00e8 la spin\u00adta prin\u00adci\u00adpa\u00adle del\u00adlo Spi\u00adri\u00adto San\u00adto nella nos\u00adt\u00adra vita? Che impatto potreb\u00adbe ave\u00adre sul\u00adla societ\u00e0?<br>\n\tCome e per\u00adch\u00e9 si pu\u00f2 dare ini\u00adzio ai mess\u00adag\u00adge\u00adri del\u00adla nuo\u00adva creazione?<\/p>","protected":false},"excerpt":{"rendered":"<p>Chi e cosa \u00e8 lo Spi\u00adri\u00adto San\u00adto? Nella Bibbia ebraica \u00e8 chi\u00adama\u00adto Ruach e si tro\u00adva fon\u00adda\u00admen\u00adtal\u00admen\u00adte nei tes\u00adti del\u00adla crea\u00adzio\u00adne. La Ruach \u00e8 ci\u00f2 che ren\u00adde pos\u00adsi\u00adbi\u00adle e crea la vita, sia nella crea\u00adzio\u00adne che nella nuo\u00adva crea\u00adzio\u00adne. La Ruach si rea\u00adliz\u00adza nella socie\u00adt\u00e0 nella giu\u00ads\u00adti\u00adzia, nella miser\u00adi\u00adcor\u00addia, nel diritto e nella&nbsp;pace.\u2026<\/p>","protected":false},"author":24,"featured_media":7031,"comment_status":"closed","ping_status":"closed","template":"","wpfc_preacher":[23],"wpfc_sermon_series":[81],"wpfc_sermon_topics":[],"wpfc_bible_book":[],"wpfc_service_type":[12],"class_list":{"0":"wpfc_preacher-matthias-altwegg","1":"wpfc_sermon_series-creatio","2":"wpfc-sermon-single","3":"post-3870","4":"wpfc_sermon","5":"type-wpfc_sermon","6":"status-publish","7":"has-post-thumbnail","8":"hentry","11":"wpfc_service_type-gottesdienst"},"acf":[],"sermons_blog_filters_topics":"\t\t\t\t<div class=\"sm-filtering\">\n\t\t\t\t\t<div id=\"wpfc_sermon_sorting\" class=\"no-spacing\">\n\t\t\t\t\t\t\t\t\t\t\t\t\t\n\t\t\t\t\t<div class=\"sortTopics\" style=\"display: inline-block\">\n\t\t\t\t<form action=\"https:\/\/sermons.seetal-chile.ch\/it\/wp-json\/wp\/v2\/wpfc_sermon\/3870\/\" method=\"get\">\n\t\t\t\t\t<select name=\"wpfc_sermon_topics\"\n\t\t\t\t\t\t\ttitle=\"Topic\"\n\t\t\t\t\t\t\tid=\"wpfc_sermon_topics\"\n\t\t\t\t\t\t\tonchange=\"if(this.options[this.selectedIndex].value !== ''){return this.form.submit()}else{window.location = window.location.href.split('?')[0];}\"\n\t\t\t\t\t\t\tautocomplete=\"off\"\n\t\t\t\t\t\t>\n\t\t\t\t\t\t<option value=\"\">Topic<\/option>\n\t\t\t\t\t\t<option value=\"freude\" >Freude<\/option><option value=\"heiliger-geist\" >Heiliger Geist<\/option><option value=\"hoffnung\" >Hoffnung<\/option><option value=\"liebe\" >Liebe<\/option><option value=\"pfingsten\" >Pfingsten<\/option>\t\t\t\t\t<\/select>\n\t\t\t\t\t\t\t\t\t\t\t\t\t\t\t\t\t\t\t\t\t\t\t\t\t<noscript>\n\t\t\t\t\t\t<div><input type=\"submit\" value=\"Submit\"\/><\/div>\n\t\t\t\t\t<\/noscript>\n\t\t\t\t<\/form>\n\t\t\t<\/div>\n\t\t\t\t\t\t\t\t\t\t\t\t\t\t\t\t\t\t<\/div>\n\t\t\t\t<\/div>\n\t\t\t\t","sermons_blog_filters_series":"\t\t\t\t<div class=\"sm-filtering\">\n\t\t\t\t\t<div id=\"wpfc_sermon_sorting\" class=\"no-spacing\">\n\t\t\t\t\t\t\t\t\n\t\t\t\t\t<div class=\"sortSeries\" style=\"display: inline-block\">\n\t\t\t\t<form action=\"https:\/\/sermons.seetal-chile.ch\/it\/wp-json\/wp\/v2\/wpfc_sermon\/3870\/\" method=\"get\">\n\t\t\t\t\t<select name=\"wpfc_sermon_series\"\n\t\t\t\t\t\t\ttitle=\"Series\"\n\t\t\t\t\t\t\tid=\"wpfc_sermon_series\"\n\t\t\t\t\t\t\tonchange=\"if(this.options[this.selectedIndex].value !== ''){return this.form.submit()}else{window.location = window.location.href.split('?')[0];}\"\n\t\t\t\t\t\t\tautocomplete=\"off\"\n\t\t\t\t\t\t>\n\t\t\t\t\t\t<option value=\"\">Series<\/option>\n\t\t\t\t\t\t<option value=\"abentueuer-gebaet\" >Abent\u00fc\u00fcr Geb\u00e4t<\/option><option value=\"advent-2019\" >Advent 2019<\/option><option value=\"bestseller-die-bibel\" >Bestseller - Die Bibel<\/option><option value=\"connected\" >connected<\/option><option value=\"creatio\" >CREATIO<\/option><option value=\"eifach-muetig\" >EIFACH muetig \u2013 mit Jesus als Vorbild<\/option><option value=\"einfach-leise-gegenwaertig\" >Einfach. Leise. Gegenw\u00e4rtig.<\/option><option value=\"folge-du-mir-nach\" >Folge du mir nach<\/option><option value=\"glow\" >glow<\/option><option value=\"heilig-heilig-heilig\" >Heilig - Heilig - Heilig<\/option><option value=\"metamorphose\" >Metamorphose<\/option><option value=\"reformation\" >Reformation<\/option><option value=\"seetal-chile-talk\" >seetal chile Talk<\/option><option value=\"teens-segnung\" >Teens Segnung<\/option><option value=\"weitsicht\" >Weitsicht<\/option><option value=\"wie-du-und-ich\" >Wie du und ich<\/option><option value=\"willkommen-daheim\" >Willkommen daheim<\/option>\t\t\t\t\t<\/select>\n\t\t\t\t\t\t\t\t\t\t\t\t\t\t\t\t\t\t\t\t\t\t\t\t\t<noscript>\n\t\t\t\t\t\t<div><input type=\"submit\" value=\"Submit\"\/><\/div>\n\t\t\t\t\t<\/noscript>\n\t\t\t\t<\/form>\n\t\t\t<\/div>\n\t\t\t\t\t\t\t\t\t\t\t\t\t\t\t\t\t\t\t\t\t\t\t<\/div>\n\t\t\t\t<\/div>\n\t\t\t\t","sermons_blog_filters_preachers":"\t\t\t\t<div class=\"sm-filtering\">\n\t\t\t\t\t<div id=\"wpfc_sermon_sorting\" class=\"no-spacing\">\n\t\t\t\n\t\t\t\t\t<div class=\"sortPreacher\" style=\"display: inline-block\">\n\t\t\t\t<form action=\"https:\/\/sermons.seetal-chile.ch\/it\/wp-json\/wp\/v2\/wpfc_sermon\/3870\/\" method=\"get\">\n\t\t\t\t\t<select name=\"wpfc_preacher\"\n\t\t\t\t\t\t\ttitle=\"Preacher\"\n\t\t\t\t\t\t\tid=\"wpfc_preacher\"\n\t\t\t\t\t\t\tonchange=\"if(this.options[this.selectedIndex].value !== ''){return this.form.submit()}else{window.location = window.location.href.split('?')[0];}\"\n\t\t\t\t\t\t\tautocomplete=\"off\"\n\t\t\t\t\t\t>\n\t\t\t\t\t\t<option value=\"\">Preacher<\/option>\n\t\t\t\t\t\t<option value=\"amin-afsharnaderi\" >Amin Afsharnaderi<\/option><option value=\"amir-khalid\" >Amir Khalid<\/option><option value=\"andre-heiniger\" >Andr\u00e9 Heiniger<\/option><option value=\"andreas-jakob\" >Andreas Jakob<\/option><option value=\"ansgar-gmuer\" >Ansgar Gm\u00fcr<\/option><option value=\"barbara-benz\" >Barbara Benz<\/option><option value=\"beat-ungricht\" >Beat Ungricht<\/option><option value=\"beati-forster\" >Beati Forster<\/option><option value=\"beni-leuenberger\" >Beni Leuenberger<\/option><option value=\"bernhard-hohl\" >Bernhard Hohl<\/option><option value=\"cedric-bruegger\" >C\u00e9dric Br\u00fcgger<\/option><option value=\"christian-haslebacher\" >Christian Haslebacher<\/option><option value=\"christian-seitz\" >Christian Seitz<\/option><option value=\"christoph-kunz\" >Christoph Kunz<\/option><option value=\"corinne-jost\" >Corinne Jost<\/option><option value=\"cornelia-roth\" >Cornelia Roth<\/option><option value=\"daniel-bieri\" >Daniel Bieri<\/option><option value=\"debora-sommer\" >Debora Sommer<\/option><option value=\"erich-hunziker\" >Erich Hunziker<\/option><option value=\"esther-wehrli\" >Esther Wehrli<\/option><option value=\"florian-glaser\" >Florian Glaser<\/option><option value=\"gaby-wentland\" >Gaby Wentland<\/option><option value=\"hans-doessegger\" >Hans D\u00f6ssegger<\/option><option value=\"harry-graf\" >Harry Graf<\/option><option value=\"ina-von-schoultz\" >Ina von Schoultz<\/option><option value=\"jan-timon-beck\" >Jan-Timon Beck<\/option><option value=\"john-ghanim\" >John Ghanim<\/option><option value=\"juergen-will\" >J\u00fcrgen Will<\/option><option value=\"markus-inaebnit\" >Markus In\u00e4bnit<\/option><option value=\"martin-dreyer\" >Martin Dreyer<\/option><option value=\"martin-kiener\" >Martin Kiener<\/option><option value=\"matthias-altwegg\" >Matthias Altwegg<\/option><option value=\"michael-bont\" >Michael Bont<\/option><option value=\"mohanathas-balasubramaniam\" >Mohanathas Balasubramaniam<\/option><option value=\"nathalie-schertenleib\" >Nathalie Schertenleib<\/option><option value=\"peter-inaebnit\" >Peter In\u00e4bnit<\/option><option value=\"peter-michel\" >Peter Michel<\/option><option value=\"rene-winkler\" >Ren\u00e9 Winkler<\/option><option value=\"roger-sigg\" >Roger Sigg<\/option><option value=\"simon-wick\" >Simon Wick<\/option><option value=\"stefan-schuepbach\" >Stefan Sch\u00fcpbach<\/option><option value=\"stephan-bolliger\" >Stephan Bolliger<\/option><option value=\"susanne-geske\" >Susanne Geske<\/option><option value=\"tabea-inaebnit\" >Tabea In\u00e4bnit<\/option><option value=\"thomas-grieve\" >Thomas Grieve<\/option><option value=\"tina-schmidt\" >Tina Schmidt<\/option><option value=\"werner-messmer\" >Werner Messmer<\/option><option value=\"wieland-mueller\" >Wieland M\u00fcller<\/option><option value=\"yanick-buehler\" >Yanick B\u00fchler<\/option><option value=\"yassir-eric\" >Yassir Eric<\/option>\t\t\t\t\t<\/select>\n\t\t\t\t\t\t\t\t\t\t\t\t\t\t\t\t\t\t\t\t\t\t\t\t\t<noscript>\n\t\t\t\t\t\t<div><input type=\"submit\" value=\"Submit\"\/><\/div>\n\t\t\t\t\t<\/noscript>\n\t\t\t\t<\/form>\n\t\t\t<\/div>\n\t\t\t\t\t\t\t\t\t\t\t\t\t\t\t\t\t\t\t\t\t\t\t\t\t\t\t\t<\/div>\n\t\t\t\t<\/div>\n\t\t\t\t","sermons_blog_filters_books":"\t\t\t\t<div class=\"sm-filtering\">\n\t\t\t\t\t<div id=\"wpfc_sermon_sorting\" class=\"no-spacing\">\n\t\t\t\t\t\t\t\t\t\t\t\t\t\t\t\t\t\t\n\t\t\t\t\t<div class=\"sortBooks\" style=\"display: inline-block\">\n\t\t\t\t<form action=\"https:\/\/sermons.seetal-chile.ch\/it\/wp-json\/wp\/v2\/wpfc_sermon\/3870\/\" method=\"get\">\n\t\t\t\t\t<select name=\"wpfc_bible_book\"\n\t\t\t\t\t\t\ttitle=\"Book\"\n\t\t\t\t\t\t\tid=\"wpfc_bible_book\"\n\t\t\t\t\t\t\tonchange=\"if(this.options[this.selectedIndex].value !== ''){return this.form.submit()}else{window.location = window.location.href.split('?')[0];}\"\n\t\t\t\t\t\t\tautocomplete=\"off\"\n\t\t\t\t\t\t>\n\t\t\t\t\t\t<option value=\"\">Book<\/option>\n\t\t\t\t\t\t\t\t\t\t\t<\/select>\n\t\t\t\t\t\t\t\t\t\t\t\t\t\t\t\t\t\t\t\t\t\t\t\t\t<noscript>\n\t\t\t\t\t\t<div><input type=\"submit\" value=\"Submit\"\/><\/div>\n\t\t\t\t\t<\/noscript>\n\t\t\t\t<\/form>\n\t\t\t<\/div>\n\t\t\t\t\t\t\t\t\t\t\t\t\t<\/div>\n\t\t\t\t<\/div>\n\t\t\t\t","sermons_blog_filters_service_types":"\t\t\t\t<div class=\"sm-filtering\">\n\t\t\t\t\t<div id=\"wpfc_sermon_sorting\" class=\"no-spacing\">\n\t\t\t\t\t\t\t\t\t\t\t\t\t\t\t\t\t\t\t\t\t\t\t\n\t\t\t\t\t<div class=\"sortServiceTypes\" style=\"display: inline-block\">\n\t\t\t\t<form action=\"https:\/\/sermons.seetal-chile.ch\/it\/wp-json\/wp\/v2\/wpfc_sermon\/3870\/\" method=\"get\">\n\t\t\t\t\t<select name=\"wpfc_service_type\"\n\t\t\t\t\t\t\ttitle=\"Service Type\"\n\t\t\t\t\t\t\tid=\"wpfc_service_type\"\n\t\t\t\t\t\t\tonchange=\"if(this.options[this.selectedIndex].value !== ''){return this.form.submit()}else{window.location = window.location.href.split('?')[0];}\"\n\t\t\t\t\t\t\tautocomplete=\"off\"\n\t\t\t\t\t\t>\n\t\t\t\t\t\t<option value=\"\">Service Type<\/option>\n\t\t\t\t\t\t<option value=\"glow-celebration\" >glow Celebration<\/option><option value=\"gottesdienst\" >Gottesdienst<\/option>\t\t\t\t\t<\/select>\n\t\t\t\t\t\t\t\t\t\t\t\t\t\t\t\t\t\t\t\t\t\t\t\t\t<noscript>\n\t\t\t\t\t\t<div><input type=\"submit\" value=\"Submit\"\/><\/div>\n\t\t\t\t\t<\/noscript>\n\t\t\t\t<\/form>\n\t\t\t<\/div>\n\t\t\t\t\t\t\t\t<\/div>\n\t\t\t\t<\/div>\n\t\t\t\t","sermons_blog_filters_dates":"\t\t\t\t<div class=\"sm-filtering\">\n\t\t\t\t\t<div id=\"wpfc_sermon_sorting\" class=\"no-spacing\">\n\t\t\t\t\t\t\t\t\t\t\t\t\t\t\t\t\t\t\t\t\t\t\t\t\t\t\t\t\n\t\t\t\t\t<div class=\"sortDates\" style=\"display: inline-block\">\n\t\t\t\t<form action=\"https:\/\/sermons.seetal-chile.ch\/it\/wp-json\/wp\/v2\/wpfc_sermon\/3870\/\" method=\"get\">\n\t\t\t\t\t<select name=\"wpfc_dates\"\n\t\t\t\t\t\t\ttitle=\"Date\"\n\t\t\t\t\t\t\tid=\"wpfc_dates\"\n\t\t\t\t\t\t\tonchange=\"if(this.options[this.selectedIndex].value !== ''){return this.form.submit()}else{window.location = window.location.href.split('?')[0];}\"\n\t\t\t\t\t\t\tautocomplete=\"off\"\n\t\t\t\t\t\t>\n\t\t\t\t\t\t<option value=\"\">Date<\/option>\n\t\t\t\t\t\t<option value=\"04-2026\" >Apr 2026<\/option><option value=\"03-2026\" >Mar 2026<\/option><option value=\"02-2026\" >Feb 2026<\/option><option value=\"01-2026\" >Jan 2026<\/option><option value=\"12-2025\" >Dec 2025<\/option><option value=\"11-2025\" >Nov 2025<\/option><option value=\"10-2025\" >Oct 2025<\/option><option value=\"09-2025\" >Sep 2025<\/option><option value=\"08-2025\" >Aug 2025<\/option><option value=\"07-2025\" >Jul 2025<\/option><option value=\"06-2025\" >Jun 2025<\/option><option value=\"05-2025\" >May 2025<\/option><option value=\"04-2025\" >Apr 2025<\/option><option value=\"03-2025\" >Mar 2025<\/option><option value=\"02-2025\" >Feb 2025<\/option><option value=\"01-2025\" >Jan 2025<\/option><option value=\"12-2024\" >Dec 2024<\/option><option value=\"11-2024\" >Nov 2024<\/option><option value=\"10-2024\" >Oct 2024<\/option><option value=\"09-2024\" >Sep 2024<\/option><option value=\"08-2024\" >Aug 2024<\/option><option value=\"07-2024\" >Jul 2024<\/option><option value=\"06-2024\" >Jun 2024<\/option><option value=\"05-2024\" >May 2024<\/option><option value=\"04-2024\" >Apr 2024<\/option><option value=\"03-2024\" >Mar 2024<\/option><option value=\"02-2024\" >Feb 2024<\/option><option value=\"01-2024\" >Jan 2024<\/option><option value=\"12-2023\" >Dec 2023<\/option><option value=\"11-2023\" >Nov 2023<\/option><option value=\"10-2023\" >Oct 2023<\/option><option value=\"09-2023\" >Sep 2023<\/option><option value=\"08-2023\" >Aug 2023<\/option><option value=\"07-2023\" >Jul 2023<\/option><option value=\"06-2023\" >Jun 2023<\/option><option value=\"05-2023\" >May 2023<\/option><option value=\"04-2023\" >Apr 2023<\/option><option value=\"03-2023\" >Mar 2023<\/option><option value=\"02-2023\" >Feb 2023<\/option><option value=\"01-2023\" >Jan 2023<\/option><option value=\"12-2022\" >Dec 2022<\/option><option value=\"11-2022\" >Nov 2022<\/option><option value=\"10-2022\" >Oct 2022<\/option><option value=\"09-2022\" >Sep 2022<\/option><option value=\"08-2022\" >Aug 2022<\/option><option value=\"07-2022\" >Jul 2022<\/option><option value=\"06-2022\" >Jun 2022<\/option><option value=\"05-2022\" >May 2022<\/option><option value=\"04-2022\" >Apr 2022<\/option><option value=\"03-2022\" >Mar 2022<\/option><option value=\"02-2022\" >Feb 2022<\/option><option value=\"01-2022\" >Jan 2022<\/option><option value=\"12-2021\" >Dec 2021<\/option><option value=\"11-2021\" >Nov 2021<\/option><option value=\"10-2021\" >Oct 2021<\/option><option value=\"09-2021\" >Sep 2021<\/option><option value=\"08-2021\" >Aug 2021<\/option><option value=\"07-2021\" >Jul 2021<\/option><option value=\"06-2021\" >Jun 2021<\/option><option value=\"05-2021\" >May 2021<\/option><option value=\"04-2021\" >Apr 2021<\/option><option value=\"03-2021\" >Mar 2021<\/option><option value=\"02-2021\" >Feb 2021<\/option><option value=\"01-2021\" >Jan 2021<\/option><option value=\"12-2020\" >Dec 2020<\/option><option value=\"11-2020\" >Nov 2020<\/option><option value=\"10-2020\" >Oct 2020<\/option><option value=\"09-2020\" >Sep 2020<\/option><option value=\"08-2020\" >Aug 2020<\/option><option value=\"07-2020\" >Jul 2020<\/option><option value=\"06-2020\" >Jun 2020<\/option><option value=\"05-2020\" >May 2020<\/option><option value=\"04-2020\" >Apr 2020<\/option><option value=\"03-2020\" >Mar 2020<\/option><option value=\"02-2020\" >Feb 2020<\/option><option value=\"01-2020\" >Jan 2020<\/option><option value=\"12-2019\" >Dec 2019<\/option><option value=\"11-2019\" >Nov 2019<\/option><option value=\"10-2019\" >Oct 2019<\/option><option value=\"09-2019\" >Sep 2019<\/option><option value=\"08-2019\" >Aug 2019<\/option><option value=\"07-2019\" >Jul 2019<\/option><option value=\"06-2019\" >Jun 2019<\/option><option value=\"05-2019\" >May 2019<\/option><option value=\"04-2019\" >Apr 2019<\/option><option value=\"03-2019\" >Mar 2019<\/option><option value=\"02-2019\" >Feb 2019<\/option><option value=\"01-2019\" >Jan 2019<\/option><option value=\"12-2018\" >Dec 2018<\/option><option value=\"11-2018\" >Nov 2018<\/option><option value=\"10-2018\" >Oct 2018<\/option><option value=\"09-2018\" >Sep 2018<\/option><option value=\"08-2018\" >Aug 2018<\/option><option value=\"07-2018\" >Jul 2018<\/option><option value=\"06-2018\" >Jun 2018<\/option><option value=\"05-2018\" >May 2018<\/option><option value=\"04-2018\" >Apr 2018<\/option><option value=\"03-2018\" >Mar 2018<\/option><option value=\"02-2018\" >Feb 2018<\/option><option value=\"01-2018\" >Jan 2018<\/option><option value=\"12-2017\" >Dec 2017<\/option><option value=\"11-2017\" >Nov 2017<\/option><option value=\"10-2017\" >Oct 2017<\/option><option value=\"09-2017\" >Sep 2017<\/option><option value=\"08-2017\" >Aug 2017<\/option><option value=\"07-2017\" >Jul 2017<\/option><option value=\"06-2017\" >Jun 2017<\/option><option value=\"05-2017\" >May 2017<\/option><option value=\"04-2017\" >Apr 2017<\/option><option value=\"03-2017\" >Mar 2017<\/option><option value=\"02-2017\" >Feb 2017<\/option><option value=\"01-2017\" >Jan 2017<\/option><option value=\"12-2016\" >Dec 2016<\/option><option value=\"11-2016\" >Nov 2016<\/option><option value=\"10-2016\" >Oct 2016<\/option><option value=\"09-2016\" >Sep 2016<\/option><option value=\"08-2016\" >Aug 2016<\/option><option value=\"07-2016\" >Jul 2016<\/option><option value=\"06-2016\" >Jun 2016<\/option><option value=\"05-2016\" >May 2016<\/option><option value=\"04-2016\" >Apr 2016<\/option><option value=\"03-2016\" >Mar 2016<\/option><option value=\"02-2016\" >Feb 2016<\/option><option value=\"01-2016\" >Jan 2016<\/option><option value=\"12-2015\" >Dec 2015<\/option><option value=\"11-2015\" >Nov 2015<\/option><option value=\"10-2015\" >Oct 2015<\/option><option value=\"09-2015\" >Sep 2015<\/option><option value=\"08-2015\" >Aug 2015<\/option><option value=\"07-2015\" >Jul 2015<\/option>\t\t\t\t\t<\/select>\n\t\t\t\t\t\t\t\t\t\t\t\t\t\t\t\t\t\t\t\t\t\t\t\t\t<noscript>\n\t\t\t\t\t\t<div><input type=\"submit\" value=\"Submit\"\/><\/div>\n\t\t\t\t\t<\/noscript>\n\t\t\t\t<\/form>\n\t\t\t<\/div>\n\t\t\t<\/div>\n\t\t\t\t<\/div>\n\t\t\t\t","sermons_blog_image_url":"https:\/\/sermons.seetal-chile.ch\/wp-content\/uploads\/sermons\/2023\/01\/Thumbnail_2022-02-20.jpg","sermons_blog_video":"<video controls preload=\"metadata\" class=\"wpfc-sermon-video-player \" data-plyr_seek='0'><source src=\"https:\/\/youtu.be\/yD4ya9II17g\"><\/video>","sermons_blog_series":"<a href=\"https:\/\/sermons.seetal-chile.ch\/it\/series\/creatio\/\" rel=\"tag\">CREATIO<\/a>","sermons_blog_meta_sermon_description":"Wer und was ist eigentlich der Heilige Geist? In der hebr\u00e4ischen Bibel wird er Ruach genannt und ist grundlegend in den Sch\u00f6pfungstexten verortet. Die Ruach ist das, was Leben erm\u00f6glicht&hellip;","sermons_blog_show_readmore":true,"sermons_blog_audio":"<audio controls preload=\"metadata\" class=\"wpfc-sermon-player \" ><source src=\"https:\/\/resources.seetal-chile.ch\/files\/predigten\/mp3\/predigt_220220.mp3\" type=\"audio\/mp3\"><\/audio>","sermons_blog_preacher_image":"<a href=\"https:\/\/sermons.seetal-chile.ch\/it\/preacher\/matthias-altwegg\/\"><img width=\"150\" height=\"150\" src=\"https:\/\/sermons.seetal-chile.ch\/wp-content\/uploads\/2018\/10\/Redner_Matthias_Altwegg-150x150.jpg\" class=\"attachment-thumbnail size-thumbnail\" alt=\"\" decoding=\"async\" loading=\"lazy\" srcset=\"https:\/\/sermons.seetal-chile.ch\/wp-content\/uploads\/2018\/10\/Redner_Matthias_Altwegg-150x150.jpg 150w, https:\/\/sermons.seetal-chile.ch\/wp-content\/uploads\/2018\/10\/Redner_Matthias_Altwegg-300x300.jpg 300w, https:\/\/sermons.seetal-chile.ch\/wp-content\/uploads\/2018\/10\/Redner_Matthias_Altwegg-768x768.jpg 768w, https:\/\/sermons.seetal-chile.ch\/wp-content\/uploads\/2018\/10\/Redner_Matthias_Altwegg-1024x1024.jpg 1024w, https:\/\/sermons.seetal-chile.ch\/wp-content\/uploads\/2018\/10\/Redner_Matthias_Altwegg-75x75.jpg 75w, https:\/\/sermons.seetal-chile.ch\/wp-content\/uploads\/2018\/10\/Redner_Matthias_Altwegg.jpg 1920w\" sizes=\"auto, (max-width: 150px) 100vw, 150px\" \/><\/a>","sermons_blog_preacher":"<a href=\"https:\/\/sermons.seetal-chile.ch\/it\/preacher\/matthias-altwegg\/\" rel=\"tag\">Matthias Altwegg<\/a>","sermons_blog_bible_passage":"1. Mose 1,2 + 2,7","sermons_blog_service_type":"<a href=\"https:\/\/sermons.seetal-chile.ch\/it\/service-type\/gottesdienst\/\" rel=\"tag\">Gottesdienst<\/a>","sermon_audio":"https:\/\/resources.seetal-chile.ch\/files\/predigten\/mp3\/predigt_220220.mp3","sermon_audio_duration":"","_views":"8959","bible_passage":"1. Mose 1,2 + 2,7","sermon_video_embed":"","sermon_video_url":"https:\/\/youtu.be\/yD4ya9II17g","sermon_bulletin":"","_featured_url":"https:\/\/sermons.seetal-chile.ch\/wp-content\/uploads\/sermons\/2023\/01\/Thumbnail_2022-02-20.jpg","sermon_date":1645350352,"_sermon_date_auto":false,"_links":{"self":[{"href":"https:\/\/sermons.seetal-chile.ch\/it\/wp-json\/wp\/v2\/wpfc_sermon\/3870","targetHints":{"allow":["GET"]}}],"collection":[{"href":"https:\/\/sermons.seetal-chile.ch\/it\/wp-json\/wp\/v2\/wpfc_sermon"}],"about":[{"href":"https:\/\/sermons.seetal-chile.ch\/it\/wp-json\/wp\/v2\/types\/wpfc_sermon"}],"author":[{"embeddable":true,"href":"https:\/\/sermons.seetal-chile.ch\/it\/wp-json\/wp\/v2\/users\/24"}],"replies":[{"embeddable":true,"href":"https:\/\/sermons.seetal-chile.ch\/it\/wp-json\/wp\/v2\/comments?post=3870"}],"version-history":[{"count":6,"href":"https:\/\/sermons.seetal-chile.ch\/it\/wp-json\/wp\/v2\/wpfc_sermon\/3870\/revisions"}],"predecessor-version":[{"id":3875,"href":"https:\/\/sermons.seetal-chile.ch\/it\/wp-json\/wp\/v2\/wpfc_sermon\/3870\/revisions\/3875"}],"wp:featuredmedia":[{"embeddable":true,"href":"https:\/\/sermons.seetal-chile.ch\/it\/wp-json\/wp\/v2\/media\/7031"}],"wp:attachment":[{"href":"https:\/\/sermons.seetal-chile.ch\/it\/wp-json\/wp\/v2\/media?parent=3870"}],"wp:term":[{"taxonomy":"wpfc_preacher","embeddable":true,"href":"https:\/\/sermons.seetal-chile.ch\/it\/wp-json\/wp\/v2\/wpfc_preacher?post=3870"},{"taxonomy":"wpfc_sermon_series","embeddable":true,"href":"https:\/\/sermons.seetal-chile.ch\/it\/wp-json\/wp\/v2\/wpfc_sermon_series?post=3870"},{"taxonomy":"wpfc_sermon_topics","embeddable":true,"href":"https:\/\/sermons.seetal-chile.ch\/it\/wp-json\/wp\/v2\/wpfc_sermon_topics?post=3870"},{"taxonomy":"wpfc_bible_book","embeddable":true,"href":"https:\/\/sermons.seetal-chile.ch\/it\/wp-json\/wp\/v2\/wpfc_bible_book?post=3870"},{"taxonomy":"wpfc_service_type","embeddable":true,"href":"https:\/\/sermons.seetal-chile.ch\/it\/wp-json\/wp\/v2\/wpfc_service_type?post=3870"}],"curies":[{"name":"wp","href":"https:\/\/api.w.org\/{rel}","templated":true}]}}