{"id":3863,"date":"2022-02-13T09:45:33","date_gmt":"2022-02-13T08:45:33","guid":{"rendered":"https:\/\/sermons.seetal-chile.ch\/?post_type=wpfc_sermon&#038;p=3863"},"modified":"2023-01-07T12:08:51","modified_gmt":"2023-01-07T11:08:51","slug":"der-mensch-ein-geniales-geschoepf-gottes","status":"publish","type":"wpfc_sermon","link":"https:\/\/sermons.seetal-chile.ch\/it\/sermons\/der-mensch-ein-geniales-geschoepf-gottes\/","title":{"rendered":"L\u2019uo\u00admo \u2013 una crea\u00adtu\u00adra ingegno\u00adsa di&nbsp;Dio?"},"content":{"rendered":"<p>Osia\u00admo cer\u00adca\u00adre l\u2019im\u00adpron\u00adta di Dio su di&nbsp;noi!<\/p>\n<p>Mia mog\u00adlie ha rice\u00advu\u00adto per Nata\u00adle un bel\u00adlis\u00adsi\u00admo calen\u00adda\u00adrio da pare\u00adte inti\u00adto\u00adla\u00adto \u00abI giar\u00addi\u00adni pi\u00f9 bel\u00adli\u00bb. Sono con\u00advin\u00adto che il giar\u00addi\u00adno del\u00adl\u2019E\u00adden fos\u00adse anco\u00adra pi\u00f9 bel\u00adlo di tut\u00adti i giar\u00addi\u00adni di ques\u00adte 12 imma\u00adgi\u00adni del calen\u00adda\u00adrio. Ada\u00admo ed Eva han\u00adno potu\u00adto gode\u00adre di uno sple\u00adndo\u00adre di fio\u00adri che avreb\u00adbe mes\u00adso in imba\u00adraz\u00adzo qual\u00adsi\u00ada\u00adsi mos\u00adtra di fio\u00adri. Duran\u00adte la loro pas\u00adseg\u00adgia\u00adta di pia\u00adce\u00adre nel paradi\u00adso, han\u00adno ammi\u00adra\u00adto gli uccel\u00adli e il loro can\u00adto! Han\u00adno osser\u00adva\u00adto il com\u00adpor\u00adta\u00admen\u00adto degli ani\u00adma\u00adli con inter\u00ades\u00adse. Si dilet\u00adta\u00adva\u00adno in rus\u00adcel\u00adli e laghi la cui acqua era anco\u00adra pi\u00f9 chia\u00adra di quella del lago di Hall\u00adwil! Poi c\u2019er\u00adano i frut\u00adti deli\u00adzio\u00adsi. Quan\u00addo pen\u00adso a un ces\u00adto di frut\u00adta del giar\u00addi\u00adno del\u00adl\u2019E\u00adden, mi vie\u00adne l\u2019ac\u00adquo\u00adli\u00adna in boc\u00adca. E poi ques\u00adt\u2019a\u00adria, sen\u00adza inquinan\u00adti! Nien\u00adte gas di sca\u00adri\u00adco, nien\u00adte pro\u00adble\u00admi di cli\u00adma!!! Ma bas\u00adta vaneggiare.<br>\nTi sei mai mes\u00adso nei pan\u00adni di Eva e Ada\u00admo? Ave\u00adva\u00adno tut\u00adto e vole\u00adva\u00adno anco\u00adra di&nbsp;pi\u00f9!<br>\nCome avres\u00adti rea\u00adgi\u00adto in ques\u00adta ten\u00adta\u00adzio\u00adne? Come don\u00adna davan\u00adti all\u2019al\u00adbe\u00adro con ques\u00adti frut\u00adti \u00abdeli\u00adzio\u00adsi\u00bb; o come uomo quan\u00addo Eva ti por\u00adge il frut\u00adto proibito?<br>\nIl ser\u00adpen\u00adte era Sata\u00adna stes\u00adso. Egli sedus\u00adse Eva in modo mol\u00adto cat\u00adtivo: \u00abNon mor\u00adi\u00adre\u00adte, Dio non ha det\u00adto ques\u00adto; al con\u00adtra\u00adrio, sare\u00adte come Dio e sapre\u00adte cosa \u00e8 bene e cosa \u00e8&nbsp;male\u00bb.<br>\nUna vol\u00adta Ges\u00f9 lan\u00adci\u00f2 ai giudei ipo\u00adcri\u00adti la seguen\u00adte frase: \u00abVoi ave\u00adte per pad\u00adre il dia\u00advo\u00adlo: ama\u00adte fare le cose cat\u00adti\u00adve che fa. \u00c8 sta\u00adto un ass\u00adas\u00adsi\u00adno fin dal\u00adl\u2019i\u00adni\u00adzio e ha semp\u00adre odia\u00adto la veri\u00adt\u00e0. Non c\u2019\u00e8 veri\u00adt\u00e0 in lui. Quan\u00addo men\u00adte, \u00e8 secon\u00addo la sua natu\u00adra, per\u00adch\u00e9 \u00e8 bugi\u00adar\u00addo e pad\u00adre del\u00adla men\u00adzo\u00adgna\u00bb (Gio\u00advan\u00adni 8:44&nbsp;<span class=\"caps\">NLB<\/span>).<br>\nDopo la pro\u00adfon\u00adda cadu\u00adta di Ada\u00admo ed Eva, col\u00adpis\u00adce il modo in cui la cop\u00adpia cer\u00adca di usci\u00adre dal cap\u00adpio davan\u00adti a Dio: pri\u00adma si nas\u00adcon\u00adde e poi incol\u00adpa l\u2019al\u00adt\u00adro. Eva dice: \u00abIl ser\u00adpen\u00adte mi ha ingan\u00adna\u00adta e io ho man\u00adgi\u00ada\u00adto\u00bb. E Ada\u00admo: \u00ab\u00c8 col\u00adpa del\u00adla don\u00adna, quella che mi hai dato, ha pre\u00adso il frut\u00adto e me lo ha dato, cos\u00ec l\u2019ho man\u00adgi\u00ada\u00adto\u00bb. A ent\u00adram\u00adbi non res\u00adta che rim\u00adpro\u00adver\u00ada\u00adre Dio: \u00abCi hai crea\u00adti cos\u00ec come&nbsp;siamo!<br>\nE Dio guar\u00add\u00f2 tut\u00adto ci\u00f2 che ave\u00adva fat\u00adto, ed ecco, era mol\u00adto buo\u00adno. Lo era? O non \u00e8 cos\u00ec buo\u00adno, dopo tut\u00adto? A qual\u00adcu\u00adno potreb\u00adbe veni\u00adre in men\u00adte ques\u00adta doman\u00adda: \u00abPer\u00adch\u00e9 hai crea\u00adto gli esse\u00adri uma\u00adni in modo cos\u00ec allet\u00adtan\u00adte? C\u2019\u00e8 solo una ris\u00adpos\u00adta a ques\u00adta doman\u00adda: natur\u00adal\u00admen\u00adte Dio avreb\u00adbe potu\u00adto cre\u00adar\u00adci in modo diver\u00adso: con mol\u00adta meno liber\u00adt\u00e0! Ma non ha volu\u00adto dei bur\u00adat\u00adti\u00adni come con\u00adtro\u00adpar\u00adte! E Dio cre\u00f2 l\u2019uo\u00admo a sua imma\u00adgi\u00adne, a imma\u00adgi\u00adne di Dio lo cre\u00f2; e li cre\u00f2 maschio e femmi\u00adna. Dio ci ha deli\u00adbe\u00adra\u00adta\u00admen\u00adte crea\u00adti affin\u00adch\u00e9 pot\u00adessi\u00admo sce\u00adglie\u00adre. Pro\u00adprio come in ques\u00adto fine set\u00adti\u00adma\u00adna elet\u00adto\u00adra\u00adle! Pos\u00adsia\u00admo giudi\u00adca\u00adre, pesa\u00adre, esami\u00adna\u00adre, deci\u00adde\u00adre, dire s\u00ec o no, obbed\u00adire o rifi\u00adut\u00ada\u00adre, ascol\u00adta\u00adre ci\u00f2 che Dio dice o nas\u00adcon\u00adder\u00adci da&nbsp;Lui.<br>\nSia\u00admo esse\u00adri ingegno\u00adsi crea\u00adti da Dio, in gra\u00addo di per\u00adce\u00adpi\u00adre le pro\u00adprie responsa\u00adbi\u00adli\u00adt\u00e0 e di agi\u00adre di con\u00adse\u00adguen\u00adza! Ques\u00adto \u00e8 uni\u00adco! La paro\u00adla ebraica bara, usa\u00adta tre vol\u00adte per crea\u00adre, si rife\u00adris\u00adce all\u2019at\u00adti\u00advi\u00adt\u00e0 di Dio quan\u00addo crea qual\u00adco\u00adsa di nuo\u00advo, qual\u00adco\u00adsa che non \u00e8 mai esis\u00adti\u00adto pri\u00adma. Ma solo: La qua\u00adli\u00adt\u00e0 del\u00adla crea\u00adzio\u00adne di Dio non \u00e8 solo ammi\u00adra\u00adta, ma anche tal\u00advol\u00adta mes\u00adsa in dubbio.<br>\n\u00abPer\u00adch\u00e9 mi hai fat\u00adto cos\u00ec come sono?\u00bb. Vi guar\u00adda\u00adte allo spec\u00adchio e sie\u00adte inor\u00adri\u00addi\u00adti: \u00abNo, non \u00e8 pos\u00adsi\u00adbi\u00adle, ques\u00adto naso, ques\u00adti capel\u00adli, ques\u00adta pos\u00adtu\u00adra\u2026\u00bb. \u2013 e ci si con\u00adfron\u00adta con gli altri. \u00abAnch\u2019io voglio esse\u00adre come loro\u00bb. \u00abVoglio esse\u00adre in gra\u00addo di far\u00adlo come lui\u00bb. \u00abPer\u00adch\u00e9 sono nato con ques\u00adto difet\u00adto, con ques\u00adto o quel\u00adl\u2019han\u00addi\u00adcap?\u00bb. \u00abPre\u00adfer\u00adi\u00adrei esse\u00adre un uomo o una don\u00adna!\u00bb. Quan\u00adto sfac\u00adcia\u00adta\u00admen\u00adte oggi si dubi\u00adta e si cri\u00adti\u00adca Dio come Crea\u00adto\u00adre. L\u2019uo\u00admo si pone al di sopra del Crea\u00adto\u00adre. Eppu\u00adre Dio ha crea\u00adto gli esse\u00adri uma\u00adni in modo cos\u00ec ingegno\u00adso e li ha dota\u00adti di crea\u00adti\u00advi\u00adt\u00e0 e pote\u00adre creativo!<br>\nEgli ci ha affi\u00adda\u00adto la crea\u00adzio\u00adne di bara. Ques\u00adto \u00abcrea\u00adre qual\u00adco\u00adsa che non \u00e8 mai esis\u00adti\u00adto pri\u00adma\u00bb! Quan\u00adte vol\u00adte negli ulti\u00admi mil\u00adlen\u00adni l\u2019uo\u00admo \u00e8 rius\u00adci\u00adto a crea\u00adre qual\u00adco\u00adsa che non \u00e8 mai esis\u00adti\u00adto pri\u00adma! Natur\u00adal\u00admen\u00adte, ci sono sta\u00adte anche cose di cui non pos\u00adsia\u00admo esse\u00adre orgo\u00adgli\u00adosi. Ma le cose bel\u00adle le dob\u00adbia\u00admo a Dio, che ha dato agli uomi\u00adni la sag\u00adgez\u00adza e l\u2019a\u00adbi\u00adli\u00adt\u00e0 neces\u00ads\u00ada\u00adrie. L\u2019uo\u00admo \u00e8 un arm\u00adeg\u00adgia\u00adto\u00adre, un esplo\u00adra\u00adto\u00adre, un inven\u00adto\u00adre! Voi stes\u00adsi fate par\u00adte di ques\u00adto grup\u00adpo sen\u00adza pre\u00adce\u00adden\u00adti. Dopo nove mesi, i vos\u00adtri geni\u00adto\u00adri han\u00adno gioito per il bam\u00adbi\u00adno che han\u00adno potu\u00adto ammi\u00adra\u00adre tra le loro brac\u00adcia. Un esem\u00adpla\u00adre uni\u00adco, un esse\u00adre uma\u00adno appe\u00adna nato che non \u00e8 mai esis\u00adti\u00adto pri\u00adma in ques\u00adto mon\u00addo e mai esis\u00adter\u00e0. \u00abTu hai crea\u00adto tut\u00adto in me e mi hai for\u00adma\u00adto nel grem\u00adbo di mia mad\u00adre. Vi ringra\u00adzio per aver\u00admi reso cos\u00ec glo\u00adrio\u00adso ed eccel\u00adlen\u00adte! Mera\u00advigli\u00adose sono le tue ope\u00adre, lo so bene\u00bb (Sal\u00admo 139:13\u201314 <span class=\"caps\">NLB<\/span>).<br>\nDopo esse\u00adre sta\u00adti cac\u00adcia\u00adti dal Giar\u00addi\u00adno del\u00adl\u2019E\u00adden, le per\u00adso\u00adne non poteva\u00adno gesti\u00adre ques\u00adta liber\u00adt\u00e0 di fare il bene o il male. Vole\u00adva\u00adno fare del bene, ma il risult\u00ada\u00adto \u00e8 sta\u00adto il&nbsp;male.<br>\nVoler deci\u00adde\u00adre da soli spes\u00adso finis\u00adce in un vico\u00adlo cie\u00adco. Cai\u00adno, il pri\u00admo figlio di Ada\u00admo ed Eva, ave\u00adva gi\u00e0 pia\u00adni\u00adfi\u00adca\u00adto il suo fra\u00adtri\u00adci\u00addio e non dava pi\u00f9 ascol\u00adto a Dio, che ven\u00adne da lui e gli dis\u00adse: \u00abPer\u00adch\u00e9 sei cos\u00ec arrab\u00adbia\u00adto?\u00bb, gli chie\u00adse il Signo\u00adre. Per\u00adch\u00e9 guar\u00addi a ter\u00adra in modo cos\u00ec truce? Non \u00e8 cos\u00ec? Se ave\u00adte in men\u00adte qual\u00adco\u00adsa di buo\u00adno, pote\u00adte guar\u00addar\u00advi intor\u00adno libe\u00adr\u00ada\u00admen\u00adte. Ma quan\u00addo si pro\u00adget\u00adta il male, il pec\u00adca\u00adto \u00e8 in aggua\u00adto. Vuo\u00adle abbat\u00adter\u00advi. Ma tu lo gover\u00adnerai!\u00bb. (Gene\u00adsi 4:6\u20137&nbsp;<span class=\"caps\">NLB<\/span>).<br>\nCai\u00adno non riusc\u00ec pi\u00f9 a con\u00adtroll\u00adar\u00adsi e pic\u00adchi\u00f2 a mor\u00adte suo fratel\u00adlo Abe\u00adle. Ada\u00admo ed Eva non poteva\u00adno pi\u00f9 con\u00adtroll\u00adar\u00adsi! La frut\u00adta sem\u00adbra\u00adva cos\u00ec invi\u00adtan\u00adte! Erano con\u00advin\u00adti: \u00abHa dei bene\u00adfi\u00adci per noi, sare\u00admo come Dio\u00bb. Eva pren\u00adde in mano un frut\u00adto, anche se Dio lo ha gi\u00e0 sag\u00adgi\u00ada\u00admen\u00adte proi\u00adbi\u00adto: \u00abNon toc\u00adcar\u00adlo!\u00bb. Ora \u00e8 solo un pic\u00adco\u00adlo pas\u00adso: rac\u00adco\u00adglie\u00adre e mordere\u2026<br>\nQuan\u00addo \u00e8 sta\u00adta l\u2019ul\u00adti\u00adma vol\u00adta che ti \u00e8 suc\u00adces\u00adso? Improv\u00advi\u00adsa\u00admen\u00adte non pote\u00advi con\u00adtroll\u00ada\u00adre la tua mano \u2013 ed \u00e8 suc\u00adces\u00adso. Eri trop\u00adpo vici\u00adno. Non sei rius\u00adci\u00adto a dis\u00adto\u00adglie\u00adre lo sguar\u00addo o a chiude\u00adre gli occhi! Non sei rius\u00adci\u00adto a sta\u00adre zit\u00adto e hai con\u00adti\u00adnu\u00ada\u00adto a parl\u00ada\u00adre. Il dia\u00advo\u00adlo \u00e8 un ten\u00adta\u00adto\u00adre bril\u00adlan\u00adte. E non c\u2019\u00e8 luo\u00adgo in cui si \u00e8 al sicu\u00adro da lui! Pertanto:<br>\n\u00abSia\u00adte pru\u00adden\u00adti e vigi\u00adli e sia\u00adte semp\u00adre pron\u00adti all\u2019\u00adat\u00adtac\u00adco del dia\u00advo\u00adlo, il vos\u00adtro nemi\u00adco! Si aggi\u00adra come un leo\u00adne rug\u00adgen\u00adte, alla ricer\u00adca di una vitti\u00adma da divora\u00adre. Resis\u00adte\u00adtegli con la vos\u00adtra fede fer\u00adma\u00bb (1 Pie\u00adtro 5:8\u20139a <span class=\"caps\">NLB<\/span>).<br>\nAda\u00admo ed Eva, per\u00adsi\u00adno Cai\u00adno, avreb\u00adbe\u00adro potu\u00adto dire di no! Tut\u00adti loro avreb\u00adbe\u00adro dovu\u00adto ascol\u00adta\u00adre Dio, ma non ave\u00adva\u00adno pi\u00f9 il con\u00adtrol\u00adlo di se stes\u00adsi. Non ci sen\u00adti\u00adamo spes\u00adso come Pao\u00adlo che con\u00adfes\u00adsa\u00adva: \u00abQuan\u00addo voglio fare il bene, non lo fac\u00adcio. E quan\u00addo cer\u00adco di evi\u00adt\u00adare il male, lo fac\u00adcio comun\u00adque\u00bb (Roma\u00adni 7:19&nbsp;<span class=\"caps\">NLB<\/span>).<br>\nPro\u00adprio come nel caso di Ada\u00admo, Eva e Cai\u00adno, \u00e8 neces\u00adsa\u00adria la nos\u00adt\u00adra fidu\u00adcia nel fat\u00adto che Dio abbia buo\u00adne inten\u00adzio\u00adni e che sia meglio ascol\u00adtar\u00adlo. For\u00adt\u00adu\u00adna\u00adta\u00admen\u00adte, vivia\u00admo nel\u00adl\u2019era dell\u2019A.D.! Cono\u00adscia\u00admo la gra\u00adzia! \u00abCos\u00ec, come il pec\u00adca\u00adto regna\u00adva su tut\u00adti gli uomi\u00adni e li por\u00adta\u00adva alla mor\u00adte, cos\u00ec ora regna la mera\u00advigli\u00adosa gra\u00adzia di Dio. Per mez\u00adzo di essa sia\u00admo giu\u00adsti\u00adfi\u00adca\u00adti davan\u00adti a Dio e otte\u00adnia\u00admo la vita eter\u00adna per mez\u00adzo di Ges\u00f9 Cris\u00adto nos\u00adtro Signo\u00adre\u00bb (Roma\u00adni 5:21&nbsp;<span class=\"caps\">NLB<\/span>).<br>\nOra la mera\u00advigli\u00adosa gra\u00adzia di Dio regna attra\u00adver\u00adso Ges\u00f9 Cris\u00adto! Non c\u2019\u00e8 da tira\u00adre un sos\u00adpi\u00adro di sol\u00adlie\u00advo! Pos\u00adsia\u00admo ent\u00adra\u00adre in un nuo\u00advo gior\u00adno ogni mat\u00adti\u00adna e ren\u00adde\u00adre gra\u00adzie per la gra\u00adzia e la miser\u00adi\u00adcor\u00addia di Dio. Una vol\u00adta ave\u00adva\u00admo in casa un pap\u00adpa\u00adgal\u00adli\u00adno che pote\u00adva parl\u00ada\u00adre. Gli abbia\u00admo anche inseg\u00adna\u00adto dei ver\u00adsi del\u00adla Bibbia, come: \u00abGra\u00adzio\u00adso e miser\u00adi\u00adcor\u00addio\u00adso \u00e8 il Signo\u00adre\u00bb. Era cos\u00ec deli\u00adzio\u00adso esse\u00adre cos\u00adtan\u00adte\u00admen\u00adte ricorda\u00adto da lui del\u00adla gra\u00adzia di&nbsp;Dio!<br>\nCosa si aspet\u00adta Dio da noi, sue con\u00adtro\u00adpar\u00adti? Dio lo ha det\u00adto mol\u00adte vol\u00adte nei 5 libri di Mos\u00e8. Ges\u00f9 lo ha ripe\u00adtu\u00adto e uno scri\u00adba lo ha con\u00adfer\u00adma\u00adto al tem\u00adpo di Ges\u00f9: \u00abAme\u00adrai il Signo\u00adre tuo Dio con tut\u00adto il tuo cuo\u00adre, con tut\u00adta la tua ani\u00adma, con tut\u00adta la tua for\u00adza e con tut\u00adta la tua men\u00adte\u00bb. E ama il tuo prossi\u00admo come te stes\u00adso\u00bb (Luca 10:27&nbsp;<span class=\"caps\">NLB<\/span>).<br>\nMi ha col\u00adpi\u00adto come Dio abbia con\u00adti\u00adnu\u00ada\u00adto ad ama\u00adre le per\u00adso\u00adne dopo le espe\u00adri\u00aden\u00adze delu\u00adden\u00adti in paradiso.<br>\nEsem\u00adpio 1: Dio avreb\u00adbe potu\u00adto sem\u00adpli\u00adce\u00admen\u00adte but\u00adta\u00adre Ada\u00admo ed Eva fuo\u00adri dal\u00adla por\u00adta. Ave\u00adva\u00adno coper\u00adto la loro ver\u00adgo\u00adgna con le fog\u00adlie intreccia\u00adte del\u00adl\u2019al\u00adbe\u00adro di fico. Rie\u00adsci a imma\u00adgi\u00adna\u00adre quan\u00adto sia sta\u00adto sco\u00admo\u00addo?! Che cosa \u00e8 suc\u00adces\u00adso? Pri\u00adma anco\u00adra che dove\u00ads\u00adse\u00adro lascia\u00adre il Giar\u00addi\u00adno del\u00adl\u2019E\u00adden, Dio vie\u00adne a sten\u00adde\u00adre per loro del\u00adle ves\u00adti di pel\u00adle! E Dio li aiut\u00f2 a indos\u00ads\u00adar\u00adli, come dice la Bibbia: \u00abIl Signo\u00adre Dio fece ad Ada\u00admo e a sua mog\u00adlie ves\u00adti\u00adti di pel\u00adli di ani\u00adma\u00adli e li rive\u00ads\u00adt\u00ec\u00bb (Gene\u00adsi 3:21 <span class=\"caps\">NLB<\/span>). Ques\u00adta sce\u00adna di Dio che for\u00adnis\u00adce abiti como\u00addi ai due per\u00adden\u00adti \u00e8 bel\u00adla da pian\u00adge\u00adre. Tan\u00adto amo\u00adre! Dio non \u00e8 for\u00adse incre\u00addi\u00adbilm\u00aden\u00adte per\u00addo\u00adna\u00adto\u00adre e misericordioso?!<br>\nEsem\u00adpio 2: Dopo il fra\u00adtri\u00adci\u00addio, Cai\u00adno si lamen\u00adta con Dio: \u00abLa mia col\u00adpa \u00e8 trop\u00adpo gran\u00adde! Ora sono un fug\u00adgi\u00adas\u00adco sen\u00adza fis\u00adsa dimo\u00adra per\u00adch\u00e9 devo semp\u00adre ave\u00adre pau\u00adra che qual\u00adcu\u00adno si ven\u00addichi di me. Dovr\u00f2 con\u00adti\u00adnu\u00ada\u00admen\u00adte nas\u00adcon\u00adder\u00admi!\u00bb. Che cosa fa il Dio amo\u00adre\u00advo\u00adle e bene\u00advo\u00adlo? \u00abE diede a Cai\u00adno un seg\u00adno per\u00adch\u00e9 nes\u00adsu\u00adno lo ucci\u00addes\u00adse\u00bb (Gene\u00adsi 4:15b <span class=\"caps\">NLB<\/span>). Qua\u00adle fos\u00adse ques\u00adto seg\u00adno, pos\u00adsia\u00admo chie\u00adder\u00adlo a Cai\u00adno in&nbsp;cielo!<br>\nEsem\u00adpio 3: Dopo il diluvio: Dio strin\u00adge un\u2019al\u00adle\u00adan\u00adza con No\u00e8 e gli fa la seguen\u00adte pro\u00admes\u00adsa: \u00abNon male\u00addir\u00f2 mai pi\u00f9 la ter\u00adra a cau\u00adsa del\u00adl\u2019uo\u00admo e non dis\u00adtrug\u00adger\u00f2 pi\u00f9 ogni esse\u00adre viven\u00adte come ho appe\u00adna fat\u00adto, anche se i pen\u00adsie\u00adri e le azio\u00adni del\u00adl\u2019uo\u00admo sono sta\u00adti mal\u00adva\u00adgi fin dal\u00adl\u2019in\u00adf\u00adan\u00adzia\u00bb. Fin\u00adch\u00e9 durer\u00e0 la ter\u00adra, ci sar\u00e0 semi\u00adna e miet\u00adi\u00adtu\u00adra, fred\u00addo e cal\u00addo, estate e inver\u00adno, gior\u00adno e not\u00adte\u00bb (Gene\u00adsi 8:21\u201322 <span class=\"caps\">NLB<\/span>).<br>\nUna vol\u00adta il Diluvio, ma mai pi\u00f9. Ques\u00adti pass\u00adag\u00adgi bibli\u00adci ci fan\u00adno capi\u00adre in modo impres\u00adsio\u00adn\u00adan\u00adte quan\u00adto Dio ami gli esse\u00adri uma\u00adni. La sua crea\u00adtu\u00adra ha una secon\u00adda pos\u00adsi\u00adbi\u00adli\u00adt\u00e0, anche se ci cono\u00adsce fin trop\u00adpo bene! La cadu\u00adta in Paradi\u00adso ha cam\u00adbia\u00adto le cose, ma l\u2019a\u00admo\u00adre di Dio per gli esse\u00adri uma\u00adni, le sue crea\u00adtu\u00adre, \u00e8 anco\u00adra gran\u00adde e cul\u00admi\u00adna in Ges\u00f9 Cris\u00adto che muo\u00adre per il nos\u00adtro pec\u00adca\u00adto e la nos\u00adt\u00adra col\u00adpa. Il pro\u00adfe\u00adta Isa\u00adia lo descri\u00adve cos\u00ec: \u00abL\u2019em\u00adpio abban\u00addo\u00adni la sua stra\u00adda, il malfat\u00adto\u00adre si allon\u00adta\u00adni dai suoi pia\u00adni! Piut\u00adtosto, lascia\u00adte che si rivol\u00adga al Signo\u00adre, affin\u00adch\u00e9 abbia miser\u00adi\u00adcor\u00addia di lui. S\u00ec, rivol\u00adge\u00adte\u00advi al nos\u00adtro Dio, per\u00adch\u00e9 con lui c\u2019\u00e8 mol\u00adto per\u00addo\u00adno\u00bb (Isa\u00adia 55:7&nbsp;<span class=\"caps\">NLB<\/span>).<br>\nLa mia ulti\u00adma frase del ser\u00admo\u00adne \u00e8 l\u2019ul\u00adti\u00adma frase del\u00adla Bibbia: \u00abLa gra\u00adzia del Signo\u00adre Ges\u00f9 sia con tut\u00adti\u00bb (Apo\u00adca\u00adlis\u00adse 22:21&nbsp;<span class=\"caps\">NG\u00dc<\/span>).<br>\nAmen.<br>\n&nbsp;<br>\n&nbsp;<br>\n&nbsp;<br>\nPos\u00adsi\u00adbi\u00adli doman\u00adde per i pic\u00adco\u00adli gruppi<\/p>\n<p>\tSia\u00admo ones\u00adti: come avres\u00adti affron\u00adta\u00adto ques\u00adta ten\u00adta\u00adzio\u00adne nel giar\u00addi\u00adno dell\u2019Eden?<br>\n\tRie\u00adsci a tro\u00adva\u00adre qual\u00adco\u00adsa di buo\u00adno in ques\u00adti due albe\u00adri proi\u00adbi\u00adti in paradi\u00adso, o pen\u00adsi che sia solo una trap\u00adpo\u00adla mol\u00adto brutta?<br>\n\t\u00abSare\u00adte come Dio\u00bb: Sata\u00adna non si \u00e8 sba\u00adgli\u00ada\u00adto mol\u00adto con ques\u00adto allett\u00adamen\u00adto quan\u00addo leg\u00adgi\u00ada\u00admo 1 Gio\u00advan\u00adni 3:2!<br>\n\tSata\u00adna e i suoi ange\u00adli (demo\u00adni) sono \u00abange\u00adli cadu\u00adti\u00bb come noi sia\u00admo \u00abuomi\u00adni cadu\u00adti\u00bb? Pass\u00adag\u00adgi del\u00adla Bibbia su ques\u00adto: Apo\u00adca\u00adlis\u00adse 12:7\u20139; Luca 10:17\u201319; Efe\u00adsi\u00adni 6:12.<br>\n\tCosa vie\u00adne mag\u00adgior\u00admen\u00adte cri\u00adti\u00adca\u00adto dal\u00adla gen\u00adte di oggi sul nos\u00adtro Signo\u00adre e&nbsp;Dio?<br>\n\tCome pos\u00adsia\u00admo aiut\u00adar\u00adci a vicen\u00adda quan\u00addo sia\u00admo sot\u00adto l\u2019at\u00adtac\u00adco di Satana?<br>\n\tMera\u00advi\u00adglia\u00adte\u00advi insie\u00adme per un po\u00bb di tem\u00adpo del\u00adla gra\u00adzia di Dio e deli\u00adzia\u00adte\u00advi del suo amo\u00adre qua\u00adsi incre\u00addi\u00adbi\u00adle per noi&nbsp;umani!<\/p>","protected":false},"excerpt":{"rendered":"<p>Osia\u00admo cer\u00adca\u00adre l\u2019im\u00adpron\u00adta di Dio su di noi! Mia mog\u00adlie ha rice\u00advu\u00adto per Nata\u00adle un bel\u00adlis\u00adsi\u00admo calen\u00adda\u00adrio da pare\u00adte inti\u00adto\u00adla\u00adto \u00abI giar\u00addi\u00adni pi\u00f9 bel\u00adli\u00bb. Sono con\u00advin\u00adto che il Giar\u00addi\u00adno del\u00adl\u2019E\u00adden fos\u00adse anco\u00adra pi\u00f9 bel\u00adlo di tut\u00adti i giar\u00addi\u00adni di ques\u00adte 12 imma\u00adgi\u00adni del calen\u00adda\u00adrio. Ada\u00admo ed Eva pote\u00adro\u00adno gode\u00adre di uno sple\u00adndo\u00adre di fio\u00adri che avreb\u00adbe mes\u00adso in dif\u00adfi\u00adcol\u00adt\u00e0 qualsiasi\u2026<\/p>","protected":false},"author":24,"featured_media":7030,"comment_status":"closed","ping_status":"closed","template":"","wpfc_preacher":[35],"wpfc_sermon_series":[81],"wpfc_sermon_topics":[],"wpfc_bible_book":[],"wpfc_service_type":[12],"class_list":{"0":"wpfc_preacher-bernhard-hohl","1":"wpfc_sermon_series-creatio","2":"wpfc-sermon-single","3":"post-3863","4":"wpfc_sermon","5":"type-wpfc_sermon","6":"status-publish","7":"has-post-thumbnail","8":"hentry","11":"wpfc_service_type-gottesdienst"},"acf":[],"sermons_blog_filters_topics":"\t\t\t\t<div class=\"sm-filtering\">\n\t\t\t\t\t<div id=\"wpfc_sermon_sorting\" class=\"no-spacing\">\n\t\t\t\t\t\t\t\t\t\t\t\t\t\n\t\t\t\t\t<div class=\"sortTopics\" style=\"display: inline-block\">\n\t\t\t\t<form action=\"https:\/\/sermons.seetal-chile.ch\/it\/wp-json\/wp\/v2\/wpfc_sermon\/3863\/\" method=\"get\">\n\t\t\t\t\t<select name=\"wpfc_sermon_topics\"\n\t\t\t\t\t\t\ttitle=\"Topic\"\n\t\t\t\t\t\t\tid=\"wpfc_sermon_topics\"\n\t\t\t\t\t\t\tonchange=\"if(this.options[this.selectedIndex].value !== ''){return this.form.submit()}else{window.location = window.location.href.split('?')[0];}\"\n\t\t\t\t\t\t\tautocomplete=\"off\"\n\t\t\t\t\t\t>\n\t\t\t\t\t\t<option value=\"\">Topic<\/option>\n\t\t\t\t\t\t<option value=\"freude\" >Freude<\/option><option value=\"heiliger-geist\" >Heiliger Geist<\/option><option value=\"hoffnung\" >Hoffnung<\/option><option value=\"liebe\" >Liebe<\/option><option value=\"pfingsten\" >Pfingsten<\/option>\t\t\t\t\t<\/select>\n\t\t\t\t\t\t\t\t\t\t\t\t\t\t\t\t\t\t\t\t\t\t\t\t\t<noscript>\n\t\t\t\t\t\t<div><input type=\"submit\" value=\"Submit\"\/><\/div>\n\t\t\t\t\t<\/noscript>\n\t\t\t\t<\/form>\n\t\t\t<\/div>\n\t\t\t\t\t\t\t\t\t\t\t\t\t\t\t\t\t\t<\/div>\n\t\t\t\t<\/div>\n\t\t\t\t","sermons_blog_filters_series":"\t\t\t\t<div class=\"sm-filtering\">\n\t\t\t\t\t<div id=\"wpfc_sermon_sorting\" class=\"no-spacing\">\n\t\t\t\t\t\t\t\t\n\t\t\t\t\t<div class=\"sortSeries\" style=\"display: inline-block\">\n\t\t\t\t<form action=\"https:\/\/sermons.seetal-chile.ch\/it\/wp-json\/wp\/v2\/wpfc_sermon\/3863\/\" method=\"get\">\n\t\t\t\t\t<select name=\"wpfc_sermon_series\"\n\t\t\t\t\t\t\ttitle=\"Series\"\n\t\t\t\t\t\t\tid=\"wpfc_sermon_series\"\n\t\t\t\t\t\t\tonchange=\"if(this.options[this.selectedIndex].value !== ''){return this.form.submit()}else{window.location = window.location.href.split('?')[0];}\"\n\t\t\t\t\t\t\tautocomplete=\"off\"\n\t\t\t\t\t\t>\n\t\t\t\t\t\t<option value=\"\">Series<\/option>\n\t\t\t\t\t\t<option value=\"abentueuer-gebaet\" >Abent\u00fc\u00fcr Geb\u00e4t<\/option><option value=\"advent-2019\" >Advent 2019<\/option><option value=\"bestseller-die-bibel\" >Bestseller - Die Bibel<\/option><option value=\"connected\" >connected<\/option><option value=\"creatio\" >CREATIO<\/option><option value=\"eifach-muetig\" >EIFACH muetig \u2013 mit Jesus als Vorbild<\/option><option value=\"einfach-leise-gegenwaertig\" >Einfach. Leise. Gegenw\u00e4rtig.<\/option><option value=\"folge-du-mir-nach\" >Folge du mir nach<\/option><option value=\"glow\" >glow<\/option><option value=\"heilig-heilig-heilig\" >Heilig - Heilig - Heilig<\/option><option value=\"metamorphose\" >Metamorphose<\/option><option value=\"reformation\" >Reformation<\/option><option value=\"seetal-chile-talk\" >seetal chile Talk<\/option><option value=\"teens-segnung\" >Teens Segnung<\/option><option value=\"weitsicht\" >Weitsicht<\/option><option value=\"wie-du-und-ich\" >Wie du und ich<\/option><option value=\"willkommen-daheim\" >Willkommen daheim<\/option>\t\t\t\t\t<\/select>\n\t\t\t\t\t\t\t\t\t\t\t\t\t\t\t\t\t\t\t\t\t\t\t\t\t<noscript>\n\t\t\t\t\t\t<div><input type=\"submit\" value=\"Submit\"\/><\/div>\n\t\t\t\t\t<\/noscript>\n\t\t\t\t<\/form>\n\t\t\t<\/div>\n\t\t\t\t\t\t\t\t\t\t\t\t\t\t\t\t\t\t\t\t\t\t\t<\/div>\n\t\t\t\t<\/div>\n\t\t\t\t","sermons_blog_filters_preachers":"\t\t\t\t<div class=\"sm-filtering\">\n\t\t\t\t\t<div id=\"wpfc_sermon_sorting\" class=\"no-spacing\">\n\t\t\t\n\t\t\t\t\t<div class=\"sortPreacher\" style=\"display: inline-block\">\n\t\t\t\t<form action=\"https:\/\/sermons.seetal-chile.ch\/it\/wp-json\/wp\/v2\/wpfc_sermon\/3863\/\" method=\"get\">\n\t\t\t\t\t<select name=\"wpfc_preacher\"\n\t\t\t\t\t\t\ttitle=\"Preacher\"\n\t\t\t\t\t\t\tid=\"wpfc_preacher\"\n\t\t\t\t\t\t\tonchange=\"if(this.options[this.selectedIndex].value !== ''){return this.form.submit()}else{window.location = window.location.href.split('?')[0];}\"\n\t\t\t\t\t\t\tautocomplete=\"off\"\n\t\t\t\t\t\t>\n\t\t\t\t\t\t<option value=\"\">Preacher<\/option>\n\t\t\t\t\t\t<option value=\"amin-afsharnaderi\" >Amin Afsharnaderi<\/option><option value=\"amir-khalid\" >Amir Khalid<\/option><option value=\"andre-heiniger\" >Andr\u00e9 Heiniger<\/option><option value=\"andreas-jakob\" >Andreas Jakob<\/option><option value=\"ansgar-gmuer\" >Ansgar Gm\u00fcr<\/option><option value=\"barbara-benz\" >Barbara Benz<\/option><option value=\"beat-ungricht\" >Beat Ungricht<\/option><option value=\"beati-forster\" >Beati Forster<\/option><option value=\"beni-leuenberger\" >Beni Leuenberger<\/option><option value=\"bernhard-hohl\" >Bernhard Hohl<\/option><option value=\"cedric-bruegger\" >C\u00e9dric Br\u00fcgger<\/option><option value=\"christian-haslebacher\" >Christian Haslebacher<\/option><option value=\"christian-seitz\" >Christian Seitz<\/option><option value=\"christoph-kunz\" >Christoph Kunz<\/option><option value=\"corinne-jost\" >Corinne Jost<\/option><option value=\"cornelia-roth\" >Cornelia Roth<\/option><option value=\"daniel-bieri\" >Daniel Bieri<\/option><option value=\"debora-sommer\" >Debora Sommer<\/option><option value=\"erich-hunziker\" >Erich Hunziker<\/option><option value=\"esther-wehrli\" >Esther Wehrli<\/option><option value=\"florian-glaser\" >Florian Glaser<\/option><option value=\"gaby-wentland\" >Gaby Wentland<\/option><option value=\"hans-doessegger\" >Hans D\u00f6ssegger<\/option><option value=\"harry-graf\" >Harry Graf<\/option><option value=\"ina-von-schoultz\" >Ina von Schoultz<\/option><option value=\"jan-timon-beck\" >Jan-Timon Beck<\/option><option value=\"john-ghanim\" >John Ghanim<\/option><option value=\"juergen-will\" >J\u00fcrgen Will<\/option><option value=\"markus-inaebnit\" >Markus In\u00e4bnit<\/option><option value=\"martin-dreyer\" >Martin Dreyer<\/option><option value=\"martin-kiener\" >Martin Kiener<\/option><option value=\"matthias-altwegg\" >Matthias Altwegg<\/option><option value=\"michael-bont\" >Michael Bont<\/option><option value=\"mohanathas-balasubramaniam\" >Mohanathas Balasubramaniam<\/option><option value=\"nathalie-schertenleib\" >Nathalie Schertenleib<\/option><option value=\"peter-inaebnit\" >Peter In\u00e4bnit<\/option><option value=\"peter-michel\" >Peter Michel<\/option><option value=\"rene-winkler\" >Ren\u00e9 Winkler<\/option><option value=\"roger-sigg\" >Roger Sigg<\/option><option value=\"simon-wick\" >Simon Wick<\/option><option value=\"stefan-schuepbach\" >Stefan Sch\u00fcpbach<\/option><option value=\"stephan-bolliger\" >Stephan Bolliger<\/option><option value=\"susanne-geske\" >Susanne Geske<\/option><option value=\"tabea-inaebnit\" >Tabea In\u00e4bnit<\/option><option value=\"thomas-grieve\" >Thomas Grieve<\/option><option value=\"tina-schmidt\" >Tina Schmidt<\/option><option value=\"werner-messmer\" >Werner Messmer<\/option><option value=\"wieland-mueller\" >Wieland M\u00fcller<\/option><option value=\"yanick-buehler\" >Yanick B\u00fchler<\/option><option value=\"yassir-eric\" >Yassir Eric<\/option>\t\t\t\t\t<\/select>\n\t\t\t\t\t\t\t\t\t\t\t\t\t\t\t\t\t\t\t\t\t\t\t\t\t<noscript>\n\t\t\t\t\t\t<div><input type=\"submit\" value=\"Submit\"\/><\/div>\n\t\t\t\t\t<\/noscript>\n\t\t\t\t<\/form>\n\t\t\t<\/div>\n\t\t\t\t\t\t\t\t\t\t\t\t\t\t\t\t\t\t\t\t\t\t\t\t\t\t\t\t<\/div>\n\t\t\t\t<\/div>\n\t\t\t\t","sermons_blog_filters_books":"\t\t\t\t<div class=\"sm-filtering\">\n\t\t\t\t\t<div id=\"wpfc_sermon_sorting\" class=\"no-spacing\">\n\t\t\t\t\t\t\t\t\t\t\t\t\t\t\t\t\t\t\n\t\t\t\t\t<div class=\"sortBooks\" style=\"display: inline-block\">\n\t\t\t\t<form action=\"https:\/\/sermons.seetal-chile.ch\/it\/wp-json\/wp\/v2\/wpfc_sermon\/3863\/\" method=\"get\">\n\t\t\t\t\t<select name=\"wpfc_bible_book\"\n\t\t\t\t\t\t\ttitle=\"Book\"\n\t\t\t\t\t\t\tid=\"wpfc_bible_book\"\n\t\t\t\t\t\t\tonchange=\"if(this.options[this.selectedIndex].value !== ''){return this.form.submit()}else{window.location = window.location.href.split('?')[0];}\"\n\t\t\t\t\t\t\tautocomplete=\"off\"\n\t\t\t\t\t\t>\n\t\t\t\t\t\t<option value=\"\">Book<\/option>\n\t\t\t\t\t\t\t\t\t\t\t<\/select>\n\t\t\t\t\t\t\t\t\t\t\t\t\t\t\t\t\t\t\t\t\t\t\t\t\t<noscript>\n\t\t\t\t\t\t<div><input type=\"submit\" value=\"Submit\"\/><\/div>\n\t\t\t\t\t<\/noscript>\n\t\t\t\t<\/form>\n\t\t\t<\/div>\n\t\t\t\t\t\t\t\t\t\t\t\t\t<\/div>\n\t\t\t\t<\/div>\n\t\t\t\t","sermons_blog_filters_service_types":"\t\t\t\t<div class=\"sm-filtering\">\n\t\t\t\t\t<div id=\"wpfc_sermon_sorting\" class=\"no-spacing\">\n\t\t\t\t\t\t\t\t\t\t\t\t\t\t\t\t\t\t\t\t\t\t\t\n\t\t\t\t\t<div class=\"sortServiceTypes\" style=\"display: inline-block\">\n\t\t\t\t<form action=\"https:\/\/sermons.seetal-chile.ch\/it\/wp-json\/wp\/v2\/wpfc_sermon\/3863\/\" method=\"get\">\n\t\t\t\t\t<select name=\"wpfc_service_type\"\n\t\t\t\t\t\t\ttitle=\"Service Type\"\n\t\t\t\t\t\t\tid=\"wpfc_service_type\"\n\t\t\t\t\t\t\tonchange=\"if(this.options[this.selectedIndex].value !== ''){return this.form.submit()}else{window.location = window.location.href.split('?')[0];}\"\n\t\t\t\t\t\t\tautocomplete=\"off\"\n\t\t\t\t\t\t>\n\t\t\t\t\t\t<option value=\"\">Service Type<\/option>\n\t\t\t\t\t\t<option value=\"glow-celebration\" >glow Celebration<\/option><option value=\"gottesdienst\" >Gottesdienst<\/option>\t\t\t\t\t<\/select>\n\t\t\t\t\t\t\t\t\t\t\t\t\t\t\t\t\t\t\t\t\t\t\t\t\t<noscript>\n\t\t\t\t\t\t<div><input type=\"submit\" value=\"Submit\"\/><\/div>\n\t\t\t\t\t<\/noscript>\n\t\t\t\t<\/form>\n\t\t\t<\/div>\n\t\t\t\t\t\t\t\t<\/div>\n\t\t\t\t<\/div>\n\t\t\t\t","sermons_blog_filters_dates":"\t\t\t\t<div class=\"sm-filtering\">\n\t\t\t\t\t<div id=\"wpfc_sermon_sorting\" class=\"no-spacing\">\n\t\t\t\t\t\t\t\t\t\t\t\t\t\t\t\t\t\t\t\t\t\t\t\t\t\t\t\t\n\t\t\t\t\t<div class=\"sortDates\" style=\"display: inline-block\">\n\t\t\t\t<form action=\"https:\/\/sermons.seetal-chile.ch\/it\/wp-json\/wp\/v2\/wpfc_sermon\/3863\/\" method=\"get\">\n\t\t\t\t\t<select name=\"wpfc_dates\"\n\t\t\t\t\t\t\ttitle=\"Date\"\n\t\t\t\t\t\t\tid=\"wpfc_dates\"\n\t\t\t\t\t\t\tonchange=\"if(this.options[this.selectedIndex].value !== ''){return this.form.submit()}else{window.location = window.location.href.split('?')[0];}\"\n\t\t\t\t\t\t\tautocomplete=\"off\"\n\t\t\t\t\t\t>\n\t\t\t\t\t\t<option value=\"\">Date<\/option>\n\t\t\t\t\t\t<option value=\"04-2026\" >Apr 2026<\/option><option value=\"03-2026\" >Mar 2026<\/option><option value=\"02-2026\" >Feb 2026<\/option><option value=\"01-2026\" >Jan 2026<\/option><option value=\"12-2025\" >Dec 2025<\/option><option value=\"11-2025\" >Nov 2025<\/option><option value=\"10-2025\" >Oct 2025<\/option><option value=\"09-2025\" >Sep 2025<\/option><option value=\"08-2025\" >Aug 2025<\/option><option value=\"07-2025\" >Jul 2025<\/option><option value=\"06-2025\" >Jun 2025<\/option><option value=\"05-2025\" >May 2025<\/option><option value=\"04-2025\" >Apr 2025<\/option><option value=\"03-2025\" >Mar 2025<\/option><option value=\"02-2025\" >Feb 2025<\/option><option value=\"01-2025\" >Jan 2025<\/option><option value=\"12-2024\" >Dec 2024<\/option><option value=\"11-2024\" >Nov 2024<\/option><option value=\"10-2024\" >Oct 2024<\/option><option value=\"09-2024\" >Sep 2024<\/option><option value=\"08-2024\" >Aug 2024<\/option><option value=\"07-2024\" >Jul 2024<\/option><option value=\"06-2024\" >Jun 2024<\/option><option value=\"05-2024\" >May 2024<\/option><option value=\"04-2024\" >Apr 2024<\/option><option value=\"03-2024\" >Mar 2024<\/option><option value=\"02-2024\" >Feb 2024<\/option><option value=\"01-2024\" >Jan 2024<\/option><option value=\"12-2023\" >Dec 2023<\/option><option value=\"11-2023\" >Nov 2023<\/option><option value=\"10-2023\" >Oct 2023<\/option><option value=\"09-2023\" >Sep 2023<\/option><option value=\"08-2023\" >Aug 2023<\/option><option value=\"07-2023\" >Jul 2023<\/option><option value=\"06-2023\" >Jun 2023<\/option><option value=\"05-2023\" >May 2023<\/option><option value=\"04-2023\" >Apr 2023<\/option><option value=\"03-2023\" >Mar 2023<\/option><option value=\"02-2023\" >Feb 2023<\/option><option value=\"01-2023\" >Jan 2023<\/option><option value=\"12-2022\" >Dec 2022<\/option><option value=\"11-2022\" >Nov 2022<\/option><option value=\"10-2022\" >Oct 2022<\/option><option value=\"09-2022\" >Sep 2022<\/option><option value=\"08-2022\" >Aug 2022<\/option><option value=\"07-2022\" >Jul 2022<\/option><option value=\"06-2022\" >Jun 2022<\/option><option value=\"05-2022\" >May 2022<\/option><option value=\"04-2022\" >Apr 2022<\/option><option value=\"03-2022\" >Mar 2022<\/option><option value=\"02-2022\" >Feb 2022<\/option><option value=\"01-2022\" >Jan 2022<\/option><option value=\"12-2021\" >Dec 2021<\/option><option value=\"11-2021\" >Nov 2021<\/option><option value=\"10-2021\" >Oct 2021<\/option><option value=\"09-2021\" >Sep 2021<\/option><option value=\"08-2021\" >Aug 2021<\/option><option value=\"07-2021\" >Jul 2021<\/option><option value=\"06-2021\" >Jun 2021<\/option><option value=\"05-2021\" >May 2021<\/option><option value=\"04-2021\" >Apr 2021<\/option><option value=\"03-2021\" >Mar 2021<\/option><option value=\"02-2021\" >Feb 2021<\/option><option value=\"01-2021\" >Jan 2021<\/option><option value=\"12-2020\" >Dec 2020<\/option><option value=\"11-2020\" >Nov 2020<\/option><option value=\"10-2020\" >Oct 2020<\/option><option value=\"09-2020\" >Sep 2020<\/option><option value=\"08-2020\" >Aug 2020<\/option><option value=\"07-2020\" >Jul 2020<\/option><option value=\"06-2020\" >Jun 2020<\/option><option value=\"05-2020\" >May 2020<\/option><option value=\"04-2020\" >Apr 2020<\/option><option value=\"03-2020\" >Mar 2020<\/option><option value=\"02-2020\" >Feb 2020<\/option><option value=\"01-2020\" >Jan 2020<\/option><option value=\"12-2019\" >Dec 2019<\/option><option value=\"11-2019\" >Nov 2019<\/option><option value=\"10-2019\" >Oct 2019<\/option><option value=\"09-2019\" >Sep 2019<\/option><option value=\"08-2019\" >Aug 2019<\/option><option value=\"07-2019\" >Jul 2019<\/option><option value=\"06-2019\" >Jun 2019<\/option><option value=\"05-2019\" >May 2019<\/option><option value=\"04-2019\" >Apr 2019<\/option><option value=\"03-2019\" >Mar 2019<\/option><option value=\"02-2019\" >Feb 2019<\/option><option value=\"01-2019\" >Jan 2019<\/option><option value=\"12-2018\" >Dec 2018<\/option><option value=\"11-2018\" >Nov 2018<\/option><option value=\"10-2018\" >Oct 2018<\/option><option value=\"09-2018\" >Sep 2018<\/option><option value=\"08-2018\" >Aug 2018<\/option><option value=\"07-2018\" >Jul 2018<\/option><option value=\"06-2018\" >Jun 2018<\/option><option value=\"05-2018\" >May 2018<\/option><option value=\"04-2018\" >Apr 2018<\/option><option value=\"03-2018\" >Mar 2018<\/option><option value=\"02-2018\" >Feb 2018<\/option><option value=\"01-2018\" >Jan 2018<\/option><option value=\"12-2017\" >Dec 2017<\/option><option value=\"11-2017\" >Nov 2017<\/option><option value=\"10-2017\" >Oct 2017<\/option><option value=\"09-2017\" >Sep 2017<\/option><option value=\"08-2017\" >Aug 2017<\/option><option value=\"07-2017\" >Jul 2017<\/option><option value=\"06-2017\" >Jun 2017<\/option><option value=\"05-2017\" >May 2017<\/option><option value=\"04-2017\" >Apr 2017<\/option><option value=\"03-2017\" >Mar 2017<\/option><option value=\"02-2017\" >Feb 2017<\/option><option value=\"01-2017\" >Jan 2017<\/option><option value=\"12-2016\" >Dec 2016<\/option><option value=\"11-2016\" >Nov 2016<\/option><option value=\"10-2016\" >Oct 2016<\/option><option value=\"09-2016\" >Sep 2016<\/option><option value=\"08-2016\" >Aug 2016<\/option><option value=\"07-2016\" >Jul 2016<\/option><option value=\"06-2016\" >Jun 2016<\/option><option value=\"05-2016\" >May 2016<\/option><option value=\"04-2016\" >Apr 2016<\/option><option value=\"03-2016\" >Mar 2016<\/option><option value=\"02-2016\" >Feb 2016<\/option><option value=\"01-2016\" >Jan 2016<\/option><option value=\"12-2015\" >Dec 2015<\/option><option value=\"11-2015\" >Nov 2015<\/option><option value=\"10-2015\" >Oct 2015<\/option><option value=\"09-2015\" >Sep 2015<\/option><option value=\"08-2015\" >Aug 2015<\/option><option value=\"07-2015\" >Jul 2015<\/option>\t\t\t\t\t<\/select>\n\t\t\t\t\t\t\t\t\t\t\t\t\t\t\t\t\t\t\t\t\t\t\t\t\t<noscript>\n\t\t\t\t\t\t<div><input type=\"submit\" value=\"Submit\"\/><\/div>\n\t\t\t\t\t<\/noscript>\n\t\t\t\t<\/form>\n\t\t\t<\/div>\n\t\t\t<\/div>\n\t\t\t\t<\/div>\n\t\t\t\t","sermons_blog_image_url":"https:\/\/sermons.seetal-chile.ch\/wp-content\/uploads\/sermons\/2023\/01\/Thumbnail_2022-02-13.jpg","sermons_blog_video":"<video controls preload=\"metadata\" class=\"wpfc-sermon-video-player \" data-plyr_seek='0'><source src=\"https:\/\/youtu.be\/drgiAXPH8k8\"><\/video>","sermons_blog_series":"<a href=\"https:\/\/sermons.seetal-chile.ch\/it\/series\/creatio\/\" rel=\"tag\">CREATIO<\/a>","sermons_blog_meta_sermon_description":"Wir wagen uns auf die Suche nach dem Fingerprint Gottes an uns! Meine Frau hat auf Weihnachten einen wundersch\u00f6nen Wandkalender erhalten mit dem Titel \u00abDie sch\u00f6nsten G\u00e4rten\u00bb. Ich bin \u00fcberzeugt,&hellip;","sermons_blog_show_readmore":true,"sermons_blog_audio":"<audio controls preload=\"metadata\" class=\"wpfc-sermon-player \" ><source src=\"https:\/\/resources.seetal-chile.ch\/files\/predigten\/mp3\/predigt_220213.mp3\" type=\"audio\/mp3\"><\/audio>","sermons_blog_preacher_image":"<a href=\"https:\/\/sermons.seetal-chile.ch\/it\/preacher\/bernhard-hohl\/\"><img width=\"150\" height=\"150\" src=\"https:\/\/sermons.seetal-chile.ch\/wp-content\/uploads\/2018\/11\/Redner_Bernhard-Hohl-150x150.jpg\" class=\"attachment-thumbnail size-thumbnail\" alt=\"\" decoding=\"async\" loading=\"lazy\" srcset=\"https:\/\/sermons.seetal-chile.ch\/wp-content\/uploads\/2018\/11\/Redner_Bernhard-Hohl-150x150.jpg 150w, https:\/\/sermons.seetal-chile.ch\/wp-content\/uploads\/2018\/11\/Redner_Bernhard-Hohl-300x300.jpg 300w, https:\/\/sermons.seetal-chile.ch\/wp-content\/uploads\/2018\/11\/Redner_Bernhard-Hohl-768x768.jpg 768w, https:\/\/sermons.seetal-chile.ch\/wp-content\/uploads\/2018\/11\/Redner_Bernhard-Hohl-1024x1024.jpg 1024w, https:\/\/sermons.seetal-chile.ch\/wp-content\/uploads\/2018\/11\/Redner_Bernhard-Hohl-75x75.jpg 75w, https:\/\/sermons.seetal-chile.ch\/wp-content\/uploads\/2018\/11\/Redner_Bernhard-Hohl.jpg 1920w\" sizes=\"auto, (max-width: 150px) 100vw, 150px\" \/><\/a>","sermons_blog_preacher":"<a href=\"https:\/\/sermons.seetal-chile.ch\/it\/preacher\/bernhard-hohl\/\" rel=\"tag\">Bernhard Hohl<\/a>","sermons_blog_bible_passage":"1. Mose 1,27","sermons_blog_service_type":"<a href=\"https:\/\/sermons.seetal-chile.ch\/it\/service-type\/gottesdienst\/\" rel=\"tag\">Gottesdienst<\/a>","sermon_audio":"https:\/\/resources.seetal-chile.ch\/files\/predigten\/mp3\/predigt_220213.mp3","sermon_audio_duration":"","_views":"8334","bible_passage":"1. Mose 1,27","sermon_video_embed":"","sermon_video_url":"https:\/\/youtu.be\/drgiAXPH8k8","sermon_bulletin":"","_featured_url":"https:\/\/sermons.seetal-chile.ch\/wp-content\/uploads\/sermons\/2023\/01\/Thumbnail_2022-02-13.jpg","sermon_date":1644745533,"_sermon_date_auto":false,"_links":{"self":[{"href":"https:\/\/sermons.seetal-chile.ch\/it\/wp-json\/wp\/v2\/wpfc_sermon\/3863","targetHints":{"allow":["GET"]}}],"collection":[{"href":"https:\/\/sermons.seetal-chile.ch\/it\/wp-json\/wp\/v2\/wpfc_sermon"}],"about":[{"href":"https:\/\/sermons.seetal-chile.ch\/it\/wp-json\/wp\/v2\/types\/wpfc_sermon"}],"author":[{"embeddable":true,"href":"https:\/\/sermons.seetal-chile.ch\/it\/wp-json\/wp\/v2\/users\/24"}],"replies":[{"embeddable":true,"href":"https:\/\/sermons.seetal-chile.ch\/it\/wp-json\/wp\/v2\/comments?post=3863"}],"version-history":[{"count":3,"href":"https:\/\/sermons.seetal-chile.ch\/it\/wp-json\/wp\/v2\/wpfc_sermon\/3863\/revisions"}],"predecessor-version":[{"id":3866,"href":"https:\/\/sermons.seetal-chile.ch\/it\/wp-json\/wp\/v2\/wpfc_sermon\/3863\/revisions\/3866"}],"wp:featuredmedia":[{"embeddable":true,"href":"https:\/\/sermons.seetal-chile.ch\/it\/wp-json\/wp\/v2\/media\/7030"}],"wp:attachment":[{"href":"https:\/\/sermons.seetal-chile.ch\/it\/wp-json\/wp\/v2\/media?parent=3863"}],"wp:term":[{"taxonomy":"wpfc_preacher","embeddable":true,"href":"https:\/\/sermons.seetal-chile.ch\/it\/wp-json\/wp\/v2\/wpfc_preacher?post=3863"},{"taxonomy":"wpfc_sermon_series","embeddable":true,"href":"https:\/\/sermons.seetal-chile.ch\/it\/wp-json\/wp\/v2\/wpfc_sermon_series?post=3863"},{"taxonomy":"wpfc_sermon_topics","embeddable":true,"href":"https:\/\/sermons.seetal-chile.ch\/it\/wp-json\/wp\/v2\/wpfc_sermon_topics?post=3863"},{"taxonomy":"wpfc_bible_book","embeddable":true,"href":"https:\/\/sermons.seetal-chile.ch\/it\/wp-json\/wp\/v2\/wpfc_bible_book?post=3863"},{"taxonomy":"wpfc_service_type","embeddable":true,"href":"https:\/\/sermons.seetal-chile.ch\/it\/wp-json\/wp\/v2\/wpfc_service_type?post=3863"}],"curies":[{"name":"wp","href":"https:\/\/api.w.org\/{rel}","templated":true}]}}