{"id":3780,"date":"2021-12-05T09:45:37","date_gmt":"2021-12-05T08:45:37","guid":{"rendered":"https:\/\/sermons.seetal-chile.ch\/?post_type=wpfc_sermon&#038;p=3780"},"modified":"2021-12-05T14:55:46","modified_gmt":"2021-12-05T13:55:46","slug":"friede-ein-adventliches-wort","status":"publish","type":"wpfc_sermon","link":"https:\/\/sermons.seetal-chile.ch\/it\/sermons\/friede-ein-adventliches-wort\/","title":{"rendered":"Pace \u2013 una paro\u00adla dell\u2019Avvento"},"content":{"rendered":"<p>Il con\u00adcet\u00adto di pace carat\u00adte\u00adriz\u00adza for\u00adte\u00admen\u00adte il peri\u00adodo del\u00adl\u2019Av\u00adven\u00adto e del Nata\u00adle. Ma cosa inten\u00addia\u00admo per pace? Una gui\u00adda a Ges\u00f9 Cris\u00adto, por\u00adtato\u00adre di pace, per un ini\u00adzio sere\u00adno del nuo\u00advo&nbsp;anno.<\/p>\n<p>&nbsp;<br>\nDed\u00adico ques\u00adto ser\u00admo\u00adne per il 2\u00b0 Avven\u00adto a un con\u00adcet\u00adto ver\u00ada\u00admen\u00adte nata\u00adli\u00adzio! Non si chi\u00adama rega\u00adlo, n\u00e9 can\u00adde\u00adla o fon\u00addue chi\u00adnoi\u00adse, ma sem\u00adpli\u00adce\u00admen\u00adte pace! Era una not\u00adte in cui un ange\u00adlo annun\u00adci\u00f2 ai pas\u00adto\u00adri del cam\u00adpo la nas\u00adci\u00adta del Sal\u00adva\u00adto\u00adre. Improv\u00advi\u00adsa\u00admen\u00adte la not\u00adte diven\u00adne lumi\u00adno\u00adsa come il gior\u00adno ed essi furo\u00adno cir\u00adcon\u00adda\u00adti dal\u00adle schie\u00adre celes\u00adti che loda\u00adva\u00adno Dio e dicevano:<br>\n\u00abGlo\u00adria a Dio nel pi\u00f9 alto dei cie\u00adli e pace in ter\u00adra a tut\u00adti gli uomi\u00adni nei qua\u00adli Dio si com\u00adpia\u00adce\u00bb (Luca 2:14 <span class=\"caps\">NLB<\/span>). Che mess\u00adag\u00adgio: Dio si com\u00adpia\u00adce anco\u00adra del suo popo\u00adlo. Non si \u00e8 anco\u00adra arre\u00adso con loro!  La pace di Dio, la sal\u00advez\u00adza, \u00e8 venu\u00adta sul\u00adla ter\u00adra per noi uomini!<br>\nIl pro\u00adfe\u00adta Isa\u00adia par\u00adl\u00f2 di ques\u00adto por\u00adtato\u00adre di pace per con\u00adto di Dio pi\u00f9 di 700 anni pri\u00adma del\u00adl\u2019e\u00adven\u00adto: \u00abPer\u00adch\u00e9 il popo\u00adlo che vive nel\u00adle ten\u00adeb\u00adre vede una luce sple\u00adnden\u00adte. E sul popo\u00adlo, in una ter\u00adra oscu\u00adra\u00adta dal\u00adla mor\u00adte, bril\u00adla una luce inten\u00adsa. Per\u00adch\u00e9 a noi \u00e8 nato un bam\u00adbi\u00adno, a noi \u00e8 sta\u00adto dato un figlio. Sul\u00adle sue spal\u00adle pog\u00adgia il domi\u00adnio. Egli \u00e8 chi\u00adama\u00adto: Con\u00adsi\u00adglie\u00adre mera\u00advigli\u00adoso, Dio for\u00adte, Pad\u00adre eter\u00adno, Prin\u00adci\u00adpe del\u00adla pace. Il suo domi\u00adnio \u00e8 gran\u00adde e la pace nel suo reg\u00adno sar\u00e0 infi\u00adni\u00adta\u00bb (Isa\u00adia 9:1, 5\u20136a&nbsp;<span class=\"caps\">NLB<\/span>).<br>\nErano tem\u00adpi bui all\u00ado\u00adra, quan\u00addo Isa\u00adia era anco\u00adra un pro\u00adfe\u00adta. I due reg\u00adni di Giu\u00adda e Israe\u00adle si sta\u00adva\u00adno spac\u00adcan\u00addo. Il popo\u00adlo fu por\u00adtato in esi\u00adlio. Al tem\u00adpo del\u00adla nas\u00adci\u00adta di Ges\u00f9, era altrett\u00adan\u00adto buio in ques\u00adto mon\u00addo. Ges\u00f9 non \u00e8 nato in una ter\u00adra di lat\u00adte e mie\u00adle, al con\u00adtra\u00adrio. Caos tota\u00adle tra i gover\u00adnan\u00adti, re ego\u00adis\u00adti, gover\u00adnan\u00adti bru\u00adta\u00adli con mol\u00adto san\u00adgue sul\u00adle mani. E non \u00e8 for\u00adse altrett\u00adan\u00adto oscu\u00adro il mon\u00addo di oggi? Dove c\u2019\u00e8 anco\u00adra un pae\u00adse in ques\u00adto mon\u00addo che non sia oscu\u00adra\u00adto dal\u00adla mor\u00adte, dai mor\u00adti di Coro\u00adna (in tut\u00adto il mon\u00addo ci sono ben olt\u00adre 5 mili\u00ado\u00adni di mor\u00adti regis\u00adtra\u00adti di Covid); dai rifu\u00adgia\u00adti che anne\u00adga\u00adno nel volo attra\u00adver\u00adso il mare fino ai mol\u00adti mor\u00adti di guerra?<br>\n\u00abPer\u00adch\u00e9 il popo\u00adlo che vive nel\u00adle ten\u00adeb\u00adre vede una luce sple\u00adnden\u00adte\u2026\u00bb. Pos\u00adsia\u00admo cono\u00adsce\u00adre il por\u00adtato\u00adre di pace, Ges\u00f9, la luce del mon\u00addo! La pace da Dio com\u00adpor\u00adta inn\u00adan\u00adzi\u00adtutto la ricon\u00adci\u00adlia\u00adzio\u00adne con Dio. Ges\u00f9 Cris\u00adto ha aper\u00adto la por\u00adta di ritor\u00adno a Dio per noi esse\u00adri uma\u00adni attra\u00adver\u00adso la sua mor\u00adte sul\u00adla cro\u00adce. Gra\u00adzie alla sua gra\u00adzia e alla sua miser\u00adi\u00adcor\u00addia, la nos\u00adt\u00adra vita pu\u00f2 esse\u00adre risa\u00adnata! Ques\u00adto \u00e8 un dono mol\u00adto spe\u00adcia\u00adle che Dio off\u00adre a noi uomi\u00adni anco\u00adra oggi! Sen\u00adza ques\u00adta pace di Dio, l\u2019uo\u00admo \u00e8 sen\u00adza pace. A ques\u00adto pro\u00adpo\u00adsi\u00adto, il pro\u00adfe\u00adta Isa\u00adia non usa mez\u00adzi ter\u00admi\u00adni: \u00abMa gli empi, dice il Signo\u00adre, non han\u00adno pace\u00bb (Isa\u00adia 48:22&nbsp;<span class=\"caps\">LUT<\/span>).<br>\nIn ambi\u00adto lai\u00adco, la paro\u00adla pace vie\u00adne uti\u00adliz\u00adza\u00adta qua\u00adsi esclu\u00adsi\u00adv\u00ada\u00admen\u00adte per la riso\u00adlu\u00adzi\u00ado\u00adne di una con\u00adtro\u00adver\u00adsia. Si appen\u00adde l\u2019a\u00adscia di guer\u00adra al chio\u00addo per un peri\u00adodo pi\u00f9 o meno lungo. Ci sono un sac\u00adco di paro\u00adle com\u00adpos\u00adte con pace! Accordo di pace, impeg\u00adno per la pace, movi\u00admen\u00adto per la pace, pre\u00admio Nobel per la pace, vio\u00adla\u00adzio\u00adne del\u00adla pace, ricer\u00adca del\u00adla pace, dis\u00adcor\u00adso di pace, con\u00adfe\u00adren\u00adza di pace, pia\u00adno di pace, giudi\u00adce di pace, cos\u00adtrut\u00adto\u00adre di pace, colom\u00adba di pace, trup\u00adpa di pace, nego\u00adzia\u00adti di pace, fino alla pipa del\u00adla pace che vie\u00adne fuma\u00adta! Pur\u00adtrop\u00adpo, tut\u00adti ques\u00adti sfor\u00adzi spes\u00adso non sono coro\u00adna\u00adti da successo.<br>\neir\u00e8\u00adne, il ter\u00admi\u00adne gre\u00adco per indi\u00adca\u00adre la pace nel Nuo\u00advo Tes\u00adta\u00admen\u00adto, \u00e8 for\u00adte\u00admen\u00adte mutua\u00adto dal ter\u00admi\u00adne ebraico shalom del\u00adl\u2019An\u00adti\u00adco Tes\u00adta\u00admen\u00adto. shalom ha un signi\u00adfi\u00adca\u00adto mate\u00adria\u00adle pi\u00f9 for\u00adte, ment\u00adre la pace nel Nuo\u00advo Tes\u00adta\u00admen\u00adto \u00e8 for\u00adte\u00admen\u00adte spi\u00adri\u00adtua\u00adle e ori\u00aden\u00adta\u00adta a ci\u00f2 che Ges\u00f9 Cris\u00adto ha fat\u00adto e con\u00adti\u00adnua a fare per noi uomi\u00adni. La pace di Dio ha un signi\u00adfi\u00adca\u00adto pro\u00adfon\u00adda\u00admen\u00adte esis\u00adten\u00adzia\u00adle. \u00c8 un dono spe\u00adcia\u00adle di Dio e un frut\u00adto del\u00adlo Spi\u00adri\u00adto San\u00adto che abita nei cre\u00adden\u00adti. D\u00e0 sere\u00adni\u00adt\u00e0, sicu\u00adrez\u00adza e pro\u00adte\u00adzio\u00adne. Pace signi\u00adfi\u00adca ci\u00f2 che ci por\u00adta avan\u00adti nei momen\u00adti di oscu\u00adri\u00adt\u00e0, quan\u00addo il cammi\u00adno con\u00addu\u00adce attra\u00adver\u00adso una val\u00adle buia o addi\u00adrit\u00adtu\u00adra: Quan\u00addo improv\u00advi\u00adsa\u00admen\u00adte l\u2019om\u00adbra del\u00adla mor\u00adte cade su di noi. La pace di Dio \u00e8 come un man\u00adtel\u00adlo pro\u00adtet\u00adtivo di un alt\u00adro mon\u00addo. Un soste\u00adg\u00adno sopr\u00adan\u00adna\u00adtu\u00adra\u00adle quan\u00addo le onde si alza\u00adno alte. Pos\u00adso esse\u00adre tran\u00adquil\u00adlo per\u00adch\u00e9 Dio \u00e8 vici\u00adno a&nbsp;me.<br>\nNei nos\u00adtri ser\u00advi\u00adzi preg\u00adhi\u00adamo semp\u00adre per i nos\u00adtri fratel\u00adli e sor\u00adel\u00adle per\u00adse\u00adgui\u00adta\u00adti. Quan\u00addo leg\u00adgi\u00ada\u00admo i reso\u00adcon\u00adti di ci\u00f2 che devo\u00adno pas\u00adsa\u00adre e soffri\u00adre, \u00e8 qua\u00adsi ins\u00adop\u00adpor\u00adta\u00adbi\u00adle. Con\u00addi\u00adzio\u00adni ter\u00adri\u00adbi\u00adli nel\u00adle car\u00adce\u00adri. Lavo\u00adri forza\u00adti fino al pun\u00adto di non ritor\u00adno\u2026 fame, fred\u00addo, tor\u00adtu\u00adre. Come fan\u00adno i nos\u00adtri fratel\u00adli e sor\u00adel\u00adle di fede a rima\u00adne\u00adre aggrap\u00adp\u00ada\u00adti a Dio in ques\u00adte cir\u00adcos\u00adtan\u00adze, a non but\u00adta\u00adre a mare la loro fede? Ho una sola spie\u00adga\u00adzio\u00adne: per\u00adch\u00e9 spe\u00adri\u00admen\u00adta\u00adno la pace che Dio dona loro, come scri\u00adve Pao\u00adlo in Filip\u00adpe\u00adsi: \u00abSpe\u00adri\u00admen\u00adter\u00adete la pace di Dio, che \u00e8 pi\u00f9 gran\u00adde di quan\u00adto la nos\u00adt\u00adra men\u00adte uma\u00adna pos\u00adsa mai com\u00adpren\u00adde\u00adre\u00bb. La sua pace cus\u00adto\u00addir\u00e0 i vos\u00adtri cuo\u00adri e le vost\u00adre men\u00adti nella fede in Ges\u00f9 Cris\u00adto\u00bb (Filip\u00adpe\u00adsi 4:7 <span class=\"caps\">NLB<\/span>). La pace di Dio \u00e8 cos\u00ec gran\u00adde che supera la nos\u00adt\u00adra com\u00adpren\u00adsio\u00adne&nbsp;umana.<br>\nMi chie\u00addo cosa pen\u00adsi il buon Dio quan\u00addo guar\u00adda dal\u00adl\u2019al\u00adto noi esse\u00adri uma\u00adni in ques\u00adto momen\u00adto. Omi\u00adkron \u2013 anco\u00adra una vol\u00adta si sta dif\u00adfon\u00adden\u00addo una nuo\u00adva vari\u00adan\u00adte del virus! Che tipo di misu\u00adre saran\u00adno pre\u00adscrit\u00adte? Anche lei \u00e8 con\u00adten\u00adto di non esse\u00adre un con\u00adsi\u00adglie\u00adre fede\u00adra\u00adle?! In ques\u00adto momen\u00adto \u00e8 di nuo\u00advo mol\u00adto importan\u00adte pre\u00adga\u00adre mol\u00adto e parl\u00ada\u00adre con Dio (Aben\u00adt\u00fc\u00fcr Geb\u00e4t di mar\u00adte\u00add\u00ec). Cosa pen\u00adsi, caro Dio, di tut\u00adte le cose che non van\u00adno bene in ques\u00adto mon\u00addo? Che cosa ha in men\u00adte per&nbsp;noi?<br>\nNon so se il pro\u00adfe\u00adta Gere\u00admia abbia fat\u00adto una doman\u00adda simi\u00adle. In ogni caso, una vol\u00adta rice\u00advet\u00adte una ris\u00adpos\u00adta stra\u00ador\u00addi\u00adna\u00adria da Dio. \u00abPer\u00adch\u00e9 io cono\u00adsco i pen\u00adsie\u00adri che ho ver\u00adso di voi, dice il Signo\u00adre; pen\u00adsie\u00adri di pace e non di dolo\u00adre, per dar\u00advi un futu\u00adro e una spe\u00adran\u00adza\u00bb (Gere\u00admia 29:11 <span class=\"caps\">LUT<\/span>). La ris\u00adpos\u00adta di Dio \u00e8 sta\u00adta un soste\u00adg\u00adno all\u00ado\u00adra ed \u00e8 anco\u00adra un rag\u00adgio di spe\u00adran\u00adza per le nost\u00adre ten\u00adeb\u00adre oggi! Dio ci lascia guar\u00adda\u00adre nel suo cuo\u00adre e ci rivela i suoi pen\u00adsie\u00adri. Non abbia\u00admo for\u00adse il pri\u00advi\u00adle\u00adgio di vive\u00adre con tali pro\u00admes\u00adse? Per quan\u00adto buio ci sia anco\u00adra in ques\u00adto mon\u00addo, abbia\u00admo una spe\u00adran\u00adza bril\u00adlan\u00adte! Abbia\u00admo un futuro!<br>\n\u00c8 suc\u00adces\u00adso lun\u00aded\u00ec 15 novembre. Di ritor\u00adno da un trat\u00adta\u00admen\u00adto nel\u00adl\u2019os\u00adpe\u00adda\u00adle can\u00adto\u00adna\u00adle di Aar\u00adau, ho det\u00adto a Ros\u00adma\u00adrie: \u00abTu, mi sen\u00adto male! Ave\u00advo gli arti dolo\u00adran\u00adti, la tem\u00adpe\u00adra\u00adtura ele\u00advata ed ero stanco come un cane! Il mio pri\u00admo pen\u00adsie\u00adro \u00e8 sta\u00adto subi\u00adto: Covid! Test rapi\u00addo a casa: nega\u00adtivo! Dopo tut\u00adto, sia\u00admo vac\u00adci\u00adna\u00adti. I docu\u00admen\u00adti del test dice\u00adva\u00adno che se il risult\u00ada\u00adto era nega\u00adtivo e i sin\u00adto\u00admi erano anco\u00adra pre\u00adsen\u00adti, dove\u00adva\u00admo anda\u00adre dal med\u00adico di fami\u00adglia e fare un test <span class=\"caps\">PCR<\/span>. Non appe\u00adna det\u00adto che fat\u00adto. Mar\u00adte\u00add\u00ec sera ho rice\u00advu\u00adto il risult\u00ada\u00adto dal med\u00adico di fami\u00adglia: posi\u00adtivo! Non ci cre\u00addo! Ques\u00adto signi\u00adfi\u00adca\u00adva 10 gior\u00adni di arres\u00adti domic\u00adi\u00adlia\u00adri! Vivia\u00admo in un bel\u00adl\u2019\u00adappart\u00ada\u00admen\u00adto, ma se non ti \u00e8 per\u00admes\u00adso di lasciar\u00adlo per 10 gior\u00adni, per\u00adde un cer\u00adto fasci\u00adno! Dal 24 novembre alle 23.59 sono di nuo\u00advo un uomo libe\u00adro! L\u2019ar\u00adgo\u00admen\u00adto del ser\u00admo\u00adne era gi\u00e0 fis\u00adsa\u00adto in quel momen\u00adto. Ho avu\u00adto l\u2019im\u00adpres\u00adsio\u00adne che Dio mi mett\u00ades\u00adse subi\u00adto alla pro\u00adva per vede\u00adre se avreb\u00adbe fun\u00adzio\u00adna\u00adto con la sua pace! Chi non vive momen\u00adti simi\u00adli: Ros\u00adma\u00adrie \u00e8 rimas\u00adta semp\u00adre in salu\u00adte, ma poi l\u2019o\u00adcu\u00adlis\u00adta le ha det\u00adto che i suoi occhi ave\u00adva\u00adno biso\u00adg\u00adno di un inter\u00adven\u00adto di cataratta.<br>\nImprov\u00advi\u00adsa\u00admen\u00adte si per\u00adde una per\u00adso\u00adna cara; o si \u00e8 sdraiati in un let\u00adto d\u2019os\u00adpe\u00adda\u00adle fuo\u00adri dal\u00adla sala ope\u00adra\u00adto\u00adria. Si inca\u00adsi\u00adna un esa\u00adme. Ave\u00adte una caren\u00adza finan\u00adzia\u00adria. Un licen\u00adzia\u00admen\u00adto inas\u00adpett\u00ada\u00adto. Tut\u00adti noi sia\u00admo con\u00adfron\u00adta\u00adti con tem\u00adpi tur\u00adbo\u00adlen\u00adti di tan\u00adto in&nbsp;tanto.<br>\nMa il por\u00adtato\u00adre di pace \u00e8 qui! La pace di Dio riem\u00adpie i suoi fig\u00adli e crea sere\u00adni\u00adt\u00e0 e fidu\u00adcia nei nos\u00adtri cuo\u00adri! Chi all\u00ado\u00adra deve irra\u00addia\u00adre sere\u00adni\u00adt\u00e0 e fidu\u00adcia se non&nbsp;noi?<br>\nRecen\u00adte\u00admen\u00adte qual\u00adcu\u00adno del grup\u00adpo del\u00adla casa ci ha rac\u00adcon\u00adta\u00adto la seguen\u00adte stra\u00ador\u00addi\u00adna\u00adria tes\u00adti\u00admo\u00adni\u00adanza. Un diri\u00adgen\u00adte d\u2019a\u00adzi\u00aden\u00adda ha nota\u00adto che un cli\u00adente, ogni vol\u00adta che \u00e8 pre\u00adsen\u00adte, ema\u00adna con\u00adten\u00adtez\u00adza e tran\u00adquil\u00adli\u00adt\u00e0. Un gior\u00adno il responsa\u00adbi\u00adle del\u00adl\u2019a\u00adzi\u00aden\u00adda gli si avvici\u00adna: \u00abSono semp\u00adre cos\u00ec equi\u00adli\u00adbra\u00adti e sod\u00addis\u00adfat\u00adti quan\u00addo ci incon\u00adtra\u00adno e irra\u00addia\u00adno gioia e vigo\u00adre! Da dove vie\u00adne ques\u00adto att\u00adeg\u00adgi\u00ada\u00admen\u00adto posi\u00adtivo? Come si fa?\u00bb La ris\u00adpos\u00adta del cli\u00adente \u00e8 sta\u00adta: \u00abRingra\u00adzio Dio ogni mat\u00adti\u00adna per il nuo\u00advo gior\u00adno; lo ringra\u00adzio per esser\u00adsi alz\u00ada\u00adto in salu\u00adte e per aver\u00admi accom\u00adpa\u00adgna\u00adto in ques\u00adta gior\u00adna\u00adta\u00bb. Il capo del\u00adl\u2019a\u00adzi\u00aden\u00adda lo guar\u00adda con aria di suf\u00adfi\u00adci\u00aden\u00adza e poi dice: \u00abOra lo pro\u00adver\u00f2 e far\u00f2 come&nbsp;te!\u00bb.<br>\nNon \u00e8 quello che tut\u00adti voglia\u00admo: esse\u00adre esem\u00adpi impres\u00adsio\u00adn\u00adan\u00adti che fan\u00adno veni\u00adre voglia di imit\u00adar\u00adci! Noi sia\u00admo ques\u00adti esem\u00adpi per\u00adch\u00e9 Ges\u00f9 vive in noi e sia\u00admo stru\u00admen\u00adti nella mano del nos\u00adtro Maes\u00adtro Ges\u00f9 Cristo!<br>\nOra che Fran\u00adces\u00adco d\u2019As\u00adsi\u00adsi ci ha tra\u00adpan\u00ada\u00adto la sua preg\u00adhie\u00adra per un anno, Dio ha una cas\u00adset\u00adta degli att\u00adrez\u00adzi del\u00adla pace nel see\u00adtal chi\u00adle che \u00e8 qual\u00adco\u00adsa da vede\u00adre! Tu fai vive\u00adre l\u2019a\u00admo\u00adre di Dio ovun\u00adque e ogni vol\u00adta che si dif\u00adfon\u00adde il dis\u00adpet\u00adto. Tu per\u00addo\u00adni gene\u00adro\u00adsa\u00admen\u00adte tut\u00adti colo\u00adro che ti offen\u00addo\u00adno, sen\u00adza met\u00adter\u00adli in ginoc\u00adchio per pri\u00admi! Con tut\u00adte le tue for\u00adze evi\u00adti di esse\u00adre coin\u00advol\u00adto in una lite, ma cer\u00adchi di unir\u00adti! Quan\u00addo qual\u00adcu\u00adno sta lott\u00adan\u00addo con i dub\u00adbi, tu com\u00adbat\u00adti con loro per una fede for\u00adte. Non cer\u00adca\u00adte fre\u00adne\u00adti\u00adca\u00admen\u00adte chi o cosa potreb\u00adbe con\u00adfort\u00adar\u00advi, ma chie\u00adde\u00adte\u00advi piut\u00adtosto chi potreb\u00adbe apprez\u00adza\u00adre il vos\u00adtro con\u00adfor\u00adto in ques\u00adto momento!<br>\nVi sie\u00adte sen\u00adti\u00adti a vol\u00adte stret\u00adti in ques\u00adta preg\u00adhie\u00adra? \u00abNon ce la fac\u00adcio, non ce la fac\u00adcio pro\u00adprio, sono sopra\u00adffat\u00adto!\u00bb. Mera\u00advigli\u00adoso, \u00e8 buo\u00adno! Non dob\u00adbia\u00admo dimen\u00adti\u00adca\u00adre la pri\u00adma frase del\u00adla preg\u00adhie\u00adra: Ren\u00addi\u00admi stru\u00admen\u00adto del\u00adla tua pace! Uno stru\u00admen\u00adto non \u00e8 mai indi\u00adpen\u00adden\u00adte, o un cac\u00adcia\u00advi\u00adte \u00e8 gi\u00e0 diven\u00adta\u00adto attivo in casa vos\u00adtra in modo com\u00adple\u00adta\u00admen\u00adte auto\u00adno\u00admo? Il Dio del\u00adla pace vi pren\u00adde in mano e fa di voi il suo stru\u00admen\u00adto! Quan\u00addo Ges\u00f9 par\u00adl\u00f2 ai suoi dis\u00adce\u00adpo\u00adli del suo ritor\u00adno al Pad\u00adre, li con\u00adfor\u00adt\u00f2 con le paro\u00adle: \u00abVi lascio un dono: la mia pace. E la pace che io do non \u00e8 come quella che d\u00e0 il mon\u00addo. Per\u00adci\u00f2 non preoc\u00adcu\u00adp\u00ada\u00adtevi e non abbia\u00adte pau\u00adra\u00bb (Gio\u00advan\u00adni 14:27&nbsp;<span class=\"caps\">NLB<\/span>).<br>\nQues\u00adto dono di Ges\u00f9 che abita in noi, se sia\u00admo fig\u00adli di Dio, \u00e8 il pi\u00f9 gran\u00adde e miglio\u00adre rega\u00adlo di Nata\u00adle che pos\u00adsia\u00admo imma\u00adgi\u00adna\u00adre, anche in vis\u00adta di un anno total\u00admen\u00adte sco\u00adno\u00adsci\u00aduto davan\u00adti a&nbsp;noi.<br>\nAmen<br>\n&nbsp;<br>\n&nbsp;<br>\n&nbsp;<br>\n&nbsp;<br>\nPos\u00adsi\u00adbi\u00adli doman\u00adde per i pic\u00adco\u00adli gruppi<br>\nLeg\u00adgi insie\u00adme il ser\u00admo\u00adne di Ges\u00f9 a Nazareth<br>\nLuca 4:16\u201330<\/p>\n<p>\tCer\u00adca\u00adre di descri\u00adve\u00adre la pace di Dio nel migli\u00ador modo possibile?<br>\n\tGio\u00advan\u00adni 14:27 men\u00adzio\u00adna la pace che il mon\u00addo d\u00e0? Descri\u00advilo anche tu. Leg\u00adge\u00adte anche Gere\u00admia 12:1.<br>\n\tCome hai spe\u00adri\u00admen\u00adta\u00adto la pace di Dio in situa\u00adzio\u00adni dif\u00adfi\u00adci\u00adli o oscu\u00adre? Dite\u00advi l\u2019un l\u2019altro.<br>\n\tGes\u00f9 \u00e8 il por\u00adtato\u00adre di pace. Matteo 10:34 \u00e8 una con\u00adtrad\u00addi\u00adzio\u00adne? Cer\u00adca una spiegazione.<br>\n\tQual\u00adcu\u00adno di voi ha spe\u00adri\u00admen\u00adta\u00adto ques\u00adt\u2019an\u00adno come Ges\u00f9 ha fat\u00adto di voi uno stru\u00admen\u00adto del\u00adla sua&nbsp;pace.<br>\n\tCome fa la pace di Dio a rima\u00adne\u00adre atti\u00adva in te e a non ammuffire?<br>\n\tCosa ti man\u00adcher\u00adeb\u00adbe se la pace di Dio ti fos\u00adse sconosciuta?<\/p>","protected":false},"excerpt":{"rendered":"<p>Il con\u00adcet\u00adto di pace carat\u00adte\u00adriz\u00adza for\u00adte\u00admen\u00adte il peri\u00adodo del\u00adl\u2019Av\u00adven\u00adto e del Nata\u00adle. Ma cosa inten\u00addia\u00admo per pace? Una gui\u00adda a Ges\u00f9 Cris\u00adto, por\u00adtato\u00adre di pace, per un ini\u00adzio sere\u00adno del nuo\u00advo anno Ded\u00adico ques\u00adto ser\u00admo\u00adne del 2\u00b0 Avven\u00adto a un con\u00adcet\u00adto ver\u00ada\u00admen\u00adte nata\u00adli\u00adzio! Non si chi\u00adama rega\u00adlo, n\u00e9 can\u00adde\u00adla, n\u00e9 fon\u00addue chi\u00adnoi\u00adse, ma sem\u00adpli\u00adce\u00admen\u00adte pace! E\u00bb sta\u00adto&nbsp;un\u2026<\/p>","protected":false},"author":24,"featured_media":0,"comment_status":"closed","ping_status":"closed","template":"","wpfc_preacher":[35],"wpfc_sermon_series":[72],"wpfc_sermon_topics":[],"wpfc_bible_book":[],"wpfc_service_type":[12],"class_list":{"0":"wpfc_preacher-bernhard-hohl","1":"wpfc_sermon_series-metamorphose","2":"wpfc-sermon-single","3":"post-3780","4":"wpfc_sermon","5":"type-wpfc_sermon","6":"status-publish","7":"hentry","10":"wpfc_service_type-gottesdienst"},"acf":[],"sermons_blog_filters_topics":"\t\t\t\t<div class=\"sm-filtering\">\n\t\t\t\t\t<div id=\"wpfc_sermon_sorting\" class=\"no-spacing\">\n\t\t\t\t\t\t\t\t\t\t\t\t\t\n\t\t\t\t\t<div class=\"sortTopics\" style=\"display: inline-block\">\n\t\t\t\t<form action=\"https:\/\/sermons.seetal-chile.ch\/it\/wp-json\/wp\/v2\/wpfc_sermon\/3780\/\" method=\"get\">\n\t\t\t\t\t<select name=\"wpfc_sermon_topics\"\n\t\t\t\t\t\t\ttitle=\"Topic\"\n\t\t\t\t\t\t\tid=\"wpfc_sermon_topics\"\n\t\t\t\t\t\t\tonchange=\"if(this.options[this.selectedIndex].value !== ''){return this.form.submit()}else{window.location = window.location.href.split('?')[0];}\"\n\t\t\t\t\t\t\tautocomplete=\"off\"\n\t\t\t\t\t\t>\n\t\t\t\t\t\t<option value=\"\">Topic<\/option>\n\t\t\t\t\t\t<option value=\"freude\" >Freude<\/option><option value=\"heiliger-geist\" >Heiliger Geist<\/option><option value=\"hoffnung\" >Hoffnung<\/option><option value=\"liebe\" >Liebe<\/option><option value=\"pfingsten\" >Pfingsten<\/option>\t\t\t\t\t<\/select>\n\t\t\t\t\t\t\t\t\t\t\t\t\t\t\t\t\t\t\t\t\t\t\t\t\t<noscript>\n\t\t\t\t\t\t<div><input type=\"submit\" value=\"Submit\"\/><\/div>\n\t\t\t\t\t<\/noscript>\n\t\t\t\t<\/form>\n\t\t\t<\/div>\n\t\t\t\t\t\t\t\t\t\t\t\t\t\t\t\t\t\t<\/div>\n\t\t\t\t<\/div>\n\t\t\t\t","sermons_blog_filters_series":"\t\t\t\t<div class=\"sm-filtering\">\n\t\t\t\t\t<div id=\"wpfc_sermon_sorting\" class=\"no-spacing\">\n\t\t\t\t\t\t\t\t\n\t\t\t\t\t<div class=\"sortSeries\" style=\"display: inline-block\">\n\t\t\t\t<form action=\"https:\/\/sermons.seetal-chile.ch\/it\/wp-json\/wp\/v2\/wpfc_sermon\/3780\/\" method=\"get\">\n\t\t\t\t\t<select name=\"wpfc_sermon_series\"\n\t\t\t\t\t\t\ttitle=\"Series\"\n\t\t\t\t\t\t\tid=\"wpfc_sermon_series\"\n\t\t\t\t\t\t\tonchange=\"if(this.options[this.selectedIndex].value !== ''){return this.form.submit()}else{window.location = window.location.href.split('?')[0];}\"\n\t\t\t\t\t\t\tautocomplete=\"off\"\n\t\t\t\t\t\t>\n\t\t\t\t\t\t<option value=\"\">Series<\/option>\n\t\t\t\t\t\t<option value=\"abentueuer-gebaet\" >Abent\u00fc\u00fcr Geb\u00e4t<\/option><option value=\"advent-2019\" >Advent 2019<\/option><option value=\"bestseller-die-bibel\" >Bestseller - Die Bibel<\/option><option value=\"connected\" >connected<\/option><option value=\"creatio\" >CREATIO<\/option><option value=\"eifach-muetig\" >EIFACH muetig \u2013 mit Jesus als Vorbild<\/option><option value=\"einfach-leise-gegenwaertig\" >Einfach. Leise. Gegenw\u00e4rtig.<\/option><option value=\"folge-du-mir-nach\" >Folge du mir nach<\/option><option value=\"glow\" >glow<\/option><option value=\"heilig-heilig-heilig\" >Heilig - Heilig - Heilig<\/option><option value=\"metamorphose\" >Metamorphose<\/option><option value=\"reformation\" >Reformation<\/option><option value=\"seetal-chile-talk\" >seetal chile Talk<\/option><option value=\"teens-segnung\" >Teens Segnung<\/option><option value=\"weitsicht\" >Weitsicht<\/option><option value=\"wie-du-und-ich\" >Wie du und ich<\/option><option value=\"willkommen-daheim\" >Willkommen daheim<\/option>\t\t\t\t\t<\/select>\n\t\t\t\t\t\t\t\t\t\t\t\t\t\t\t\t\t\t\t\t\t\t\t\t\t<noscript>\n\t\t\t\t\t\t<div><input type=\"submit\" value=\"Submit\"\/><\/div>\n\t\t\t\t\t<\/noscript>\n\t\t\t\t<\/form>\n\t\t\t<\/div>\n\t\t\t\t\t\t\t\t\t\t\t\t\t\t\t\t\t\t\t\t\t\t\t<\/div>\n\t\t\t\t<\/div>\n\t\t\t\t","sermons_blog_filters_preachers":"\t\t\t\t<div class=\"sm-filtering\">\n\t\t\t\t\t<div id=\"wpfc_sermon_sorting\" class=\"no-spacing\">\n\t\t\t\n\t\t\t\t\t<div class=\"sortPreacher\" style=\"display: inline-block\">\n\t\t\t\t<form action=\"https:\/\/sermons.seetal-chile.ch\/it\/wp-json\/wp\/v2\/wpfc_sermon\/3780\/\" method=\"get\">\n\t\t\t\t\t<select name=\"wpfc_preacher\"\n\t\t\t\t\t\t\ttitle=\"Preacher\"\n\t\t\t\t\t\t\tid=\"wpfc_preacher\"\n\t\t\t\t\t\t\tonchange=\"if(this.options[this.selectedIndex].value !== ''){return this.form.submit()}else{window.location = window.location.href.split('?')[0];}\"\n\t\t\t\t\t\t\tautocomplete=\"off\"\n\t\t\t\t\t\t>\n\t\t\t\t\t\t<option value=\"\">Preacher<\/option>\n\t\t\t\t\t\t<option value=\"amin-afsharnaderi\" >Amin Afsharnaderi<\/option><option value=\"amir-khalid\" >Amir Khalid<\/option><option value=\"andre-heiniger\" >Andr\u00e9 Heiniger<\/option><option value=\"andreas-jakob\" >Andreas Jakob<\/option><option value=\"ansgar-gmuer\" >Ansgar Gm\u00fcr<\/option><option value=\"barbara-benz\" >Barbara Benz<\/option><option value=\"beat-ungricht\" >Beat Ungricht<\/option><option value=\"beati-forster\" >Beati Forster<\/option><option value=\"beni-leuenberger\" >Beni Leuenberger<\/option><option value=\"bernhard-hohl\" >Bernhard Hohl<\/option><option value=\"cedric-bruegger\" >C\u00e9dric Br\u00fcgger<\/option><option value=\"christian-haslebacher\" >Christian Haslebacher<\/option><option value=\"christian-seitz\" >Christian Seitz<\/option><option value=\"christoph-kunz\" >Christoph Kunz<\/option><option value=\"corinne-jost\" >Corinne Jost<\/option><option value=\"cornelia-roth\" >Cornelia Roth<\/option><option value=\"daniel-bieri\" >Daniel Bieri<\/option><option value=\"debora-sommer\" >Debora Sommer<\/option><option value=\"erich-hunziker\" >Erich Hunziker<\/option><option value=\"esther-wehrli\" >Esther Wehrli<\/option><option value=\"florian-glaser\" >Florian Glaser<\/option><option value=\"gaby-wentland\" >Gaby Wentland<\/option><option value=\"hans-doessegger\" >Hans D\u00f6ssegger<\/option><option value=\"harry-graf\" >Harry Graf<\/option><option value=\"ina-von-schoultz\" >Ina von Schoultz<\/option><option value=\"jan-timon-beck\" >Jan-Timon Beck<\/option><option value=\"john-ghanim\" >John Ghanim<\/option><option value=\"juergen-will\" >J\u00fcrgen Will<\/option><option value=\"markus-inaebnit\" >Markus In\u00e4bnit<\/option><option value=\"martin-dreyer\" >Martin Dreyer<\/option><option value=\"martin-kiener\" >Martin Kiener<\/option><option value=\"matthias-altwegg\" >Matthias Altwegg<\/option><option value=\"michael-bont\" >Michael Bont<\/option><option value=\"mohanathas-balasubramaniam\" >Mohanathas Balasubramaniam<\/option><option value=\"nathalie-schertenleib\" >Nathalie Schertenleib<\/option><option value=\"peter-inaebnit\" >Peter In\u00e4bnit<\/option><option value=\"peter-michel\" >Peter Michel<\/option><option value=\"rene-winkler\" >Ren\u00e9 Winkler<\/option><option value=\"roger-sigg\" >Roger Sigg<\/option><option value=\"simon-wick\" >Simon Wick<\/option><option value=\"stefan-schuepbach\" >Stefan Sch\u00fcpbach<\/option><option value=\"stephan-bolliger\" >Stephan Bolliger<\/option><option value=\"susanne-geske\" >Susanne Geske<\/option><option value=\"tabea-inaebnit\" >Tabea In\u00e4bnit<\/option><option value=\"thomas-grieve\" >Thomas Grieve<\/option><option value=\"tina-schmidt\" >Tina Schmidt<\/option><option value=\"werner-messmer\" >Werner Messmer<\/option><option value=\"wieland-mueller\" >Wieland M\u00fcller<\/option><option value=\"yanick-buehler\" >Yanick B\u00fchler<\/option><option value=\"yassir-eric\" >Yassir Eric<\/option>\t\t\t\t\t<\/select>\n\t\t\t\t\t\t\t\t\t\t\t\t\t\t\t\t\t\t\t\t\t\t\t\t\t<noscript>\n\t\t\t\t\t\t<div><input type=\"submit\" value=\"Submit\"\/><\/div>\n\t\t\t\t\t<\/noscript>\n\t\t\t\t<\/form>\n\t\t\t<\/div>\n\t\t\t\t\t\t\t\t\t\t\t\t\t\t\t\t\t\t\t\t\t\t\t\t\t\t\t\t<\/div>\n\t\t\t\t<\/div>\n\t\t\t\t","sermons_blog_filters_books":"\t\t\t\t<div class=\"sm-filtering\">\n\t\t\t\t\t<div id=\"wpfc_sermon_sorting\" class=\"no-spacing\">\n\t\t\t\t\t\t\t\t\t\t\t\t\t\t\t\t\t\t\n\t\t\t\t\t<div class=\"sortBooks\" style=\"display: inline-block\">\n\t\t\t\t<form action=\"https:\/\/sermons.seetal-chile.ch\/it\/wp-json\/wp\/v2\/wpfc_sermon\/3780\/\" method=\"get\">\n\t\t\t\t\t<select name=\"wpfc_bible_book\"\n\t\t\t\t\t\t\ttitle=\"Book\"\n\t\t\t\t\t\t\tid=\"wpfc_bible_book\"\n\t\t\t\t\t\t\tonchange=\"if(this.options[this.selectedIndex].value !== ''){return this.form.submit()}else{window.location = window.location.href.split('?')[0];}\"\n\t\t\t\t\t\t\tautocomplete=\"off\"\n\t\t\t\t\t\t>\n\t\t\t\t\t\t<option value=\"\">Book<\/option>\n\t\t\t\t\t\t\t\t\t\t\t<\/select>\n\t\t\t\t\t\t\t\t\t\t\t\t\t\t\t\t\t\t\t\t\t\t\t\t\t<noscript>\n\t\t\t\t\t\t<div><input type=\"submit\" value=\"Submit\"\/><\/div>\n\t\t\t\t\t<\/noscript>\n\t\t\t\t<\/form>\n\t\t\t<\/div>\n\t\t\t\t\t\t\t\t\t\t\t\t\t<\/div>\n\t\t\t\t<\/div>\n\t\t\t\t","sermons_blog_filters_service_types":"\t\t\t\t<div class=\"sm-filtering\">\n\t\t\t\t\t<div id=\"wpfc_sermon_sorting\" class=\"no-spacing\">\n\t\t\t\t\t\t\t\t\t\t\t\t\t\t\t\t\t\t\t\t\t\t\t\n\t\t\t\t\t<div class=\"sortServiceTypes\" style=\"display: inline-block\">\n\t\t\t\t<form action=\"https:\/\/sermons.seetal-chile.ch\/it\/wp-json\/wp\/v2\/wpfc_sermon\/3780\/\" method=\"get\">\n\t\t\t\t\t<select name=\"wpfc_service_type\"\n\t\t\t\t\t\t\ttitle=\"Service Type\"\n\t\t\t\t\t\t\tid=\"wpfc_service_type\"\n\t\t\t\t\t\t\tonchange=\"if(this.options[this.selectedIndex].value !== ''){return this.form.submit()}else{window.location = window.location.href.split('?')[0];}\"\n\t\t\t\t\t\t\tautocomplete=\"off\"\n\t\t\t\t\t\t>\n\t\t\t\t\t\t<option value=\"\">Service Type<\/option>\n\t\t\t\t\t\t<option value=\"glow-celebration\" >glow Celebration<\/option><option value=\"gottesdienst\" >Gottesdienst<\/option>\t\t\t\t\t<\/select>\n\t\t\t\t\t\t\t\t\t\t\t\t\t\t\t\t\t\t\t\t\t\t\t\t\t<noscript>\n\t\t\t\t\t\t<div><input type=\"submit\" value=\"Submit\"\/><\/div>\n\t\t\t\t\t<\/noscript>\n\t\t\t\t<\/form>\n\t\t\t<\/div>\n\t\t\t\t\t\t\t\t<\/div>\n\t\t\t\t<\/div>\n\t\t\t\t","sermons_blog_filters_dates":"\t\t\t\t<div class=\"sm-filtering\">\n\t\t\t\t\t<div id=\"wpfc_sermon_sorting\" class=\"no-spacing\">\n\t\t\t\t\t\t\t\t\t\t\t\t\t\t\t\t\t\t\t\t\t\t\t\t\t\t\t\t\n\t\t\t\t\t<div class=\"sortDates\" style=\"display: inline-block\">\n\t\t\t\t<form action=\"https:\/\/sermons.seetal-chile.ch\/it\/wp-json\/wp\/v2\/wpfc_sermon\/3780\/\" method=\"get\">\n\t\t\t\t\t<select name=\"wpfc_dates\"\n\t\t\t\t\t\t\ttitle=\"Date\"\n\t\t\t\t\t\t\tid=\"wpfc_dates\"\n\t\t\t\t\t\t\tonchange=\"if(this.options[this.selectedIndex].value !== ''){return this.form.submit()}else{window.location = window.location.href.split('?')[0];}\"\n\t\t\t\t\t\t\tautocomplete=\"off\"\n\t\t\t\t\t\t>\n\t\t\t\t\t\t<option value=\"\">Date<\/option>\n\t\t\t\t\t\t<option value=\"04-2026\" >Apr 2026<\/option><option value=\"03-2026\" >Mar 2026<\/option><option value=\"02-2026\" >Feb 2026<\/option><option value=\"01-2026\" >Jan 2026<\/option><option value=\"12-2025\" >Dec 2025<\/option><option value=\"11-2025\" >Nov 2025<\/option><option value=\"10-2025\" >Oct 2025<\/option><option value=\"09-2025\" >Sep 2025<\/option><option value=\"08-2025\" >Aug 2025<\/option><option value=\"07-2025\" >Jul 2025<\/option><option value=\"06-2025\" >Jun 2025<\/option><option value=\"05-2025\" >May 2025<\/option><option value=\"04-2025\" >Apr 2025<\/option><option value=\"03-2025\" >Mar 2025<\/option><option value=\"02-2025\" >Feb 2025<\/option><option value=\"01-2025\" >Jan 2025<\/option><option value=\"12-2024\" >Dec 2024<\/option><option value=\"11-2024\" >Nov 2024<\/option><option value=\"10-2024\" >Oct 2024<\/option><option value=\"09-2024\" >Sep 2024<\/option><option value=\"08-2024\" >Aug 2024<\/option><option value=\"07-2024\" >Jul 2024<\/option><option value=\"06-2024\" >Jun 2024<\/option><option value=\"05-2024\" >May 2024<\/option><option value=\"04-2024\" >Apr 2024<\/option><option value=\"03-2024\" >Mar 2024<\/option><option value=\"02-2024\" >Feb 2024<\/option><option value=\"01-2024\" >Jan 2024<\/option><option value=\"12-2023\" >Dec 2023<\/option><option value=\"11-2023\" >Nov 2023<\/option><option value=\"10-2023\" >Oct 2023<\/option><option value=\"09-2023\" >Sep 2023<\/option><option value=\"08-2023\" >Aug 2023<\/option><option value=\"07-2023\" >Jul 2023<\/option><option value=\"06-2023\" >Jun 2023<\/option><option value=\"05-2023\" >May 2023<\/option><option value=\"04-2023\" >Apr 2023<\/option><option value=\"03-2023\" >Mar 2023<\/option><option value=\"02-2023\" >Feb 2023<\/option><option value=\"01-2023\" >Jan 2023<\/option><option value=\"12-2022\" >Dec 2022<\/option><option value=\"11-2022\" >Nov 2022<\/option><option value=\"10-2022\" >Oct 2022<\/option><option value=\"09-2022\" >Sep 2022<\/option><option value=\"08-2022\" >Aug 2022<\/option><option value=\"07-2022\" >Jul 2022<\/option><option value=\"06-2022\" >Jun 2022<\/option><option value=\"05-2022\" >May 2022<\/option><option value=\"04-2022\" >Apr 2022<\/option><option value=\"03-2022\" >Mar 2022<\/option><option value=\"02-2022\" >Feb 2022<\/option><option value=\"01-2022\" >Jan 2022<\/option><option value=\"12-2021\" >Dec 2021<\/option><option value=\"11-2021\" >Nov 2021<\/option><option value=\"10-2021\" >Oct 2021<\/option><option value=\"09-2021\" >Sep 2021<\/option><option value=\"08-2021\" >Aug 2021<\/option><option value=\"07-2021\" >Jul 2021<\/option><option value=\"06-2021\" >Jun 2021<\/option><option value=\"05-2021\" >May 2021<\/option><option value=\"04-2021\" >Apr 2021<\/option><option value=\"03-2021\" >Mar 2021<\/option><option value=\"02-2021\" >Feb 2021<\/option><option value=\"01-2021\" >Jan 2021<\/option><option value=\"12-2020\" >Dec 2020<\/option><option value=\"11-2020\" >Nov 2020<\/option><option value=\"10-2020\" >Oct 2020<\/option><option value=\"09-2020\" >Sep 2020<\/option><option value=\"08-2020\" >Aug 2020<\/option><option value=\"07-2020\" >Jul 2020<\/option><option value=\"06-2020\" >Jun 2020<\/option><option value=\"05-2020\" >May 2020<\/option><option value=\"04-2020\" >Apr 2020<\/option><option value=\"03-2020\" >Mar 2020<\/option><option value=\"02-2020\" >Feb 2020<\/option><option value=\"01-2020\" >Jan 2020<\/option><option value=\"12-2019\" >Dec 2019<\/option><option value=\"11-2019\" >Nov 2019<\/option><option value=\"10-2019\" >Oct 2019<\/option><option value=\"09-2019\" >Sep 2019<\/option><option value=\"08-2019\" >Aug 2019<\/option><option value=\"07-2019\" >Jul 2019<\/option><option value=\"06-2019\" >Jun 2019<\/option><option value=\"05-2019\" >May 2019<\/option><option value=\"04-2019\" >Apr 2019<\/option><option value=\"03-2019\" >Mar 2019<\/option><option value=\"02-2019\" >Feb 2019<\/option><option value=\"01-2019\" >Jan 2019<\/option><option value=\"12-2018\" >Dec 2018<\/option><option value=\"11-2018\" >Nov 2018<\/option><option value=\"10-2018\" >Oct 2018<\/option><option value=\"09-2018\" >Sep 2018<\/option><option value=\"08-2018\" >Aug 2018<\/option><option value=\"07-2018\" >Jul 2018<\/option><option value=\"06-2018\" >Jun 2018<\/option><option value=\"05-2018\" >May 2018<\/option><option value=\"04-2018\" >Apr 2018<\/option><option value=\"03-2018\" >Mar 2018<\/option><option value=\"02-2018\" >Feb 2018<\/option><option value=\"01-2018\" >Jan 2018<\/option><option value=\"12-2017\" >Dec 2017<\/option><option value=\"11-2017\" >Nov 2017<\/option><option value=\"10-2017\" >Oct 2017<\/option><option value=\"09-2017\" >Sep 2017<\/option><option value=\"08-2017\" >Aug 2017<\/option><option value=\"07-2017\" >Jul 2017<\/option><option value=\"06-2017\" >Jun 2017<\/option><option value=\"05-2017\" >May 2017<\/option><option value=\"04-2017\" >Apr 2017<\/option><option value=\"03-2017\" >Mar 2017<\/option><option value=\"02-2017\" >Feb 2017<\/option><option value=\"01-2017\" >Jan 2017<\/option><option value=\"12-2016\" >Dec 2016<\/option><option value=\"11-2016\" >Nov 2016<\/option><option value=\"10-2016\" >Oct 2016<\/option><option value=\"09-2016\" >Sep 2016<\/option><option value=\"08-2016\" >Aug 2016<\/option><option value=\"07-2016\" >Jul 2016<\/option><option value=\"06-2016\" >Jun 2016<\/option><option value=\"05-2016\" >May 2016<\/option><option value=\"04-2016\" >Apr 2016<\/option><option value=\"03-2016\" >Mar 2016<\/option><option value=\"02-2016\" >Feb 2016<\/option><option value=\"01-2016\" >Jan 2016<\/option><option value=\"12-2015\" >Dec 2015<\/option><option value=\"11-2015\" >Nov 2015<\/option><option value=\"10-2015\" >Oct 2015<\/option><option value=\"09-2015\" >Sep 2015<\/option><option value=\"08-2015\" >Aug 2015<\/option><option value=\"07-2015\" >Jul 2015<\/option>\t\t\t\t\t<\/select>\n\t\t\t\t\t\t\t\t\t\t\t\t\t\t\t\t\t\t\t\t\t\t\t\t\t<noscript>\n\t\t\t\t\t\t<div><input type=\"submit\" value=\"Submit\"\/><\/div>\n\t\t\t\t\t<\/noscript>\n\t\t\t\t<\/form>\n\t\t\t<\/div>\n\t\t\t<\/div>\n\t\t\t\t<\/div>\n\t\t\t\t","sermons_blog_image_url":"https:\/\/sermons.seetal-chile.ch\/wp-content\/uploads\/2020\/12\/Serie_Metamorphose-scaled.jpg","sermons_blog_video":"<video controls preload=\"metadata\" class=\"wpfc-sermon-video-player \" data-plyr_seek='0'><source src=\"https:\/\/youtu.be\/MwzyCgxZcmA\"><\/video>","sermons_blog_series":"<a href=\"https:\/\/sermons.seetal-chile.ch\/it\/series\/metamorphose\/\" rel=\"tag\">Metamorphose<\/a>","sermons_blog_meta_sermon_description":"Der Begriff Frieden pr\u00e4gt die Advents- und Weihnachtszeit ganz stark. Aber was verstehen wir unter Frieden?\u00a0Ein Wegweiser zum Friedensbringer Jesus Christus, f\u00fcr einen friedvollen Start ins neue Jahr &nbsp; Ich&hellip;","sermons_blog_show_readmore":true,"sermons_blog_audio":"<audio controls preload=\"metadata\" class=\"wpfc-sermon-player \" ><source src=\"https:\/\/resources.seetal-chile.ch\/files\/predigten\/mp3\/predigt_211205.mp3\" type=\"audio\/mp3\"><\/audio>","sermons_blog_preacher_image":"<a href=\"https:\/\/sermons.seetal-chile.ch\/it\/preacher\/bernhard-hohl\/\"><img width=\"150\" height=\"150\" src=\"https:\/\/sermons.seetal-chile.ch\/wp-content\/uploads\/2018\/11\/Redner_Bernhard-Hohl-150x150.jpg\" class=\"attachment-thumbnail size-thumbnail\" alt=\"\" decoding=\"async\" loading=\"lazy\" srcset=\"https:\/\/sermons.seetal-chile.ch\/wp-content\/uploads\/2018\/11\/Redner_Bernhard-Hohl-150x150.jpg 150w, https:\/\/sermons.seetal-chile.ch\/wp-content\/uploads\/2018\/11\/Redner_Bernhard-Hohl-300x300.jpg 300w, https:\/\/sermons.seetal-chile.ch\/wp-content\/uploads\/2018\/11\/Redner_Bernhard-Hohl-768x768.jpg 768w, https:\/\/sermons.seetal-chile.ch\/wp-content\/uploads\/2018\/11\/Redner_Bernhard-Hohl-1024x1024.jpg 1024w, https:\/\/sermons.seetal-chile.ch\/wp-content\/uploads\/2018\/11\/Redner_Bernhard-Hohl-75x75.jpg 75w, https:\/\/sermons.seetal-chile.ch\/wp-content\/uploads\/2018\/11\/Redner_Bernhard-Hohl.jpg 1920w\" sizes=\"auto, (max-width: 150px) 100vw, 150px\" \/><\/a>","sermons_blog_preacher":"<a href=\"https:\/\/sermons.seetal-chile.ch\/it\/preacher\/bernhard-hohl\/\" rel=\"tag\">Bernhard Hohl<\/a>","sermons_blog_bible_passage":"Lukas 2,14","sermons_blog_service_type":"<a href=\"https:\/\/sermons.seetal-chile.ch\/it\/service-type\/gottesdienst\/\" rel=\"tag\">Gottesdienst<\/a>","sermon_audio":"https:\/\/resources.seetal-chile.ch\/files\/predigten\/mp3\/predigt_211205.mp3","sermon_audio_duration":"","_views":"8286","bible_passage":"Lukas 2,14","sermon_video_embed":"","sermon_video_url":"https:\/\/youtu.be\/MwzyCgxZcmA","sermon_bulletin":"","_featured_url":false,"sermon_date":1638697537,"_sermon_date_auto":false,"_links":{"self":[{"href":"https:\/\/sermons.seetal-chile.ch\/it\/wp-json\/wp\/v2\/wpfc_sermon\/3780","targetHints":{"allow":["GET"]}}],"collection":[{"href":"https:\/\/sermons.seetal-chile.ch\/it\/wp-json\/wp\/v2\/wpfc_sermon"}],"about":[{"href":"https:\/\/sermons.seetal-chile.ch\/it\/wp-json\/wp\/v2\/types\/wpfc_sermon"}],"author":[{"embeddable":true,"href":"https:\/\/sermons.seetal-chile.ch\/it\/wp-json\/wp\/v2\/users\/24"}],"replies":[{"embeddable":true,"href":"https:\/\/sermons.seetal-chile.ch\/it\/wp-json\/wp\/v2\/comments?post=3780"}],"version-history":[{"count":4,"href":"https:\/\/sermons.seetal-chile.ch\/it\/wp-json\/wp\/v2\/wpfc_sermon\/3780\/revisions"}],"predecessor-version":[{"id":3784,"href":"https:\/\/sermons.seetal-chile.ch\/it\/wp-json\/wp\/v2\/wpfc_sermon\/3780\/revisions\/3784"}],"wp:attachment":[{"href":"https:\/\/sermons.seetal-chile.ch\/it\/wp-json\/wp\/v2\/media?parent=3780"}],"wp:term":[{"taxonomy":"wpfc_preacher","embeddable":true,"href":"https:\/\/sermons.seetal-chile.ch\/it\/wp-json\/wp\/v2\/wpfc_preacher?post=3780"},{"taxonomy":"wpfc_sermon_series","embeddable":true,"href":"https:\/\/sermons.seetal-chile.ch\/it\/wp-json\/wp\/v2\/wpfc_sermon_series?post=3780"},{"taxonomy":"wpfc_sermon_topics","embeddable":true,"href":"https:\/\/sermons.seetal-chile.ch\/it\/wp-json\/wp\/v2\/wpfc_sermon_topics?post=3780"},{"taxonomy":"wpfc_bible_book","embeddable":true,"href":"https:\/\/sermons.seetal-chile.ch\/it\/wp-json\/wp\/v2\/wpfc_bible_book?post=3780"},{"taxonomy":"wpfc_service_type","embeddable":true,"href":"https:\/\/sermons.seetal-chile.ch\/it\/wp-json\/wp\/v2\/wpfc_service_type?post=3780"}],"curies":[{"name":"wp","href":"https:\/\/api.w.org\/{rel}","templated":true}]}}