{"id":3011,"date":"2020-08-02T09:45:17","date_gmt":"2020-08-02T07:45:17","guid":{"rendered":"https:\/\/sermons.seetal-chile.ch\/?post_type=wpfc_sermon&#038;p=3011"},"modified":"2020-08-03T08:08:04","modified_gmt":"2020-08-03T06:08:04","slug":"drei-geschwister-aus-dem-neuen-testament","status":"publish","type":"wpfc_sermon","link":"https:\/\/sermons.seetal-chile.ch\/it\/sermons\/drei-geschwister-aus-dem-neuen-testament\/","title":{"rendered":"Tre fratel\u00adli del Nuo\u00advo Testamento"},"content":{"rendered":"<p>Tes\u00adto bibli\u00adco: 1 Gio\u00advan\u00adni 4:19\u201321 | Pre\u00addi\u00adca\u00adto\u00adre: Bern\u00adhard Hohl | Serie: Come voi e me | Noi esse\u00adri uma\u00adni sia\u00admo cos\u00ec diver\u00adsi, e anche noi cris\u00adtia\u00adni. Abbia\u00admo i nos\u00adtri gior\u00adni. Abbia\u00admo le nost\u00adre impron\u00adte. Abbia\u00admo le nost\u00adre pre\u00adfe\u00adren\u00adze. Abbia\u00admo le nost\u00adre aspett\u00ada\u00adti\u00adve. Abbia\u00admo le nost\u00adre incli\u00adna\u00adzio\u00adni\u2026 \u00c8 pos\u00adsi\u00adbi\u00adle una stret\u00adta fratel\u00adlan\u00adza nella chie\u00adsa? Com\u00admen\u00adto di Ges\u00f9: Tut\u00adto \u00e8 pos\u00adsi\u00adbi\u00adle a chi&nbsp;crede!<\/p>\n<p>Una vol\u00adta una ragaz\u00adza ha com\u00admen\u00adta\u00adto cos\u00ec: \u00abSono con\u00adten\u00adta di ave\u00adre mio fratel\u00adlo, anche se cer\u00adti gior\u00adni potrei torcerg\u00adli il col\u00adlo con gran\u00adde pia\u00adce\u00adre! Pu\u00f2 esse\u00adre cos\u00ec ter\u00adri\u00adbilm\u00aden\u00adte cat\u00adtivo e sgra\u00adde\u00advo\u00adle. Ma mi pia\u00adce e bas\u00adta\u00bb. Oggi incon\u00adtria\u00admo tre fratel\u00adli e sor\u00adel\u00adle che si piac\u00adci\u00ado\u00adno dal Nuo\u00advo Tes\u00adta\u00admen\u00adto e ci chie\u00addia\u00admo di nuo\u00advo: cosa pos\u00adsia\u00admo osser\u00adva\u00adre in loro che sareb\u00adbe pre\u00adzio\u00adso per la nos\u00adt\u00adra unio\u00adne fra\u00adter\u00adna nella chie\u00adsa? Guar\u00adder\u00f2 pri\u00adma Laz\u00adz\u00adaro, il pi\u00f9 gio\u00adva\u00adne dei&nbsp;tre.<br>\nLazarus<br>\nSap\u00adpia\u00admo mol\u00adto poco di Laz\u00adz\u00adaro. Appa\u00adren\u00adte\u00admen\u00adte non era in casa duran\u00adte quel\u00adl\u2019e\u00adven\u00adto teso quan\u00addo Ges\u00f9 visi\u00adt\u00f2 le sue due sor\u00adel\u00adle, Mar\u00adta e Maria. Laz\u00adz\u00adaro non era un pro\u00adfe\u00adta, non era uno dei 12 dis\u00adce\u00adpo\u00adli, non era un som\u00admo sacer\u00addo\u00adte, non era una per\u00adso\u00adna vis\u00adto\u00adsa, non era un pian\u00adta\u00adgra\u00adne. Fino\u00adra non ha fat\u00adto o spe\u00adri\u00admen\u00adta\u00adto nulla di spe\u00adcia\u00adle. Non ha nien\u00adte a che vede\u00adre con il povero Laz\u00adz\u00adaro che appa\u00adre nella sto\u00adria di Luca 16; al con\u00adtra\u00adrio, il nos\u00adtro Laz\u00adz\u00adaro appar\u00adtiene a una fami\u00adglia ric\u00adca. Laz\u00adz\u00adaro vive a Beta\u00adnia. Non si pu\u00f2 dire di pi\u00f9 su di lui. For\u00adse nes\u00adsu\u00adno lo avreb\u00adbe cono\u00adsci\u00aduto se non fos\u00adse sta\u00adto il fratel\u00adlo di Mar\u00adta e Maria. In real\u00adt\u00e0 un nes\u00adsu\u00adno bibli\u00adco, ma ques\u00adto \u00e8 cam\u00adbia\u00adto brusca\u00admen\u00adte con la sua resurre\u00adzio\u00adne dal\u00adla&nbsp;morte.<br>\nVale la pena di leg\u00adge\u00adre a casa ques\u00adta sto\u00adria emo\u00adzio\u00adn\u00adan\u00adte nel capi\u00adto\u00adlo 11 di Gio\u00advan\u00adni. Che cosa rivela di Laz\u00adz\u00adaro? Ges\u00f9 ama Laz\u00adz\u00adaro. \u00c8 affe\u00adzio\u00adna\u00adto a lui. Ques\u00adto \u00e8 men\u00adzio\u00adna\u00adto due vol\u00adte! Ma Ges\u00f9 ama tut\u00adti e tre i fratel\u00adli e le sor\u00adel\u00adle: \u00abGes\u00f9 ama\u00adva Mar\u00adta, Maria e Laz\u00adz\u00adaro\u00bb (Gio\u00advan\u00adni 11:5 <span class=\"caps\">NL<\/span>). Anche Mar\u00adta e Maria ama\u00adno Laz\u00adz\u00adaro. Quan\u00addo si amma\u00adla gra\u00adve\u00admen\u00adte, lo comu\u00adni\u00adca\u00adno imme\u00addia\u00adta\u00admen\u00adte a Ges\u00f9. \u00c8 inter\u00ades\u00adsan\u00adte il modo in cui lo fan\u00adno. Non rife\u00adris\u00adco\u00adno: \u00abGes\u00f9, devi veni\u00adre subi\u00adto, Laz\u00adz\u00adaro \u00e8 gra\u00adve\u00admen\u00adte mala\u00adto\u00bb. Il loro mess\u00adag\u00adgio \u00e8 sem\u00adpli\u00adce: \u00abGes\u00f9, la per\u00adso\u00adna che ami \u00e8 a let\u00adto malata!\u00bb.<br>\nVor\u00adrei inser\u00adi\u00adre una doman\u00adda: Come for\u00admu\u00adla\u00adte il vos\u00adtro mess\u00adag\u00adgio, la vos\u00adtra richies\u00adta a Ges\u00f9, quan\u00addo c\u2019\u00e8 qual\u00adco\u00adsa di mol\u00adto dif\u00adfi\u00adci\u00adle e urgen\u00adte? Dram\u00adma\u00adti\u00adca\u00admen\u00adte? O con una sola frase, come le due sor\u00adel\u00adle; o anche sen\u00adza paro\u00adle, sapen\u00addo che Ges\u00f9 cono\u00adsce gi\u00e0 la tua situa\u00adzio\u00adne? Ges\u00f9 cono\u00adsce le nost\u00adre dif\u00adfe\u00adren\u00adze e ques\u00adto \u00e8 un bene. \u00c8 feli\u00adce quan\u00addo vi rivol\u00adge\u00adte a lui e gli par\u00adla\u00adte sem\u00adpli\u00adce\u00admen\u00adte come vi sen\u00adti\u00adte a vos\u00adtro&nbsp;agio.<br>\nGes\u00f9 non ha fret\u00adta di visi\u00adt\u00adare il mala\u00adto. Rima\u00adne dov\u2019\u00e8 per altri due gior\u00adni, fin\u00adch\u00e9 final\u00admen\u00adte par\u00adte per Beta\u00adnia. Nel frat\u00adtem\u00adpo, Laz\u00adz\u00adaro \u00e8 gi\u00e0 mor\u00adto ed \u00e8 sepol\u00adto in una tom\u00adba di grot\u00adta. C\u2019\u00e8 una gran\u00adde pie\u00adtra davan\u00adti all\u2019en\u00adtra\u00adta. Sap\u00adpia\u00admo come finis\u00adce la sto\u00adria: Ges\u00f9 lo ripor\u00adta in vita. Ci si pu\u00f2 chie\u00adde\u00adre: per\u00adch\u00e9 Laz\u00adz\u00adaro in particolare?<br>\nLa ris\u00adpos\u00adta \u00e8 data da Ges\u00f9 stes\u00adso nel rac\u00adcon\u00adto: Egli fa ques\u00adto mira\u00adco\u00adlo per glo\u00adri\u00adfi\u00adca\u00adre Dio! Le mol\u00adte per\u00adso\u00adne in lut\u00adto pre\u00adsen\u00adti devo\u00adno fare espe\u00adri\u00aden\u00adza di Dio in modo da cre\u00adde\u00adre in lui e cre\u00adde\u00adre che Ges\u00f9 \u00e8 il Figlio di Dio. Infat\u00adti, mol\u00adti ebrei arri\u00adva\u00adno a cre\u00adde\u00adre in Ges\u00f9, cosa che non pia\u00adce affat\u00adto ai som\u00admi sacer\u00addo\u00adti. Poco tem\u00adpo dopo ques\u00adto mira\u00adco\u00adlo, Mar\u00adta invi\u00adta di nuo\u00advo Ges\u00f9 e i suoi dis\u00adce\u00adpo\u00adli a un pas\u00adto, dove anche Laz\u00adz\u00adaro si sie\u00adde a tavo\u00adla con loro. Di nuo\u00advo mol\u00adte per\u00adso\u00adne pass\u00ada\u00adno, non solo per\u00adch\u00e9 vogli\u00ado\u00adno vede\u00adre Ges\u00f9, ma anche Laz\u00adz\u00adaro risor\u00adto. In ques\u00adta occa\u00adsio\u00adne, Maria unge i pie\u00addi di Ges\u00f9 con un olio mol\u00adto cos\u00adto\u00adso. Ques\u00adto \u00e8 tut\u00adto ci\u00f2 che sap\u00adpia\u00admo di Laz\u00adz\u00adaro, dopo di che non sen\u00adti\u00adamo pi\u00f9 parl\u00ada\u00adre di lui. Non \u00e8 diven\u00adta\u00adto un dis\u00adce\u00adpo\u00adlo sosti\u00adtu\u00adtivo di Giu\u00adda Isca\u00adrio\u00adta. Non \u00e8 diven\u00adta\u00adto un apos\u00adto\u00adlo, un mis\u00adsio\u00adna\u00adrio, un anzia\u00adno in una chie\u00adsa, non ha scritto un libro biblico\u2026<br>\nGes\u00f9 ama Laz\u00adz\u00adaro. Anche Ges\u00f9 vi ama! Per\u00adch\u00e9 pro\u00adprio lei \u00e8 un cris\u00adtia\u00adno impeg\u00adna\u00adto e un figlio di Dio? Sia\u00adte sem\u00adpli\u00adce\u00admen\u00adte stu\u00adpi\u00adti di esse\u00adre rius\u00adci\u00adti ad aprirg\u00adli la por\u00adta del vos\u00adtro cuo\u00adre e sia\u00adte gra\u00adti! A noi capi\u00adta spes\u00adso di ama\u00adre le per\u00adso\u00adne che ci piac\u00adci\u00ado\u00adno subi\u00adto! E le per\u00adso\u00adne pi\u00f9 sim\u00adpa\u00adti\u00adche sono quel\u00adle che ci piac\u00adci\u00ado\u00adno! Ques\u00adto non \u00e8 il caso di Ges\u00f9. Non aspet\u00adta di rice\u00adve\u00adre amo\u00adre in cam\u00adbio, ma ci mos\u00adtra il suo amo\u00adre. \u00abNon sia\u00admo sta\u00adti noi ad ama\u00adre Dio, ma \u00e8 lui che ha ama\u00adto noi per pri\u00admo e ha man\u00adda\u00adto il suo Figlio per liber\u00adar\u00adci dal nos\u00adtro pec\u00adca\u00adto\u00bb (1 Gio\u00advan\u00adni 4:10 <span class=\"caps\">NL<\/span>). Ges\u00f9 ci ha ama\u00adti per pri\u00admo per mostra\u00adre e modella\u00adre ques\u00adto amo\u00adre per noi. Ama\u00adre Dio Pad\u00adre e i nos\u00adtri fratel\u00adli e sor\u00adel\u00adle nella&nbsp;fede.<br>\nMar\u00adta e&nbsp;Maria<br>\nI due ci sono fami\u00adlia\u00adri dal loro incon\u00adtro con Ges\u00f9, dove Maria ascol\u00adta incan\u00adta\u00adta le paro\u00adle di Ges\u00f9 ment\u00adre Mar\u00adta lot\u00adta per ser\u00advi\u00adre gli ospi\u00adti. Mar\u00adta si aspet\u00adta che Ges\u00f9 con\u00advin\u00adca sua sor\u00adel\u00adla ad aiut\u00adar\u00adla. Ma Ges\u00f9 met\u00adte in dub\u00adbio le sue cri\u00adti\u00adche e loda Maria, che ha deciso meglio. Da ques\u00adto incon\u00adtro a Beta\u00adnia pos\u00adsia\u00admo ricorda\u00adre due cose per la nos\u00adt\u00adra unio\u00adne fra\u00adter\u00adna nella chiesa:<\/p>\n<p>\tPri\u00adma di rim\u00adpro\u00adver\u00ada\u00adre il com\u00adpor\u00adta\u00admen\u00adto degli altri, dov\u00adrem\u00admo semp\u00adre esami\u00adna\u00adre pri\u00adma il nos\u00adtro com\u00adpor\u00adta\u00admen\u00adto! Non sareb\u00adbe sta\u00adto meglio che Mar\u00adta mett\u00ades\u00adse gi\u00f9 il pel\u00ada\u00adpa\u00adta\u00adte e ascol\u00adtas\u00adse anche lei, soprat\u00adtut\u00adto ora che Ges\u00f9 pres\u00adto non sar\u00e0 pi\u00f9 tra&nbsp;loro!<br>\n\tLe cri\u00adti\u00adche van\u00adno fat\u00adte dirett\u00adamen\u00adte e non per inter\u00adpos\u00adta per\u00adso\u00adna! \u00abGes\u00f9, per favore, puoi dire a Maria cosa ci sareb\u00adbe sta\u00adto dopo\u2026?\u00bb. No, dirett\u00adamen\u00adte: \u00abMaria, mi aiuter\u00adai pi\u00f9 tar\u00addi se mi sie\u00addo con te adesso?\u00bb.<\/p>\n<p>Se tu, come mog\u00adlie, sei infas\u00adti\u00addi\u00adta da qual\u00adco\u00adsa di tuo mari\u00adto, all\u00ado\u00adra non chie\u00adde\u00adre alla tua ragaz\u00adza se pu\u00f2 parl\u00ada\u00adre seria\u00admen\u00adte con tuo mari\u00adto! Lo stes\u00adso vale vice\u00adver\u00adsa per il mari\u00adto! Per favore, risparm\u00adia\u00adte anche ai pas\u00adto\u00adri o ai mem\u00adbri del\u00adla lea\u00adder\u00adship del\u00adla chie\u00adsa di aspet\u00adtar\u00adsi che mett\u00adia\u00adte i vos\u00adtri part\u00adner o i vos\u00adtri fig\u00adli al loro pos\u00adto, pri\u00adma di aver affron\u00adta\u00adto il pro\u00adble\u00adma da soli. La sto\u00adria del\u00adla risurre\u00adzio\u00adne di Laz\u00adz\u00adaro rivela anco\u00adra di pi\u00f9 su Mar\u00adta e Maria! L\u2019in\u00adten\u00adzio\u00adne di chi\u00adama\u00adre Ges\u00f9 al capez\u00adza\u00adle \u00e8 una decis\u00adio\u00adne con\u00adgi\u00adunta del\u00adle due sor\u00adel\u00adle. L\u2019an\u00adzia\u00adna Mar\u00adtha non ha deciso da sola. \u00c8 bel\u00adlo quan\u00addo i fratel\u00adli e le sor\u00adel\u00adle nella fede sono uniti: Ora abbia\u00admo biso\u00adg\u00adno del\u00adla vicinan\u00adza di Ges\u00f9! Ora solo Ges\u00f9 pu\u00f2 aiut\u00adar\u00adci! Ora dob\u00adbia\u00admo parl\u00ada\u00adre con <span class=\"caps\">LUI<\/span>, anda\u00adre da&nbsp;<span class=\"caps\">LUI<\/span>.<br>\nCosa fan\u00adno le due don\u00adne quan\u00addo sen\u00adto\u00adno che Ges\u00f9 sta andan\u00addo da loro? Laz\u00adz\u00adaro era gi\u00e0 mor\u00adto da gior\u00adni! \u00abQuan\u00addo Mar\u00adta sep\u00adpe che Ges\u00f9 sta\u00adva arri\u00advan\u00addo, gli and\u00f2 incon\u00adtro, ma Maria rima\u00adse in casa\u00bb (Gio\u00advan\u00adni 11:20 <span class=\"caps\">LU<\/span>). Ques\u00adta vol\u00adta Mar\u00adta cer\u00adca di sta\u00adre vici\u00adno a Ges\u00f9. Mar\u00adta e Maria incon\u00adtra\u00adno Ges\u00f9 una dopo l\u2019al\u00adtra con lo stes\u00adso rim\u00adpro\u00advero e la stes\u00adsa fidu\u00adcia nel suo pote\u00adre di gua\u00adri\u00adre: \u00abSigno\u00adre, se tu fos\u00adsi sta\u00adto qui, mio fratel\u00adlo non sareb\u00adbe&nbsp;morto\u00bb.<br>\n&nbsp;<br>\nMar\u00adta aggi\u00adunge in modo tes\u00adti\u00admo\u00adnia\u00adle ed enfa\u00adti\u00adco: \u00abMa io so che Dio vi dar\u00e0 tut\u00adto quello che gli chie\u00adde\u00adrete\u00bb (Gv 11,22). Quan\u00addo Ges\u00f9 d\u00e0 l\u2019or\u00addi\u00adne di toglie\u00adre la pie\u00adtra dal\u00adl\u2019in\u00adgresso del sepol\u00adcro, \u00e8 Mar\u00adta a frena\u00adre: \u00abNo, non pos\u00adsia\u00admo far\u00adlo. Dopo quat\u00adtro gior\u00adni il cada\u00adve\u00adre puz\u00adza ter\u00adri\u00adbilm\u00aden\u00adte!\u00bb. Ges\u00f9 ris\u00adpo\u00adse: \u00abNon ti ho det\u00adto che se cre\u00addi, vedrai la glo\u00adria di Dio?\u00bb. (Gio\u00advan\u00adni 11:40&nbsp;<span class=\"caps\">NL<\/span>).<br>\nLa nos\u00adt\u00adra diversit\u00e0<br>\nDue sor\u00adel\u00adle che illus\u00adtra\u00adno in modo impres\u00adsio\u00adn\u00adan\u00adte le nost\u00adre dif\u00adfe\u00adren\u00adze. La nos\u00adt\u00adra fede a vol\u00adte \u00e8 cos\u00ec gran\u00adde e poi di nuo\u00advo cos\u00ec pic\u00adco\u00adla. Spes\u00adso ci fidia\u00admo di Dio per le gran\u00addi cose e sia\u00admo con\u00advin\u00adti da paro\u00adle bibli\u00adche come \u00abDio fa cose gran\u00addi che non si posso\u00adno cer\u00adca\u00adre e mera\u00advi\u00adg\u00adlie che non si posso\u00adno con\u00adta\u00adre\u00bb (Giob\u00adbe 9:10 <span class=\"caps\">LU<\/span>). E improv\u00advi\u00adsa\u00admen\u00adte ci ritro\u00advia\u00admo a ter\u00adra pie\u00adni di dub\u00adbi e doman\u00adde. A vol\u00adte ci si sen\u00adte cos\u00ec bene che ora \u00e8 il pro\u00adprio tur\u00adno \u2013 e subi\u00adto dopo si but\u00adta gi\u00f9 la lis\u00adta del\u00adle prio\u00adri\u00adt\u00e0. Noi esse\u00adri uma\u00adni sia\u00admo cos\u00ec diver\u00adsi, e anche noi cris\u00adtia\u00adni. Abbia\u00admo i nos\u00adtri gior\u00adni. Abbia\u00admo le nost\u00adre impron\u00adte. Abbia\u00admo le nost\u00adre pre\u00adfe\u00adren\u00adze. Abbia\u00admo le nost\u00adre aspett\u00ada\u00adti\u00adve. Abbia\u00admo le nost\u00adre incli\u00adna\u00adzio\u00adni\u2026 I pi\u00f9 atti\u00advi a vol\u00adte vogli\u00ado\u00adno pren\u00adde\u00adre a cal\u00adci nel sede\u00adre gli altri. Alcu\u00adni sono devas\u00adta\u00adti, ment\u00adre altri irra\u00addia\u00adno di nuo\u00advo spe\u00adran\u00adza. \u00c8 pos\u00adsi\u00adbi\u00adle una stret\u00adta fratel\u00adlan\u00adza nella chie\u00adsa? Il com\u00admen\u00adto di Ges\u00f9 \u00e8: \u00abTut\u00adto \u00e8 pos\u00adsi\u00adbi\u00adle a chi&nbsp;crede!<br>\nDob\u00adbia\u00admo tut\u00adti rima\u00adne\u00adre con\u00ads\u00adape\u00advo\u00adli che l\u2019av\u00adver\u00adsa\u00adrio non solo attac\u00adca la nos\u00adt\u00adra comu\u00adnio\u00adne con Dio, ma vuo\u00adle anche dis\u00adtrug\u00adge\u00adre la nos\u00adt\u00adra unio\u00adne. \u00c8 tris\u00adte che mol\u00adti fratel\u00adli e sor\u00adel\u00adle nella car\u00adne sia\u00adno in con\u00adtrasto; non si par\u00adla\u00adno pi\u00f9 e non vogli\u00ado\u00adno veder\u00adsi. Ques\u00adto \u00e8 tris\u00adte. \u00c8 anco\u00adra pi\u00f9 tra\u00adgi\u00adco quan\u00addo acca\u00adde tra fratel\u00adli e sor\u00adel\u00adle spi\u00adri\u00adtua\u00adli. La dot\u00adto\u00adres\u00adsa Sus\u00adan McHa\u00adle, ricer\u00adca\u00adtri\u00adce ame\u00adri\u00adca\u00adna sul\u00adle rela\u00adzio\u00adni tra fratel\u00adli e sor\u00adel\u00adle negli Sta\u00adti Uniti, dice: \u00abLa rela\u00adzio\u00adne tra fratel\u00adli e sor\u00adel\u00adle \u00e8 spes\u00adso la rela\u00adzio\u00adne pi\u00f9 dura\u00adtura che pos\u00adsia\u00admo ave\u00adre come esse\u00adri uma\u00adni. Ed \u00e8 anche importan\u00adte\u00bb, dice McHa\u00adle. Per\u00adch\u00e9 i suoi dati fino\u00adra mostra\u00adno che le per\u00adso\u00adne che sen\u00adto\u00adno anco\u00adra un legame stret\u00adto con i loro fratel\u00adli sono pi\u00f9 sane nei loro ulti\u00admi anni. Interessante!<br>\nSi \u00e8 sani in et\u00e0 avanza\u00adta se si ha anco\u00adra un buon rap\u00adpor\u00adto con i pro\u00adpri fratel\u00adli e sor\u00adel\u00adle fisi\u00adci! Quan\u00addo la Bibbia ci chi\u00adama ad ama\u00adre il nos\u00adtro prossi\u00admo, riguar\u00adda pri\u00adma di tut\u00adto il paren\u00adte pi\u00f9 prossi\u00admo, il fratel\u00adlo o la sor\u00adel\u00adla \u2013 non solo i fratel\u00adli fisi\u00adci, ma anche quel\u00adli spi\u00adri\u00adtua\u00adli. Dio ci chi\u00adama a ques\u00adto amo\u00adre, ma ci ha dato tut\u00adto per ren\u00adder\u00adlo pos\u00adsi\u00adbi\u00adle! In ques\u00adto modo, ti per\u00admet\u00adte di vive\u00adre una vita ric\u00adca\u00admen\u00adte sod\u00addis\u00adfat\u00adta che irra\u00addia gioia; e una tale vita ha un effet\u00adto posi\u00adtivo sul\u00adla tua salu\u00adte fisica.<br>\n\u00abVoglia\u00admo ama\u00adre per\u00adch\u00e9 lui per pri\u00admo ci ha ama\u00adto. Se uno dice: \u00abIo amo Dio\u00bb, ma odia il suo fratel\u00adlo, \u00e8 un bugi\u00adar\u00addo; per\u00adch\u00e9 se uno non ama le per\u00adso\u00adne che vede, come pu\u00f2 ama\u00adre Dio che non ha mai vis\u00adto? Dio stes\u00adso ci ha coman\u00adda\u00adto di ama\u00adre non solo lui ma anche il nos\u00adtro prossi\u00admo\u00bb (1 Gio\u00advan\u00adni 4:19\u201321 <span class=\"caps\">NL<\/span>).<br>\nLe cop\u00adpie spes\u00adso si pro\u00admet\u00adto\u00adno una rela\u00adzio\u00adne pro\u00adfon\u00adda e fede\u00adle duran\u00adte la loro ceri\u00admo\u00adnia di matri\u00admo\u00adnio con le paro\u00adle: \u00abS\u00ec, con l\u2019ai\u00aduto di Dio\u00bb. Per\u00adch\u00e9 non vive\u00adre le rela\u00adzio\u00adni eccle\u00adsia\u00adli qui tra noi con un semp\u00adre pre\u00adsen\u00adte: \u00abS\u00ec, con l\u2019ai\u00aduto di&nbsp;Dio!\u00bb.<br>\nAmen.<\/p>","protected":false},"excerpt":{"rendered":"<p>Tes\u00adto bibli\u00adco: 1 Gio\u00advan\u00adni 4:19\u201321 | Pre\u00addi\u00adca\u00adto\u00adre: Bern\u00adhard Hohl | Serie: Come voi e me | Noi esse\u00adri uma\u00adni sia\u00admo cos\u00ec diver\u00adsi, e anche noi cris\u00adtia\u00adni. Abbia\u00admo i nos\u00adtri gior\u00adni. Abbia\u00admo le nost\u00adre impron\u00adte. Abbia\u00admo le nost\u00adre pre\u00adfe\u00adren\u00adze. Abbia\u00admo le nost\u00adre aspett\u00ada\u00adti\u00adve. Abbia\u00admo le nost\u00adre incli\u00adna\u00adzio\u00adni\u2026 \u00c8 pos\u00adsi\u00adbi\u00adle una stret\u00adta fratel\u00adlan\u00adza nella congregazione?\u2026<\/p>","protected":false},"author":1,"featured_media":0,"comment_status":"closed","ping_status":"closed","template":"","wpfc_preacher":[35],"wpfc_sermon_series":[63],"wpfc_sermon_topics":[],"wpfc_bible_book":[],"wpfc_service_type":[12],"class_list":{"0":"wpfc_preacher-bernhard-hohl","1":"wpfc_sermon_series-wie-du-und-ich","2":"wpfc-sermon-single","3":"post-3011","4":"wpfc_sermon","5":"type-wpfc_sermon","6":"status-publish","7":"hentry","10":"wpfc_service_type-gottesdienst"},"acf":[],"sermons_blog_filters_topics":"\t\t\t\t<div class=\"sm-filtering\">\n\t\t\t\t\t<div id=\"wpfc_sermon_sorting\" class=\"no-spacing\">\n\t\t\t\t\t\t\t\t\t\t\t\t\t\n\t\t\t\t\t<div class=\"sortTopics\" style=\"display: inline-block\">\n\t\t\t\t<form action=\"https:\/\/sermons.seetal-chile.ch\/it\/wp-json\/wp\/v2\/wpfc_sermon\/3011\/\" method=\"get\">\n\t\t\t\t\t<select name=\"wpfc_sermon_topics\"\n\t\t\t\t\t\t\ttitle=\"Topic\"\n\t\t\t\t\t\t\tid=\"wpfc_sermon_topics\"\n\t\t\t\t\t\t\tonchange=\"if(this.options[this.selectedIndex].value !== ''){return this.form.submit()}else{window.location = window.location.href.split('?')[0];}\"\n\t\t\t\t\t\t\tautocomplete=\"off\"\n\t\t\t\t\t\t>\n\t\t\t\t\t\t<option value=\"\">Topic<\/option>\n\t\t\t\t\t\t<option value=\"freude\" >Freude<\/option><option value=\"heiliger-geist\" >Heiliger Geist<\/option><option value=\"hoffnung\" >Hoffnung<\/option><option value=\"liebe\" >Liebe<\/option><option value=\"pfingsten\" >Pfingsten<\/option>\t\t\t\t\t<\/select>\n\t\t\t\t\t\t\t\t\t\t\t\t\t\t\t\t\t\t\t\t\t\t\t\t\t<noscript>\n\t\t\t\t\t\t<div><input type=\"submit\" value=\"Submit\"\/><\/div>\n\t\t\t\t\t<\/noscript>\n\t\t\t\t<\/form>\n\t\t\t<\/div>\n\t\t\t\t\t\t\t\t\t\t\t\t\t\t\t\t\t\t<\/div>\n\t\t\t\t<\/div>\n\t\t\t\t","sermons_blog_filters_series":"\t\t\t\t<div class=\"sm-filtering\">\n\t\t\t\t\t<div id=\"wpfc_sermon_sorting\" class=\"no-spacing\">\n\t\t\t\t\t\t\t\t\n\t\t\t\t\t<div class=\"sortSeries\" style=\"display: inline-block\">\n\t\t\t\t<form action=\"https:\/\/sermons.seetal-chile.ch\/it\/wp-json\/wp\/v2\/wpfc_sermon\/3011\/\" method=\"get\">\n\t\t\t\t\t<select name=\"wpfc_sermon_series\"\n\t\t\t\t\t\t\ttitle=\"Series\"\n\t\t\t\t\t\t\tid=\"wpfc_sermon_series\"\n\t\t\t\t\t\t\tonchange=\"if(this.options[this.selectedIndex].value !== ''){return this.form.submit()}else{window.location = window.location.href.split('?')[0];}\"\n\t\t\t\t\t\t\tautocomplete=\"off\"\n\t\t\t\t\t\t>\n\t\t\t\t\t\t<option value=\"\">Series<\/option>\n\t\t\t\t\t\t<option value=\"abentueuer-gebaet\" >Abent\u00fc\u00fcr Geb\u00e4t<\/option><option value=\"advent-2019\" >Advent 2019<\/option><option value=\"bestseller-die-bibel\" >Bestseller - Die Bibel<\/option><option value=\"connected\" >connected<\/option><option value=\"creatio\" >CREATIO<\/option><option value=\"eifach-muetig\" >EIFACH muetig \u2013 mit Jesus als Vorbild<\/option><option value=\"einfach-leise-gegenwaertig\" >Einfach. Leise. Gegenw\u00e4rtig.<\/option><option value=\"folge-du-mir-nach\" >Folge du mir nach<\/option><option value=\"glow\" >glow<\/option><option value=\"heilig-heilig-heilig\" >Heilig - Heilig - Heilig<\/option><option value=\"metamorphose\" >Metamorphose<\/option><option value=\"reformation\" >Reformation<\/option><option value=\"seetal-chile-talk\" >seetal chile Talk<\/option><option value=\"teens-segnung\" >Teens Segnung<\/option><option value=\"weitsicht\" >Weitsicht<\/option><option value=\"wie-du-und-ich\" >Wie du und ich<\/option><option value=\"willkommen-daheim\" >Willkommen daheim<\/option>\t\t\t\t\t<\/select>\n\t\t\t\t\t\t\t\t\t\t\t\t\t\t\t\t\t\t\t\t\t\t\t\t\t<noscript>\n\t\t\t\t\t\t<div><input type=\"submit\" value=\"Submit\"\/><\/div>\n\t\t\t\t\t<\/noscript>\n\t\t\t\t<\/form>\n\t\t\t<\/div>\n\t\t\t\t\t\t\t\t\t\t\t\t\t\t\t\t\t\t\t\t\t\t\t<\/div>\n\t\t\t\t<\/div>\n\t\t\t\t","sermons_blog_filters_preachers":"\t\t\t\t<div class=\"sm-filtering\">\n\t\t\t\t\t<div id=\"wpfc_sermon_sorting\" class=\"no-spacing\">\n\t\t\t\n\t\t\t\t\t<div class=\"sortPreacher\" style=\"display: inline-block\">\n\t\t\t\t<form action=\"https:\/\/sermons.seetal-chile.ch\/it\/wp-json\/wp\/v2\/wpfc_sermon\/3011\/\" method=\"get\">\n\t\t\t\t\t<select name=\"wpfc_preacher\"\n\t\t\t\t\t\t\ttitle=\"Preacher\"\n\t\t\t\t\t\t\tid=\"wpfc_preacher\"\n\t\t\t\t\t\t\tonchange=\"if(this.options[this.selectedIndex].value !== ''){return this.form.submit()}else{window.location = window.location.href.split('?')[0];}\"\n\t\t\t\t\t\t\tautocomplete=\"off\"\n\t\t\t\t\t\t>\n\t\t\t\t\t\t<option value=\"\">Preacher<\/option>\n\t\t\t\t\t\t<option value=\"amin-afsharnaderi\" >Amin Afsharnaderi<\/option><option value=\"amir-khalid\" >Amir Khalid<\/option><option value=\"andre-heiniger\" >Andr\u00e9 Heiniger<\/option><option value=\"andreas-jakob\" >Andreas Jakob<\/option><option value=\"ansgar-gmuer\" >Ansgar Gm\u00fcr<\/option><option value=\"barbara-benz\" >Barbara Benz<\/option><option value=\"beat-ungricht\" >Beat Ungricht<\/option><option value=\"beati-forster\" >Beati Forster<\/option><option value=\"beni-leuenberger\" >Beni Leuenberger<\/option><option value=\"bernhard-hohl\" >Bernhard Hohl<\/option><option value=\"cedric-bruegger\" >C\u00e9dric Br\u00fcgger<\/option><option value=\"christian-haslebacher\" >Christian Haslebacher<\/option><option value=\"christian-seitz\" >Christian Seitz<\/option><option value=\"christoph-kunz\" >Christoph Kunz<\/option><option value=\"corinne-jost\" >Corinne Jost<\/option><option value=\"cornelia-roth\" >Cornelia Roth<\/option><option value=\"daniel-bieri\" >Daniel Bieri<\/option><option value=\"debora-sommer\" >Debora Sommer<\/option><option value=\"erich-hunziker\" >Erich Hunziker<\/option><option value=\"esther-wehrli\" >Esther Wehrli<\/option><option value=\"florian-glaser\" >Florian Glaser<\/option><option value=\"gaby-wentland\" >Gaby Wentland<\/option><option value=\"hans-doessegger\" >Hans D\u00f6ssegger<\/option><option value=\"harry-graf\" >Harry Graf<\/option><option value=\"ina-von-schoultz\" >Ina von Schoultz<\/option><option value=\"jan-timon-beck\" >Jan-Timon Beck<\/option><option value=\"john-ghanim\" >John Ghanim<\/option><option value=\"juergen-will\" >J\u00fcrgen Will<\/option><option value=\"markus-inaebnit\" >Markus In\u00e4bnit<\/option><option value=\"martin-dreyer\" >Martin Dreyer<\/option><option value=\"martin-kiener\" >Martin Kiener<\/option><option value=\"matthias-altwegg\" >Matthias Altwegg<\/option><option value=\"michael-bont\" >Michael Bont<\/option><option value=\"mohanathas-balasubramaniam\" >Mohanathas Balasubramaniam<\/option><option value=\"nathalie-schertenleib\" >Nathalie Schertenleib<\/option><option value=\"peter-inaebnit\" >Peter In\u00e4bnit<\/option><option value=\"peter-michel\" >Peter Michel<\/option><option value=\"rene-winkler\" >Ren\u00e9 Winkler<\/option><option value=\"roger-sigg\" >Roger Sigg<\/option><option value=\"simon-wick\" >Simon Wick<\/option><option value=\"stefan-schuepbach\" >Stefan Sch\u00fcpbach<\/option><option value=\"stephan-bolliger\" >Stephan Bolliger<\/option><option value=\"susanne-geske\" >Susanne Geske<\/option><option value=\"tabea-inaebnit\" >Tabea In\u00e4bnit<\/option><option value=\"thomas-grieve\" >Thomas Grieve<\/option><option value=\"tina-schmidt\" >Tina Schmidt<\/option><option value=\"werner-messmer\" >Werner Messmer<\/option><option value=\"wieland-mueller\" >Wieland M\u00fcller<\/option><option value=\"yanick-buehler\" >Yanick B\u00fchler<\/option><option value=\"yassir-eric\" >Yassir Eric<\/option>\t\t\t\t\t<\/select>\n\t\t\t\t\t\t\t\t\t\t\t\t\t\t\t\t\t\t\t\t\t\t\t\t\t<noscript>\n\t\t\t\t\t\t<div><input type=\"submit\" value=\"Submit\"\/><\/div>\n\t\t\t\t\t<\/noscript>\n\t\t\t\t<\/form>\n\t\t\t<\/div>\n\t\t\t\t\t\t\t\t\t\t\t\t\t\t\t\t\t\t\t\t\t\t\t\t\t\t\t\t<\/div>\n\t\t\t\t<\/div>\n\t\t\t\t","sermons_blog_filters_books":"\t\t\t\t<div class=\"sm-filtering\">\n\t\t\t\t\t<div id=\"wpfc_sermon_sorting\" class=\"no-spacing\">\n\t\t\t\t\t\t\t\t\t\t\t\t\t\t\t\t\t\t\n\t\t\t\t\t<div class=\"sortBooks\" style=\"display: inline-block\">\n\t\t\t\t<form action=\"https:\/\/sermons.seetal-chile.ch\/it\/wp-json\/wp\/v2\/wpfc_sermon\/3011\/\" method=\"get\">\n\t\t\t\t\t<select name=\"wpfc_bible_book\"\n\t\t\t\t\t\t\ttitle=\"Book\"\n\t\t\t\t\t\t\tid=\"wpfc_bible_book\"\n\t\t\t\t\t\t\tonchange=\"if(this.options[this.selectedIndex].value !== ''){return this.form.submit()}else{window.location = window.location.href.split('?')[0];}\"\n\t\t\t\t\t\t\tautocomplete=\"off\"\n\t\t\t\t\t\t>\n\t\t\t\t\t\t<option value=\"\">Book<\/option>\n\t\t\t\t\t\t\t\t\t\t\t<\/select>\n\t\t\t\t\t\t\t\t\t\t\t\t\t\t\t\t\t\t\t\t\t\t\t\t\t<noscript>\n\t\t\t\t\t\t<div><input type=\"submit\" value=\"Submit\"\/><\/div>\n\t\t\t\t\t<\/noscript>\n\t\t\t\t<\/form>\n\t\t\t<\/div>\n\t\t\t\t\t\t\t\t\t\t\t\t\t<\/div>\n\t\t\t\t<\/div>\n\t\t\t\t","sermons_blog_filters_service_types":"\t\t\t\t<div class=\"sm-filtering\">\n\t\t\t\t\t<div id=\"wpfc_sermon_sorting\" class=\"no-spacing\">\n\t\t\t\t\t\t\t\t\t\t\t\t\t\t\t\t\t\t\t\t\t\t\t\n\t\t\t\t\t<div class=\"sortServiceTypes\" style=\"display: inline-block\">\n\t\t\t\t<form action=\"https:\/\/sermons.seetal-chile.ch\/it\/wp-json\/wp\/v2\/wpfc_sermon\/3011\/\" method=\"get\">\n\t\t\t\t\t<select name=\"wpfc_service_type\"\n\t\t\t\t\t\t\ttitle=\"Service Type\"\n\t\t\t\t\t\t\tid=\"wpfc_service_type\"\n\t\t\t\t\t\t\tonchange=\"if(this.options[this.selectedIndex].value !== ''){return this.form.submit()}else{window.location = window.location.href.split('?')[0];}\"\n\t\t\t\t\t\t\tautocomplete=\"off\"\n\t\t\t\t\t\t>\n\t\t\t\t\t\t<option value=\"\">Service Type<\/option>\n\t\t\t\t\t\t<option value=\"glow-celebration\" >glow Celebration<\/option><option value=\"gottesdienst\" >Gottesdienst<\/option>\t\t\t\t\t<\/select>\n\t\t\t\t\t\t\t\t\t\t\t\t\t\t\t\t\t\t\t\t\t\t\t\t\t<noscript>\n\t\t\t\t\t\t<div><input type=\"submit\" value=\"Submit\"\/><\/div>\n\t\t\t\t\t<\/noscript>\n\t\t\t\t<\/form>\n\t\t\t<\/div>\n\t\t\t\t\t\t\t\t<\/div>\n\t\t\t\t<\/div>\n\t\t\t\t","sermons_blog_filters_dates":"\t\t\t\t<div class=\"sm-filtering\">\n\t\t\t\t\t<div id=\"wpfc_sermon_sorting\" class=\"no-spacing\">\n\t\t\t\t\t\t\t\t\t\t\t\t\t\t\t\t\t\t\t\t\t\t\t\t\t\t\t\t\n\t\t\t\t\t<div class=\"sortDates\" style=\"display: inline-block\">\n\t\t\t\t<form action=\"https:\/\/sermons.seetal-chile.ch\/it\/wp-json\/wp\/v2\/wpfc_sermon\/3011\/\" method=\"get\">\n\t\t\t\t\t<select name=\"wpfc_dates\"\n\t\t\t\t\t\t\ttitle=\"Date\"\n\t\t\t\t\t\t\tid=\"wpfc_dates\"\n\t\t\t\t\t\t\tonchange=\"if(this.options[this.selectedIndex].value !== ''){return this.form.submit()}else{window.location = window.location.href.split('?')[0];}\"\n\t\t\t\t\t\t\tautocomplete=\"off\"\n\t\t\t\t\t\t>\n\t\t\t\t\t\t<option value=\"\">Date<\/option>\n\t\t\t\t\t\t<option value=\"04-2026\" >Apr 2026<\/option><option value=\"03-2026\" >Mar 2026<\/option><option value=\"02-2026\" >Feb 2026<\/option><option value=\"01-2026\" >Jan 2026<\/option><option value=\"12-2025\" >Dec 2025<\/option><option value=\"11-2025\" >Nov 2025<\/option><option value=\"10-2025\" >Oct 2025<\/option><option value=\"09-2025\" >Sep 2025<\/option><option value=\"08-2025\" >Aug 2025<\/option><option value=\"07-2025\" >Jul 2025<\/option><option value=\"06-2025\" >Jun 2025<\/option><option value=\"05-2025\" >May 2025<\/option><option value=\"04-2025\" >Apr 2025<\/option><option value=\"03-2025\" >Mar 2025<\/option><option value=\"02-2025\" >Feb 2025<\/option><option value=\"01-2025\" >Jan 2025<\/option><option value=\"12-2024\" >Dec 2024<\/option><option value=\"11-2024\" >Nov 2024<\/option><option value=\"10-2024\" >Oct 2024<\/option><option value=\"09-2024\" >Sep 2024<\/option><option value=\"08-2024\" >Aug 2024<\/option><option value=\"07-2024\" >Jul 2024<\/option><option value=\"06-2024\" >Jun 2024<\/option><option value=\"05-2024\" >May 2024<\/option><option value=\"04-2024\" >Apr 2024<\/option><option value=\"03-2024\" >Mar 2024<\/option><option value=\"02-2024\" >Feb 2024<\/option><option value=\"01-2024\" >Jan 2024<\/option><option value=\"12-2023\" >Dec 2023<\/option><option value=\"11-2023\" >Nov 2023<\/option><option value=\"10-2023\" >Oct 2023<\/option><option value=\"09-2023\" >Sep 2023<\/option><option value=\"08-2023\" >Aug 2023<\/option><option value=\"07-2023\" >Jul 2023<\/option><option value=\"06-2023\" >Jun 2023<\/option><option value=\"05-2023\" >May 2023<\/option><option value=\"04-2023\" >Apr 2023<\/option><option value=\"03-2023\" >Mar 2023<\/option><option value=\"02-2023\" >Feb 2023<\/option><option value=\"01-2023\" >Jan 2023<\/option><option value=\"12-2022\" >Dec 2022<\/option><option value=\"11-2022\" >Nov 2022<\/option><option value=\"10-2022\" >Oct 2022<\/option><option value=\"09-2022\" >Sep 2022<\/option><option value=\"08-2022\" >Aug 2022<\/option><option value=\"07-2022\" >Jul 2022<\/option><option value=\"06-2022\" >Jun 2022<\/option><option value=\"05-2022\" >May 2022<\/option><option value=\"04-2022\" >Apr 2022<\/option><option value=\"03-2022\" >Mar 2022<\/option><option value=\"02-2022\" >Feb 2022<\/option><option value=\"01-2022\" >Jan 2022<\/option><option value=\"12-2021\" >Dec 2021<\/option><option value=\"11-2021\" >Nov 2021<\/option><option value=\"10-2021\" >Oct 2021<\/option><option value=\"09-2021\" >Sep 2021<\/option><option value=\"08-2021\" >Aug 2021<\/option><option value=\"07-2021\" >Jul 2021<\/option><option value=\"06-2021\" >Jun 2021<\/option><option value=\"05-2021\" >May 2021<\/option><option value=\"04-2021\" >Apr 2021<\/option><option value=\"03-2021\" >Mar 2021<\/option><option value=\"02-2021\" >Feb 2021<\/option><option value=\"01-2021\" >Jan 2021<\/option><option value=\"12-2020\" >Dec 2020<\/option><option value=\"11-2020\" >Nov 2020<\/option><option value=\"10-2020\" >Oct 2020<\/option><option value=\"09-2020\" >Sep 2020<\/option><option value=\"08-2020\" >Aug 2020<\/option><option value=\"07-2020\" >Jul 2020<\/option><option value=\"06-2020\" >Jun 2020<\/option><option value=\"05-2020\" >May 2020<\/option><option value=\"04-2020\" >Apr 2020<\/option><option value=\"03-2020\" >Mar 2020<\/option><option value=\"02-2020\" >Feb 2020<\/option><option value=\"01-2020\" >Jan 2020<\/option><option value=\"12-2019\" >Dec 2019<\/option><option value=\"11-2019\" >Nov 2019<\/option><option value=\"10-2019\" >Oct 2019<\/option><option value=\"09-2019\" >Sep 2019<\/option><option value=\"08-2019\" >Aug 2019<\/option><option value=\"07-2019\" >Jul 2019<\/option><option value=\"06-2019\" >Jun 2019<\/option><option value=\"05-2019\" >May 2019<\/option><option value=\"04-2019\" >Apr 2019<\/option><option value=\"03-2019\" >Mar 2019<\/option><option value=\"02-2019\" >Feb 2019<\/option><option value=\"01-2019\" >Jan 2019<\/option><option value=\"12-2018\" >Dec 2018<\/option><option value=\"11-2018\" >Nov 2018<\/option><option value=\"10-2018\" >Oct 2018<\/option><option value=\"09-2018\" >Sep 2018<\/option><option value=\"08-2018\" >Aug 2018<\/option><option value=\"07-2018\" >Jul 2018<\/option><option value=\"06-2018\" >Jun 2018<\/option><option value=\"05-2018\" >May 2018<\/option><option value=\"04-2018\" >Apr 2018<\/option><option value=\"03-2018\" >Mar 2018<\/option><option value=\"02-2018\" >Feb 2018<\/option><option value=\"01-2018\" >Jan 2018<\/option><option value=\"12-2017\" >Dec 2017<\/option><option value=\"11-2017\" >Nov 2017<\/option><option value=\"10-2017\" >Oct 2017<\/option><option value=\"09-2017\" >Sep 2017<\/option><option value=\"08-2017\" >Aug 2017<\/option><option value=\"07-2017\" >Jul 2017<\/option><option value=\"06-2017\" >Jun 2017<\/option><option value=\"05-2017\" >May 2017<\/option><option value=\"04-2017\" >Apr 2017<\/option><option value=\"03-2017\" >Mar 2017<\/option><option value=\"02-2017\" >Feb 2017<\/option><option value=\"01-2017\" >Jan 2017<\/option><option value=\"12-2016\" >Dec 2016<\/option><option value=\"11-2016\" >Nov 2016<\/option><option value=\"10-2016\" >Oct 2016<\/option><option value=\"09-2016\" >Sep 2016<\/option><option value=\"08-2016\" >Aug 2016<\/option><option value=\"07-2016\" >Jul 2016<\/option><option value=\"06-2016\" >Jun 2016<\/option><option value=\"05-2016\" >May 2016<\/option><option value=\"04-2016\" >Apr 2016<\/option><option value=\"03-2016\" >Mar 2016<\/option><option value=\"02-2016\" >Feb 2016<\/option><option value=\"01-2016\" >Jan 2016<\/option><option value=\"12-2015\" >Dec 2015<\/option><option value=\"11-2015\" >Nov 2015<\/option><option value=\"10-2015\" >Oct 2015<\/option><option value=\"09-2015\" >Sep 2015<\/option><option value=\"08-2015\" >Aug 2015<\/option><option value=\"07-2015\" >Jul 2015<\/option>\t\t\t\t\t<\/select>\n\t\t\t\t\t\t\t\t\t\t\t\t\t\t\t\t\t\t\t\t\t\t\t\t\t<noscript>\n\t\t\t\t\t\t<div><input type=\"submit\" value=\"Submit\"\/><\/div>\n\t\t\t\t\t<\/noscript>\n\t\t\t\t<\/form>\n\t\t\t<\/div>\n\t\t\t<\/div>\n\t\t\t\t<\/div>\n\t\t\t\t","sermons_blog_image_url":"https:\/\/sermons.seetal-chile.ch\/wp-content\/uploads\/2020\/01\/Serie_Wie-du-und-ich_large-scaled.jpg","sermons_blog_video":"<video controls preload=\"metadata\" class=\"wpfc-sermon-video-player \" data-plyr_seek='0'><source src=\"https:\/\/youtu.be\/lLAPPTSR44I\"><\/video>","sermons_blog_series":"<a href=\"https:\/\/sermons.seetal-chile.ch\/it\/series\/wie-du-und-ich\/\" rel=\"tag\">Wie du und ich<\/a>","sermons_blog_meta_sermon_description":"Wir Menschen sind so verschieden, genauso wir Christen. Wir haben unsere Tage. Wir haben unsere Pr\u00e4gungen. Wir haben unsere Vorlieben. Wir haben unsere Erwartungen. Wir haben unsere Neigungen\u2026 Ist da&hellip;","sermons_blog_show_readmore":true,"sermons_blog_audio":"<audio controls preload=\"metadata\" class=\"wpfc-sermon-player \" ><source src=\"https:\/\/resources.seetal-chile.ch\/files\/predigten\/mp3\/predigt_200802.mp3\" type=\"audio\/mp3\"><\/audio>","sermons_blog_preacher_image":"<a href=\"https:\/\/sermons.seetal-chile.ch\/it\/preacher\/bernhard-hohl\/\"><img width=\"150\" height=\"150\" src=\"https:\/\/sermons.seetal-chile.ch\/wp-content\/uploads\/2018\/11\/Redner_Bernhard-Hohl-150x150.jpg\" class=\"attachment-thumbnail size-thumbnail\" alt=\"\" decoding=\"async\" loading=\"lazy\" srcset=\"https:\/\/sermons.seetal-chile.ch\/wp-content\/uploads\/2018\/11\/Redner_Bernhard-Hohl-150x150.jpg 150w, https:\/\/sermons.seetal-chile.ch\/wp-content\/uploads\/2018\/11\/Redner_Bernhard-Hohl-300x300.jpg 300w, https:\/\/sermons.seetal-chile.ch\/wp-content\/uploads\/2018\/11\/Redner_Bernhard-Hohl-768x768.jpg 768w, https:\/\/sermons.seetal-chile.ch\/wp-content\/uploads\/2018\/11\/Redner_Bernhard-Hohl-1024x1024.jpg 1024w, https:\/\/sermons.seetal-chile.ch\/wp-content\/uploads\/2018\/11\/Redner_Bernhard-Hohl-75x75.jpg 75w, https:\/\/sermons.seetal-chile.ch\/wp-content\/uploads\/2018\/11\/Redner_Bernhard-Hohl.jpg 1920w\" sizes=\"auto, (max-width: 150px) 100vw, 150px\" \/><\/a>","sermons_blog_preacher":"<a href=\"https:\/\/sermons.seetal-chile.ch\/it\/preacher\/bernhard-hohl\/\" rel=\"tag\">Bernhard Hohl<\/a>","sermons_blog_bible_passage":"1. Johannes 4,19-21","sermons_blog_service_type":"<a href=\"https:\/\/sermons.seetal-chile.ch\/it\/service-type\/gottesdienst\/\" rel=\"tag\">Gottesdienst<\/a>","sermon_audio":"https:\/\/resources.seetal-chile.ch\/files\/predigten\/mp3\/predigt_200802.mp3","sermon_audio_duration":"","_views":"6050","bible_passage":"1. Johannes 4,19-21","sermon_video_embed":"","sermon_video_url":"https:\/\/youtu.be\/lLAPPTSR44I","sermon_bulletin":"","_featured_url":false,"sermon_date":1596361517,"_sermon_date_auto":false,"_links":{"self":[{"href":"https:\/\/sermons.seetal-chile.ch\/it\/wp-json\/wp\/v2\/wpfc_sermon\/3011","targetHints":{"allow":["GET"]}}],"collection":[{"href":"https:\/\/sermons.seetal-chile.ch\/it\/wp-json\/wp\/v2\/wpfc_sermon"}],"about":[{"href":"https:\/\/sermons.seetal-chile.ch\/it\/wp-json\/wp\/v2\/types\/wpfc_sermon"}],"author":[{"embeddable":true,"href":"https:\/\/sermons.seetal-chile.ch\/it\/wp-json\/wp\/v2\/users\/1"}],"replies":[{"embeddable":true,"href":"https:\/\/sermons.seetal-chile.ch\/it\/wp-json\/wp\/v2\/comments?post=3011"}],"version-history":[{"count":11,"href":"https:\/\/sermons.seetal-chile.ch\/it\/wp-json\/wp\/v2\/wpfc_sermon\/3011\/revisions"}],"predecessor-version":[{"id":3022,"href":"https:\/\/sermons.seetal-chile.ch\/it\/wp-json\/wp\/v2\/wpfc_sermon\/3011\/revisions\/3022"}],"wp:attachment":[{"href":"https:\/\/sermons.seetal-chile.ch\/it\/wp-json\/wp\/v2\/media?parent=3011"}],"wp:term":[{"taxonomy":"wpfc_preacher","embeddable":true,"href":"https:\/\/sermons.seetal-chile.ch\/it\/wp-json\/wp\/v2\/wpfc_preacher?post=3011"},{"taxonomy":"wpfc_sermon_series","embeddable":true,"href":"https:\/\/sermons.seetal-chile.ch\/it\/wp-json\/wp\/v2\/wpfc_sermon_series?post=3011"},{"taxonomy":"wpfc_sermon_topics","embeddable":true,"href":"https:\/\/sermons.seetal-chile.ch\/it\/wp-json\/wp\/v2\/wpfc_sermon_topics?post=3011"},{"taxonomy":"wpfc_bible_book","embeddable":true,"href":"https:\/\/sermons.seetal-chile.ch\/it\/wp-json\/wp\/v2\/wpfc_bible_book?post=3011"},{"taxonomy":"wpfc_service_type","embeddable":true,"href":"https:\/\/sermons.seetal-chile.ch\/it\/wp-json\/wp\/v2\/wpfc_service_type?post=3011"}],"curies":[{"name":"wp","href":"https:\/\/api.w.org\/{rel}","templated":true}]}}