{"id":2929,"date":"2020-06-28T09:45:48","date_gmt":"2020-06-28T07:45:48","guid":{"rendered":"https:\/\/sermons.seetal-chile.ch\/?post_type=wpfc_sermon&#038;p=2929"},"modified":"2020-06-28T16:46:29","modified_gmt":"2020-06-28T14:46:29","slug":"elia-kraftvolles-beten","status":"publish","type":"wpfc_sermon","link":"https:\/\/sermons.seetal-chile.ch\/it\/sermons\/elia-kraftvolles-beten\/","title":{"rendered":"Elia \u2013 preg\u00adhie\u00adra potente"},"content":{"rendered":"<p>Tes\u00adto bibli\u00adco: Gia\u00adco\u00admo 5:14\u201317 | Pre\u00addi\u00adca\u00adto\u00adre: Mar\u00adtin von Schoultz | Serie: Come voi e me | Le preg\u00adhie\u00adre sono pro\u00adfon\u00adda\u00admen\u00adte radi\u00adca\u00adte in una rela\u00adzio\u00adne atti\u00adva con Dio. Si bas\u00ada\u00adno sul chie\u00adde\u00adre ripe\u00adtu\u00adtamen\u00adte a Dio cosa vuo\u00adle fare, per poi pre\u00adga\u00adre e agi\u00adre di con\u00adse\u00adguen\u00adza. Se non appro\u00adfon\u00addia\u00admo il nos\u00adtro rap\u00adpor\u00adto con Ges\u00f9, le nost\u00adre preg\u00adhie\u00adre sono inef\u00adfi\u00adca\u00adci e non col\u00adpis\u00adco\u00adno nel&nbsp;segno.<\/p>\n<p>Wow, l\u2019a\u00adve\u00adte vis\u00adto a tea\u00adt\u00adro, ques\u00adto ser\u00admo\u00adne di oggi \u00e8 sul\u00adla preg\u00adhie\u00adra! E mol\u00adto clas\u00adsi\u00adca\u00admen\u00adte \u00e8 sta\u00adto mostra\u00adto nella preg\u00adhie\u00adra di gua\u00adri\u00adgio\u00adne. Ma voglio dire subi\u00adto che oggi non si trat\u00adta solo del\u00adla preg\u00adhie\u00adra per la gua\u00adri\u00adgio\u00adne, ma di una preg\u00adhie\u00adra poten\u00adte! E la Let\u00adte\u00adra di Gia\u00adco\u00admo sa tut\u00adto di ques\u00adto! Leg\u00adgi\u00ada\u00admo insie\u00adme il tes\u00adto in Gia\u00adco\u00admo 5:16b-17.<br>\n\u00abMol\u00adto \u00e8 l\u2019ef\u00adfet\u00adto del\u00adla preg\u00adhie\u00adra di un uomo gius\u00adto. Elia era un uomo con la stes\u00adsa men\u00adta\u00adli\u00adt\u00e0 che abbia\u00admo noi; pre\u00adg\u00f2 arden\u00adte\u00admen\u00adte per\u00adch\u00e9 non pio\u00adve\u00ads\u00adse, e non piov\u00adve sul\u00adla ter\u00adra per tre anni e sei mesi. E di nuo\u00advo pre\u00adg\u00f2, e i cie\u00adli diede\u00adro la piog\u00adgia e la ter\u00adra por\u00adt\u00f2 i suoi frut\u00adti\u00bb (Gia\u00adco\u00admo 5:16b-17 Elb).<br>\nBiso\u00adgna lasciar\u00adse\u00adlo sci\u00advo\u00adla\u00adre dal\u00adla lin\u00adgua: \u00abLa preg\u00adhie\u00adra di un uomo gius\u00adto ha un effet\u00adto poten\u00adte! Sem\u00adbra un tes\u00adto incorag\u00adgi\u00adan\u00adte! Non \u00e8 cos\u00ec? Non \u00e8 cos\u00ec? For\u00adse ora ave\u00adte ascolt\u00ada\u00adto il bra\u00adno e ave\u00adte pen\u00adsa\u00adto: \u00abAspett\u00ada\u00adte un atti\u00admo, ho l\u2019im\u00adpres\u00adsio\u00adne che la mia preg\u00adhie\u00adra sia in gra\u00addo di fare mol\u00adto?\u00bb. Che cosa signi\u00adfi\u00adca \u00abmol\u00adto\u00bb?  E poi c\u2019\u00e8 anche l\u2019es\u00adem\u00adpio di Elia che pre\u00adga per\u00adch\u00e9 non pio\u00adva per tre anni. Voglio dire \u00abandia\u00admo\u00bb, chi di noi ha vis\u00adsuto ques\u00adta esperienza?<br>\nSai quan\u00addo una relazione\/testimonianza dov\u00adreb\u00adbe incorag\u00adgi\u00adar\u00adti nella fede, ma fa il con\u00adtra\u00adrio? Vedo due vico\u00adli cie\u00adchi in cui finia\u00admo spesso.<br>\nIl pri\u00admo vico\u00adlo cie\u00adco si pre\u00adsen\u00adta cos\u00ec: Sen\u00adti\u00adamo una rela\u00adzio\u00adne, leg\u00adgi\u00ada\u00admo un pas\u00adso del\u00adla Bibbia e poi ci scorag\u00adgi\u00ada\u00admo per\u00adch\u00e9 tut\u00adto sem\u00adbra irrag\u00adgi\u00adungi\u00adbi\u00adle. Io chi\u00adamo ques\u00adto vico\u00adlo cie\u00adco \u00abvico\u00adlo cie\u00adco del\u00adlo scoraggiamento\u00bb.&nbsp;<br>\nLa secon\u00adda impas\u00adse \u00e8 l\u00bb&nbsp;\u00bbimpas\u00adse del\u00adla rela\u00adti\u00advi\u00adz\u00adza\u00adzio\u00adne\u00bb. For\u00adse lo sape\u00adte anche voi: leg\u00adge\u00adte un pas\u00adso del\u00adla Bibbia come \u00abmol\u00adte cose sono pos\u00adsi\u00adbi\u00adli nella preg\u00adhie\u00adra di un uomo gius\u00adto\u00bb e per pro\u00adte\u00adzio\u00adne lo met\u00adte\u00adte in pro\u00ads\u00adpet\u00adti\u00adva per la vos\u00adtra vita. \u00abHa fun\u00adzio\u00adna\u00adto per Elia con la piog\u00adgia, ma non deve esse\u00adre cos\u00ec gran\u00adde per me\u00bb o \u00abMi pia\u00adce pre\u00adga\u00adre per la gua\u00adri\u00adgio\u00adne, ma non deve acca\u00adde\u00adre, dopo tut\u00adto, non sono affa\u00adri miei, ma di Dio\u00bb. Cono\u00adsce\u00adte ques\u00adte linee di pensiero?<br>\nPur\u00adtrop\u00adpo, ques\u00adti vico\u00adli cie\u00adchi non ci porta\u00adno dove il tes\u00adto vuo\u00adle con\u00addurci. Il pri\u00admo indi\u00adzio lo tro\u00advia\u00admo nel ver\u00adset\u00adto 17, dove si dice: \u00abElia era un uomo come noi\u00bb. Come te e me! Elia non era pi\u00f9 bene\u00addet\u00adto di noi, non ave\u00adva pi\u00f9 Spi\u00adri\u00adto San\u00adto a dis\u00adpo\u00adsi\u00adzio\u00adne o altri van\u00adtag\u00adgi che noi non abbia\u00admo. Ci ren\u00addia\u00admo con\u00adto del\u00adla por\u00adta\u00adta di ques\u00adto con\u00adfron\u00adto. Elia era una per\u00adso\u00adna come noi. For\u00adse dob\u00adbia\u00admo pri\u00adma vede\u00adre chi era effet\u00adti\u00adva\u00admen\u00adte Elia. Elia era un pro\u00adfe\u00adta del\u00adl\u2019An\u00adti\u00adco Tes\u00adta\u00admen\u00adto. E non un pro\u00adfe\u00adta qual\u00adsi\u00ada\u00adsi, ma pra\u00adti\u00adca\u00admen\u00adte il pro\u00adfe\u00adta pi\u00f9 importan\u00adte di tut\u00adti. La sua mis\u00adsio\u00adne da par\u00adte di Dio era quella di con\u00addur\u00adre il popo\u00adlo di Dio lon\u00adta\u00adno dal cul\u00adto degli dei. Per esem\u00adpio, una vol\u00adta sfi\u00add\u00f2 450 pro\u00adf\u00ade\u00adti di Baal. Il dio che per pri\u00admo rispon\u00adde alle preg\u00adhie\u00adre con il fuo\u00adco dal cie\u00adlo, ques\u00adto \u00e8 il vero dio. Ment\u00adre i sacer\u00addo\u00adti inter\u00adrup\u00adpe\u00adro le loro preg\u00adhie\u00adre dopo diver\u00adse ore e si arre\u00adse\u00adro, Elia pre\u00adg\u00f2 una vol\u00adta e Dio ris\u00adpo\u00adse con il fuo\u00adco (1Re 18). In segui\u00adto man\u00add\u00f2 a dire al re che la piog\u00adgia sareb\u00adbe tor\u00adna\u00adta e poco dopo ini\u00adzi\u00f2 a pio\u00adve\u00adre dav\u00advero. Ehi, ques\u00adto Elia sem\u00adbra cos\u00ec spe\u00adcia\u00adle, ma qui \u00e8 chi\u00adama\u00adto \u00abun uomo come noi\u00bb.  Capi\u00adte cosa signi\u00adfi\u00adca? Ci\u00f2 signi\u00adfi\u00adca che l\u2019in\u00adte\u00adra gam\u00adma di ci\u00f2 che Elia ha vis\u00adsuto pu\u00f2 esse\u00adre vis\u00adsu\u00adta anche da&nbsp;noi.&nbsp;<br>\nA ci\u00f2 si aggi\u00adun\u00adga che ci\u00f2 \u00e8 in linea con quan\u00adto dice Ges\u00f9: \u00abSe pre\u00adga\u00adte e chie\u00adde\u00adte qual\u00adche cosa, cre\u00adde\u00adte che l\u2019av\u00adre\u00adte rice\u00advu\u00adta e la richies\u00adta vi sar\u00e0 accol\u00adta, qualun\u00adque essa sia\u00bb (Mar\u00adco 11:24 <span class=\"caps\">NG\u00dc<\/span>). \u00c8 anche inter\u00ades\u00adsan\u00adte qui che una per\u00adso\u00adna del\u00adlo stes\u00adso tipo, signi\u00adfi\u00adca tan\u00adto quan\u00adto \u00abuna per\u00adso\u00adna del\u00adlo stes\u00adso tipo di pec\u00adca\u00adto!\u00bb. O anche \u00abuna per\u00adso\u00adna altrett\u00adan\u00adto sfi\u00adda\u00adta nella fede come noi\u00bb. Wow, Gia\u00adco\u00admo \u00e8 incre\u00addi\u00adbilm\u00aden\u00adte atten\u00addista, nel\u00adlo stes\u00adso pas\u00adso pos\u00adsia\u00admo anche leg\u00adge\u00adre: \u00abSe qual\u00adcu\u00adno di voi \u00e8 mala\u00adto, lascia\u00adte\u00adlo pre\u00adga\u00adre e la preg\u00adhie\u00adra lo sal\u00adver\u00e0\u00bb (secon\u00addo Gia\u00adco\u00admo 5:14\u201315 Elb).<br>\n\u00c8 pos\u00adsi\u00adbi\u00adle che abbia\u00admo per\u00adso ques\u00adta aspett\u00ada\u00adti\u00adva? L\u2019as\u00adpett\u00ada\u00adti\u00adva che le nost\u00adre preg\u00adhie\u00adre poss\u00ada\u00adno dav\u00advero fer\u00adma\u00adre la piog\u00adgia per tre anni, che i mala\u00adti ven\u00adga\u00adno gua\u00adri\u00adti imme\u00addia\u00adta\u00admen\u00adte, che i pro\u00adble\u00admi finan\u00adzia\u00adri scom\u00adpai\u00ada\u00adno o che le per\u00adso\u00adne che si sono allon\u00adtana\u00adte da Dio si rivol\u00adga\u00adno di nuo\u00advo a Lui. Spes\u00adso le nost\u00adre aspett\u00ada\u00adti\u00adve si rif\u00adlet\u00adto\u00adno nel\u00adle nost\u00adre preg\u00adhie\u00adre. Le vost\u00adre preg\u00adhie\u00adre suo\u00adn\u00adano pi\u00f9 come: \u00abNel nome di Ges\u00f9 sia gua\u00adri\u00adto, oppu\u00adre Signo\u00adre, se vuoi puoi gua\u00adrir\u00adlo, ma se no dimostrag\u00adli che lo ami comun\u00adque ecc.\u00bb. Spes\u00adso cer\u00adchi\u00adamo di copri\u00adre tut\u00adte le even\u00adtua\u00adli\u00adt\u00e0 nella preg\u00adhie\u00adra, in modo che, qualun\u00adque cosa acca\u00adda, Dio abbia ris\u00adpos\u00adto alla preg\u00adhie\u00adra. No, abbia\u00admo un\u2019as\u00adpett\u00ada\u00adti\u00adva ele\u00advata per\u00adch\u00e9 Gia\u00adco\u00admo ci dice che sia\u00admo come Elia. Ma ora ci tro\u00advia\u00admo anco\u00adra di fron\u00adte al pro\u00adble\u00adma che spes\u00adso le nost\u00adre preg\u00adhie\u00adre non han\u00adno la gran\u00adde effi\u00adca\u00adcia che ha avu\u00adto&nbsp;Elia.<br>\nLa cosa posi\u00adti\u00adva \u00e8 che il tes\u00adto par\u00adla anche di effi\u00adca\u00adcia e ques\u00adto \u00e8 il nos\u00adtro secon\u00addo indi\u00adzio. \u00abLa preg\u00adhie\u00adra di un uomo gius\u00adto ha un effet\u00adto poten\u00adte\u00bb. Qui la tra\u00addu\u00adzi\u00ado\u00adne in tedes\u00adco \u00e8 un po\u00bb infe\u00adli\u00adce. In ing\u00adle\u00adse suon\u00ader\u00adeb\u00adbe pi\u00f9 come: \u00abUna preg\u00adhie\u00adra effi\u00adcace di un uomo gius\u00adto, che \u00e8 in gra\u00addo di fare mol\u00adto\u00bb. Spes\u00adso con\u00adside\u00adria\u00admo solo ques\u00adto \u00abmol\u00adto\u00bb, ma l\u2019at\u00adten\u00adzio\u00adne dov\u00adreb\u00adbe esse\u00adre pi\u00f9 sul\u00adla preg\u00adhie\u00adra effi\u00adcace. In gre\u00adco, effi\u00adcace signi\u00adfi\u00adca \u00abispi\u00adra\u00adto dal\u00adlo Spi\u00adri\u00adto San\u00adto\u00bb. Le preg\u00adhie\u00adre non sono effi\u00adca\u00adci solo per\u00adch\u00e9 abbia\u00admo un\u2019as\u00adpett\u00ada\u00adti\u00adva o per\u00adch\u00e9 non abbia\u00admo dub\u00adbi che il Signo\u00adre rispon\u00adder\u00e0 alle nost\u00adre preg\u00adhie\u00adre. Piut\u00adtosto, le preg\u00adhie\u00adre sono effi\u00adca\u00adci quan\u00addo pro\u00adven\u00adgo\u00adno dal\u00adlo Spi\u00adri\u00adto San\u00adto. Roma\u00adni 8:26 dice qual\u00adco\u00adsa al riguar\u00addo: \u00abE anche lo Spi\u00adri\u00adto di \u00abDio\u00bb inter\u00adce\u00adde per noi con sup\u00adpli\u00adche e gemi\u00adti; egli esprime ci\u00f2 che non pos\u00adsia\u00admo dire con le nost\u00adre paro\u00adle. In ques\u00adto modo egli ci vie\u00adne in aiuto nella nos\u00adt\u00adra debo\u00adlez\u00adza, per\u00adch\u00e9 non sap\u00adpia\u00admo pre\u00adga\u00adre bene\u00bb (Roma\u00adni 8:26 <span class=\"caps\">NG\u00dc<\/span>). In real\u00adt\u00e0 non sap\u00adpia\u00admo come pre\u00adga\u00adre, ma lo Spi\u00adri\u00adto San\u00adto lo sa e quan\u00addo ce lo dice, pos\u00adsia\u00admo pre\u00adga\u00adre e ques\u00adto accade!<br>\nQues\u00adto \u00e8 il motivo per cui Elia vie\u00adne dato come esem\u00adpio. Per\u00adch\u00e9 la pri\u00adma vol\u00adta che sen\u00adti\u00adamo parl\u00ada\u00adre di Elia \u00e8 in 1 Re 17, dove Elia dice al re Ach\u00adab: \u00abCome vive l\u2019E\u00adter\u00adno, il Dio d\u2019Is\u00adrae\u00adle, davan\u00adti al qua\u00adle io sto, quan\u00addo ci sar\u00e0 rugia\u00adda e piog\u00adgia in ques\u00adti anni, se non sul\u00adla mia paro\u00adla\u00bb (1 Re 17:1 Elb). Non leg\u00adgi\u00ada\u00admo nem\u00admeno che Elia abbia pre\u00adga\u00adto. Non si dice che Elia non abbia pre\u00adga\u00adto, ma il tes\u00adto mos\u00adtra piut\u00adtosto il rap\u00adpor\u00adto tra Dio ed Elia. Pro\u00adba\u00adbilm\u00aden\u00adte Elia pre\u00adg\u00f2: \u00abDio, cosa vuoi fare?\u00bb. E Dio gli spie\u00adg\u00f2 che ci sareb\u00adbe sta\u00adta una sic\u00adci\u00adt\u00e0. E su ques\u00adto regn\u00f2&nbsp;Elia.<br>\nQues\u00adto ci mos\u00adtra quan\u00adto la preg\u00adhie\u00adra sia for\u00adte\u00admen\u00adte basa\u00adta sul\u00adla rela\u00adzio\u00adne con Dio. Se non appro\u00adfon\u00addia\u00admo il nos\u00adtro rap\u00adpor\u00adto con Ges\u00f9, le nost\u00adre preg\u00adhie\u00adre saran\u00adno inef\u00adfi\u00adca\u00adci. \u00c8 come gio\u00adca\u00adre a frec\u00adcet\u00adte con gli occhi ben\u00adda\u00adti, le nost\u00adre preg\u00adhie\u00adre non col\u00adpis\u00adco\u00adno il ber\u00adsaglio. E so che mol\u00adte del\u00adle mie preg\u00adhie\u00adre non han\u00adno col\u00adpi\u00adto nel seg\u00adno. \u00c8 dif\u00adfi\u00adci\u00adle! Ed \u00e8 qui che for\u00adse dob\u00adbia\u00admo fare un bel pas\u00adso indie\u00adtro! Ma non voglia\u00admo resta\u00adre qui! Per\u00adch\u00e9 ques\u00adto sareb\u00adbe il vico\u00adlo cie\u00adco del\u00adlo scorag\u00adgi\u00ada\u00admen\u00adto, ma il nos\u00adtro tes\u00adto bibli\u00adco \u00e8 incorag\u00adgi\u00adan\u00adte. Cre\u00addo che pos\u00adsia\u00admo toglier\u00adci ques\u00adta ben\u00adda, o meglio anco\u00adra, pos\u00adsia\u00admo lascia\u00adre che sia Dio a toglier\u00adla. Dice infat\u00adti: \u00abMol\u00adto \u00e8 l\u2019ef\u00adfet\u00adto di una gius\u00adta preg\u00adhie\u00adra\u00bb. Ehi, quan\u00addo la Bibbia par\u00adla di giu\u00ads\u00adti, non inten\u00adde i mora\u00adlis\u00adti, ma semp\u00adre Ges\u00f9 o colo\u00adro che sono lega\u00adti a Ges\u00f9. S\u00ec, Ges\u00f9 ren\u00adde voi e me giu\u00ads\u00adti! Vuo\u00adle far\u00advi il rega\u00adlo e toglier\u00advi com\u00adple\u00adta\u00admen\u00adte la ben\u00adda. \u00abDio ha fat\u00adto s\u00ec che colui che era sen\u00adza pec\u00adca\u00adto fos\u00adse pec\u00adca\u00adto per noi, affin\u00adch\u00e9, gra\u00adzie all\u2019u\u00adnio\u00adne con lui, aves\u00adsi\u00admo la giu\u00ads\u00adti\u00adzia per sta\u00adre davan\u00adti a Dio\u00bb (2 Corin\u00adzi 5:21&nbsp;<span class=\"caps\">NG\u00dc<\/span>).<br>\nFor\u00adse ora capi\u00adte per\u00adch\u00e9 sono un fan di ques\u00adto tes\u00adto bibli\u00adco. Ques\u00adto pas\u00adso di Gia\u00adco\u00admo non ci dice di cosa abbia\u00admo biso\u00adg\u00adno per una preg\u00adhie\u00adra poten\u00adte, ma che abbia\u00admo gi\u00e0 tut\u00adto. Il cuo\u00adre di ques\u00adto tes\u00adto \u00e8 la rela\u00adzio\u00adne con Dio: ave\u00adte una rela\u00adzio\u00adne con Dio? E se s\u00ec, che aspet\u00adto ha ques\u00adta rela\u00adzio\u00adne per voi? Per\u00adch\u00e9, secon\u00addo Elia, ques\u00adta rela\u00adzio\u00adne \u00e8 un attac\u00adca\u00admen\u00adto attivo a Dio. Una rela\u00adzio\u00adne che chie\u00adde semp\u00adre: \u00abDio, cosa vuoi fare?\u00bb. Una rela\u00adzio\u00adne che ini\u00adzia a com\u00adpren\u00adde\u00adre le paro\u00adle del\u00adlo Spi\u00adri\u00adto San\u00adto e ad agi\u00adre in base ad esse. For\u00adse sta\u00adte dicen\u00addo: \u00abNon ho un vero rap\u00adpor\u00adto con Dio, ma lo voglio\u00bb, all\u00ado\u00adra voglio invi\u00adtar\u00advi a pre\u00adga\u00adre con me. O for\u00adse pen\u00adsa\u00adte: \u00abHo un rap\u00adpor\u00adto con Dio, ma voglio appro\u00adfond\u00adir\u00adlo\u00bb, all\u00ado\u00adra pre\u00adga\u00adte con&nbsp;me.<br>\nInfi\u00adne, vor\u00adrei incorag\u00adgi\u00adar\u00advi anco\u00adra una vol\u00adta. Ora, se una preg\u00adhie\u00adra non sor\u00adtis\u00adce il suo effet\u00adto, non dite cose come: \u00abFor\u00adse Dio ha volu\u00adto fare qual\u00adcos\u2019al\u00adt\u00adro, non pos\u00adso saper\u00adlo, in fon\u00addo tut\u00adto \u00e8 nel\u00adle sue mani\u00bb. S\u00ec, \u00e8 vero che \u00e8 nel\u00adle mani di Dio, ma \u00e8 nel\u00adle nost\u00adre mani con\u00adti\u00adnu\u00adare a chie\u00adde\u00adre a Dio cosa vuo\u00adle fare. La preg\u00adhie\u00adra poten\u00adte nas\u00adce dal\u00adla con\u00adne\u00ads\u00adsio\u00adne con Ges\u00f9, dal chie\u00addergli cosa vuo\u00adle fare e dal pre\u00adga\u00adre e agi\u00adre di conseguenza.<br>\n&nbsp;<br>\n&nbsp;<br>\n&nbsp;<br>\n&nbsp;<br>\n&nbsp;<br>\nPos\u00adsi\u00adbi\u00adli doman\u00adde per i pic\u00adco\u00adli gruppi<br>\nLeg\u00adgi il tes\u00adto del\u00adla Bibbia: Gia\u00adco\u00admo 5:14\u201317<\/p>\n<p>\tLe vost\u00adre preg\u00adhie\u00adre rif\u00adlet\u00adto\u00adno le vost\u00adre aspett\u00ada\u00adti\u00adve. Come si&nbsp;prega?<br>\n\tQuan\u00adto spes\u00adso chie\u00addo a Dio cosa vuo\u00adle fare e per cosa dov\u00adrei pregare?<br>\n\tSe voglio appro\u00adfond\u00adire la mia rela\u00adzio\u00adne con Dio, qua\u00adli sono i miei prossi\u00admi pas\u00adsi concreti?<\/p>","protected":false},"excerpt":{"rendered":"<p>Tes\u00adto bibli\u00adco: Gia\u00adco\u00admo 5:14\u201317 | Pre\u00addi\u00adca\u00adto\u00adre: Mar\u00adtin von Schoultz | Serie: Come voi e me | Le preg\u00adhie\u00adre sono pro\u00adfon\u00adda\u00admen\u00adte radi\u00adca\u00adte in una rela\u00adzio\u00adne atti\u00adva con Dio. Si bas\u00ada\u00adno sul chie\u00adde\u00adre ripe\u00adtu\u00adtamen\u00adte a Dio cosa vuo\u00adle fare, per poi pre\u00adga\u00adre e agi\u00adre di con\u00adse\u00adguen\u00adza. Se non appro\u00adfon\u00addia\u00admo la nos\u00adt\u00adra rela\u00adzio\u00adne con&nbsp;Ges\u00f9,\u2026<\/p>","protected":false},"author":1,"featured_media":0,"comment_status":"closed","ping_status":"closed","template":"","wpfc_preacher":[],"wpfc_sermon_series":[63],"wpfc_sermon_topics":[],"wpfc_bible_book":[],"wpfc_service_type":[12],"class_list":{"0":"wpfc_sermon_series-wie-du-und-ich","1":"wpfc-sermon-single","2":"post-2929","3":"wpfc_sermon","4":"type-wpfc_sermon","5":"status-publish","6":"hentry","8":"wpfc_service_type-gottesdienst"},"acf":[],"sermons_blog_filters_topics":"\t\t\t\t<div class=\"sm-filtering\">\n\t\t\t\t\t<div id=\"wpfc_sermon_sorting\" class=\"no-spacing\">\n\t\t\t\t\t\t\t\t\t\t\t\t\t\n\t\t\t\t\t<div class=\"sortTopics\" style=\"display: inline-block\">\n\t\t\t\t<form action=\"https:\/\/sermons.seetal-chile.ch\/it\/wp-json\/wp\/v2\/wpfc_sermon\/2929\/\" method=\"get\">\n\t\t\t\t\t<select name=\"wpfc_sermon_topics\"\n\t\t\t\t\t\t\ttitle=\"Topic\"\n\t\t\t\t\t\t\tid=\"wpfc_sermon_topics\"\n\t\t\t\t\t\t\tonchange=\"if(this.options[this.selectedIndex].value !== ''){return this.form.submit()}else{window.location = window.location.href.split('?')[0];}\"\n\t\t\t\t\t\t\tautocomplete=\"off\"\n\t\t\t\t\t\t>\n\t\t\t\t\t\t<option value=\"\">Topic<\/option>\n\t\t\t\t\t\t<option value=\"freude\" >Freude<\/option><option value=\"heiliger-geist\" >Heiliger Geist<\/option><option value=\"hoffnung\" >Hoffnung<\/option><option value=\"liebe\" >Liebe<\/option><option value=\"pfingsten\" >Pfingsten<\/option>\t\t\t\t\t<\/select>\n\t\t\t\t\t\t\t\t\t\t\t\t\t\t\t\t\t\t\t\t\t\t\t\t\t<noscript>\n\t\t\t\t\t\t<div><input type=\"submit\" value=\"Submit\"\/><\/div>\n\t\t\t\t\t<\/noscript>\n\t\t\t\t<\/form>\n\t\t\t<\/div>\n\t\t\t\t\t\t\t\t\t\t\t\t\t\t\t\t\t\t<\/div>\n\t\t\t\t<\/div>\n\t\t\t\t","sermons_blog_filters_series":"\t\t\t\t<div class=\"sm-filtering\">\n\t\t\t\t\t<div id=\"wpfc_sermon_sorting\" class=\"no-spacing\">\n\t\t\t\t\t\t\t\t\n\t\t\t\t\t<div class=\"sortSeries\" style=\"display: inline-block\">\n\t\t\t\t<form action=\"https:\/\/sermons.seetal-chile.ch\/it\/wp-json\/wp\/v2\/wpfc_sermon\/2929\/\" method=\"get\">\n\t\t\t\t\t<select name=\"wpfc_sermon_series\"\n\t\t\t\t\t\t\ttitle=\"Series\"\n\t\t\t\t\t\t\tid=\"wpfc_sermon_series\"\n\t\t\t\t\t\t\tonchange=\"if(this.options[this.selectedIndex].value !== ''){return this.form.submit()}else{window.location = window.location.href.split('?')[0];}\"\n\t\t\t\t\t\t\tautocomplete=\"off\"\n\t\t\t\t\t\t>\n\t\t\t\t\t\t<option value=\"\">Series<\/option>\n\t\t\t\t\t\t<option value=\"abentueuer-gebaet\" >Abent\u00fc\u00fcr Geb\u00e4t<\/option><option value=\"advent-2019\" >Advent 2019<\/option><option value=\"bestseller-die-bibel\" >Bestseller - Die Bibel<\/option><option value=\"connected\" >connected<\/option><option value=\"creatio\" >CREATIO<\/option><option value=\"eifach-muetig\" >EIFACH muetig \u2013 mit Jesus als Vorbild<\/option><option value=\"einfach-leise-gegenwaertig\" >Einfach. Leise. Gegenw\u00e4rtig.<\/option><option value=\"folge-du-mir-nach\" >Folge du mir nach<\/option><option value=\"glow\" >glow<\/option><option value=\"heilig-heilig-heilig\" >Heilig - Heilig - Heilig<\/option><option value=\"metamorphose\" >Metamorphose<\/option><option value=\"reformation\" >Reformation<\/option><option value=\"seetal-chile-talk\" >seetal chile Talk<\/option><option value=\"teens-segnung\" >Teens Segnung<\/option><option value=\"weitsicht\" >Weitsicht<\/option><option value=\"wie-du-und-ich\" >Wie du und ich<\/option><option value=\"willkommen-daheim\" >Willkommen daheim<\/option>\t\t\t\t\t<\/select>\n\t\t\t\t\t\t\t\t\t\t\t\t\t\t\t\t\t\t\t\t\t\t\t\t\t<noscript>\n\t\t\t\t\t\t<div><input type=\"submit\" value=\"Submit\"\/><\/div>\n\t\t\t\t\t<\/noscript>\n\t\t\t\t<\/form>\n\t\t\t<\/div>\n\t\t\t\t\t\t\t\t\t\t\t\t\t\t\t\t\t\t\t\t\t\t\t<\/div>\n\t\t\t\t<\/div>\n\t\t\t\t","sermons_blog_filters_preachers":"\t\t\t\t<div class=\"sm-filtering\">\n\t\t\t\t\t<div id=\"wpfc_sermon_sorting\" class=\"no-spacing\">\n\t\t\t\n\t\t\t\t\t<div class=\"sortPreacher\" style=\"display: inline-block\">\n\t\t\t\t<form action=\"https:\/\/sermons.seetal-chile.ch\/it\/wp-json\/wp\/v2\/wpfc_sermon\/2929\/\" method=\"get\">\n\t\t\t\t\t<select name=\"wpfc_preacher\"\n\t\t\t\t\t\t\ttitle=\"Preacher\"\n\t\t\t\t\t\t\tid=\"wpfc_preacher\"\n\t\t\t\t\t\t\tonchange=\"if(this.options[this.selectedIndex].value !== ''){return this.form.submit()}else{window.location = window.location.href.split('?')[0];}\"\n\t\t\t\t\t\t\tautocomplete=\"off\"\n\t\t\t\t\t\t>\n\t\t\t\t\t\t<option value=\"\">Preacher<\/option>\n\t\t\t\t\t\t<option value=\"amin-afsharnaderi\" >Amin Afsharnaderi<\/option><option value=\"amir-khalid\" >Amir Khalid<\/option><option value=\"andre-heiniger\" >Andr\u00e9 Heiniger<\/option><option value=\"andreas-jakob\" >Andreas Jakob<\/option><option value=\"ansgar-gmuer\" >Ansgar Gm\u00fcr<\/option><option value=\"barbara-benz\" >Barbara Benz<\/option><option value=\"beat-ungricht\" >Beat Ungricht<\/option><option value=\"beati-forster\" >Beati Forster<\/option><option value=\"beni-leuenberger\" >Beni Leuenberger<\/option><option value=\"bernhard-hohl\" >Bernhard Hohl<\/option><option value=\"cedric-bruegger\" >C\u00e9dric Br\u00fcgger<\/option><option value=\"christian-haslebacher\" >Christian Haslebacher<\/option><option value=\"christian-seitz\" >Christian Seitz<\/option><option value=\"christoph-kunz\" >Christoph Kunz<\/option><option value=\"corinne-jost\" >Corinne Jost<\/option><option value=\"cornelia-roth\" >Cornelia Roth<\/option><option value=\"daniel-bieri\" >Daniel Bieri<\/option><option value=\"debora-sommer\" >Debora Sommer<\/option><option value=\"erich-hunziker\" >Erich Hunziker<\/option><option value=\"esther-wehrli\" >Esther Wehrli<\/option><option value=\"florian-glaser\" >Florian Glaser<\/option><option value=\"gaby-wentland\" >Gaby Wentland<\/option><option value=\"hans-doessegger\" >Hans D\u00f6ssegger<\/option><option value=\"harry-graf\" >Harry Graf<\/option><option value=\"ina-von-schoultz\" >Ina von Schoultz<\/option><option value=\"jan-timon-beck\" >Jan-Timon Beck<\/option><option value=\"john-ghanim\" >John Ghanim<\/option><option value=\"juergen-will\" >J\u00fcrgen Will<\/option><option value=\"markus-inaebnit\" >Markus In\u00e4bnit<\/option><option value=\"martin-dreyer\" >Martin Dreyer<\/option><option value=\"martin-kiener\" >Martin Kiener<\/option><option value=\"matthias-altwegg\" >Matthias Altwegg<\/option><option value=\"michael-bont\" >Michael Bont<\/option><option value=\"mohanathas-balasubramaniam\" >Mohanathas Balasubramaniam<\/option><option value=\"nathalie-schertenleib\" >Nathalie Schertenleib<\/option><option value=\"peter-inaebnit\" >Peter In\u00e4bnit<\/option><option value=\"peter-michel\" >Peter Michel<\/option><option value=\"rene-winkler\" >Ren\u00e9 Winkler<\/option><option value=\"roger-sigg\" >Roger Sigg<\/option><option value=\"simon-wick\" >Simon Wick<\/option><option value=\"stefan-schuepbach\" >Stefan Sch\u00fcpbach<\/option><option value=\"stephan-bolliger\" >Stephan Bolliger<\/option><option value=\"susanne-geske\" >Susanne Geske<\/option><option value=\"tabea-inaebnit\" >Tabea In\u00e4bnit<\/option><option value=\"thomas-grieve\" >Thomas Grieve<\/option><option value=\"tina-schmidt\" >Tina Schmidt<\/option><option value=\"werner-messmer\" >Werner Messmer<\/option><option value=\"wieland-mueller\" >Wieland M\u00fcller<\/option><option value=\"yanick-buehler\" >Yanick B\u00fchler<\/option><option value=\"yassir-eric\" >Yassir Eric<\/option>\t\t\t\t\t<\/select>\n\t\t\t\t\t\t\t\t\t\t\t\t\t\t\t\t\t\t\t\t\t\t\t\t\t<noscript>\n\t\t\t\t\t\t<div><input type=\"submit\" value=\"Submit\"\/><\/div>\n\t\t\t\t\t<\/noscript>\n\t\t\t\t<\/form>\n\t\t\t<\/div>\n\t\t\t\t\t\t\t\t\t\t\t\t\t\t\t\t\t\t\t\t\t\t\t\t\t\t\t\t<\/div>\n\t\t\t\t<\/div>\n\t\t\t\t","sermons_blog_filters_books":"\t\t\t\t<div class=\"sm-filtering\">\n\t\t\t\t\t<div id=\"wpfc_sermon_sorting\" class=\"no-spacing\">\n\t\t\t\t\t\t\t\t\t\t\t\t\t\t\t\t\t\t\n\t\t\t\t\t<div class=\"sortBooks\" style=\"display: inline-block\">\n\t\t\t\t<form action=\"https:\/\/sermons.seetal-chile.ch\/it\/wp-json\/wp\/v2\/wpfc_sermon\/2929\/\" method=\"get\">\n\t\t\t\t\t<select name=\"wpfc_bible_book\"\n\t\t\t\t\t\t\ttitle=\"Book\"\n\t\t\t\t\t\t\tid=\"wpfc_bible_book\"\n\t\t\t\t\t\t\tonchange=\"if(this.options[this.selectedIndex].value !== ''){return this.form.submit()}else{window.location = window.location.href.split('?')[0];}\"\n\t\t\t\t\t\t\tautocomplete=\"off\"\n\t\t\t\t\t\t>\n\t\t\t\t\t\t<option value=\"\">Book<\/option>\n\t\t\t\t\t\t\t\t\t\t\t<\/select>\n\t\t\t\t\t\t\t\t\t\t\t\t\t\t\t\t\t\t\t\t\t\t\t\t\t<noscript>\n\t\t\t\t\t\t<div><input type=\"submit\" value=\"Submit\"\/><\/div>\n\t\t\t\t\t<\/noscript>\n\t\t\t\t<\/form>\n\t\t\t<\/div>\n\t\t\t\t\t\t\t\t\t\t\t\t\t<\/div>\n\t\t\t\t<\/div>\n\t\t\t\t","sermons_blog_filters_service_types":"\t\t\t\t<div class=\"sm-filtering\">\n\t\t\t\t\t<div id=\"wpfc_sermon_sorting\" class=\"no-spacing\">\n\t\t\t\t\t\t\t\t\t\t\t\t\t\t\t\t\t\t\t\t\t\t\t\n\t\t\t\t\t<div class=\"sortServiceTypes\" style=\"display: inline-block\">\n\t\t\t\t<form action=\"https:\/\/sermons.seetal-chile.ch\/it\/wp-json\/wp\/v2\/wpfc_sermon\/2929\/\" method=\"get\">\n\t\t\t\t\t<select name=\"wpfc_service_type\"\n\t\t\t\t\t\t\ttitle=\"Service Type\"\n\t\t\t\t\t\t\tid=\"wpfc_service_type\"\n\t\t\t\t\t\t\tonchange=\"if(this.options[this.selectedIndex].value !== ''){return this.form.submit()}else{window.location = window.location.href.split('?')[0];}\"\n\t\t\t\t\t\t\tautocomplete=\"off\"\n\t\t\t\t\t\t>\n\t\t\t\t\t\t<option value=\"\">Service Type<\/option>\n\t\t\t\t\t\t<option value=\"glow-celebration\" >glow Celebration<\/option><option value=\"gottesdienst\" >Gottesdienst<\/option>\t\t\t\t\t<\/select>\n\t\t\t\t\t\t\t\t\t\t\t\t\t\t\t\t\t\t\t\t\t\t\t\t\t<noscript>\n\t\t\t\t\t\t<div><input type=\"submit\" value=\"Submit\"\/><\/div>\n\t\t\t\t\t<\/noscript>\n\t\t\t\t<\/form>\n\t\t\t<\/div>\n\t\t\t\t\t\t\t\t<\/div>\n\t\t\t\t<\/div>\n\t\t\t\t","sermons_blog_filters_dates":"\t\t\t\t<div class=\"sm-filtering\">\n\t\t\t\t\t<div id=\"wpfc_sermon_sorting\" class=\"no-spacing\">\n\t\t\t\t\t\t\t\t\t\t\t\t\t\t\t\t\t\t\t\t\t\t\t\t\t\t\t\t\n\t\t\t\t\t<div class=\"sortDates\" style=\"display: inline-block\">\n\t\t\t\t<form action=\"https:\/\/sermons.seetal-chile.ch\/it\/wp-json\/wp\/v2\/wpfc_sermon\/2929\/\" method=\"get\">\n\t\t\t\t\t<select name=\"wpfc_dates\"\n\t\t\t\t\t\t\ttitle=\"Date\"\n\t\t\t\t\t\t\tid=\"wpfc_dates\"\n\t\t\t\t\t\t\tonchange=\"if(this.options[this.selectedIndex].value !== ''){return this.form.submit()}else{window.location = window.location.href.split('?')[0];}\"\n\t\t\t\t\t\t\tautocomplete=\"off\"\n\t\t\t\t\t\t>\n\t\t\t\t\t\t<option value=\"\">Date<\/option>\n\t\t\t\t\t\t<option value=\"04-2026\" >Apr 2026<\/option><option value=\"03-2026\" >Mar 2026<\/option><option value=\"02-2026\" >Feb 2026<\/option><option value=\"01-2026\" >Jan 2026<\/option><option value=\"12-2025\" >Dec 2025<\/option><option value=\"11-2025\" >Nov 2025<\/option><option value=\"10-2025\" >Oct 2025<\/option><option value=\"09-2025\" >Sep 2025<\/option><option value=\"08-2025\" >Aug 2025<\/option><option value=\"07-2025\" >Jul 2025<\/option><option value=\"06-2025\" >Jun 2025<\/option><option value=\"05-2025\" >May 2025<\/option><option value=\"04-2025\" >Apr 2025<\/option><option value=\"03-2025\" >Mar 2025<\/option><option value=\"02-2025\" >Feb 2025<\/option><option value=\"01-2025\" >Jan 2025<\/option><option value=\"12-2024\" >Dec 2024<\/option><option value=\"11-2024\" >Nov 2024<\/option><option value=\"10-2024\" >Oct 2024<\/option><option value=\"09-2024\" >Sep 2024<\/option><option value=\"08-2024\" >Aug 2024<\/option><option value=\"07-2024\" >Jul 2024<\/option><option value=\"06-2024\" >Jun 2024<\/option><option value=\"05-2024\" >May 2024<\/option><option value=\"04-2024\" >Apr 2024<\/option><option value=\"03-2024\" >Mar 2024<\/option><option value=\"02-2024\" >Feb 2024<\/option><option value=\"01-2024\" >Jan 2024<\/option><option value=\"12-2023\" >Dec 2023<\/option><option value=\"11-2023\" >Nov 2023<\/option><option value=\"10-2023\" >Oct 2023<\/option><option value=\"09-2023\" >Sep 2023<\/option><option value=\"08-2023\" >Aug 2023<\/option><option value=\"07-2023\" >Jul 2023<\/option><option value=\"06-2023\" >Jun 2023<\/option><option value=\"05-2023\" >May 2023<\/option><option value=\"04-2023\" >Apr 2023<\/option><option value=\"03-2023\" >Mar 2023<\/option><option value=\"02-2023\" >Feb 2023<\/option><option value=\"01-2023\" >Jan 2023<\/option><option value=\"12-2022\" >Dec 2022<\/option><option value=\"11-2022\" >Nov 2022<\/option><option value=\"10-2022\" >Oct 2022<\/option><option value=\"09-2022\" >Sep 2022<\/option><option value=\"08-2022\" >Aug 2022<\/option><option value=\"07-2022\" >Jul 2022<\/option><option value=\"06-2022\" >Jun 2022<\/option><option value=\"05-2022\" >May 2022<\/option><option value=\"04-2022\" >Apr 2022<\/option><option value=\"03-2022\" >Mar 2022<\/option><option value=\"02-2022\" >Feb 2022<\/option><option value=\"01-2022\" >Jan 2022<\/option><option value=\"12-2021\" >Dec 2021<\/option><option value=\"11-2021\" >Nov 2021<\/option><option value=\"10-2021\" >Oct 2021<\/option><option value=\"09-2021\" >Sep 2021<\/option><option value=\"08-2021\" >Aug 2021<\/option><option value=\"07-2021\" >Jul 2021<\/option><option value=\"06-2021\" >Jun 2021<\/option><option value=\"05-2021\" >May 2021<\/option><option value=\"04-2021\" >Apr 2021<\/option><option value=\"03-2021\" >Mar 2021<\/option><option value=\"02-2021\" >Feb 2021<\/option><option value=\"01-2021\" >Jan 2021<\/option><option value=\"12-2020\" >Dec 2020<\/option><option value=\"11-2020\" >Nov 2020<\/option><option value=\"10-2020\" >Oct 2020<\/option><option value=\"09-2020\" >Sep 2020<\/option><option value=\"08-2020\" >Aug 2020<\/option><option value=\"07-2020\" >Jul 2020<\/option><option value=\"06-2020\" >Jun 2020<\/option><option value=\"05-2020\" >May 2020<\/option><option value=\"04-2020\" >Apr 2020<\/option><option value=\"03-2020\" >Mar 2020<\/option><option value=\"02-2020\" >Feb 2020<\/option><option value=\"01-2020\" >Jan 2020<\/option><option value=\"12-2019\" >Dec 2019<\/option><option value=\"11-2019\" >Nov 2019<\/option><option value=\"10-2019\" >Oct 2019<\/option><option value=\"09-2019\" >Sep 2019<\/option><option value=\"08-2019\" >Aug 2019<\/option><option value=\"07-2019\" >Jul 2019<\/option><option value=\"06-2019\" >Jun 2019<\/option><option value=\"05-2019\" >May 2019<\/option><option value=\"04-2019\" >Apr 2019<\/option><option value=\"03-2019\" >Mar 2019<\/option><option value=\"02-2019\" >Feb 2019<\/option><option value=\"01-2019\" >Jan 2019<\/option><option value=\"12-2018\" >Dec 2018<\/option><option value=\"11-2018\" >Nov 2018<\/option><option value=\"10-2018\" >Oct 2018<\/option><option value=\"09-2018\" >Sep 2018<\/option><option value=\"08-2018\" >Aug 2018<\/option><option value=\"07-2018\" >Jul 2018<\/option><option value=\"06-2018\" >Jun 2018<\/option><option value=\"05-2018\" >May 2018<\/option><option value=\"04-2018\" >Apr 2018<\/option><option value=\"03-2018\" >Mar 2018<\/option><option value=\"02-2018\" >Feb 2018<\/option><option value=\"01-2018\" >Jan 2018<\/option><option value=\"12-2017\" >Dec 2017<\/option><option value=\"11-2017\" >Nov 2017<\/option><option value=\"10-2017\" >Oct 2017<\/option><option value=\"09-2017\" >Sep 2017<\/option><option value=\"08-2017\" >Aug 2017<\/option><option value=\"07-2017\" >Jul 2017<\/option><option value=\"06-2017\" >Jun 2017<\/option><option value=\"05-2017\" >May 2017<\/option><option value=\"04-2017\" >Apr 2017<\/option><option value=\"03-2017\" >Mar 2017<\/option><option value=\"02-2017\" >Feb 2017<\/option><option value=\"01-2017\" >Jan 2017<\/option><option value=\"12-2016\" >Dec 2016<\/option><option value=\"11-2016\" >Nov 2016<\/option><option value=\"10-2016\" >Oct 2016<\/option><option value=\"09-2016\" >Sep 2016<\/option><option value=\"08-2016\" >Aug 2016<\/option><option value=\"07-2016\" >Jul 2016<\/option><option value=\"06-2016\" >Jun 2016<\/option><option value=\"05-2016\" >May 2016<\/option><option value=\"04-2016\" >Apr 2016<\/option><option value=\"03-2016\" >Mar 2016<\/option><option value=\"02-2016\" >Feb 2016<\/option><option value=\"01-2016\" >Jan 2016<\/option><option value=\"12-2015\" >Dec 2015<\/option><option value=\"11-2015\" >Nov 2015<\/option><option value=\"10-2015\" >Oct 2015<\/option><option value=\"09-2015\" >Sep 2015<\/option><option value=\"08-2015\" >Aug 2015<\/option><option value=\"07-2015\" >Jul 2015<\/option>\t\t\t\t\t<\/select>\n\t\t\t\t\t\t\t\t\t\t\t\t\t\t\t\t\t\t\t\t\t\t\t\t\t<noscript>\n\t\t\t\t\t\t<div><input type=\"submit\" value=\"Submit\"\/><\/div>\n\t\t\t\t\t<\/noscript>\n\t\t\t\t<\/form>\n\t\t\t<\/div>\n\t\t\t<\/div>\n\t\t\t\t<\/div>\n\t\t\t\t","sermons_blog_image_url":"https:\/\/sermons.seetal-chile.ch\/wp-content\/uploads\/2020\/01\/Serie_Wie-du-und-ich_large-scaled.jpg","sermons_blog_video":"<video controls preload=\"metadata\" class=\"wpfc-sermon-video-player \" data-plyr_seek='0'><source src=\"https:\/\/youtu.be\/EJofJBdbUHo\"><\/video>","sermons_blog_series":"<a href=\"https:\/\/sermons.seetal-chile.ch\/it\/series\/wie-du-und-ich\/\" rel=\"tag\">Wie du und ich<\/a>","sermons_blog_meta_sermon_description":"Gebete sind tief in die aktive Beziehung mit Gott verankert. Sie basieren darauf, dass wir Gott immer wieder fragen, was er tun m\u00f6chte, und danach genau daf\u00fcr beten und danach&hellip;","sermons_blog_show_readmore":true,"sermons_blog_audio":"<audio controls preload=\"metadata\" class=\"wpfc-sermon-player \" ><source src=\"https:\/\/resources.seetal-chile.ch\/files\/predigten\/mp3\/predigt_200628.mp3\" type=\"audio\/mp3\"><\/audio>","sermons_blog_preacher_image":"","sermons_blog_preacher":false,"sermons_blog_bible_passage":"Jakobus 5,14-17","sermons_blog_service_type":"<a href=\"https:\/\/sermons.seetal-chile.ch\/it\/service-type\/gottesdienst\/\" rel=\"tag\">Gottesdienst<\/a>","sermon_audio":"https:\/\/resources.seetal-chile.ch\/files\/predigten\/mp3\/predigt_200628.mp3","sermon_audio_duration":"","_views":"6666","bible_passage":"Jakobus 5,14-17","sermon_video_embed":"","sermon_video_url":"https:\/\/youtu.be\/EJofJBdbUHo","sermon_bulletin":"","_featured_url":false,"sermon_date":1593337548,"_sermon_date_auto":false,"_links":{"self":[{"href":"https:\/\/sermons.seetal-chile.ch\/it\/wp-json\/wp\/v2\/wpfc_sermon\/2929","targetHints":{"allow":["GET"]}}],"collection":[{"href":"https:\/\/sermons.seetal-chile.ch\/it\/wp-json\/wp\/v2\/wpfc_sermon"}],"about":[{"href":"https:\/\/sermons.seetal-chile.ch\/it\/wp-json\/wp\/v2\/types\/wpfc_sermon"}],"author":[{"embeddable":true,"href":"https:\/\/sermons.seetal-chile.ch\/it\/wp-json\/wp\/v2\/users\/1"}],"replies":[{"embeddable":true,"href":"https:\/\/sermons.seetal-chile.ch\/it\/wp-json\/wp\/v2\/comments?post=2929"}],"version-history":[{"count":7,"href":"https:\/\/sermons.seetal-chile.ch\/it\/wp-json\/wp\/v2\/wpfc_sermon\/2929\/revisions"}],"predecessor-version":[{"id":2937,"href":"https:\/\/sermons.seetal-chile.ch\/it\/wp-json\/wp\/v2\/wpfc_sermon\/2929\/revisions\/2937"}],"wp:attachment":[{"href":"https:\/\/sermons.seetal-chile.ch\/it\/wp-json\/wp\/v2\/media?parent=2929"}],"wp:term":[{"taxonomy":"wpfc_preacher","embeddable":true,"href":"https:\/\/sermons.seetal-chile.ch\/it\/wp-json\/wp\/v2\/wpfc_preacher?post=2929"},{"taxonomy":"wpfc_sermon_series","embeddable":true,"href":"https:\/\/sermons.seetal-chile.ch\/it\/wp-json\/wp\/v2\/wpfc_sermon_series?post=2929"},{"taxonomy":"wpfc_sermon_topics","embeddable":true,"href":"https:\/\/sermons.seetal-chile.ch\/it\/wp-json\/wp\/v2\/wpfc_sermon_topics?post=2929"},{"taxonomy":"wpfc_bible_book","embeddable":true,"href":"https:\/\/sermons.seetal-chile.ch\/it\/wp-json\/wp\/v2\/wpfc_bible_book?post=2929"},{"taxonomy":"wpfc_service_type","embeddable":true,"href":"https:\/\/sermons.seetal-chile.ch\/it\/wp-json\/wp\/v2\/wpfc_service_type?post=2929"}],"curies":[{"name":"wp","href":"https:\/\/api.w.org\/{rel}","templated":true}]}}