{"id":7008,"date":"2023-01-01T16:45:38","date_gmt":"2023-01-01T15:45:38","guid":{"rendered":"https:\/\/sermons.seetal-chile.ch\/?post_type=wpfc_sermon&#038;p=7008"},"modified":"2023-01-07T12:48:59","modified_gmt":"2023-01-07T11:48:59","slug":"die-zeit-ist-nicht-aufzuhalten-nutze-sie","status":"publish","type":"wpfc_sermon","link":"https:\/\/sermons.seetal-chile.ch\/fr\/sermons\/die-zeit-ist-nicht-aufzuhalten-nutze-sie\/","title":{"rendered":"On ne peut pas arr\u00ea\u00adter le temps \u2013 profites-en"},"content":{"rendered":"<p>Avec l\u2019an\u00adn\u00e9e 2023, Dieu nous off\u00adre \u00e0 nou\u00adveau du temps \u00e0 inves\u00adtir. Nous tour\u00adnons not\u00adre regard vers J\u00e9sus, qui a uti\u00adli\u00ads\u00e9 son temps de mani\u00e8\u00adre exem\u00adplai\u00adre (H\u00e9b. 12:2). Il avait un objec\u00adtif, des prio\u00adri\u00adt\u00e9s et un par\u00adten\u00adari\u00adat qui lui ont per\u00admis de r\u00e9us\u00adsir. Le but nous don\u00adne la direc\u00adtion \u00e0 sui\u00adv\u00adre. Les prio\u00adri\u00adt\u00e9s, le che\u00admin pour arri\u00adver au but, le par\u00adten\u00adari\u00adat avec Dieu et d\u2019au\u00adt\u00adres chr\u00e9\u00adti\u00adens la force de sui\u00adv\u00adre ce chemin.&nbsp;<\/p>\n<p>&nbsp;<br>\nOn ne peut pas arr\u00ea\u00adter le&nbsp;temps<br>\n2023 \u2013 Wow \u2013 d\u00e9j\u00e0 une nou\u00advel\u00adle ann\u00e9e. J\u2019ai\u00adme beau\u00adcoup me sou\u00adve\u00adnir du Nou\u00advel An 1978. Pour f\u00eater l\u2019an\u00adn\u00e9e, nous avons fait exp\u00adlo\u00adser une bom\u00adbe sur la table. Ce n\u2019est qu\u2019\u00e0 ce moment-l\u00e0 que nous avons remar\u00adqu\u00e9 qu\u2019el\u00adle \u00e9tait pla\u00adc\u00e9e sous le pla\u00adfon\u00adnier de la table. La bom\u00adbe a explo\u00ads\u00e9 et not\u00adre salon s\u2019est retrou\u00adv\u00e9 dans le noir. Je me sou\u00advi\u00adens aus\u00adsi du grand tam-tam du chan\u00adge\u00adment de mil\u00adl\u00e9n\u00adaire. Il devait y avoir des pan\u00adnes de cou\u00adrant, des ordi\u00adna\u00adteurs et des avi\u00adons qui s\u2019\u00e9\u00adcra\u00adsai\u00adent, tout cela \u00e0 cau\u00adse d\u2019u\u00adne err\u00adeur de pro\u00adgram\u00adma\u00adti\u00adon. Et main\u00adten\u00adant, nous som\u00admes d\u00e9j\u00e0 en 2023. Est-ce que je suis le seul \u00e0 res\u00adsen\u00adtir cela, ou est-ce que tu sens le temps pas\u00adser \u00e0 une vites\u00adse fol\u00adle ? Il est impos\u00adsi\u00adble de l\u2019ar\u00adr\u00ea\u00adter et il s\u2019\u00e9\u00adch\u00adap\u00adpe de nos mains. Not\u00adre vie sur terre est com\u00adme un sablier et un jour, il est expir\u00e9.<br>\nPeut-\u00eatre nous deman\u00addons-nous par\u00adfois \u00e0 quel point nous uti\u00adli\u00adsons judi\u00adcieu\u00adse\u00adment le temps qui nous est impar\u00adti ? En tant que disci\u00adples de J\u00e9sus, il est bon d\u2019\u00e9va\u00adluer de temps en temps not\u00adre vie et de la cor\u00adri\u00adger si n\u00e9ces\u00adsaire. Je jet\u00adte un regard en arri\u00e8\u00adre sur 2022 et je me deman\u00adde si j\u2019ai uti\u00adli\u00ads\u00e9 mon temps et mes forces au bon end\u00adroit ? Suis-je \u00e0 l\u2019en\u00addroit o\u00f9 je veux \u00eatre ? Une des pires cho\u00adses qui puis\u00adse arri\u00adver dans la vie, c\u2019est de lais\u00adser le temps s\u2019\u00e9\u00adcou\u00adler. Plu\u00adt\u00f4t que de reg\u00adret\u00adter not\u00adre pas\u00ads\u00e9, il est pr\u00e9\u00adf\u00e9\u00adra\u00adble de pou\u00advoir regar\u00adder en arri\u00e8\u00adre et d\u2019\u00eat\u00adre satis\u00adfait \u00e0 la fin de not\u00adre vie. Mais je pen\u00adse que cela n\u2019est pos\u00adsi\u00adble que si nous avons \u00e0 l\u2019a\u00advan\u00adce une image clai\u00adre de ce que nous vou\u00adlons accomplir.&nbsp;<br>\nJ\u00e9sus, not\u00adre mod\u00e8le<br>\nDans not\u00adre foi, J\u00e9sus est not\u00adre mod\u00e8\u00adle. Il avait une image clai\u00adre de sa mis\u00adsi\u00adon dans la vie. Quand J\u00e9sus avait envi\u00adron tren\u00adte ans, il a eu l\u2019oc\u00adca\u00adsi\u00adon de lire les \u00e9cri\u00adtures. Il a choi\u00adsi la pro\u00adph\u00e9\u00adtie d\u2019E\u00adsa\u00efe qui d\u00e9crit le Sau\u00adveur \u00e0 venir : \u00abL\u2019e\u00adsprit du Sei\u00adgneur est sur moi, car le Sei\u00adgneur m\u2019a oint. Il m\u2019a envoy\u00e9 avec la mis\u00adsi\u00adon de por\u00adter de bon\u00adnes nou\u00advel\u00adles aux pau\u00advres, d\u2019an\u00adnon\u00adcer aux pri\u00adson\u00adniers qu\u2019ils seront libres, aux aveugles qu\u2019ils ver\u00adront, d\u2019ap\u00adpor\u00adter la liber\u00adt\u00e9 aux opp\u00adri\u00adm\u00e9s, et de pro\u00adclamer une ann\u00e9e de gr\u00e2ce du Sei\u00adgneur\u00bb (Luc 4,18\u201319 <span class=\"caps\">NG\u00dc<\/span>). Apr\u00e8s cela, il s\u2019est assis. De nombreux th\u00e9o\u00adlo\u00adgi\u00adens pren\u00adnent ce moment com\u00adme le d\u00e9but de son minis\u00adt\u00e8re public et de sa pr\u00e9dication.<br>\nJ\u00e9sus avait une visi\u00adon pr\u00e9\u00adcise de sa voca\u00adti\u00adon. Mais plus enco\u00adre, il a att\u00adeint son objec\u00adtif en fix\u00adant les bon\u00adnes prio\u00adri\u00adt\u00e9s. Il savait ce qui \u00e9tait important pour att\u00adeind\u00adre le but. L\u2019u\u00adne de ses prio\u00adri\u00adt\u00e9s sem\u00adblait \u00eatre en con\u00adtra\u00addic\u00adtion avec sa voca\u00adti\u00adon. Les disci\u00adples ont \u00e9t\u00e9 frus\u00adtr\u00e9s \u00e0 plu\u00ads\u00adieurs repri\u00adses lors\u00adque J\u00e9sus s\u2019est absen\u00adt\u00e9 pour \u00eatre en silence avec le P\u00e8re. Ses amis ne com\u00adpre\u00adnaient pas pour\u00adquoi il se d\u00e9ro\u00adbait \u00e0 tant de per\u00adson\u00adnes dans le beso\u00adin alors qu\u2019el\u00adles avai\u00adent d\u00e9se\u00adsp\u00e9\u00adr\u00e9\u00adment beso\u00adin de son aide. J\u00e9sus savait qu\u2019il ne pou\u00advait rien fai\u00adre sans son P\u00e8re (Jean 8.28). La rela\u00adti\u00adon avec son p\u00e8re sem\u00adblait fai\u00adre obs\u00adta\u00adcle \u00e0 son tra\u00advail, mais J\u00e9sus savait ce qui \u00e9tait plus important.&nbsp;<br>\nIl en va de m\u00eame pour nous. Nous aus\u00adsi, nous avons beso\u00adin d\u2019u\u00adne visi\u00adon devant nos yeux. Mais cet\u00adte voca\u00adti\u00adon n\u2019an\u00adnu\u00adle pas non plus les prio\u00adri\u00adt\u00e9s bibli\u00adques. Dans le liv\u00adre aux H\u00e9b\u00adreux, nous lisons que nous devons cour\u00adir avec per\u00ads\u00e9\u00adv\u00e9\u00adrance vers le but, com\u00adme un com\u00adp\u00e9\u00adti\u00adteur.  Pour cela, nous devons \u00abfixer not\u00adre regard sur J\u00e9sus\u00bb (H\u00e9b\u00adreux 12:2). J\u2019ai\u00adme bien le mot \u00abjuger\u00bb. J\u2019i\u00adma\u00adgi\u00adne qu\u2019un cam\u00e9\u00adra\u00adman ori\u00aden\u00adte sa cam\u00e9\u00adra et suit l\u2019ac\u00adteur. La Bible Espoir pour tous le tra\u00adduit un peu dif\u00adf\u00e9\u00adrem\u00adment : \u00abNous ne vou\u00adlons pas regar\u00adder \u00e0 gau\u00adche ou \u00e0 droi\u00adte, mais seu\u00adle\u00adment \u00e0 J\u00e9sus\u00bb. Ce ver\u00adset d\u00e9crit ce qui doit \u00eatre prio\u00adri\u00adtaire dans not\u00adre vie pour arri\u00adver au but.  Le ver\u00adset nous emm\u00e8\u00adne enco\u00adre plus loin : \u00abIl nous a don\u00adn\u00e9 la foi et la gar\u00adde\u00adra jus\u00adqu\u2019\u00e0 ce que nous arri\u00advi\u00adons au but\u00bb. Cet\u00adte phra\u00adse d\u00e9crit le par\u00adten\u00adari\u00adat dont nous avons beso\u00adin pour att\u00adeind\u00adre not\u00adre desti\u00adna\u00adti\u00adon. Nous ne pou\u00advons att\u00adeind\u00adre le but que si nous sui\u00advons le che\u00admin avec Sa&nbsp;force.&nbsp;<br>\nPuis dans la par\u00adtie sui\u00advan\u00adte : \u00abIl s\u2019est char\u00adg\u00e9 de la mort sur la croix en vue de la joie (visi\u00adon) insur\u00adpas\u00adsa\u00adble qui est devant lui. Il n\u2019a pas tenu comp\u00adte de la hon\u00adte qui l\u2019ac\u00adcom\u00adpa\u00adgne\u00bb (H\u00e9b\u00adreux 12,2 <span class=\"caps\">DBU<\/span>). Ce ver\u00adset d\u00e9crit son motif dans la souf\u00adfrance. J\u00e9sus a eu une visi\u00adon de ce que sa mar\u00adche vers la croix allait pro\u00advo\u00adquer. Je suis con\u00advain\u00adcu que J\u00e9sus a eu une r\u00e9v\u00e9\u00adla\u00adti\u00adon \u00e0 l\u2019a\u00advan\u00adce. Il a vu com\u00adment les gens qu\u2019il aima\u00adit sont avec lui dans le royau\u00adme des cieux. Avoir une super com\u00admu\u00adni\u00adon avec le P\u00e8re et l\u2019E\u00adsprit. Ce regard joyeux l\u2019a pous\u00ads\u00e9 \u00e0 accep\u00adter la mort hor\u00adri\u00adble sur la croix. J\u00e9sus a vu la per\u00addi\u00adti\u00adon de Tho\u00admas ou d\u2019Ur\u00adsi, de toi et de moi, qu\u2019il a accep\u00adt\u00e9 la dou\u00adleur la plus brutale.&nbsp;<br>\nJ\u00e9sus \u00e9tait pr\u00eat \u00e0 souf\u00adfrir pour att\u00adeind\u00adre cet\u00adte joie. En fran\u00ad\u00e7ais, il exis\u00adte un mot pour cela, il s\u2019ap\u00adpel\u00adle pas\u00adsi\u00adon. Nous uti\u00adli\u00adsons ce mot au quo\u00adti\u00addi\u00aden. C\u2019est la volon\u00adt\u00e9 de souf\u00adfrir pour obte\u00adnir quel\u00adque cho\u00adse. Nous disons : c\u2019est un artis\u00adte, un musi\u00adci\u00aden, un jar\u00addi\u00adnier ou un spor\u00adtif pas\u00adsi\u00adonn\u00e9. La plu\u00adpart des gens ont une ou plu\u00ads\u00adieurs pas\u00adsi\u00adons. J\u2019ai\u00adme fai\u00adre du v\u00e9lo et j\u2019ai d\u00e9cou\u00advert que fai\u00adre du v\u00e9lo n\u2019est pas tou\u00adjours une des\u00adcen\u00adte de mon\u00adtagne. Il y a les mon\u00adt\u00e9es rai\u00addes, qui font tran\u00adspi\u00adrer, qui font mal, qui pom\u00adpent le c\u0153ur, qui br\u00fb\u00adlent les pou\u00admons sous un sol\u00adeil bru\u00adta\u00adle\u00adment br\u00fblant. Je pen\u00adse d\u00e9j\u00e0 \u00e0 la joie que j\u2019au\u00adrai en arri\u00advant au col, en des\u00adcen\u00addant la mon\u00adtagne ou apr\u00e8s la douche.<br>\nDans la vie, il y a, nous l\u2019e\u00adsp\u00e9\u00adrons, d\u2019au\u00adt\u00adres objec\u00adtifs que les hob\u00adbies, aux\u00adquels nous nous atte\u00adlons avec pas\u00adsi\u00adon. Un d\u00e9but d\u2019an\u00adn\u00e9e est une bon\u00adne occa\u00adsi\u00adon de r\u00e9fl\u00e9\u00adchir \u00e0 ce qui est important.  C\u2019est une nou\u00advel\u00adle ann\u00e9e, ce qui nous don\u00adne une nou\u00advel\u00adle chan\u00adce de bien la saisir.&nbsp;<br>\nDu temps en cadeau<br>\nPen\u00addant que je par\u00adle, le sable con\u00adti\u00adnue de cou\u00adler dans le sablier. Il repr\u00e9\u00adsen\u00adte le temps qui pas\u00adse. Ce qui est bien avec un sablier, c\u2019est qu\u2019on peut le retour\u00adner. Dans la vraie vie, on ne peut mal\u00adheu\u00adreu\u00adse\u00adment pas remon\u00adter le temps. L\u2019as\u00adpect posi\u00adtif, c\u2019est que l\u2019on re\u00e7oit sou\u00advent plus de temps en cadeau. Nous ne r\u00e9cup\u00ad\u00e9\u00adre\u00adrons pas l\u2019an\u00adn\u00e9e 2022, mais nous esp\u00e9\u00adrons viv\u00adre tou\u00adte l\u2019an\u00adn\u00e9e 2023. Esp\u00e9\u00adrons que Dieu nous off\u00adre enco\u00adre une&nbsp;ann\u00e9e.<br>\nQue nous appor\u00adte\u00adra l\u2019an\u00adn\u00e9e 2023 ? C\u2019est 12 mois, 52 semain\u00ades, 365 jours \u2013 8760 heu\u00adres ou 525\u2019600 minu\u00adtes. Pour ceux qui n\u2019ont pas d\u00e9j\u00e0 d\u00e9cro\u00adch\u00e9 en enten\u00addant tous ces chif\u00adfres, j\u2019ai quel\u00adques num\u00e9\u00adros sup\u00adp\u00adl\u00e9\u00admen\u00adtai\u00adres en r\u00e9ser\u00adve. Pour cet\u00adte ann\u00e9e, il nous est don\u00adn\u00e9 envi\u00adron 7 mil\u00adli\u00adons de respi\u00adra\u00adti\u00adons et 37 mil\u00adli\u00adons de bat\u00adte\u00adments de c\u0153ur. Et chacun pour\u00adrait \u00eatre le der\u00adnier. Sous le d\u00e9no\u00admi\u00adna\u00adteur, ces chif\u00adfres repr\u00e9\u00adsen\u00adtent du temps. Dieu nous don\u00adne ce&nbsp;temps.&nbsp;<br>\nUti\u00adli\u00adser le temps \u00e0 bon escient<br>\nMain\u00adten\u00adant, je veux rede\u00adve\u00adnir plus ima\u00adg\u00e9. Dieu a mis \u00e0 not\u00adre dis\u00adpo\u00adsi\u00adti\u00adon un cer\u00adtain temps sur terre. Ce r\u00e9ci\u00adpi\u00adent en ver\u00adre sym\u00adbo\u00adli\u00adse le temps dont nous dis\u00adpo\u00adsons. Dans not\u00adre vie quo\u00adti\u00addi\u00aden\u00adne, un jour \/ une semaine \/ un mois se rem\u00adplit rapi\u00adde\u00adment. Les petits grains de sable dans le sablier sym\u00adbo\u00adli\u00adsent la fa\u00e7on dont le temps s\u2019\u00e9\u00adcoule. Si nous ne som\u00admes pas proac\u00adtifs, le r\u00e9ci\u00adpi\u00adent entier se rem\u00adplit de cho\u00adses que nous ne vou\u00adlons pas. Sup\u00adpo\u00adsons que not\u00adre objec\u00adtif est de cr\u00e9\u00ader une famil\u00adle qui suit J\u00e9sus. Fon\u00adder une famil\u00adle n\u00e9ces\u00adsi\u00adte de l\u2019ar\u00adgent et nous devons g\u00e9n\u00e9\u00adra\u00adle\u00adment tra\u00advail\u00adler pour cela. Cet\u00adte gros\u00adse pierre dans le r\u00e9ci\u00adpi\u00adent sym\u00adbo\u00adli\u00adse le temps dont nous avons beso\u00adin pour tra\u00advail\u00adler. Tra\u00advail\u00adler est important : la Bible nous l\u2019ens\u00adeig\u00adne, nous pou\u00advons et devons prend\u00adre soin de nos famil\u00adles (1Timoth\u00e9e 5,8). Les enfants deman\u00addent beau\u00adcoup de temps : il faut suf\u00adfi\u00adsam\u00adment de temps pour les aider \u00e0 fai\u00adre leurs devoirs, regar\u00adder des films, fai\u00adre du shop\u00adping, les con\u00addui\u00adre \u00e0 des \u00e9v\u00e9\u00adne\u00adments spor\u00adtifs ou \u00e0 des cours de musi\u00adque et bien plus enco\u00adre. Peut-\u00eatre avons-nous enco\u00adre un peu de temps \u00e0 con\u00ads\u00adacrer \u00e0 not\u00adre par\u00adten\u00adaire. En tant que chr\u00e9\u00adti\u00adens, nous avons beso\u00adin de temps pour not\u00adre rela\u00adti\u00adon avec Dieu. Cel\u00adle-ci a enco\u00adre une place \u00e0 mi-che\u00admin. Ensuite, il fau\u00addrait enco\u00adre aider le voi\u00adsin \u2026 mais \u2026 nous voy\u00adons bien que cela n\u2019a plus de place.  Et oui, aider \u00e0 l\u2019\u00e9g\u00adli\u00adse serait aus\u00adsi une bon\u00adne&nbsp;chose\u2026&nbsp;<br>\nOui, cet\u00adte ges\u00adti\u00adon du temps n\u2019a pas vrai\u00adment fon\u00adc\u00adtion\u00adn\u00e9. Rep\u00adre\u00adnons depuis le d\u00e9but et fixons d\u00e8s le d\u00e9part les bon\u00adnes prio\u00adri\u00adt\u00e9s. Le plus important, c\u2019est not\u00adre rela\u00adti\u00adon avec Dieu. Le tra\u00advail est \u00e9ga\u00adle\u00adment tr\u00e8s important. Com\u00adme nous l\u2019a\u00advons d\u00e9j\u00e0 dit, il est tr\u00e8s important de sub\u00adve\u00adnir aux beso\u00adins de not\u00adre famil\u00adle. Ensuite, il y a not\u00adre par\u00adten\u00adaire de vie, les enfants, not\u00adre voca\u00adti\u00adon et voi\u00adl\u00e0 : avec les bon\u00adnes prio\u00adri\u00adt\u00e9s, il y a enco\u00adre beau\u00adcoup plus \u00e0&nbsp;faire.&nbsp;<br>\nEn r\u00e9su\u00adm\u00e9 : dans la vie, nous devons \u00e9ta\u00adb\u00adlir des prio\u00adri\u00adt\u00e9s, sinon nous n\u2019att\u00adein\u00addrons jamais l\u2019en\u00addroit o\u00f9 nous vou\u00adlons \u00eatre. Si tu ne pla\u00adni\u00adfies pas, tu seras pla\u00adni\u00adfi\u00e9 et tu ne fini\u00adras pas l\u00e0 o\u00f9 tu veux \u00eatre ou tu dev\u00adrais \u00eatre. La visi\u00adon, les prio\u00adri\u00adt\u00e9s et les par\u00adten\u00adari\u00adats nous per\u00admet\u00adtent d\u2019att\u00adeind\u00adre not\u00adre objec\u00adtif. La visi\u00adon nous don\u00adne la direc\u00adtion, les prio\u00adri\u00adt\u00e9s le che\u00admin pour arri\u00adver \u00e0 desti\u00adna\u00adti\u00adon.  Les par\u00adten\u00adari\u00adats don\u00adnent la force de sui\u00adv\u00adre ce chemin.<br>\nPour con\u00adclure, je vou\u00addrais \u00eatre con\u00adcret. J\u2019ai lu r\u00e9cem\u00adment que l\u2019u\u00adne des prin\u00adci\u00adpa\u00adles rai\u00adsons pour les\u00adquel\u00adles nous ne r\u00e9us\u00adsis\u00adsons pas \u00e0 g\u00e9rer les chan\u00adge\u00adments dans la vie est que nous entre\u00adp\u00adre\u00adnons sou\u00advent trop de cho\u00adses \u00e0 la fois. Je pen\u00adse qu\u2019il est bon de se con\u00adcen\u00adtrer sur une prio\u00adri\u00adt\u00e9.  Je crois que pen\u00addant la pri\u00e8\u00adre et la louan\u00adge, Dieu nous par\u00adle. Il nous indi\u00adquera pour quel\u00adle prio\u00adri\u00adt\u00e9 nous devri\u00adons fai\u00adre appel \u00e0 sa puissance.&nbsp;<br>\n&nbsp;<br>\n&nbsp;<br>\n&nbsp;<br>\nQues\u00adti\u00adons pos\u00adsi\u00adbles pour les petits groupes<\/p>\n<p>\tA quoi pen\u00adses-tu que Dieu t\u2019a appel\u00e9 ? (pro\u00adfes\u00adsi\u00adon \u2013 famil\u00adle \u2013 talents \u2013&nbsp;etc.)<br>\n\tQuel\u00adles sont les prio\u00adri\u00adt\u00e9s g\u00e9n\u00e9\u00adra\u00adle\u00adment val\u00adables pour les disci\u00adples de&nbsp;J\u00e9sus&nbsp;?<br>\n\tTe sou\u00advi\u00adens-tu de tes r\u00e9so\u00adlu\u00adti\u00adons pour l\u2019an\u00adn\u00e9e 2022 ? Les\u00adquel\u00adles avais-tu&nbsp;?<br>\n\tEs-tu satis\u00adfait de l\u2019an\u00adn\u00e9e&nbsp;2022&nbsp;?&nbsp;<br>\n\tD\u2019a\u00adpr\u00e8s toi, o\u00f9 Dieu veut-il mett\u00adre la prio\u00adri\u00adt\u00e9 en&nbsp;2023&nbsp;?<\/p>","protected":false},"excerpt":{"rendered":"<p>Avec l\u2019an\u00adn\u00e9e 2023, Dieu nous off\u00adre \u00e0 nou\u00adveau du temps \u00e0 inves\u00adtir. Nous tour\u00adnons not\u00adre regard vers J\u00e9sus, qui a uti\u00adli\u00ads\u00e9 son temps de mani\u00e8\u00adre exem\u00adplai\u00adre (H\u00e9b. 12:2). Il avait un objec\u00adtif, des prio\u00adri\u00adt\u00e9s et un par\u00adten\u00adari\u00adat qui l\u2019ont aid\u00e9 \u00e0 r\u00e9us\u00adsir. Le but nous don\u00adne la direc\u00adtion \u00e0 sui\u00adv\u00adre. Les prio\u00adri\u00adt\u00e9s, le che\u00admin&nbsp;pour\u2026<\/p>","protected":false},"author":24,"featured_media":7068,"comment_status":"closed","ping_status":"closed","template":"","wpfc_preacher":[73],"wpfc_sermon_series":[81],"wpfc_sermon_topics":[],"wpfc_bible_book":[],"wpfc_service_type":[12],"class_list":{"0":"wpfc_preacher-daniel-bieri","1":"wpfc_sermon_series-creatio","2":"wpfc-sermon-single","3":"post-7008","4":"wpfc_sermon","5":"type-wpfc_sermon","6":"status-publish","7":"has-post-thumbnail","8":"hentry","11":"wpfc_service_type-gottesdienst"},"acf":[],"sermons_blog_filters_topics":"\t\t\t\t<div class=\"sm-filtering\">\n\t\t\t\t\t<div id=\"wpfc_sermon_sorting\" class=\"no-spacing\">\n\t\t\t\t\t\t\t\t\t\t\t\t\t\n\t\t\t\t\t<div class=\"sortTopics\" style=\"display: inline-block\">\n\t\t\t\t<form action=\"https:\/\/sermons.seetal-chile.ch\/fr\/wp-json\/wp\/v2\/wpfc_sermon\/7008\/\" method=\"get\">\n\t\t\t\t\t<select name=\"wpfc_sermon_topics\"\n\t\t\t\t\t\t\ttitle=\"Sujet\"\n\t\t\t\t\t\t\tid=\"wpfc_sermon_topics\"\n\t\t\t\t\t\t\tonchange=\"if(this.options[this.selectedIndex].value !== ''){return this.form.submit()}else{window.location = window.location.href.split('?')[0];}\"\n\t\t\t\t\t\t\tautocomplete=\"off\"\n\t\t\t\t\t\t>\n\t\t\t\t\t\t<option value=\"\">Sujet<\/option>\n\t\t\t\t\t\t<option value=\"freude\" >Freude<\/option><option value=\"heiliger-geist\" >Heiliger Geist<\/option><option value=\"hoffnung\" >Hoffnung<\/option><option value=\"liebe\" >Liebe<\/option><option value=\"pfingsten\" >Pfingsten<\/option>\t\t\t\t\t<\/select>\n\t\t\t\t\t\t\t\t\t\t\t\t\t\t\t\t\t\t\t\t\t\t\t\t\t<noscript>\n\t\t\t\t\t\t<div><input type=\"submit\" value=\"Submit\"\/><\/div>\n\t\t\t\t\t<\/noscript>\n\t\t\t\t<\/form>\n\t\t\t<\/div>\n\t\t\t\t\t\t\t\t\t\t\t\t\t\t\t\t\t\t<\/div>\n\t\t\t\t<\/div>\n\t\t\t\t","sermons_blog_filters_series":"\t\t\t\t<div class=\"sm-filtering\">\n\t\t\t\t\t<div id=\"wpfc_sermon_sorting\" class=\"no-spacing\">\n\t\t\t\t\t\t\t\t\n\t\t\t\t\t<div class=\"sortSeries\" style=\"display: inline-block\">\n\t\t\t\t<form action=\"https:\/\/sermons.seetal-chile.ch\/fr\/wp-json\/wp\/v2\/wpfc_sermon\/7008\/\" method=\"get\">\n\t\t\t\t\t<select name=\"wpfc_sermon_series\"\n\t\t\t\t\t\t\ttitle=\"S\u00e9ries\"\n\t\t\t\t\t\t\tid=\"wpfc_sermon_series\"\n\t\t\t\t\t\t\tonchange=\"if(this.options[this.selectedIndex].value !== ''){return this.form.submit()}else{window.location = window.location.href.split('?')[0];}\"\n\t\t\t\t\t\t\tautocomplete=\"off\"\n\t\t\t\t\t\t>\n\t\t\t\t\t\t<option value=\"\">S\u00e9ries<\/option>\n\t\t\t\t\t\t<option value=\"abentueuer-gebaet\" >Abent\u00fc\u00fcr Geb\u00e4t<\/option><option value=\"advent-2019\" >Advent 2019<\/option><option value=\"bestseller-die-bibel\" >Bestseller - Die Bibel<\/option><option value=\"connected\" >connected<\/option><option value=\"creatio\" >CREATIO<\/option><option value=\"eifach-muetig\" >EIFACH muetig \u2013 mit Jesus als Vorbild<\/option><option value=\"einfach-leise-gegenwaertig\" >Einfach. Leise. Gegenw\u00e4rtig.<\/option><option value=\"folge-du-mir-nach\" >Folge du mir nach<\/option><option value=\"glow\" >glow<\/option><option value=\"heilig-heilig-heilig\" >Heilig - Heilig - Heilig<\/option><option value=\"metamorphose\" >Metamorphose<\/option><option value=\"reformation\" >Reformation<\/option><option value=\"seetal-chile-talk\" >seetal chile Talk<\/option><option value=\"teens-segnung\" >Teens Segnung<\/option><option value=\"weitsicht\" >Weitsicht<\/option><option value=\"wie-du-und-ich\" >Wie du und ich<\/option><option value=\"willkommen-daheim\" >Willkommen daheim<\/option>\t\t\t\t\t<\/select>\n\t\t\t\t\t\t\t\t\t\t\t\t\t\t\t\t\t\t\t\t\t\t\t\t\t<noscript>\n\t\t\t\t\t\t<div><input type=\"submit\" value=\"Submit\"\/><\/div>\n\t\t\t\t\t<\/noscript>\n\t\t\t\t<\/form>\n\t\t\t<\/div>\n\t\t\t\t\t\t\t\t\t\t\t\t\t\t\t\t\t\t\t\t\t\t\t<\/div>\n\t\t\t\t<\/div>\n\t\t\t\t","sermons_blog_filters_preachers":"\t\t\t\t<div class=\"sm-filtering\">\n\t\t\t\t\t<div id=\"wpfc_sermon_sorting\" class=\"no-spacing\">\n\t\t\t\n\t\t\t\t\t<div class=\"sortPreacher\" style=\"display: inline-block\">\n\t\t\t\t<form action=\"https:\/\/sermons.seetal-chile.ch\/fr\/wp-json\/wp\/v2\/wpfc_sermon\/7008\/\" method=\"get\">\n\t\t\t\t\t<select name=\"wpfc_preacher\"\n\t\t\t\t\t\t\ttitle=\"Pr\u00e9dicateur\"\n\t\t\t\t\t\t\tid=\"wpfc_preacher\"\n\t\t\t\t\t\t\tonchange=\"if(this.options[this.selectedIndex].value !== ''){return this.form.submit()}else{window.location = window.location.href.split('?')[0];}\"\n\t\t\t\t\t\t\tautocomplete=\"off\"\n\t\t\t\t\t\t>\n\t\t\t\t\t\t<option value=\"\">Pr\u00e9dicateur<\/option>\n\t\t\t\t\t\t<option value=\"amin-afsharnaderi\" >Amin Afsharnaderi<\/option><option value=\"amir-khalid\" >Amir Khalid<\/option><option value=\"andre-heiniger\" >Andr\u00e9 Heiniger<\/option><option value=\"andreas-jakob\" >Andreas Jakob<\/option><option value=\"ansgar-gmuer\" >Ansgar Gm\u00fcr<\/option><option value=\"barbara-benz\" >Barbara Benz<\/option><option value=\"beat-ungricht\" >Beat Ungricht<\/option><option value=\"beati-forster\" >Beati Forster<\/option><option value=\"beni-leuenberger\" >Beni Leuenberger<\/option><option value=\"bernhard-hohl\" >Bernhard Hohl<\/option><option value=\"cedric-bruegger\" >C\u00e9dric Br\u00fcgger<\/option><option value=\"christian-haslebacher\" >Christian Haslebacher<\/option><option value=\"christian-seitz\" >Christian Seitz<\/option><option value=\"christoph-kunz\" >Christoph Kunz<\/option><option value=\"corinne-jost\" >Corinne Jost<\/option><option value=\"cornelia-roth\" >Cornelia Roth<\/option><option value=\"daniel-bieri\" >Daniel Bieri<\/option><option value=\"debora-sommer\" >Debora Sommer<\/option><option value=\"erich-hunziker\" >Erich Hunziker<\/option><option value=\"esther-wehrli\" >Esther Wehrli<\/option><option value=\"florian-glaser\" >Florian Glaser<\/option><option value=\"gaby-wentland\" >Gaby Wentland<\/option><option value=\"hans-doessegger\" >Hans D\u00f6ssegger<\/option><option value=\"harry-graf\" >Harry Graf<\/option><option value=\"ina-von-schoultz\" >Ina von Schoultz<\/option><option value=\"jan-timon-beck\" >Jan-Timon Beck<\/option><option value=\"john-ghanim\" >John Ghanim<\/option><option value=\"juergen-will\" >J\u00fcrgen Will<\/option><option value=\"markus-inaebnit\" >Markus In\u00e4bnit<\/option><option value=\"martin-dreyer\" >Martin Dreyer<\/option><option value=\"martin-kiener\" >Martin Kiener<\/option><option value=\"matthias-altwegg\" >Matthias Altwegg<\/option><option value=\"michael-bont\" >Michael Bont<\/option><option value=\"mohanathas-balasubramaniam\" >Mohanathas Balasubramaniam<\/option><option value=\"nathalie-schertenleib\" >Nathalie Schertenleib<\/option><option value=\"peter-inaebnit\" >Peter In\u00e4bnit<\/option><option value=\"peter-michel\" >Peter Michel<\/option><option value=\"rene-winkler\" >Ren\u00e9 Winkler<\/option><option value=\"roger-sigg\" >Roger Sigg<\/option><option value=\"simon-wick\" >Simon Wick<\/option><option value=\"stefan-schuepbach\" >Stefan Sch\u00fcpbach<\/option><option value=\"stephan-bolliger\" >Stephan Bolliger<\/option><option value=\"susanne-geske\" >Susanne Geske<\/option><option value=\"tabea-inaebnit\" >Tabea In\u00e4bnit<\/option><option value=\"thomas-grieve\" >Thomas Grieve<\/option><option value=\"tina-schmidt\" >Tina Schmidt<\/option><option value=\"werner-messmer\" >Werner Messmer<\/option><option value=\"wieland-mueller\" >Wieland M\u00fcller<\/option><option value=\"yanick-buehler\" >Yanick B\u00fchler<\/option><option value=\"yassir-eric\" >Yassir Eric<\/option>\t\t\t\t\t<\/select>\n\t\t\t\t\t\t\t\t\t\t\t\t\t\t\t\t\t\t\t\t\t\t\t\t\t<noscript>\n\t\t\t\t\t\t<div><input type=\"submit\" value=\"Submit\"\/><\/div>\n\t\t\t\t\t<\/noscript>\n\t\t\t\t<\/form>\n\t\t\t<\/div>\n\t\t\t\t\t\t\t\t\t\t\t\t\t\t\t\t\t\t\t\t\t\t\t\t\t\t\t\t<\/div>\n\t\t\t\t<\/div>\n\t\t\t\t","sermons_blog_filters_books":"\t\t\t\t<div class=\"sm-filtering\">\n\t\t\t\t\t<div id=\"wpfc_sermon_sorting\" class=\"no-spacing\">\n\t\t\t\t\t\t\t\t\t\t\t\t\t\t\t\t\t\t\n\t\t\t\t\t<div class=\"sortBooks\" style=\"display: inline-block\">\n\t\t\t\t<form action=\"https:\/\/sermons.seetal-chile.ch\/fr\/wp-json\/wp\/v2\/wpfc_sermon\/7008\/\" method=\"get\">\n\t\t\t\t\t<select name=\"wpfc_bible_book\"\n\t\t\t\t\t\t\ttitle=\"Livre\"\n\t\t\t\t\t\t\tid=\"wpfc_bible_book\"\n\t\t\t\t\t\t\tonchange=\"if(this.options[this.selectedIndex].value !== ''){return this.form.submit()}else{window.location = window.location.href.split('?')[0];}\"\n\t\t\t\t\t\t\tautocomplete=\"off\"\n\t\t\t\t\t\t>\n\t\t\t\t\t\t<option value=\"\">Livre<\/option>\n\t\t\t\t\t\t\t\t\t\t\t<\/select>\n\t\t\t\t\t\t\t\t\t\t\t\t\t\t\t\t\t\t\t\t\t\t\t\t\t<noscript>\n\t\t\t\t\t\t<div><input type=\"submit\" value=\"Submit\"\/><\/div>\n\t\t\t\t\t<\/noscript>\n\t\t\t\t<\/form>\n\t\t\t<\/div>\n\t\t\t\t\t\t\t\t\t\t\t\t\t<\/div>\n\t\t\t\t<\/div>\n\t\t\t\t","sermons_blog_filters_service_types":"\t\t\t\t<div class=\"sm-filtering\">\n\t\t\t\t\t<div id=\"wpfc_sermon_sorting\" class=\"no-spacing\">\n\t\t\t\t\t\t\t\t\t\t\t\t\t\t\t\t\t\t\t\t\t\t\t\n\t\t\t\t\t<div class=\"sortServiceTypes\" style=\"display: inline-block\">\n\t\t\t\t<form action=\"https:\/\/sermons.seetal-chile.ch\/fr\/wp-json\/wp\/v2\/wpfc_sermon\/7008\/\" method=\"get\">\n\t\t\t\t\t<select name=\"wpfc_service_type\"\n\t\t\t\t\t\t\ttitle=\"Type De Service\"\n\t\t\t\t\t\t\tid=\"wpfc_service_type\"\n\t\t\t\t\t\t\tonchange=\"if(this.options[this.selectedIndex].value !== ''){return this.form.submit()}else{window.location = window.location.href.split('?')[0];}\"\n\t\t\t\t\t\t\tautocomplete=\"off\"\n\t\t\t\t\t\t>\n\t\t\t\t\t\t<option value=\"\">Type De Service<\/option>\n\t\t\t\t\t\t<option value=\"glow-celebration\" >glow Celebration<\/option><option value=\"gottesdienst\" >Gottesdienst<\/option>\t\t\t\t\t<\/select>\n\t\t\t\t\t\t\t\t\t\t\t\t\t\t\t\t\t\t\t\t\t\t\t\t\t<noscript>\n\t\t\t\t\t\t<div><input type=\"submit\" value=\"Submit\"\/><\/div>\n\t\t\t\t\t<\/noscript>\n\t\t\t\t<\/form>\n\t\t\t<\/div>\n\t\t\t\t\t\t\t\t<\/div>\n\t\t\t\t<\/div>\n\t\t\t\t","sermons_blog_filters_dates":"\t\t\t\t<div class=\"sm-filtering\">\n\t\t\t\t\t<div id=\"wpfc_sermon_sorting\" class=\"no-spacing\">\n\t\t\t\t\t\t\t\t\t\t\t\t\t\t\t\t\t\t\t\t\t\t\t\t\t\t\t\t\n\t\t\t\t\t<div class=\"sortDates\" style=\"display: inline-block\">\n\t\t\t\t<form action=\"https:\/\/sermons.seetal-chile.ch\/fr\/wp-json\/wp\/v2\/wpfc_sermon\/7008\/\" method=\"get\">\n\t\t\t\t\t<select name=\"wpfc_dates\"\n\t\t\t\t\t\t\ttitle=\"Date\"\n\t\t\t\t\t\t\tid=\"wpfc_dates\"\n\t\t\t\t\t\t\tonchange=\"if(this.options[this.selectedIndex].value !== ''){return this.form.submit()}else{window.location = window.location.href.split('?')[0];}\"\n\t\t\t\t\t\t\tautocomplete=\"off\"\n\t\t\t\t\t\t>\n\t\t\t\t\t\t<option value=\"\">Date<\/option>\n\t\t\t\t\t\t<option value=\"04-2026\" >Apr 2026<\/option><option value=\"03-2026\" >Mar 2026<\/option><option value=\"02-2026\" >Feb 2026<\/option><option value=\"01-2026\" >Jan 2026<\/option><option value=\"12-2025\" >Dec 2025<\/option><option value=\"11-2025\" >Nov 2025<\/option><option value=\"10-2025\" >Oct 2025<\/option><option value=\"09-2025\" >Sep 2025<\/option><option value=\"08-2025\" >Aug 2025<\/option><option value=\"07-2025\" >Jul 2025<\/option><option value=\"06-2025\" >Jun 2025<\/option><option value=\"05-2025\" >May 2025<\/option><option value=\"04-2025\" >Apr 2025<\/option><option value=\"03-2025\" >Mar 2025<\/option><option value=\"02-2025\" >Feb 2025<\/option><option value=\"01-2025\" >Jan 2025<\/option><option value=\"12-2024\" >Dec 2024<\/option><option value=\"11-2024\" >Nov 2024<\/option><option value=\"10-2024\" >Oct 2024<\/option><option value=\"09-2024\" >Sep 2024<\/option><option value=\"08-2024\" >Aug 2024<\/option><option value=\"07-2024\" >Jul 2024<\/option><option value=\"06-2024\" >Jun 2024<\/option><option value=\"05-2024\" >May 2024<\/option><option value=\"04-2024\" >Apr 2024<\/option><option value=\"03-2024\" >Mar 2024<\/option><option value=\"02-2024\" >Feb 2024<\/option><option value=\"01-2024\" >Jan 2024<\/option><option value=\"12-2023\" >Dec 2023<\/option><option value=\"11-2023\" >Nov 2023<\/option><option value=\"10-2023\" >Oct 2023<\/option><option value=\"09-2023\" >Sep 2023<\/option><option value=\"08-2023\" >Aug 2023<\/option><option value=\"07-2023\" >Jul 2023<\/option><option value=\"06-2023\" >Jun 2023<\/option><option value=\"05-2023\" >May 2023<\/option><option value=\"04-2023\" >Apr 2023<\/option><option value=\"03-2023\" >Mar 2023<\/option><option value=\"02-2023\" >Feb 2023<\/option><option value=\"01-2023\" >Jan 2023<\/option><option value=\"12-2022\" >Dec 2022<\/option><option value=\"11-2022\" >Nov 2022<\/option><option value=\"10-2022\" >Oct 2022<\/option><option value=\"09-2022\" >Sep 2022<\/option><option value=\"08-2022\" >Aug 2022<\/option><option value=\"07-2022\" >Jul 2022<\/option><option value=\"06-2022\" >Jun 2022<\/option><option value=\"05-2022\" >May 2022<\/option><option value=\"04-2022\" >Apr 2022<\/option><option value=\"03-2022\" >Mar 2022<\/option><option value=\"02-2022\" >Feb 2022<\/option><option value=\"01-2022\" >Jan 2022<\/option><option value=\"12-2021\" >Dec 2021<\/option><option value=\"11-2021\" >Nov 2021<\/option><option value=\"10-2021\" >Oct 2021<\/option><option value=\"09-2021\" >Sep 2021<\/option><option value=\"08-2021\" >Aug 2021<\/option><option value=\"07-2021\" >Jul 2021<\/option><option value=\"06-2021\" >Jun 2021<\/option><option value=\"05-2021\" >May 2021<\/option><option value=\"04-2021\" >Apr 2021<\/option><option value=\"03-2021\" >Mar 2021<\/option><option value=\"02-2021\" >Feb 2021<\/option><option value=\"01-2021\" >Jan 2021<\/option><option value=\"12-2020\" >Dec 2020<\/option><option value=\"11-2020\" >Nov 2020<\/option><option value=\"10-2020\" >Oct 2020<\/option><option value=\"09-2020\" >Sep 2020<\/option><option value=\"08-2020\" >Aug 2020<\/option><option value=\"07-2020\" >Jul 2020<\/option><option value=\"06-2020\" >Jun 2020<\/option><option value=\"05-2020\" >May 2020<\/option><option value=\"04-2020\" >Apr 2020<\/option><option value=\"03-2020\" >Mar 2020<\/option><option value=\"02-2020\" >Feb 2020<\/option><option value=\"01-2020\" >Jan 2020<\/option><option value=\"12-2019\" >Dec 2019<\/option><option value=\"11-2019\" >Nov 2019<\/option><option value=\"10-2019\" >Oct 2019<\/option><option value=\"09-2019\" >Sep 2019<\/option><option value=\"08-2019\" >Aug 2019<\/option><option value=\"07-2019\" >Jul 2019<\/option><option value=\"06-2019\" >Jun 2019<\/option><option value=\"05-2019\" >May 2019<\/option><option value=\"04-2019\" >Apr 2019<\/option><option value=\"03-2019\" >Mar 2019<\/option><option value=\"02-2019\" >Feb 2019<\/option><option value=\"01-2019\" >Jan 2019<\/option><option value=\"12-2018\" >Dec 2018<\/option><option value=\"11-2018\" >Nov 2018<\/option><option value=\"10-2018\" >Oct 2018<\/option><option value=\"09-2018\" >Sep 2018<\/option><option value=\"08-2018\" >Aug 2018<\/option><option value=\"07-2018\" >Jul 2018<\/option><option value=\"06-2018\" >Jun 2018<\/option><option value=\"05-2018\" >May 2018<\/option><option value=\"04-2018\" >Apr 2018<\/option><option value=\"03-2018\" >Mar 2018<\/option><option value=\"02-2018\" >Feb 2018<\/option><option value=\"01-2018\" >Jan 2018<\/option><option value=\"12-2017\" >Dec 2017<\/option><option value=\"11-2017\" >Nov 2017<\/option><option value=\"10-2017\" >Oct 2017<\/option><option value=\"09-2017\" >Sep 2017<\/option><option value=\"08-2017\" >Aug 2017<\/option><option value=\"07-2017\" >Jul 2017<\/option><option value=\"06-2017\" >Jun 2017<\/option><option value=\"05-2017\" >May 2017<\/option><option value=\"04-2017\" >Apr 2017<\/option><option value=\"03-2017\" >Mar 2017<\/option><option value=\"02-2017\" >Feb 2017<\/option><option value=\"01-2017\" >Jan 2017<\/option><option value=\"12-2016\" >Dec 2016<\/option><option value=\"11-2016\" >Nov 2016<\/option><option value=\"10-2016\" >Oct 2016<\/option><option value=\"09-2016\" >Sep 2016<\/option><option value=\"08-2016\" >Aug 2016<\/option><option value=\"07-2016\" >Jul 2016<\/option><option value=\"06-2016\" >Jun 2016<\/option><option value=\"05-2016\" >May 2016<\/option><option value=\"04-2016\" >Apr 2016<\/option><option value=\"03-2016\" >Mar 2016<\/option><option value=\"02-2016\" >Feb 2016<\/option><option value=\"01-2016\" >Jan 2016<\/option><option value=\"12-2015\" >Dec 2015<\/option><option value=\"11-2015\" >Nov 2015<\/option><option value=\"10-2015\" >Oct 2015<\/option><option value=\"09-2015\" >Sep 2015<\/option><option value=\"08-2015\" >Aug 2015<\/option><option value=\"07-2015\" >Jul 2015<\/option>\t\t\t\t\t<\/select>\n\t\t\t\t\t\t\t\t\t\t\t\t\t\t\t\t\t\t\t\t\t\t\t\t\t<noscript>\n\t\t\t\t\t\t<div><input type=\"submit\" value=\"Submit\"\/><\/div>\n\t\t\t\t\t<\/noscript>\n\t\t\t\t<\/form>\n\t\t\t<\/div>\n\t\t\t<\/div>\n\t\t\t\t<\/div>\n\t\t\t\t","sermons_blog_image_url":"https:\/\/sermons.seetal-chile.ch\/wp-content\/uploads\/sermons\/2023\/01\/Thumbnail_2023-01-01.jpg","sermons_blog_video":"<video controls preload=\"metadata\" class=\"wpfc-sermon-video-player \" data-plyr_seek='0'><source src=\"https:\/\/youtu.be\/zwI08hJuad4\"><\/video>","sermons_blog_series":"<a href=\"https:\/\/sermons.seetal-chile.ch\/fr\/series\/creatio\/\" rel=\"tag\">CREATIO<\/a>","sermons_blog_meta_sermon_description":"Gott schenkt uns mit dem Jahr 2023 wieder Zeit, die wir investieren k\u00f6nnen. Wir richten unseren Blick auf Jesus, der seine Zeit vorbildlich genutzt hat (Hebr. 12:2). Er hatte ein\u2026","sermons_blog_show_readmore":true,"sermons_blog_audio":"<audio controls preload=\"metadata\" class=\"wpfc-sermon-player \" ><source src=\"https:\/\/resources.seetal-chile.ch\/files\/predigten\/mp3\/predigt_230101.mp3\" type=\"audio\/mp3\"><\/audio>","sermons_blog_preacher_image":"<a href=\"https:\/\/sermons.seetal-chile.ch\/fr\/pr\u00e9dicateur\/daniel-bieri\/\"><img width=\"150\" height=\"150\" src=\"https:\/\/sermons.seetal-chile.ch\/wp-content\/uploads\/2021\/03\/daniel_bieri-150x150.jpg\" class=\"attachment-thumbnail size-thumbnail\" alt=\"\" decoding=\"async\" loading=\"lazy\" srcset=\"https:\/\/sermons.seetal-chile.ch\/wp-content\/uploads\/2021\/03\/daniel_bieri-150x150.jpg 150w, https:\/\/sermons.seetal-chile.ch\/wp-content\/uploads\/2021\/03\/daniel_bieri-75x75.jpg 75w\" sizes=\"auto, (max-width: 150px) 100vw, 150px\" \/><\/a>","sermons_blog_preacher":"<a href=\"https:\/\/sermons.seetal-chile.ch\/fr\/pr\u00e9dicateur\/daniel-bieri\/\" rel=\"tag\">Daniel Bieri<\/a>","sermons_blog_bible_passage":"Hebr\u00e4er 12,2","sermons_blog_service_type":"<a href=\"https:\/\/sermons.seetal-chile.ch\/fr\/type-de-service\/gottesdienst\/\" rel=\"tag\">Gottesdienst<\/a>","sermon_audio":"https:\/\/resources.seetal-chile.ch\/files\/predigten\/mp3\/predigt_230101.mp3","sermon_audio_duration":"","_views":"8138","bible_passage":"Hebr\u00e4er 12,2","sermon_video_embed":"","sermon_video_url":"https:\/\/youtu.be\/zwI08hJuad4","sermon_bulletin":"","_featured_url":"https:\/\/sermons.seetal-chile.ch\/wp-content\/uploads\/sermons\/2023\/01\/Thumbnail_2023-01-01.jpg","sermon_date":1672591538,"_sermon_date_auto":false,"_links":{"self":[{"href":"https:\/\/sermons.seetal-chile.ch\/fr\/wp-json\/wp\/v2\/wpfc_sermon\/7008","targetHints":{"allow":["GET"]}}],"collection":[{"href":"https:\/\/sermons.seetal-chile.ch\/fr\/wp-json\/wp\/v2\/wpfc_sermon"}],"about":[{"href":"https:\/\/sermons.seetal-chile.ch\/fr\/wp-json\/wp\/v2\/types\/wpfc_sermon"}],"author":[{"embeddable":true,"href":"https:\/\/sermons.seetal-chile.ch\/fr\/wp-json\/wp\/v2\/users\/24"}],"replies":[{"embeddable":true,"href":"https:\/\/sermons.seetal-chile.ch\/fr\/wp-json\/wp\/v2\/comments?post=7008"}],"version-history":[{"count":7,"href":"https:\/\/sermons.seetal-chile.ch\/fr\/wp-json\/wp\/v2\/wpfc_sermon\/7008\/revisions"}],"predecessor-version":[{"id":7015,"href":"https:\/\/sermons.seetal-chile.ch\/fr\/wp-json\/wp\/v2\/wpfc_sermon\/7008\/revisions\/7015"}],"wp:featuredmedia":[{"embeddable":true,"href":"https:\/\/sermons.seetal-chile.ch\/fr\/wp-json\/wp\/v2\/media\/7068"}],"wp:attachment":[{"href":"https:\/\/sermons.seetal-chile.ch\/fr\/wp-json\/wp\/v2\/media?parent=7008"}],"wp:term":[{"taxonomy":"wpfc_preacher","embeddable":true,"href":"https:\/\/sermons.seetal-chile.ch\/fr\/wp-json\/wp\/v2\/wpfc_preacher?post=7008"},{"taxonomy":"wpfc_sermon_series","embeddable":true,"href":"https:\/\/sermons.seetal-chile.ch\/fr\/wp-json\/wp\/v2\/wpfc_sermon_series?post=7008"},{"taxonomy":"wpfc_sermon_topics","embeddable":true,"href":"https:\/\/sermons.seetal-chile.ch\/fr\/wp-json\/wp\/v2\/wpfc_sermon_topics?post=7008"},{"taxonomy":"wpfc_bible_book","embeddable":true,"href":"https:\/\/sermons.seetal-chile.ch\/fr\/wp-json\/wp\/v2\/wpfc_bible_book?post=7008"},{"taxonomy":"wpfc_service_type","embeddable":true,"href":"https:\/\/sermons.seetal-chile.ch\/fr\/wp-json\/wp\/v2\/wpfc_service_type?post=7008"}],"curies":[{"name":"wp","href":"https:\/\/api.w.org\/{rel}","templated":true}]}}