{"id":3888,"date":"2022-03-06T09:45:33","date_gmt":"2022-03-06T08:45:33","guid":{"rendered":"https:\/\/sermons.seetal-chile.ch\/?post_type=wpfc_sermon&#038;p=3888"},"modified":"2023-01-07T12:12:14","modified_gmt":"2023-01-07T11:12:14","slug":"der-vater-der-schoepfung","status":"publish","type":"wpfc_sermon","link":"https:\/\/sermons.seetal-chile.ch\/fr\/sermons\/der-vater-der-schoepfung\/","title":{"rendered":"Le p\u00e8re de la cr\u00e9ation"},"content":{"rendered":"<p>Dans l\u2019An\u00adci\u00aden Tes\u00adta\u00adment, Dieu est sou\u00advent appel\u00e9 <span class=\"caps\">YHWH<\/span>. Ce nom est tel\u00adlement sacr\u00e9 pour les Juifs qu\u2019ils ne le pro\u00adnon\u00adcent pas. C\u2019est pr\u00e9\u00adcis\u00ad\u00e9\u00adment ce Dieu qui a aus\u00adsi cr\u00e9\u00e9 la terre. Nous vou\u00adlons sui\u00adv\u00adre la trace de celui qui dit \u00abJe suis celui qui est tou\u00adjours\u00bb (Exo\u00adde 3.14) et nous deman\u00adder ce que cet \u00eatre signi\u00adfie pour mon exis\u00adtence. Les disci\u00adples de J\u00e9sus-Christ peu\u00advent prend\u00adre part \u00e0 cet \u00eatre, car il s\u2019y rat\u00adta\u00adche direc\u00adte\u00adment par ses paro\u00adles \u00abJe suis\u00bb. Cela me per\u00admet d\u2019\u00eat\u00adre, dans la mesu\u00adre o\u00f9 il dit \u00abJe&nbsp;suis\u00bb.<\/p>\n<p>Avec la pr\u00e9\u00addi\u00adca\u00adti\u00adon d\u2019au\u00adjour\u00add\u2019hui, quel\u00adque cho\u00adse va chan\u00adger fon\u00adda\u00admen\u00adta\u00adle\u00adment. Com\u00adme cer\u00adta\u00adins d\u2019ent\u00adre vous l\u2019ont remar\u00adqu\u00e9, ma femme et moi atten\u00addons not\u00adre pre\u00admier enfant. C\u2019est pour nous un \u00e9v\u00e9\u00adne\u00adment tr\u00e8s joyeux et je vais donc, bon gr\u00e9 mal gr\u00e9, fai\u00adre par\u00adtie \u00e0 l\u2019a\u00adve\u00adnir des pas\u00adteurs qui auront tou\u00adjours recours \u00e0 leurs enfants pour les exemp\u00adles pra\u00adti\u00adques. Je vou\u00addrais d\u00e9j\u00e0 m\u2019ex\u00adcu\u00adser ici pour les 100 pro\u00adchains ser\u00admons et j\u2019e\u00adsp\u00e8\u00adre que vous me pardonnerez.<br>\nBien que la nais\u00adsance de not\u00adre fils ne soit pr\u00e9\u00advue que pour la mi-juin, nous, ou plu\u00adt\u00f4t ma femme, som\u00admes d\u00e9j\u00e0 plei\u00adne\u00adment occu\u00adp\u00ad\u00e9s par les pr\u00e9\u00adpa\u00adra\u00adtifs. Il faut ache\u00adter de nou\u00adveaux meubles, orga\u00adnis\u00ader les v\u00eate\u00adments et peind\u00adre quel\u00adques murs. Mais la t\u00e2che la plus importan\u00adte, la plus bel\u00adle mais aus\u00adsi la plus dif\u00adfi\u00adci\u00adle pour moi est de trou\u00adver un pr\u00e9\u00adnom pour not\u00adre enfant. Si jus\u00adqu\u2019\u00e0 pr\u00e9\u00adsent, je devais trou\u00adver des noms pour nos chats avec mes s\u0153urs, c\u2019est une tou\u00adte aut\u00adre his\u00adtoire. En effet, l\u2019en\u00adfant por\u00adte\u00adra ce nom tou\u00adte sa vie. C\u2019est pour\u00adquoi il doit avoir une bel\u00adle son\u00ado\u00adri\u00adt\u00e9, mais ne pas \u00eatre trop <sup class=\"numerator\">08<\/sup>\u2044<sub class=\"denominator\">15<\/sub>. Il doit cer\u00adtes sor\u00adtir un peu de l\u2019or\u00addi\u00adnaire, mais il serait tout de m\u00eame pra\u00adtique que les grands-par\u00adents puis\u00adsent le pro\u00adnon\u00adcer sans fau\u00adte. Si, au d\u00e9but, nous avi\u00adons enco\u00adre beau\u00adcoup de noms dif\u00adf\u00e9r\u00adents, cela se limi\u00adte main\u00adten\u00adant peu \u00e0 peu. Nous remar\u00adquons de plus en plus que deux cho\u00adses sont importan\u00adtes pour nous dans un nom. D\u2019u\u00adne part, le nom doit nous plai\u00adre. D\u2019aut\u00adre part, il doit avoir une bon\u00adne signi\u00adfi\u00adca\u00adti\u00adon. La plu\u00adpart des noms ont une signi\u00adfi\u00adca\u00adti\u00adon et ce serait bien de pou\u00advoir don\u00adner quel\u00adque cho\u00adse \u00e0 l\u2019enfant.<br>\nDans la Bible, les noms ont une signi\u00adfi\u00adca\u00adti\u00adon plus pro\u00adfon\u00adde. Oui, ils disent quel\u00adque cho\u00adse sur une per\u00adson\u00adne, un lieu ou un objet. Un nom n\u2019est pas seu\u00adle\u00adment une \u00e9ti\u00adquet\u00adte, il en dit aus\u00adsi beau\u00adcoup sur son con\u00adtenu. Cet\u00adte ann\u00e9e, nous nous pen\u00adchons sur le th\u00e8\u00adme de l\u2019an\u00adn\u00e9e Crea\u00adtio \u2013 espoir et responsa\u00adbi\u00adli\u00adt\u00e9. Jus\u00adqu\u2019\u00e0 pr\u00e9\u00adsent, nous nous som\u00admes beau\u00adcoup pen\u00adch\u00e9s sur la bon\u00adne cr\u00e9a\u00adti\u00adon de Dieu. Dieu y appa\u00adra\u00eet com\u00adme le Saint-Esprit, le Fils et le P\u00e8re. Dans les deux ser\u00admons pr\u00e9\u00adc\u00e9\u00addents, nous nous som\u00admes pen\u00adch\u00e9s sur le Saint-Esprit et sur J\u00e9sus-Christ. Aujour\u00add\u2019hui, nous vou\u00adlons nous tour\u00adner vers le P\u00e8re. Oui, il s\u2019a\u00adgit du p\u00e8re de la cr\u00e9a\u00adti\u00adon, de celui dont il est dit \u00abAu com\u00admence\u00adment, Dieu cr\u00e9a les cieux et la terre\u00bb (Gen\u00e8\u00adse 1.1). Ce faisant, nous nous deman\u00adde\u00adrons qui est ce Dieu et ce que son nom h\u00e9b\u00adreu a \u00e0 nous&nbsp;dire.<br>\n1. le nom de&nbsp;Dieu<br>\nChaque nom a sa rai\u00adson d\u2019\u00eat\u00adre dans la pen\u00ads\u00e9e h\u00e9bra\u00ef\u00adque. Com\u00adme un nom n\u2019est pas seu\u00adle\u00adment une adres\u00adse, aucun nom n\u2019est choi\u00adsi au hasard. Le nom du pre\u00admier hom\u00adme, par exemp\u00adle, a une signi\u00adfi\u00adca\u00adti\u00adon dou\u00adble. D\u2019u\u00adne part, Adam est le nom pro\u00adpre alle\u00admand du pre\u00admier hom\u00adme, mais d\u2019aut\u00adre part, Adam signi\u00adfie tout sim\u00adple\u00adment \u00abhom\u00adme\u00bb. Eve, en revan\u00adche, signi\u00adfie \u00abcel\u00adle qui don\u00adne la&nbsp;vie\u00bb.<br>\nDans la Cr\u00e9a\u00adti\u00adon, Dieu est d\u00e9crit par deux mots h\u00e9b\u00adreux. D\u2019u\u00adne part, dans Gen\u00e8\u00adse 1.1\u20132.3, il s\u2019a\u00adgit d\u2019E\u00adlo\u00adhim. D\u2019aut\u00adre part, en Gen\u00e8\u00adse 2.4\u201325, il s\u2019a\u00adgit de <span class=\"caps\">YHWH<\/span> asso\u00adci\u00e9 \u00e0 Elo\u00adhim. Les deux noms signi\u00adfi\u00adent Dieu, mais met\u00adtent l\u2019ac\u00adcent sur un point dif\u00adf\u00e9\u00adrent. Elo\u00adhim est un plu\u00adri\u00adel, mais il est tou\u00adjours tra\u00adduit par Dieu au sin\u00adgu\u00adlier. On par\u00adle alors de Plu\u00adra\u00adlis Maje\u00ads\u00adta\u00adtis. Il exis\u00adte plu\u00ads\u00adieurs th\u00e9\u00ado\u00adries sur la rai\u00adson pour laquel\u00adle Dieu est \u00e9crit au plu\u00adri\u00adel. Une th\u00e8\u00adse tr\u00e8s anci\u00aden\u00adne, que j\u2019ai\u00adme per\u00adson\u00adnel\u00adle\u00adment beau\u00adcoup, sug\u00adg\u00e8\u00adre que les trois per\u00adson\u00adnes de Dieu y sont \u00e9vo\u00adqu\u00e9es. A savoir que Dieu se com\u00adpo\u00adse du P\u00e8re, du Fils et du Saint-Esprit. En revan\u00adche, <span class=\"caps\">YHWH<\/span> repr\u00e9\u00adsen\u00adte bien plus le P\u00e8re et est tra\u00adduit en fran\u00ad\u00e7ais par l\u2019\u00c9\u00adter\u00adnel. Il s\u2019a\u00adgit \u00e9ga\u00adle\u00adment de la d\u00e9si\u00adgna\u00adti\u00adon la plus cou\u00adran\u00adte de Dieu dans l\u2019An\u00adci\u00aden Tes\u00adta\u00adment. Elle appa\u00adra\u00eet plus de 6700 fois, tan\u00addis qu\u2019E\u00adlo\u00adhim est men\u00adti\u00adonn\u00e9 \u00e0 pei\u00adne 2500&nbsp;fois.<br>\nAujour\u00add\u2019hui, je vou\u00addrais sur\u00adtout m\u2019in\u00adt\u00e9\u00adres\u00adser au nom de Dieu <span class=\"caps\">YHWH<\/span>. La par\u00adti\u00adcu\u00adla\u00adri\u00adt\u00e9 de ce nom est que sa pro\u00adnon\u00adcia\u00adti\u00adon ori\u00adgi\u00adna\u00adle est obscu\u00adre. Cela vient du fait que ce nom \u00e9tait tel\u00adlement sacr\u00e9 pour les juifs qu\u2019ils ne le pro\u00adno\u00adn\u00ad\u00e7ai\u00adent pas. C\u2019est pour\u00adquoi on par\u00adle aujour\u00add\u2019hui sou\u00advent de <span class=\"caps\">JHWH<\/span>. Cet\u00adte pra\u00adtique trouve son ori\u00adgi\u00adne dans l\u2019\u00e9\u00adcri\u00adtu\u00adre h\u00e9bra\u00ef\u00adque. Pen\u00addant tr\u00e8s long\u00adtemps, cel\u00adle-ci ne con\u00adnais\u00adsait pas les voyel\u00adles, seu\u00adles les con\u00adson\u00adnes \u00e9tai\u00adent \u00e9cri\u00adtes. Pour les locu\u00adteurs natifs, cela ne joue aucun r\u00f4le, car la for\u00adme gram\u00adma\u00adti\u00adcale et le mot lui-m\u00eame r\u00e9sul\u00adtent du con\u00adtex\u00adte. C\u2019est pour\u00adquoi on a renon\u00adc\u00e9 aux voyel\u00adles dans l\u2019\u00e9\u00adcri\u00adtu\u00adre h\u00e9bra\u00ef\u00adque. Cela rend \u00e9ga\u00adle\u00adment le tex\u00adte beau\u00adcoup plus court, ce qui per\u00admet de gagner \u00e9nor\u00adm\u00e9\u00adment de temps et d\u2019e\u00adspace lors\u00adque tout doit \u00eatre \u00e9crit \u00e0 la&nbsp;main.<br>\nA par\u00adtir du 7\u00e8me si\u00e8\u00adcle apr\u00e8s J\u00e9sus-Christ, un d\u00e9fi s\u2019est pos\u00e9 : de plus en plus de per\u00adson\u00adnes n\u2019a\u00advai\u00adent pas l\u2019h\u00e9b\u00adreu com\u00adme lan\u00adgue mate\u00adr\u00adnel\u00adle. Il y eut un grou\u00adpe d\u2019\u00e9\u00adru\u00addits juifs, les masor\u00e8\u00adtes, qui se don\u00adn\u00e8\u00adrent pour mis\u00adsi\u00adon d\u2019a\u00adjou\u00adter des voyel\u00adles au tex\u00adte h\u00e9b\u00adreu afin que celui-ci res\u00adte tou\u00adjours acces\u00adsi\u00adble aux g\u00e9n\u00e9\u00adra\u00adti\u00adons sui\u00advan\u00adtes. Mais com\u00adme ils ne vou\u00adlai\u00adent pas modi\u00adfier la paro\u00adle de Dieu, ils ont \u00e9crit les voyel\u00adles \u00e0 c\u00f4t\u00e9 des con\u00adson\u00adnes. Et c\u2019est l\u00e0 que le b\u00e2t bles\u00adse lors\u00adqu\u2019il s\u2019a\u00adgit du nom pro\u00adpre de Dieu, <span class=\"caps\">YHWH<\/span>. Car les Juifs avai\u00adent un si grand respect et, bien que <span class=\"caps\">YHWH<\/span> soit \u00e9crit, ils lisai\u00adent Adon\u00adaj, ce qui signi\u00adfie \u00abmon Sei\u00adgneur\u00bb. C\u2019est pour\u00adquoi beau\u00adcoup de cho\u00adses sont incer\u00adtai\u00adnes quant \u00e0 la signi\u00adfi\u00adca\u00adti\u00adon et \u00e0 la pro\u00adnon\u00adcia\u00adti\u00adon du nom. La plu\u00adpart des indi\u00adces indi\u00adquent qu\u2019on le pro\u00adno\u00adn\u00ad\u00e7ait Yahweh.<br>\nCela me fasci\u00adne \u00e9nor\u00adm\u00e9\u00adment. Nous, les humains, aimer\u00adi\u00adons tout savoir jus\u00adqu\u2019au bout. Mais avec la cr\u00e9a\u00adti\u00adon, nous arri\u00advons \u00e0 un point o\u00f9 il n\u2019est plus pos\u00adsi\u00adble de remon\u00adter plus loin. A un moment don\u00adn\u00e9, nous en reve\u00adnons \u00e0 \u00abau com\u00admence\u00adment, Dieu cr\u00e9a\u2026\u00bb. Tout com\u00admence avec lui, mais pas \u00e0 par\u00adtir de lui. C\u2019est pour\u00adquoi il m\u00e9ri\u00adte un respect extr\u00ea\u00adme en tant que cr\u00e9\u00ada\u00adteur de la&nbsp;terre.<br>\n2. la r\u00e9v\u00e9\u00adla\u00adti\u00adon du P\u00e8re \u00e0 lui-m\u00eame<br>\nLa signi\u00adfi\u00adca\u00adti\u00adon du nom <span class=\"caps\">YHWH<\/span> ne peut mal\u00adheu\u00adreu\u00adse\u00adment pas \u00eatre d\u00e9ter\u00admi\u00adn\u00e9e avec pr\u00e9\u00adcis\u00adi\u00adon. Cepen\u00addant, il est pos\u00adsi\u00adble de dire qui est ce Dieu. Car <span class=\"caps\">YHWH<\/span> s\u2019est r\u00e9v\u00e9\u00adl\u00e9 lui-m\u00eame. Le pre\u00admier liv\u00adre de la Bible d\u00e9crit d\u2019u\u00adne part le d\u00e9but du mon\u00adde et de l\u2019hu\u00adma\u00adni\u00adt\u00e9, et d\u2019aut\u00adre part l\u2019his\u00adtoire de Dieu avec un peu\u00adple sp\u00e9\u00adci\u00adfi\u00adque. Dans ce con\u00adtex\u00adte, Dieu s\u2019est choi\u00adsi le peu\u00adple d\u2019Is\u00adra\u00ebl. Quel\u00adque temps apr\u00e8s cet\u00adte \u00e9lec\u00adtion, ce peu\u00adple s\u2019est instal\u00adl\u00e9 en \u00c9gyp\u00adte. Pour \u00e9vi\u00adter qu\u2019ils ne devi\u00aden\u00adnent un dan\u00adger, le pha\u00adraon d\u2019\u00c9\u00adgyp\u00adte les a fait tra\u00advail\u00adler pour lui com\u00adme escla\u00adves. Le peu\u00adple a tel\u00adlement souf\u00adfert que Dieu a eu piti\u00e9 d\u2019eux et leur a envoy\u00e9 Mo\u00ef\u00adse pour les sau\u00adver. Lors\u00adque Mo\u00ef\u00adse fut appel\u00e9 \u00e0 accom\u00adplir cet\u00adte t\u00e2che incroya\u00adblem\u00adent dif\u00adfi\u00adci\u00adle, il deman\u00adda \u00e0 Dieu ce qu\u2019il devait dire lors\u00adqu\u2019on lui deman\u00adderait qui l\u2019a\u00advait envoy\u00e9. \u00abDieu r\u00e9pon\u00addit : \u00abJe suis celui qui est tou\u00adjours\u00bb. Dis-leur sim\u00adple\u00adment : \u00abJe suis\u00bb m\u2019a envoy\u00e9 vers vous\u00bb (Exo\u00adde 3.14 <span class=\"caps\">NLB<\/span>). La Bible de Luther tra\u00adduit par \u00abJe serai qui je serai\u00bb. Les deux sont en h\u00e9b\u00adreu. Dieu est tou\u00adjours le m\u00eame, il ne chan\u00adge pas (Jac\u00adques 1.17).<br>\nDieu est l\u2019in\u00adcar\u00adna\u00adti\u00adon de l\u2019\u00eat\u00adre. Il est tou\u00adjours l\u2019\u00eat\u00adre au sens le plus vrai du ter\u00adme. L\u2019\u00eat\u00adre a en lui son point d\u2019ap\u00adpui. En dehors de Dieu, il n\u2019y a pas d\u2019\u00eat\u00adre. Par sa paro\u00adle, Dieu a tout appel\u00e9 \u00e0 l\u2019e\u00adxis\u00adtence, car tout \u00eatre a son point d\u2019an\u00adcra\u00adge dans l\u2019\u00eat\u00adre de Dieu. Mais lors\u00adqu\u2019il s\u2019a\u00adgit de sai\u00adsir Dieu dans son essence, il faut dire que not\u00adre com\u00adpr\u00e9\u00adhen\u00adsi\u00adon ne refl\u00e8\u00adte tou\u00adjours qu\u2019un aspect partiel. En effet, on peut dire com\u00adme le p\u00e8re de l\u2019\u00c9g\u00adli\u00adse Augus\u00adtin : \u00abSi tu l\u2019as com\u00adpris, ce n\u2019est pas Dieu\u00bb (Augus\u00adtin d\u2019Hippone).<br>\nEn cet\u00adte \u00e9po\u00adque \u00e9clai\u00adr\u00e9e, de nombreu\u00adses per\u00adson\u00adnes ont enco\u00adre du mal \u00e0 cro\u00adi\u00adre en un Dieu, et enco\u00adre moins \u00e0 cro\u00adi\u00adre qu\u2019un Dieu a cr\u00e9\u00e9 ce mon\u00adde et le main\u00adti\u00adent avec amour. Tho\u00admas d\u2019A\u00adquin, un th\u00e9o\u00adlo\u00adgien du Moy\u00aden \u00c2ge, a d\u00e9ve\u00adlo\u00adp\u00adp\u00e9 dif\u00adf\u00e9\u00adren\u00adtes preu\u00adves de l\u2019e\u00adxis\u00adtence de Dieu. Il faut d\u2019a\u00adbord pr\u00e9\u00adcis\u00ader qu\u2019el\u00adles ne prou\u00advent pas le Dieu qui se pr\u00e9\u00adsen\u00adte com\u00adme \u00abJe suis celui qui est tou\u00adjours\u00bb. Elles sug\u00adg\u00e8\u00adrent tou\u00adte\u00adfois qu\u2019il doit exis\u00adter quel\u00adque cho\u00adse en dehors de not\u00adre temps et de not\u00adre espace.<br>\nUne tel\u00adle preuve est la preuve de la cau\u00adsa\u00adli\u00adt\u00e9. Cel\u00adle-ci affir\u00adme qu\u2019il exis\u00adte par\u00adtout dans le mon\u00adde des cau\u00adses et des effets qui sont li\u00e9s ent\u00adre eux (pr\u00e9\u00admis\u00adse). Chaque effet pr\u00e9\u00adsup\u00adpo\u00adse une cau\u00adse suf\u00adfi\u00adsan\u00adte, qui est d\u00e9ter\u00admi\u00adnan\u00adte pour l\u2019ef\u00adfet (axio\u00adme). Un effet a tou\u00adjours une cau\u00adse, cet\u00adte cau\u00adse peut \u00e0 son tour \u00eatre un effet d\u2019u\u00adne aut\u00adre cau\u00adse. Mais \u00e0 un moment don\u00adn\u00e9, la ques\u00adti\u00adon de la pre\u00admi\u00e8\u00adre cau\u00adse se pose. Cet\u00adte pre\u00admi\u00e8\u00adre cau\u00adse d\u2019ef\u00adfet est elle-m\u00eame non cau\u00ads\u00e9e, elle n\u2019a donc elle-m\u00eame aucu\u00adne cau\u00adse (con\u00adclu\u00adsi\u00adon). En ce qui con\u00adcer\u00adne la cr\u00e9a\u00adti\u00adon, cela signi\u00adfie que beau\u00adcoup de cho\u00adses peu\u00advent \u00eatre d\u00e9dui\u00adtes les unes des aut\u00adres, mais au d\u00e9but \u00e9tait Dieu. Le p\u00e8re de la cr\u00e9a\u00adti\u00adon, qui est la pre\u00admi\u00e8\u00adre cau\u00adse effi\u00adci\u00aden\u00adte. Il est l\u2019e\u00adxis\u00adtence qui est la cau\u00adse de l\u2019e\u00adxis\u00adtence de la terre. Oui, ce \u00abje suis\u00bb reven\u00addique pour lui-m\u00eame le fait qu\u2019il est aus\u00adsi l\u2019au\u00adteur du ciel et de la terre. De plus, il n\u2019est pas sim\u00adple\u00adment un dieu par\u00admi d\u2019au\u00adt\u00adres, mais il est le dieu qui exis\u00adte. Son attri\u00adbut le plus pri\u00admi\u00adtif est l\u2019\u00eat\u00adre. \u00abVoi\u00adci ce que dit l\u2019\u00c9\u00adter\u00adnel, qui a cr\u00e9\u00e9 les cieux, qui est Dieu, qui a for\u00adm\u00e9 la terre et qui l\u2019a fai\u00adte. Il l\u2019a fon\u00add\u00e9e. Il ne l\u2019a pas cr\u00e9\u00ad\u00e9e com\u00adme un d\u00e9sert, mais pour \u00eatre habi\u00adt\u00e9e. Je suis l\u2019\u00c9\u00adter\u00adnel\u00bb, dit-il, \u00abil n\u2019y en a pas d\u2019aut\u00adre\u00bb&nbsp;\u00bb (Esa\u00efe 45,18&nbsp;<span class=\"caps\">NLB<\/span>).<br>\n3. le \u00abje suis\u00bb du P\u00e8re com\u00adme point de d\u00e9part de ton&nbsp;\u00eatre<br>\nEn tant que cr\u00e9a\u00adtures de Dieu, not\u00adre exis\u00adtence en tant qu\u2019\u00eat\u00adre humain trouve \u00e9ga\u00adle\u00adment son fon\u00adde\u00adment dans l\u2019\u00eat\u00adre de Dieu. Tu peux \u00eatre par\u00adce qu\u2019il est. C\u2019est dans le \u00abJe suis\u00bb et dans le nom que se trouve le lien ent\u00adre Dieu, le P\u00e8re de la cr\u00e9a\u00adti\u00adon, et J\u00e9sus-Christ, le Fils. Car J\u00e9sus signi\u00adfie <span class=\"caps\">YHWH<\/span> sauve, donc le lien est d\u00e9j\u00e0 \u00e9vi\u00addent dans le nom. Mais cel\u00adle-ci se retrouve \u00e9ga\u00adle\u00adment dans la vie et l\u2019ac\u00adtion de J\u00e9sus-Christ. Dans le Nou\u00adveau Tes\u00adta\u00adment, J\u00e9sus fait sou\u00advent la d\u00e9cla\u00adra\u00adti\u00adon \u00abJe suis\u00bb. Dans l\u2019\u00e9\u00advan\u00adgi\u00adle de Jean, il l\u2019as\u00adso\u00adcie au pain, \u00e0 la por\u00adte, au ber\u00adger, au che\u00admin, \u00e0 la vigne, \u00e0 la lumi\u00e8\u00adre, \u00e0 la v\u00e9ri\u00adt\u00e9, \u00e0 la r\u00e9sur\u00adrec\u00adtion et \u00e0 la vie. En se r\u00e9f\u00e9\u00adrant \u00e0 ces ter\u00admes, Jeus reven\u00addique et mont\u00adre qu\u2019il est&nbsp;Dieu.<br>\nExami\u00adnons de plus pr\u00e8s deux d\u00e9cla\u00adra\u00adti\u00adons \u00abJe suis\u00bb. \u00abJe suis la lumi\u00e8\u00adre du mon\u00adde. Celui qui me suit n\u2019a pas beso\u00adin d\u2019er\u00adrer dans les t\u00e9n\u00e8\u00adbres, car il aura la lumi\u00e8\u00adre qui con\u00adduit \u00e0 la vie\u00bb (Jean 8.12 <span class=\"caps\">NLB<\/span>). En Gen\u00e8\u00adse 1.3, Dieu a cr\u00e9\u00e9 la lumi\u00e8\u00adre pour ce mon\u00adde. Ici, J\u00e9sus reven\u00addique le fait d\u2019\u00eat\u00adre cet\u00adte lumi\u00e8\u00adre, et ce dans un sens beau\u00adcoup plus lar\u00adge. Tout com\u00adme la lumi\u00e8\u00adre indi\u00adque le che\u00admin et nous aide \u00e0 nous ori\u00aden\u00adter, J\u00e9sus nous aide \u00e9ga\u00adle\u00adment en tant que lumi\u00e8\u00adre. Il nous indi\u00adque le che\u00admin vers Dieu. Sa vie nous per\u00admet de voir com\u00adment nous devons viv\u00adre. Si nous obser\u00advons sa vie dans la Bible, nous voy\u00adons com\u00adment les hom\u00admes ont pu venir \u00e0 Dieu gr\u00e2ce \u00e0&nbsp;J\u00e9sus.<br>\nAlors que ce pre\u00admier \u00abJe suis\u00bb peut para\u00eet\u00adre plu\u00adt\u00f4t abs\u00adtrait, le sui\u00advant est beau\u00adcoup plus abso\u00adlu dans son affir\u00adma\u00adti\u00adon. \u00abJe suis le che\u00admin, la v\u00e9ri\u00adt\u00e9 et la vie. Nul ne vient au P\u00e8re que par moi\u00bb (Jean 14,6 <span class=\"caps\">NLB<\/span>). Apr\u00e8s avoir mer\u00adveil\u00adleu\u00adse\u00adment cr\u00e9\u00e9 la terre, Dieu a pla\u00adc\u00e9 Adam et \u00c8ve dans le jar\u00addin d\u2019\u00c9\u00adden. Au milieu du jar\u00addin, il plan\u00adta deux arbres. L\u2019arb\u00adre de vie et celui de la con\u00adnais\u00adsance du bien et du mal. Ils pou\u00advai\u00adent pro\u00adfi\u00adter de tout dans le jar\u00addin, sauf de l\u2019arb\u00adre de la con\u00adnais\u00adsance du bien et du mal, qu\u2019ils ne pou\u00advai\u00adent pas man\u00adger. Cet arb\u00adre leur per\u00admet\u00adtrait en effet de distin\u00adguer le bien du mal. Il don\u00adner\u00adait aux hom\u00admes la pos\u00adsi\u00adbi\u00adli\u00adt\u00e9 de d\u00e9ci\u00adder eux-m\u00eames de ce qu\u2019ils con\u00adsid\u00e8\u00adrent com\u00adme vrai ou faux. Tout s\u2019est bien pas\u00ads\u00e9 pen\u00addant un cer\u00adtain temps, mais la curio\u00adsi\u00adt\u00e9 des hom\u00admes a fini par l\u2019em\u00adporter. Ils ont ain\u00adsi mon\u00adtr\u00e9 qu\u2019ils se m\u00e9fi\u00adai\u00adent de Dieu. En con\u00ads\u00e9\u00adquence, ils ont d\u00fb quit\u00adter le jar\u00addin. Les hom\u00admes perd\u00adirent ain\u00adsi leur posi\u00adti\u00adon dans le jar\u00addin, mais ce qui fut enco\u00adre plus d\u00e9cisif, ils perd\u00adirent l\u2019ac\u00adc\u00e8s direct \u00e0 Dieu. En effet, Dieu a pla\u00adc\u00e9 un ange en Eden pour emp\u00ea\u00adcher les hom\u00admes d\u2019ac\u00adc\u00e9\u00adder \u00e0 l\u2019arb\u00adre de vie. Par leur r\u00e9bel\u00adli\u00adon, les hom\u00admes ne coup\u00e8\u00adrent pas seu\u00adle\u00adment l\u2019ac\u00adc\u00e8s direct \u00e0 Dieu, mais aus\u00adsi le che\u00admin de la&nbsp;vie.<br>\nAin\u00adsi, lors\u00adque J\u00e9sus dit qu\u2019il est le che\u00admin, la v\u00e9ri\u00adt\u00e9 et la vie, il indi\u00adque clai\u00adre\u00adment qu\u2019il peut et veut r\u00e9ta\u00adb\u00adlir la rela\u00adti\u00adon avec Dieu, qui s\u2019est rompue. Il est lui-m\u00eame le che\u00admin sur lequel nous pou\u00advons mar\u00adcher. Nous ne som\u00admes pas obli\u00adg\u00e9s de res\u00adter seuls, mais nous pou\u00advons nous accro\u00adcher \u00e0 lui. Oui, J\u00e9sus n\u2019a pas seu\u00adle\u00adment la v\u00e9ri\u00adt\u00e9, il l\u2019est en per\u00adson\u00adne. J\u00e9sus te don\u00adne la vie en don\u00adnant sa vie pour mour\u00adir pour les fau\u00adtes des hom\u00admes. J\u00e9sus-Christ et son p\u00e8re <span class=\"caps\">YHWH<\/span> s\u2019in\u00adt\u00e9\u00adres\u00adsent \u00e0 toi. Dieu te veut tel que tu es. Il ne veut pas tes per\u00adfor\u00adman\u00adces reli\u00adgieu\u00adses ou ter\u00adres\u00adtres, mais&nbsp;toi.<br>\nCom\u00adment r\u00e9ponds-tu ? Es-tu pr\u00eat, peut-\u00eatre pour la pre\u00admi\u00e8\u00adre fois ou \u00e0 nou\u00adveau con\u00adsciem\u00adment, \u00e0 remett\u00adre ta vie ent\u00adre ses mains et \u00e0 lui fai\u00adre con\u00adfi\u00adance ? Je vou\u00addrais te dire que tu as le droit d\u2019\u00eat\u00adre, car Dieu est l\u2019\u00eat\u00adre en personne.<br>\nQues\u00adti\u00adons pos\u00adsi\u00adbles pour le petit groupe<br>\nLire le tex\u00adte bibli\u00adque : Exo\u00adde 3.14 ; Jean 14.6<\/p>\n<p>\tLes noms ont une signi\u00adfi\u00adca\u00adti\u00adon. Sais-tu ce que signi\u00adfie ton nom ? As-tu d\u00e9j\u00e0 eu l\u2019oc\u00adca\u00adsi\u00adon de don\u00adner un nom \u00e0 quel\u00adqu\u2019un ? A quoi as-tu fait attention&nbsp;?<br>\n\tQuand tu pries Dieu, com\u00adment t\u2019adres\u00adses-tu \u00e0 lui ? Pour\u00adquoi uti\u00adli\u00adses-tu ce&nbsp;nom&nbsp;?<br>\n\tCom\u00adment com\u00adprends-tu la d\u00e9cla\u00adra\u00adti\u00adon de Dieu dans Exo\u00adde 3.14 \u00abJe suis celui qui est tou\u00adjours\u00bb ? Qu\u2019est-ce que cet\u00adte d\u00e9si\u00adgna\u00adti\u00adon pro\u00adpre de Dieu dit de&nbsp;lui&nbsp;?<br>\n\tPeux-tu com\u00adprend\u00adre la preuve de la cau\u00adsa\u00adli\u00adt\u00e9 de Tho\u00admas d\u2019A\u00adquin ? Peux-tu \u00eatre d\u2019ac\u00adcord avec elle ? Si non, en quoi es-tu d\u2019un avis diff\u00e9rent&nbsp;?<br>\n\tQuel\u00adles sont les paro\u00adles \u00abJe suis\u00bb de J\u00e9sus que tu con\u00adnais ? O\u00f9 J\u00e9sus se r\u00e9f\u00e8\u00adre-t-il dans l\u2019An\u00adci\u00aden Tes\u00adta\u00adment et que signi\u00adfie cet\u00adte affir\u00adma\u00adti\u00adon de J\u00e9sus pour toi personnellement&nbsp;?<br>\n\tCom\u00adment r\u00e9ponds-tu \u00e0 la d\u00e9cla\u00adra\u00adti\u00adon de J\u00e9sus dans Jean 14,6 \u00abJe suis le che\u00admin, la v\u00e9ri\u00adt\u00e9 et la vie. Nul ne vient au P\u00e8re que par&nbsp;moi\u00bb&nbsp;?<\/p>","protected":false},"excerpt":{"rendered":"<p>Dans l\u2019An\u00adci\u00aden Tes\u00adta\u00adment, Dieu est sou\u00advent appel\u00e9 <span class=\"caps\">YHWH<\/span>. Ce nom est si sacr\u00e9 pour les Juifs qu\u2019ils ne le pro\u00adnon\u00adcent pas. C\u2019est pr\u00e9\u00adcis\u00ad\u00e9\u00adment ce Dieu qui a aus\u00adsi cr\u00e9\u00e9 la terre. Nous vou\u00adlons sui\u00adv\u00adre la trace de celui qui dit \u00abJe suis celui qui est tou\u00adjours\u00bb (Exo\u00adde 3.14) et nous deman\u00adder ce que cet&nbsp;\u00eatre\u2026<\/p>","protected":false},"author":23,"featured_media":7033,"comment_status":"closed","ping_status":"closed","template":"","wpfc_preacher":[79],"wpfc_sermon_series":[81],"wpfc_sermon_topics":[],"wpfc_bible_book":[],"wpfc_service_type":[12],"class_list":{"0":"wpfc_preacher-cedric-bruegger","1":"wpfc_sermon_series-creatio","2":"wpfc-sermon-single","3":"post-3888","4":"wpfc_sermon","5":"type-wpfc_sermon","6":"status-publish","7":"has-post-thumbnail","8":"hentry","11":"wpfc_service_type-gottesdienst"},"acf":[],"sermons_blog_filters_topics":"\t\t\t\t<div class=\"sm-filtering\">\n\t\t\t\t\t<div id=\"wpfc_sermon_sorting\" class=\"no-spacing\">\n\t\t\t\t\t\t\t\t\t\t\t\t\t\n\t\t\t\t\t<div class=\"sortTopics\" style=\"display: inline-block\">\n\t\t\t\t<form action=\"https:\/\/sermons.seetal-chile.ch\/fr\/wp-json\/wp\/v2\/wpfc_sermon\/3888\/\" method=\"get\">\n\t\t\t\t\t<select name=\"wpfc_sermon_topics\"\n\t\t\t\t\t\t\ttitle=\"Sujet\"\n\t\t\t\t\t\t\tid=\"wpfc_sermon_topics\"\n\t\t\t\t\t\t\tonchange=\"if(this.options[this.selectedIndex].value !== ''){return this.form.submit()}else{window.location = window.location.href.split('?')[0];}\"\n\t\t\t\t\t\t\tautocomplete=\"off\"\n\t\t\t\t\t\t>\n\t\t\t\t\t\t<option value=\"\">Sujet<\/option>\n\t\t\t\t\t\t<option value=\"freude\" >Freude<\/option><option value=\"heiliger-geist\" >Heiliger Geist<\/option><option value=\"hoffnung\" >Hoffnung<\/option><option value=\"liebe\" >Liebe<\/option><option value=\"pfingsten\" >Pfingsten<\/option>\t\t\t\t\t<\/select>\n\t\t\t\t\t\t\t\t\t\t\t\t\t\t\t\t\t\t\t\t\t\t\t\t\t<noscript>\n\t\t\t\t\t\t<div><input type=\"submit\" value=\"Submit\"\/><\/div>\n\t\t\t\t\t<\/noscript>\n\t\t\t\t<\/form>\n\t\t\t<\/div>\n\t\t\t\t\t\t\t\t\t\t\t\t\t\t\t\t\t\t<\/div>\n\t\t\t\t<\/div>\n\t\t\t\t","sermons_blog_filters_series":"\t\t\t\t<div class=\"sm-filtering\">\n\t\t\t\t\t<div id=\"wpfc_sermon_sorting\" class=\"no-spacing\">\n\t\t\t\t\t\t\t\t\n\t\t\t\t\t<div class=\"sortSeries\" style=\"display: inline-block\">\n\t\t\t\t<form action=\"https:\/\/sermons.seetal-chile.ch\/fr\/wp-json\/wp\/v2\/wpfc_sermon\/3888\/\" method=\"get\">\n\t\t\t\t\t<select name=\"wpfc_sermon_series\"\n\t\t\t\t\t\t\ttitle=\"S\u00e9ries\"\n\t\t\t\t\t\t\tid=\"wpfc_sermon_series\"\n\t\t\t\t\t\t\tonchange=\"if(this.options[this.selectedIndex].value !== ''){return this.form.submit()}else{window.location = window.location.href.split('?')[0];}\"\n\t\t\t\t\t\t\tautocomplete=\"off\"\n\t\t\t\t\t\t>\n\t\t\t\t\t\t<option value=\"\">S\u00e9ries<\/option>\n\t\t\t\t\t\t<option value=\"abentueuer-gebaet\" >Abent\u00fc\u00fcr Geb\u00e4t<\/option><option value=\"advent-2019\" >Advent 2019<\/option><option value=\"bestseller-die-bibel\" >Bestseller - Die Bibel<\/option><option value=\"connected\" >connected<\/option><option value=\"creatio\" >CREATIO<\/option><option value=\"eifach-muetig\" >EIFACH muetig \u2013 mit Jesus als Vorbild<\/option><option value=\"einfach-leise-gegenwaertig\" >Einfach. Leise. Gegenw\u00e4rtig.<\/option><option value=\"folge-du-mir-nach\" >Folge du mir nach<\/option><option value=\"glow\" >glow<\/option><option value=\"heilig-heilig-heilig\" >Heilig - Heilig - Heilig<\/option><option value=\"metamorphose\" >Metamorphose<\/option><option value=\"reformation\" >Reformation<\/option><option value=\"seetal-chile-talk\" >seetal chile Talk<\/option><option value=\"teens-segnung\" >Teens Segnung<\/option><option value=\"weitsicht\" >Weitsicht<\/option><option value=\"wie-du-und-ich\" >Wie du und ich<\/option><option value=\"willkommen-daheim\" >Willkommen daheim<\/option>\t\t\t\t\t<\/select>\n\t\t\t\t\t\t\t\t\t\t\t\t\t\t\t\t\t\t\t\t\t\t\t\t\t<noscript>\n\t\t\t\t\t\t<div><input type=\"submit\" value=\"Submit\"\/><\/div>\n\t\t\t\t\t<\/noscript>\n\t\t\t\t<\/form>\n\t\t\t<\/div>\n\t\t\t\t\t\t\t\t\t\t\t\t\t\t\t\t\t\t\t\t\t\t\t<\/div>\n\t\t\t\t<\/div>\n\t\t\t\t","sermons_blog_filters_preachers":"\t\t\t\t<div class=\"sm-filtering\">\n\t\t\t\t\t<div id=\"wpfc_sermon_sorting\" class=\"no-spacing\">\n\t\t\t\n\t\t\t\t\t<div class=\"sortPreacher\" style=\"display: inline-block\">\n\t\t\t\t<form action=\"https:\/\/sermons.seetal-chile.ch\/fr\/wp-json\/wp\/v2\/wpfc_sermon\/3888\/\" method=\"get\">\n\t\t\t\t\t<select name=\"wpfc_preacher\"\n\t\t\t\t\t\t\ttitle=\"Pr\u00e9dicateur\"\n\t\t\t\t\t\t\tid=\"wpfc_preacher\"\n\t\t\t\t\t\t\tonchange=\"if(this.options[this.selectedIndex].value !== ''){return this.form.submit()}else{window.location = window.location.href.split('?')[0];}\"\n\t\t\t\t\t\t\tautocomplete=\"off\"\n\t\t\t\t\t\t>\n\t\t\t\t\t\t<option value=\"\">Pr\u00e9dicateur<\/option>\n\t\t\t\t\t\t<option value=\"amin-afsharnaderi\" >Amin Afsharnaderi<\/option><option value=\"amir-khalid\" >Amir Khalid<\/option><option value=\"andre-heiniger\" >Andr\u00e9 Heiniger<\/option><option value=\"andreas-jakob\" >Andreas Jakob<\/option><option value=\"ansgar-gmuer\" >Ansgar Gm\u00fcr<\/option><option value=\"barbara-benz\" >Barbara Benz<\/option><option value=\"beat-ungricht\" >Beat Ungricht<\/option><option value=\"beati-forster\" >Beati Forster<\/option><option value=\"beni-leuenberger\" >Beni Leuenberger<\/option><option value=\"bernhard-hohl\" >Bernhard Hohl<\/option><option value=\"cedric-bruegger\" >C\u00e9dric Br\u00fcgger<\/option><option value=\"christian-haslebacher\" >Christian Haslebacher<\/option><option value=\"christian-seitz\" >Christian Seitz<\/option><option value=\"christoph-kunz\" >Christoph Kunz<\/option><option value=\"corinne-jost\" >Corinne Jost<\/option><option value=\"cornelia-roth\" >Cornelia Roth<\/option><option value=\"daniel-bieri\" >Daniel Bieri<\/option><option value=\"debora-sommer\" >Debora Sommer<\/option><option value=\"erich-hunziker\" >Erich Hunziker<\/option><option value=\"esther-wehrli\" >Esther Wehrli<\/option><option value=\"florian-glaser\" >Florian Glaser<\/option><option value=\"gaby-wentland\" >Gaby Wentland<\/option><option value=\"hans-doessegger\" >Hans D\u00f6ssegger<\/option><option value=\"harry-graf\" >Harry Graf<\/option><option value=\"ina-von-schoultz\" >Ina von Schoultz<\/option><option value=\"jan-timon-beck\" >Jan-Timon Beck<\/option><option value=\"john-ghanim\" >John Ghanim<\/option><option value=\"juergen-will\" >J\u00fcrgen Will<\/option><option value=\"markus-inaebnit\" >Markus In\u00e4bnit<\/option><option value=\"martin-dreyer\" >Martin Dreyer<\/option><option value=\"martin-kiener\" >Martin Kiener<\/option><option value=\"matthias-altwegg\" >Matthias Altwegg<\/option><option value=\"michael-bont\" >Michael Bont<\/option><option value=\"mohanathas-balasubramaniam\" >Mohanathas Balasubramaniam<\/option><option value=\"nathalie-schertenleib\" >Nathalie Schertenleib<\/option><option value=\"peter-inaebnit\" >Peter In\u00e4bnit<\/option><option value=\"peter-michel\" >Peter Michel<\/option><option value=\"rene-winkler\" >Ren\u00e9 Winkler<\/option><option value=\"roger-sigg\" >Roger Sigg<\/option><option value=\"simon-wick\" >Simon Wick<\/option><option value=\"stefan-schuepbach\" >Stefan Sch\u00fcpbach<\/option><option value=\"stephan-bolliger\" >Stephan Bolliger<\/option><option value=\"susanne-geske\" >Susanne Geske<\/option><option value=\"tabea-inaebnit\" >Tabea In\u00e4bnit<\/option><option value=\"thomas-grieve\" >Thomas Grieve<\/option><option value=\"tina-schmidt\" >Tina Schmidt<\/option><option value=\"werner-messmer\" >Werner Messmer<\/option><option value=\"wieland-mueller\" >Wieland M\u00fcller<\/option><option value=\"yanick-buehler\" >Yanick B\u00fchler<\/option><option value=\"yassir-eric\" >Yassir Eric<\/option>\t\t\t\t\t<\/select>\n\t\t\t\t\t\t\t\t\t\t\t\t\t\t\t\t\t\t\t\t\t\t\t\t\t<noscript>\n\t\t\t\t\t\t<div><input type=\"submit\" value=\"Submit\"\/><\/div>\n\t\t\t\t\t<\/noscript>\n\t\t\t\t<\/form>\n\t\t\t<\/div>\n\t\t\t\t\t\t\t\t\t\t\t\t\t\t\t\t\t\t\t\t\t\t\t\t\t\t\t\t<\/div>\n\t\t\t\t<\/div>\n\t\t\t\t","sermons_blog_filters_books":"\t\t\t\t<div class=\"sm-filtering\">\n\t\t\t\t\t<div id=\"wpfc_sermon_sorting\" class=\"no-spacing\">\n\t\t\t\t\t\t\t\t\t\t\t\t\t\t\t\t\t\t\n\t\t\t\t\t<div class=\"sortBooks\" style=\"display: inline-block\">\n\t\t\t\t<form action=\"https:\/\/sermons.seetal-chile.ch\/fr\/wp-json\/wp\/v2\/wpfc_sermon\/3888\/\" method=\"get\">\n\t\t\t\t\t<select name=\"wpfc_bible_book\"\n\t\t\t\t\t\t\ttitle=\"Livre\"\n\t\t\t\t\t\t\tid=\"wpfc_bible_book\"\n\t\t\t\t\t\t\tonchange=\"if(this.options[this.selectedIndex].value !== ''){return this.form.submit()}else{window.location = window.location.href.split('?')[0];}\"\n\t\t\t\t\t\t\tautocomplete=\"off\"\n\t\t\t\t\t\t>\n\t\t\t\t\t\t<option value=\"\">Livre<\/option>\n\t\t\t\t\t\t\t\t\t\t\t<\/select>\n\t\t\t\t\t\t\t\t\t\t\t\t\t\t\t\t\t\t\t\t\t\t\t\t\t<noscript>\n\t\t\t\t\t\t<div><input type=\"submit\" value=\"Submit\"\/><\/div>\n\t\t\t\t\t<\/noscript>\n\t\t\t\t<\/form>\n\t\t\t<\/div>\n\t\t\t\t\t\t\t\t\t\t\t\t\t<\/div>\n\t\t\t\t<\/div>\n\t\t\t\t","sermons_blog_filters_service_types":"\t\t\t\t<div class=\"sm-filtering\">\n\t\t\t\t\t<div id=\"wpfc_sermon_sorting\" class=\"no-spacing\">\n\t\t\t\t\t\t\t\t\t\t\t\t\t\t\t\t\t\t\t\t\t\t\t\n\t\t\t\t\t<div class=\"sortServiceTypes\" style=\"display: inline-block\">\n\t\t\t\t<form action=\"https:\/\/sermons.seetal-chile.ch\/fr\/wp-json\/wp\/v2\/wpfc_sermon\/3888\/\" method=\"get\">\n\t\t\t\t\t<select name=\"wpfc_service_type\"\n\t\t\t\t\t\t\ttitle=\"Type De Service\"\n\t\t\t\t\t\t\tid=\"wpfc_service_type\"\n\t\t\t\t\t\t\tonchange=\"if(this.options[this.selectedIndex].value !== ''){return this.form.submit()}else{window.location = window.location.href.split('?')[0];}\"\n\t\t\t\t\t\t\tautocomplete=\"off\"\n\t\t\t\t\t\t>\n\t\t\t\t\t\t<option value=\"\">Type De Service<\/option>\n\t\t\t\t\t\t<option value=\"glow-celebration\" >glow Celebration<\/option><option value=\"gottesdienst\" >Gottesdienst<\/option>\t\t\t\t\t<\/select>\n\t\t\t\t\t\t\t\t\t\t\t\t\t\t\t\t\t\t\t\t\t\t\t\t\t<noscript>\n\t\t\t\t\t\t<div><input type=\"submit\" value=\"Submit\"\/><\/div>\n\t\t\t\t\t<\/noscript>\n\t\t\t\t<\/form>\n\t\t\t<\/div>\n\t\t\t\t\t\t\t\t<\/div>\n\t\t\t\t<\/div>\n\t\t\t\t","sermons_blog_filters_dates":"\t\t\t\t<div class=\"sm-filtering\">\n\t\t\t\t\t<div id=\"wpfc_sermon_sorting\" class=\"no-spacing\">\n\t\t\t\t\t\t\t\t\t\t\t\t\t\t\t\t\t\t\t\t\t\t\t\t\t\t\t\t\n\t\t\t\t\t<div class=\"sortDates\" style=\"display: inline-block\">\n\t\t\t\t<form action=\"https:\/\/sermons.seetal-chile.ch\/fr\/wp-json\/wp\/v2\/wpfc_sermon\/3888\/\" method=\"get\">\n\t\t\t\t\t<select name=\"wpfc_dates\"\n\t\t\t\t\t\t\ttitle=\"Date\"\n\t\t\t\t\t\t\tid=\"wpfc_dates\"\n\t\t\t\t\t\t\tonchange=\"if(this.options[this.selectedIndex].value !== ''){return this.form.submit()}else{window.location = window.location.href.split('?')[0];}\"\n\t\t\t\t\t\t\tautocomplete=\"off\"\n\t\t\t\t\t\t>\n\t\t\t\t\t\t<option value=\"\">Date<\/option>\n\t\t\t\t\t\t<option value=\"04-2026\" >Apr 2026<\/option><option value=\"03-2026\" >Mar 2026<\/option><option value=\"02-2026\" >Feb 2026<\/option><option value=\"01-2026\" >Jan 2026<\/option><option value=\"12-2025\" >Dec 2025<\/option><option value=\"11-2025\" >Nov 2025<\/option><option value=\"10-2025\" >Oct 2025<\/option><option value=\"09-2025\" >Sep 2025<\/option><option value=\"08-2025\" >Aug 2025<\/option><option value=\"07-2025\" >Jul 2025<\/option><option value=\"06-2025\" >Jun 2025<\/option><option value=\"05-2025\" >May 2025<\/option><option value=\"04-2025\" >Apr 2025<\/option><option value=\"03-2025\" >Mar 2025<\/option><option value=\"02-2025\" >Feb 2025<\/option><option value=\"01-2025\" >Jan 2025<\/option><option value=\"12-2024\" >Dec 2024<\/option><option value=\"11-2024\" >Nov 2024<\/option><option value=\"10-2024\" >Oct 2024<\/option><option value=\"09-2024\" >Sep 2024<\/option><option value=\"08-2024\" >Aug 2024<\/option><option value=\"07-2024\" >Jul 2024<\/option><option value=\"06-2024\" >Jun 2024<\/option><option value=\"05-2024\" >May 2024<\/option><option value=\"04-2024\" >Apr 2024<\/option><option value=\"03-2024\" >Mar 2024<\/option><option value=\"02-2024\" >Feb 2024<\/option><option value=\"01-2024\" >Jan 2024<\/option><option value=\"12-2023\" >Dec 2023<\/option><option value=\"11-2023\" >Nov 2023<\/option><option value=\"10-2023\" >Oct 2023<\/option><option value=\"09-2023\" >Sep 2023<\/option><option value=\"08-2023\" >Aug 2023<\/option><option value=\"07-2023\" >Jul 2023<\/option><option value=\"06-2023\" >Jun 2023<\/option><option value=\"05-2023\" >May 2023<\/option><option value=\"04-2023\" >Apr 2023<\/option><option value=\"03-2023\" >Mar 2023<\/option><option value=\"02-2023\" >Feb 2023<\/option><option value=\"01-2023\" >Jan 2023<\/option><option value=\"12-2022\" >Dec 2022<\/option><option value=\"11-2022\" >Nov 2022<\/option><option value=\"10-2022\" >Oct 2022<\/option><option value=\"09-2022\" >Sep 2022<\/option><option value=\"08-2022\" >Aug 2022<\/option><option value=\"07-2022\" >Jul 2022<\/option><option value=\"06-2022\" >Jun 2022<\/option><option value=\"05-2022\" >May 2022<\/option><option value=\"04-2022\" >Apr 2022<\/option><option value=\"03-2022\" >Mar 2022<\/option><option value=\"02-2022\" >Feb 2022<\/option><option value=\"01-2022\" >Jan 2022<\/option><option value=\"12-2021\" >Dec 2021<\/option><option value=\"11-2021\" >Nov 2021<\/option><option value=\"10-2021\" >Oct 2021<\/option><option value=\"09-2021\" >Sep 2021<\/option><option value=\"08-2021\" >Aug 2021<\/option><option value=\"07-2021\" >Jul 2021<\/option><option value=\"06-2021\" >Jun 2021<\/option><option value=\"05-2021\" >May 2021<\/option><option value=\"04-2021\" >Apr 2021<\/option><option value=\"03-2021\" >Mar 2021<\/option><option value=\"02-2021\" >Feb 2021<\/option><option value=\"01-2021\" >Jan 2021<\/option><option value=\"12-2020\" >Dec 2020<\/option><option value=\"11-2020\" >Nov 2020<\/option><option value=\"10-2020\" >Oct 2020<\/option><option value=\"09-2020\" >Sep 2020<\/option><option value=\"08-2020\" >Aug 2020<\/option><option value=\"07-2020\" >Jul 2020<\/option><option value=\"06-2020\" >Jun 2020<\/option><option value=\"05-2020\" >May 2020<\/option><option value=\"04-2020\" >Apr 2020<\/option><option value=\"03-2020\" >Mar 2020<\/option><option value=\"02-2020\" >Feb 2020<\/option><option value=\"01-2020\" >Jan 2020<\/option><option value=\"12-2019\" >Dec 2019<\/option><option value=\"11-2019\" >Nov 2019<\/option><option value=\"10-2019\" >Oct 2019<\/option><option value=\"09-2019\" >Sep 2019<\/option><option value=\"08-2019\" >Aug 2019<\/option><option value=\"07-2019\" >Jul 2019<\/option><option value=\"06-2019\" >Jun 2019<\/option><option value=\"05-2019\" >May 2019<\/option><option value=\"04-2019\" >Apr 2019<\/option><option value=\"03-2019\" >Mar 2019<\/option><option value=\"02-2019\" >Feb 2019<\/option><option value=\"01-2019\" >Jan 2019<\/option><option value=\"12-2018\" >Dec 2018<\/option><option value=\"11-2018\" >Nov 2018<\/option><option value=\"10-2018\" >Oct 2018<\/option><option value=\"09-2018\" >Sep 2018<\/option><option value=\"08-2018\" >Aug 2018<\/option><option value=\"07-2018\" >Jul 2018<\/option><option value=\"06-2018\" >Jun 2018<\/option><option value=\"05-2018\" >May 2018<\/option><option value=\"04-2018\" >Apr 2018<\/option><option value=\"03-2018\" >Mar 2018<\/option><option value=\"02-2018\" >Feb 2018<\/option><option value=\"01-2018\" >Jan 2018<\/option><option value=\"12-2017\" >Dec 2017<\/option><option value=\"11-2017\" >Nov 2017<\/option><option value=\"10-2017\" >Oct 2017<\/option><option value=\"09-2017\" >Sep 2017<\/option><option value=\"08-2017\" >Aug 2017<\/option><option value=\"07-2017\" >Jul 2017<\/option><option value=\"06-2017\" >Jun 2017<\/option><option value=\"05-2017\" >May 2017<\/option><option value=\"04-2017\" >Apr 2017<\/option><option value=\"03-2017\" >Mar 2017<\/option><option value=\"02-2017\" >Feb 2017<\/option><option value=\"01-2017\" >Jan 2017<\/option><option value=\"12-2016\" >Dec 2016<\/option><option value=\"11-2016\" >Nov 2016<\/option><option value=\"10-2016\" >Oct 2016<\/option><option value=\"09-2016\" >Sep 2016<\/option><option value=\"08-2016\" >Aug 2016<\/option><option value=\"07-2016\" >Jul 2016<\/option><option value=\"06-2016\" >Jun 2016<\/option><option value=\"05-2016\" >May 2016<\/option><option value=\"04-2016\" >Apr 2016<\/option><option value=\"03-2016\" >Mar 2016<\/option><option value=\"02-2016\" >Feb 2016<\/option><option value=\"01-2016\" >Jan 2016<\/option><option value=\"12-2015\" >Dec 2015<\/option><option value=\"11-2015\" >Nov 2015<\/option><option value=\"10-2015\" >Oct 2015<\/option><option value=\"09-2015\" >Sep 2015<\/option><option value=\"08-2015\" >Aug 2015<\/option><option value=\"07-2015\" >Jul 2015<\/option>\t\t\t\t\t<\/select>\n\t\t\t\t\t\t\t\t\t\t\t\t\t\t\t\t\t\t\t\t\t\t\t\t\t<noscript>\n\t\t\t\t\t\t<div><input type=\"submit\" value=\"Submit\"\/><\/div>\n\t\t\t\t\t<\/noscript>\n\t\t\t\t<\/form>\n\t\t\t<\/div>\n\t\t\t<\/div>\n\t\t\t\t<\/div>\n\t\t\t\t","sermons_blog_image_url":"https:\/\/sermons.seetal-chile.ch\/wp-content\/uploads\/sermons\/2023\/01\/Thumbnail_2022-03-06.jpg","sermons_blog_video":"<video controls preload=\"metadata\" class=\"wpfc-sermon-video-player \" data-plyr_seek='0'><source src=\"https:\/\/youtu.be\/W3zKPnC0P3Y\"><\/video>","sermons_blog_series":"<a href=\"https:\/\/sermons.seetal-chile.ch\/fr\/series\/creatio\/\" rel=\"tag\">CREATIO<\/a>","sermons_blog_meta_sermon_description":"Gott wird im Alten Testament h\u00e4ufig mit JHWH angesprochen. Dieser Name ist f\u00fcr die Juden so heilig, dass sie ihn nicht aussprechen. Genau dieser Gott hat auch die Erde geschaffen.\u2026","sermons_blog_show_readmore":true,"sermons_blog_audio":"<audio controls preload=\"metadata\" class=\"wpfc-sermon-player \" ><source src=\"https:\/\/resources.seetal-chile.ch\/files\/predigten\/mp3\/predigt_220306.mp3\" type=\"audio\/mp3\"><\/audio>","sermons_blog_preacher_image":"<a href=\"https:\/\/sermons.seetal-chile.ch\/fr\/pr\u00e9dicateur\/cedric-bruegger\/\"><img width=\"150\" height=\"150\" src=\"https:\/\/sermons.seetal-chile.ch\/wp-content\/uploads\/2022\/02\/Redner_Cedric_Bruegger-150x150.jpg\" class=\"attachment-thumbnail size-thumbnail\" alt=\"\" decoding=\"async\" loading=\"lazy\" srcset=\"https:\/\/sermons.seetal-chile.ch\/wp-content\/uploads\/2022\/02\/Redner_Cedric_Bruegger-150x150.jpg 150w, https:\/\/sermons.seetal-chile.ch\/wp-content\/uploads\/2022\/02\/Redner_Cedric_Bruegger-300x300.jpg 300w, https:\/\/sermons.seetal-chile.ch\/wp-content\/uploads\/2022\/02\/Redner_Cedric_Bruegger-1024x1024.jpg 1024w, https:\/\/sermons.seetal-chile.ch\/wp-content\/uploads\/2022\/02\/Redner_Cedric_Bruegger-768x768.jpg 768w, https:\/\/sermons.seetal-chile.ch\/wp-content\/uploads\/2022\/02\/Redner_Cedric_Bruegger-1536x1536.jpg 1536w, https:\/\/sermons.seetal-chile.ch\/wp-content\/uploads\/2022\/02\/Redner_Cedric_Bruegger-75x75.jpg 75w, https:\/\/sermons.seetal-chile.ch\/wp-content\/uploads\/2022\/02\/Redner_Cedric_Bruegger.jpg 2000w\" sizes=\"auto, (max-width: 150px) 100vw, 150px\" \/><\/a>","sermons_blog_preacher":"<a href=\"https:\/\/sermons.seetal-chile.ch\/fr\/pr\u00e9dicateur\/cedric-bruegger\/\" rel=\"tag\">C\u00e9dric Br\u00fcgger<\/a>","sermons_blog_bible_passage":"2. Mose 3,14, Johannes 3,16","sermons_blog_service_type":"<a href=\"https:\/\/sermons.seetal-chile.ch\/fr\/type-de-service\/gottesdienst\/\" rel=\"tag\">Gottesdienst<\/a>","sermon_audio":"https:\/\/resources.seetal-chile.ch\/files\/predigten\/mp3\/predigt_220306.mp3","sermon_audio_duration":"","_views":"8456","bible_passage":"2. Mose 3,14, Johannes 3,16","sermon_video_embed":"","sermon_video_url":"https:\/\/youtu.be\/W3zKPnC0P3Y","sermon_bulletin":"","_featured_url":"https:\/\/sermons.seetal-chile.ch\/wp-content\/uploads\/sermons\/2023\/01\/Thumbnail_2022-03-06.jpg","sermon_date":1646559933,"_sermon_date_auto":false,"_links":{"self":[{"href":"https:\/\/sermons.seetal-chile.ch\/fr\/wp-json\/wp\/v2\/wpfc_sermon\/3888","targetHints":{"allow":["GET"]}}],"collection":[{"href":"https:\/\/sermons.seetal-chile.ch\/fr\/wp-json\/wp\/v2\/wpfc_sermon"}],"about":[{"href":"https:\/\/sermons.seetal-chile.ch\/fr\/wp-json\/wp\/v2\/types\/wpfc_sermon"}],"author":[{"embeddable":true,"href":"https:\/\/sermons.seetal-chile.ch\/fr\/wp-json\/wp\/v2\/users\/23"}],"replies":[{"embeddable":true,"href":"https:\/\/sermons.seetal-chile.ch\/fr\/wp-json\/wp\/v2\/comments?post=3888"}],"version-history":[{"count":6,"href":"https:\/\/sermons.seetal-chile.ch\/fr\/wp-json\/wp\/v2\/wpfc_sermon\/3888\/revisions"}],"predecessor-version":[{"id":3895,"href":"https:\/\/sermons.seetal-chile.ch\/fr\/wp-json\/wp\/v2\/wpfc_sermon\/3888\/revisions\/3895"}],"wp:featuredmedia":[{"embeddable":true,"href":"https:\/\/sermons.seetal-chile.ch\/fr\/wp-json\/wp\/v2\/media\/7033"}],"wp:attachment":[{"href":"https:\/\/sermons.seetal-chile.ch\/fr\/wp-json\/wp\/v2\/media?parent=3888"}],"wp:term":[{"taxonomy":"wpfc_preacher","embeddable":true,"href":"https:\/\/sermons.seetal-chile.ch\/fr\/wp-json\/wp\/v2\/wpfc_preacher?post=3888"},{"taxonomy":"wpfc_sermon_series","embeddable":true,"href":"https:\/\/sermons.seetal-chile.ch\/fr\/wp-json\/wp\/v2\/wpfc_sermon_series?post=3888"},{"taxonomy":"wpfc_sermon_topics","embeddable":true,"href":"https:\/\/sermons.seetal-chile.ch\/fr\/wp-json\/wp\/v2\/wpfc_sermon_topics?post=3888"},{"taxonomy":"wpfc_bible_book","embeddable":true,"href":"https:\/\/sermons.seetal-chile.ch\/fr\/wp-json\/wp\/v2\/wpfc_bible_book?post=3888"},{"taxonomy":"wpfc_service_type","embeddable":true,"href":"https:\/\/sermons.seetal-chile.ch\/fr\/wp-json\/wp\/v2\/wpfc_service_type?post=3888"}],"curies":[{"name":"wp","href":"https:\/\/api.w.org\/{rel}","templated":true}]}}