{"id":2929,"date":"2020-06-28T09:45:48","date_gmt":"2020-06-28T07:45:48","guid":{"rendered":"https:\/\/sermons.seetal-chile.ch\/?post_type=wpfc_sermon&#038;p=2929"},"modified":"2020-06-28T16:46:29","modified_gmt":"2020-06-28T14:46:29","slug":"elia-kraftvolles-beten","status":"publish","type":"wpfc_sermon","link":"https:\/\/sermons.seetal-chile.ch\/fr\/sermons\/elia-kraftvolles-beten\/","title":{"rendered":"Elie \u2013 une pri\u00e8\u00adre puissante"},"content":{"rendered":"<p>Tex\u00adte de la Bible : Jac\u00adques 5:14\u201317 | Pre\u00ada\u00adcher : Mar\u00adtin von Schoultz | Series : Com\u00adme toi et moi | Les pri\u00e8\u00adres sont pro\u00adfon\u00add\u00e9\u00adment ancr\u00e9es dans une rela\u00adti\u00adon acti\u00adve avec Dieu. Elles se basent sur le fait que nous deman\u00addons tou\u00adjours \u00e0 Dieu ce qu\u2019il veut fai\u00adre, et qu\u2019en\u00adsuite nous pri\u00ado\u00adns exac\u00adte\u00adment pour cela et agis\u00adsons en con\u00ads\u00e9\u00adquence. Si nous n\u2019ap\u00adpro\u00adfon\u00addis\u00adsons pas not\u00adre rela\u00adti\u00adon avec J\u00e9sus, nos pri\u00e8\u00adres res\u00adte\u00adront sans effet et ne tou\u00adch\u00aderont pas au&nbsp;but.<\/p>\n<p>Wao\u00aduh, tu l\u2019as vu au th\u00e9\u00ad\u00e2t\u00adre, la pr\u00e9\u00addi\u00adca\u00adti\u00adon d\u2019au\u00adjour\u00add\u2019hui por\u00adte sur la pri\u00e8\u00adre ! Et la pri\u00e8\u00adre pour la gu\u00e9\u00adri\u00adson en est un exemp\u00adle clas\u00adsi\u00adque. Mais je tiens \u00e0 dire tout de suite qu\u2019au\u00adjour\u00add\u2019hui, il ne s\u2019a\u00adgit pas seu\u00adle\u00adment de la pri\u00e8\u00adre pour la gu\u00e9\u00adri\u00adson, mais de la pri\u00e8\u00adre puis\u00adsan\u00adte ! Et l\u2019\u00e9\u00adp\u00eet\u00adre de Jac\u00adques en par\u00adle bien ! Nous lisons ensem\u00adble le tex\u00adte de Jac\u00adques 5:16b-17.<br>\n\u00abLa pri\u00e8\u00adre du jus\u00adte est tr\u00e8s effi\u00adcace. Elie \u00e9tait un hom\u00adme d\u2019un temp\u00e9\u00adra\u00adment sem\u00adbla\u00adble au n\u00f4t\u00adre ; il pri\u00adait avec insis\u00adtance pour qu\u2019il ne pleuve pas, et il ne pleu\u00advait pas sur la terre pen\u00addant trois ans et six mois. Il pria enco\u00adre, et le ciel don\u00adna de la plu\u00adie, et la terre pro\u00addui\u00adsit son fruit\u00bb (Jac\u00adques 5:16b-17 Elb).<br>\nWow, il faut le lais\u00adser fond\u00adre sur la lan\u00adgue : \u00abLa pri\u00e8\u00adre d\u2019un jus\u00adte peut beau\u00adcoup par son effet\u00bb. Voi\u00adl\u00e0 un tex\u00adte encou\u00adra\u00adgeant ! N\u2019est-ce pas ? N\u2019est-ce pas ? Peut-\u00eatre que tu as \u00e9cou\u00adt\u00e9 ce pas\u00adsa\u00adge et que tu t\u2019es dit : \u00abAttends, est-ce que ma pri\u00e8\u00adre a beau\u00adcoup d\u2019ef\u00adfet ? Que signi\u00adfie beau\u00adcoup de cho\u00adses ?  Et puis il y a aus\u00adsi cet exemp\u00adle d\u2019E\u00adlie qui prie pour qu\u2019il ne pleuve pas pen\u00addant trois ans. Je veux dire \u00abcome on\u00bb, qui d\u2019ent\u00adre nous a d\u00e9j\u00e0 v\u00e9cu&nbsp;cela&nbsp;?<br>\nCon\u00adnais\u00adsez-vous cet\u00adte situa\u00adti\u00adon o\u00f9 un rapport\/t\u00e9moignage dev\u00adrait vous encou\u00adra\u00adger dans vot\u00adre foi, mais pro\u00adduit l\u2019ef\u00adfet inver\u00adse ? Je vois sur\u00adtout deux impas\u00adses dans les\u00adquel\u00adles nous nous enga\u00adge\u00adons souvent.<br>\nLa pre\u00admi\u00e8\u00adre impas\u00adse res\u00adsem\u00adble \u00e0 ceci : Nous \u00e9cou\u00adtons un r\u00e9cit, nous lisons un pas\u00adsa\u00adge de la Bible, puis nous som\u00admes d\u00e9cou\u00adra\u00adg\u00e9s par\u00adce que tout sem\u00adble si inac\u00adces\u00adsi\u00adble. J\u2019ap\u00adpel\u00adle cet\u00adte impas\u00adse \u00abl\u2019im\u00adpas\u00adse du d\u00e9couragement\u00bb.&nbsp;<br>\nLa deu\u00adxi\u00e8\u00adme impas\u00adse est \u00abl\u2019im\u00adpas\u00adse de la rela\u00adti\u00advi\u00adsa\u00adti\u00adon\u00bb. Tu as peut-\u00eatre d\u00e9j\u00e0 lu un pas\u00adsa\u00adge de la Bible com\u00adme \u00abla pri\u00e8\u00adre d\u2019un jus\u00adte peut fai\u00adre beau\u00adcoup\u00bb et, par pro\u00adtec\u00adtion, tu l\u2019ap\u00adpli\u00adques \u00e0 ta vie. \u00abPour Elie, la plu\u00adie a fon\u00adc\u00adtion\u00adn\u00e9, mais pour moi, ce n\u2019est pas n\u00e9ces\u00adsaire\u00adment quel\u00adque cho\u00adse d\u2019aus\u00adsi grand\u00bb ou \u00abJe prie volon\u00adtiers pour la gu\u00e9\u00adri\u00adson, mais ce n\u2019est pas n\u00e9ces\u00adsaire, apr\u00e8s tout, ce n\u2019est pas mon affai\u00adre, mais cel\u00adle de Dieu\u00bb. Con\u00adnais-tu ces pens\u00e9es&nbsp;?<br>\nCes impas\u00adses ne nous m\u00e8nent mal\u00adheu\u00adreu\u00adse\u00adment pas l\u00e0 o\u00f9 le tex\u00adte veut nous mener. Et le pre\u00admier point de rep\u00e8\u00adre se trouve au ver\u00adset 17, o\u00f9 il est \u00e9crit : \u00abElie \u00e9tait un hom\u00adme de la m\u00eame esp\u00e8\u00adce que nous\u00bb. Com\u00adme toi et moi ! Wow, Elie n\u2019\u00e9\u00adtait pas plus b\u00e9ni que nous, il n\u2019a\u00advait pas plus d\u2019E\u00adsprit Saint \u00e0 sa dis\u00adpo\u00adsi\u00adti\u00adon ou tout aut\u00adre avan\u00adta\u00adge que nous n\u2019a\u00advons pas. Wow, nous ren\u00addons-nous comp\u00adte de l\u2019am\u00adpleur de cet\u00adte com\u00adpa\u00adrai\u00adson. Elie \u00e9tait une per\u00adson\u00adne de la m\u00eame esp\u00e8\u00adce que nous. Peut-\u00eatre devons-nous d\u2019a\u00adbord regar\u00adder qui \u00e9tait r\u00e9el\u00adle\u00adment Elie. Elie \u00e9tait un pro\u00adp\u00adh\u00e8\u00adte de l\u2019An\u00adci\u00aden Tes\u00adta\u00adment. Et pas n\u2019im\u00adpor\u00adte quel pro\u00adp\u00adh\u00e8\u00adte, mais le plus important de tous. Sa mis\u00adsi\u00adon de la part de Dieu \u00e9tait de d\u00e9tour\u00adner le peu\u00adple de Dieu du cul\u00adte des dieux. Par exemp\u00adle, il a d\u00e9fi\u00e9 450 pro\u00adp\u00adh\u00e8\u00adtes de Baal. Le dieu qui r\u00e9pond le pre\u00admier aux pri\u00e8\u00adres avec le feu du ciel, c\u2019est le vrai dieu. Alors que les pr\u00ea\u00adtres aban\u00addon\u00adnaient leurs pri\u00e8\u00adres apr\u00e8s plu\u00ads\u00adieurs heu\u00adres, Elie pria une fois et Dieu r\u00e9pon\u00addit par le feu (1 Rois 18). Plus tard, il fit savoir au roi que la plu\u00adie revi\u00aden\u00addrait et peu de temps apr\u00e8s, il se mit effec\u00adti\u00adve\u00adment \u00e0 pleu\u00advoir. H\u00e9, cet Elie sem\u00adble si sp\u00e9\u00adcial, mais il est appel\u00e9 ici \u00abun hom\u00adme de la m\u00eame esp\u00e8\u00adce que nous\u00bb.  Com\u00adprends-tu ce que cela signi\u00adfie ? Ain\u00adsi, tou\u00adte la palet\u00adte de ce qu\u2019E\u00adlie a v\u00e9cu est \u00e0 not\u00adre port\u00e9e.&nbsp;<br>\nEn plus, c\u2019est en accord avec ce que J\u00e9sus dit : \u00abSi vous priez et deman\u00addez quel\u00adque cho\u00adse, croyez que vous l\u2019a\u00advez re\u00e7u, et vot\u00adre deman\u00adde vous sera accor\u00add\u00e9e, quel\u00adle qu\u2019el\u00adle soit\u00bb (Marc 11,24 <span class=\"caps\">PG<\/span>). Il est \u00e9ga\u00adle\u00adment int\u00e9\u00adres\u00adsant de noter ici qu\u2019u\u00adne per\u00adson\u00adne de la m\u00eame esp\u00e8\u00adce, signi\u00adfie \u00abune per\u00adson\u00adne de la m\u00eame esp\u00e8\u00adce p\u00e9cher\u00ades\u00adse\u00bb ! Ou enco\u00adre \u00abun hom\u00adme qui est tout aus\u00adsi con\u00adtes\u00adt\u00e9 dans la foi que nous\u00bb. Wow, Jac\u00adques est incroya\u00adblem\u00adent expec\u00adtant, dans le m\u00eame pas\u00adsa\u00adge nous pou\u00advons aus\u00adsi lire : \u00abSi l\u2019un d\u2019ent\u00adre vous est mala\u00adde, il faut prier pour lui et la pri\u00e8\u00adre le sau\u00advera\u00bb (selon Jac\u00adques 5,14\u201315 Elb).<br>\nSe pour\u00adrait-il que nous ayons per\u00addu cet\u00adte atten\u00adte ? Cet\u00adte atten\u00adte que nos pri\u00e8\u00adres puis\u00adsent r\u00e9el\u00adle\u00adment arr\u00ea\u00adter la plu\u00adie pen\u00addant trois ans, que les malades soi\u00adent gu\u00e9\u00adris imm\u00e9\u00addia\u00adte\u00adment, que les pro\u00adbl\u00e8\u00admes finan\u00adciers se r\u00e9sol\u00advent ou que les per\u00adson\u00adnes qui se sont d\u00e9tour\u00adn\u00e9es de Dieu se tour\u00adnent \u00e0 nou\u00adveau vers lui. Sou\u00advent, nos atten\u00adtes se refl\u00e8\u00adtent dans nos pri\u00e8\u00adres. Tes pri\u00e8\u00adres son\u00adnent-elles plus com\u00adme : \u00abAu nom de J\u00e9sus, sois gu\u00e9\u00adri, ou Sei\u00adgneur, si tu le veux, tu peux le gu\u00e9rir, mais si tu ne le veux pas, mont\u00adre-lui que tu l\u2019ai\u00admes quand m\u00eame, etc\u00bb. Sou\u00advent, nous essay\u00adons de cou\u00advr\u00adir tou\u00adtes les \u00e9ven\u00adtua\u00adli\u00adt\u00e9s dans la pri\u00e8\u00adre, pour que quoi qu\u2019il arri\u00adve, Dieu ait r\u00e9pon\u00addu \u00e0 la pri\u00e8\u00adre. Non, ayons une gran\u00adde atten\u00adte, car Jac\u00adques nous dit que nous som\u00admes com\u00adme Elie. Mais main\u00adten\u00adant, nous som\u00admes tou\u00adjours con\u00adfron\u00adt\u00e9s au pro\u00adbl\u00e8\u00adme que sou\u00advent nos pri\u00e8\u00adres n\u2019ont pas la gran\u00adde effi\u00adca\u00adci\u00adt\u00e9 d\u2019Elie.<br>\nCe qui est bien, c\u2019est que le tex\u00adte par\u00adle aus\u00adsi de l\u2019ef\u00adfi\u00adca\u00adci\u00adt\u00e9 et c\u2019est jus\u00adtem\u00adent not\u00adre deu\u00adxi\u00e8\u00adme point de rep\u00e8\u00adre. \u00abLa pri\u00e8\u00adre d\u2019un jus\u00adte peut fai\u00adre beau\u00adcoup, par son effet\u00bb. Ici, la tra\u00adduc\u00adtion fran\u00ad\u00e7ai\u00adse est un peu mal\u00adheu\u00adreu\u00adse. En ang\u00adlais, on dirait plu\u00adt\u00f4t : \u00abLa pri\u00e8\u00adre effi\u00adcace d\u2019un jus\u00adte peut fai\u00adre beau\u00adcoup\u00bb. Sou\u00advent, nous ne con\u00adsid\u00e9\u00adrons que ce \u00abbeau\u00adcoup\u00bb, alors que l\u2019ac\u00adcent dev\u00adrait \u00eatre mis sur la pri\u00e8\u00adre effi\u00adcace. En grec, effi\u00adcace signi\u00adfie \u00abinspi\u00adr\u00e9 par l\u2019E\u00adsprit Saint\u00bb. Les pri\u00e8\u00adres ne sont donc pas effi\u00adcaces sim\u00adple\u00adment par\u00adce que nous avons des atten\u00adtes ou que nous ne dou\u00adtons pas que le Sei\u00adgneur r\u00e9pon\u00addra \u00e0 nos pri\u00e8\u00adres. Les pri\u00e8\u00adres sont effi\u00adcaces lors\u00adqu\u2019el\u00adles vien\u00adnent de l\u2019E\u00adsprit Saint. Romains 8:26 dit \u00e0 ce sujet : \u00abEt l\u2019E\u00adsprit de Dieu inter\u00adc\u00e8\u00adde aus\u00adsi pour nous par des sup\u00adpli\u00adca\u00adti\u00adons et des g\u00e9mis\u00adse\u00adments ; il exprime ce que nous ne pou\u00advons pas dire avec nos mots. De cet\u00adte mani\u00e8\u00adre, il vient \u00e0 not\u00adre secours dans not\u00adre fai\u00adbles\u00adse, car nous ne savons pas com\u00adment prier pour prier cor\u00adrec\u00adte\u00adment\u00bb (Romains 8:26). Nous ne savons pas com\u00adment prier, mais l\u2019E\u00adsprit Saint le sait et s\u2019il nous le dit, nous pou\u00advons prier et cela se produit&nbsp;!<br>\nC\u2019est la rai\u00adson pour laquel\u00adle Elie nous est don\u00adn\u00e9 en exemp\u00adle. Car la pre\u00admi\u00e8\u00adre cho\u00adse que nous enten\u00addons d\u2019E\u00adlie se trouve dans 1 roi 17. Elie y dit au roi Ach\u00adab : \u00abAus\u00adsi vrai que l\u2019E\u00adter\u00adnel, le Dieu d\u2019Is\u00adra\u00ebl, devant qui je me tiens, est vivant, s\u2019il y a de la ros\u00e9e et de la plu\u00adie en ces ann\u00e9es, ce ne sera que sur ma paro\u00adle\u00bb (1 roi 17,1 Elb). Nous ne lisons m\u00eame pas qu\u2019E\u00adlie a pri\u00e9. Mais cela ne veut pas dire qu\u2019E\u00adlie n\u2019a pas pri\u00e9, le tex\u00adte mont\u00adre plu\u00adt\u00f4t la rela\u00adti\u00adon ent\u00adre Dieu et Elie. Il est pro\u00adba\u00adble qu\u2019E\u00adlie a pri\u00e9 : \u00abDieu que veux-tu fai\u00adre ? Et Dieu lui expli\u00adqua qu\u2019il y aurait une p\u00e9ri\u00adode de s\u00e9cher\u00ades\u00adse. Et Elie&nbsp;r\u00e9gna.<br>\nCela nous mont\u00adre \u00e0 quel point les pri\u00e8\u00adres sont bas\u00e9es sur la rela\u00adti\u00adon avec Dieu. Si nous n\u2019ap\u00adpro\u00adfon\u00addis\u00adsons pas not\u00adre rela\u00adti\u00adon avec J\u00e9sus, nos pri\u00e8\u00adres res\u00adte\u00adront sans effet. C\u2019est com\u00adme si nous joui\u00adons aux fl\u00e9\u00adchet\u00adtes les yeux ban\u00add\u00e9s, nos pri\u00e8\u00adres ne met\u00adtent tout sim\u00adple\u00adment pas dans le mil\u00adle. Et je sais que beau\u00adcoup de mes pri\u00e8\u00adres n\u2019ont pas tou\u00adch\u00e9 le fond. C\u2019est dur ! Et c\u2019est peut-\u00eatre l\u00e0 que nous devons ava\u00adler pro\u00adfon\u00add\u00e9\u00adment ! Mais nous ne vou\u00adlons pas en res\u00adter l\u00e0 ! Car ce serait l\u2019im\u00adpas\u00adse du d\u00e9cou\u00adra\u00adge\u00adment, mais not\u00adre tex\u00adte bibli\u00adque est encou\u00adra\u00adgeant. Je crois que nous pou\u00advons enle\u00adver ce ban\u00addeau ou, mieux enco\u00adre, que nous pou\u00advons le lais\u00adser enle\u00adver par Dieu. Il est \u00e9crit : \u00abLa pri\u00e8\u00adre du jus\u00adte est tr\u00e8s effi\u00adcace. Hey, quand la Bible par\u00adle du jus\u00adte, elle ne par\u00adle pas du jus\u00adti\u00adcier, mais tou\u00adjours de J\u00e9sus ou de ceux qui sont li\u00e9s \u00e0 J\u00e9sus. Oui, J\u00e9sus te rend jus\u00adte, toi et moi ! Il veut te don\u00adner cela et t\u2019en\u00adle\u00adver com\u00adpl\u00e8\u00adte\u00adment le ban\u00addeau sur les yeux. \u00abCelui qui \u00e9tait sans p\u00e9ch\u00e9, Dieu l\u2019a fait p\u00e9ch\u00e9 pour nous, afin qu\u2019en nous unis\u00adsant \u00e0 lui, nous obten\u00adions la jus\u00adti\u00adce avec laquel\u00adle nous pou\u00advons sub\u00adsis\u00adter devant Dieu\u00bb (2 Corin\u00adthiens 5:21&nbsp;<span class=\"caps\">NG\u00dc<\/span>).<br>\nTu com\u00adprends peut-\u00eatre main\u00adten\u00adant pour\u00adquoi je suis fan de ce tex\u00adte bibli\u00adque. En effet, ce pas\u00adsa\u00adge de Jac\u00adques ne nous expli\u00adque pas ce dont nous avons enco\u00adre beso\u00adin pour une pri\u00e8\u00adre puis\u00adsan\u00adte, mais que nous avons d\u00e9j\u00e0 tout ce qu\u2019il faut pour cela. Le c\u0153ur de ce tex\u00adte mont\u00adre donc la rela\u00adti\u00adon avec Dieu : as-tu une rela\u00adti\u00adon avec Dieu ? Et si oui, \u00e0 quoi res\u00adsem\u00adble cet\u00adte rela\u00adti\u00adon pour toi ? Car selon Elie, cet\u00adte rela\u00adti\u00adon est un lien actif avec Dieu. Une con\u00adne\u00adxi\u00adon qui deman\u00adde tou\u00adjours : \u00abDieu, qu\u2019est-ce que tu veux fai\u00adre ? Une con\u00adne\u00adxi\u00adon qui com\u00admence \u00e0 com\u00adprend\u00adre les paro\u00adles de l\u2019E\u00adsprit Saint et qui agit en con\u00ads\u00e9\u00adquence. Peut-\u00eatre dis-tu main\u00adten\u00adant : \u00abJe n\u2019ai pas de rela\u00adti\u00adon r\u00e9el\u00adle avec Dieu, mais j\u2019ai\u00adme\u00adrais en avoir une\u00bb, alors je vou\u00addrais t\u2019in\u00advi\u00adter \u00e0 prier avec moi. Mais peut-\u00eatre aus\u00adsi que tu pen\u00adses : \u00abJ\u2019ai une rela\u00adti\u00adon avec Dieu, mais je vou\u00addrais l\u2019approfondir\u00bb.<br>\nPour finir, je vou\u00addrais vous encou\u00adra\u00adger enco\u00adre une fois. Si une pri\u00e8\u00adre n\u2019a pas d\u2019ef\u00adfet, ne dis pas des cho\u00adses com\u00adme : \u00abPeut-\u00eatre que Dieu vou\u00adlait fai\u00adre quel\u00adque cho\u00adse de dif\u00adf\u00e9\u00adrent, je ne peux pas le savoir, apr\u00e8s tout, tout est ent\u00adre ses mains\u00bb. Oui, c\u2019est vrai que c\u2019est dans les mains de Dieu, mais c\u2019est dans nos mains de deman\u00adder \u00e0 Dieu ce qu\u2019il veut fai\u00adre. Une pri\u00e8\u00adre puis\u00adsan\u00adte na\u00eet du fait que nous som\u00admes con\u00adnec\u00adt\u00e9s \u00e0 J\u00e9sus, que nous lui deman\u00addons ce qu\u2019il veut fai\u00adre et que nous pri\u00ado\u00adns et agis\u00adsons en cons\u00e9quence.<br>\n&nbsp;<br>\n&nbsp;<br>\n&nbsp;<br>\n&nbsp;<br>\n&nbsp;<br>\nQues\u00adti\u00adons pos\u00adsi\u00adbles pour les petits groupes<br>\nLire le tex\u00adte bibli\u00adque : Jac\u00adques 5.14\u201317<\/p>\n<p>\tLes pri\u00e8\u00adres per\u00adson\u00adnel\u00adles refl\u00e8\u00adtent les atten\u00adtes. Com\u00adment pries-tu&nbsp;?<br>\n\tCom\u00adbien de fois je deman\u00adde \u00e0 Dieu ce qu\u2019il veut fai\u00adre et pour quoi je dois&nbsp;prier&nbsp;?<br>\n\tSi je sou\u00adhai\u00adte appro\u00adfon\u00addir ma rela\u00adti\u00adon avec Dieu, quel\u00adles sont mes pro\u00adchai\u00adnes \u00e9tapes concr\u00e8tes&nbsp;?<\/p>","protected":false},"excerpt":{"rendered":"<p>Tex\u00adte de la Bible : Jac\u00adques 5:14\u201317 | Pre\u00ada\u00adcher : Mar\u00adtin von Schoultz | Series : Com\u00adme toi et moi | Les pri\u00e8\u00adres sont pro\u00adfon\u00add\u00e9\u00adment ancr\u00e9es dans une rela\u00adti\u00adon acti\u00adve avec Dieu. Elles se basent sur le fait que nous deman\u00addons tou\u00adjours \u00e0 Dieu ce qu\u2019il veut fai\u00adre, et qu\u2019en\u00adsuite nous pri\u00ado\u00adns exac\u00adte\u00adment pour cela et agis\u00adsons en con\u00ads\u00e9\u00adquence. Si nous n\u2019ap\u00adpro\u00adfon\u00addis\u00adsons pas not\u00adre rela\u00adti\u00adon avec&nbsp;J\u00e9sus,\u2026<\/p>","protected":false},"author":1,"featured_media":0,"comment_status":"closed","ping_status":"closed","template":"","wpfc_preacher":[],"wpfc_sermon_series":[63],"wpfc_sermon_topics":[],"wpfc_bible_book":[],"wpfc_service_type":[12],"class_list":{"0":"wpfc_sermon_series-wie-du-und-ich","1":"wpfc-sermon-single","2":"post-2929","3":"wpfc_sermon","4":"type-wpfc_sermon","5":"status-publish","6":"hentry","8":"wpfc_service_type-gottesdienst"},"acf":[],"sermons_blog_filters_topics":"\t\t\t\t<div class=\"sm-filtering\">\n\t\t\t\t\t<div id=\"wpfc_sermon_sorting\" class=\"no-spacing\">\n\t\t\t\t\t\t\t\t\t\t\t\t\t\n\t\t\t\t\t<div class=\"sortTopics\" style=\"display: inline-block\">\n\t\t\t\t<form action=\"https:\/\/sermons.seetal-chile.ch\/fr\/wp-json\/wp\/v2\/wpfc_sermon\/2929\/\" method=\"get\">\n\t\t\t\t\t<select name=\"wpfc_sermon_topics\"\n\t\t\t\t\t\t\ttitle=\"Sujet\"\n\t\t\t\t\t\t\tid=\"wpfc_sermon_topics\"\n\t\t\t\t\t\t\tonchange=\"if(this.options[this.selectedIndex].value !== ''){return this.form.submit()}else{window.location = window.location.href.split('?')[0];}\"\n\t\t\t\t\t\t\tautocomplete=\"off\"\n\t\t\t\t\t\t>\n\t\t\t\t\t\t<option value=\"\">Sujet<\/option>\n\t\t\t\t\t\t<option value=\"freude\" >Freude<\/option><option value=\"heiliger-geist\" >Heiliger Geist<\/option><option value=\"hoffnung\" >Hoffnung<\/option><option value=\"liebe\" >Liebe<\/option><option value=\"pfingsten\" >Pfingsten<\/option>\t\t\t\t\t<\/select>\n\t\t\t\t\t\t\t\t\t\t\t\t\t\t\t\t\t\t\t\t\t\t\t\t\t<noscript>\n\t\t\t\t\t\t<div><input type=\"submit\" value=\"Submit\"\/><\/div>\n\t\t\t\t\t<\/noscript>\n\t\t\t\t<\/form>\n\t\t\t<\/div>\n\t\t\t\t\t\t\t\t\t\t\t\t\t\t\t\t\t\t<\/div>\n\t\t\t\t<\/div>\n\t\t\t\t","sermons_blog_filters_series":"\t\t\t\t<div class=\"sm-filtering\">\n\t\t\t\t\t<div id=\"wpfc_sermon_sorting\" class=\"no-spacing\">\n\t\t\t\t\t\t\t\t\n\t\t\t\t\t<div class=\"sortSeries\" style=\"display: inline-block\">\n\t\t\t\t<form action=\"https:\/\/sermons.seetal-chile.ch\/fr\/wp-json\/wp\/v2\/wpfc_sermon\/2929\/\" method=\"get\">\n\t\t\t\t\t<select name=\"wpfc_sermon_series\"\n\t\t\t\t\t\t\ttitle=\"S\u00e9ries\"\n\t\t\t\t\t\t\tid=\"wpfc_sermon_series\"\n\t\t\t\t\t\t\tonchange=\"if(this.options[this.selectedIndex].value !== ''){return this.form.submit()}else{window.location = window.location.href.split('?')[0];}\"\n\t\t\t\t\t\t\tautocomplete=\"off\"\n\t\t\t\t\t\t>\n\t\t\t\t\t\t<option value=\"\">S\u00e9ries<\/option>\n\t\t\t\t\t\t<option value=\"abentueuer-gebaet\" >Abent\u00fc\u00fcr Geb\u00e4t<\/option><option value=\"advent-2019\" >Advent 2019<\/option><option value=\"bestseller-die-bibel\" >Bestseller - Die Bibel<\/option><option value=\"connected\" >connected<\/option><option value=\"creatio\" >CREATIO<\/option><option value=\"eifach-muetig\" >EIFACH muetig \u2013 mit Jesus als Vorbild<\/option><option value=\"einfach-leise-gegenwaertig\" >Einfach. Leise. Gegenw\u00e4rtig.<\/option><option value=\"folge-du-mir-nach\" >Folge du mir nach<\/option><option value=\"glow\" >glow<\/option><option value=\"heilig-heilig-heilig\" >Heilig - Heilig - Heilig<\/option><option value=\"metamorphose\" >Metamorphose<\/option><option value=\"reformation\" >Reformation<\/option><option value=\"seetal-chile-talk\" >seetal chile Talk<\/option><option value=\"teens-segnung\" >Teens Segnung<\/option><option value=\"weitsicht\" >Weitsicht<\/option><option value=\"wie-du-und-ich\" >Wie du und ich<\/option><option value=\"willkommen-daheim\" >Willkommen daheim<\/option>\t\t\t\t\t<\/select>\n\t\t\t\t\t\t\t\t\t\t\t\t\t\t\t\t\t\t\t\t\t\t\t\t\t<noscript>\n\t\t\t\t\t\t<div><input type=\"submit\" value=\"Submit\"\/><\/div>\n\t\t\t\t\t<\/noscript>\n\t\t\t\t<\/form>\n\t\t\t<\/div>\n\t\t\t\t\t\t\t\t\t\t\t\t\t\t\t\t\t\t\t\t\t\t\t<\/div>\n\t\t\t\t<\/div>\n\t\t\t\t","sermons_blog_filters_preachers":"\t\t\t\t<div class=\"sm-filtering\">\n\t\t\t\t\t<div id=\"wpfc_sermon_sorting\" class=\"no-spacing\">\n\t\t\t\n\t\t\t\t\t<div class=\"sortPreacher\" style=\"display: inline-block\">\n\t\t\t\t<form action=\"https:\/\/sermons.seetal-chile.ch\/fr\/wp-json\/wp\/v2\/wpfc_sermon\/2929\/\" method=\"get\">\n\t\t\t\t\t<select name=\"wpfc_preacher\"\n\t\t\t\t\t\t\ttitle=\"Pr\u00e9dicateur\"\n\t\t\t\t\t\t\tid=\"wpfc_preacher\"\n\t\t\t\t\t\t\tonchange=\"if(this.options[this.selectedIndex].value !== ''){return this.form.submit()}else{window.location = window.location.href.split('?')[0];}\"\n\t\t\t\t\t\t\tautocomplete=\"off\"\n\t\t\t\t\t\t>\n\t\t\t\t\t\t<option value=\"\">Pr\u00e9dicateur<\/option>\n\t\t\t\t\t\t<option value=\"amin-afsharnaderi\" >Amin Afsharnaderi<\/option><option value=\"amir-khalid\" >Amir Khalid<\/option><option value=\"andre-heiniger\" >Andr\u00e9 Heiniger<\/option><option value=\"andreas-jakob\" >Andreas Jakob<\/option><option value=\"ansgar-gmuer\" >Ansgar Gm\u00fcr<\/option><option value=\"barbara-benz\" >Barbara Benz<\/option><option value=\"beat-ungricht\" >Beat Ungricht<\/option><option value=\"beati-forster\" >Beati Forster<\/option><option value=\"beni-leuenberger\" >Beni Leuenberger<\/option><option value=\"bernhard-hohl\" >Bernhard Hohl<\/option><option value=\"cedric-bruegger\" >C\u00e9dric Br\u00fcgger<\/option><option value=\"christian-haslebacher\" >Christian Haslebacher<\/option><option value=\"christian-seitz\" >Christian Seitz<\/option><option value=\"christoph-kunz\" >Christoph Kunz<\/option><option value=\"corinne-jost\" >Corinne Jost<\/option><option value=\"cornelia-roth\" >Cornelia Roth<\/option><option value=\"daniel-bieri\" >Daniel Bieri<\/option><option value=\"debora-sommer\" >Debora Sommer<\/option><option value=\"erich-hunziker\" >Erich Hunziker<\/option><option value=\"esther-wehrli\" >Esther Wehrli<\/option><option value=\"florian-glaser\" >Florian Glaser<\/option><option value=\"gaby-wentland\" >Gaby Wentland<\/option><option value=\"hans-doessegger\" >Hans D\u00f6ssegger<\/option><option value=\"harry-graf\" >Harry Graf<\/option><option value=\"ina-von-schoultz\" >Ina von Schoultz<\/option><option value=\"jan-timon-beck\" >Jan-Timon Beck<\/option><option value=\"john-ghanim\" >John Ghanim<\/option><option value=\"juergen-will\" >J\u00fcrgen Will<\/option><option value=\"markus-inaebnit\" >Markus In\u00e4bnit<\/option><option value=\"martin-dreyer\" >Martin Dreyer<\/option><option value=\"martin-kiener\" >Martin Kiener<\/option><option value=\"matthias-altwegg\" >Matthias Altwegg<\/option><option value=\"michael-bont\" >Michael Bont<\/option><option value=\"mohanathas-balasubramaniam\" >Mohanathas Balasubramaniam<\/option><option value=\"nathalie-schertenleib\" >Nathalie Schertenleib<\/option><option value=\"peter-inaebnit\" >Peter In\u00e4bnit<\/option><option value=\"peter-michel\" >Peter Michel<\/option><option value=\"rene-winkler\" >Ren\u00e9 Winkler<\/option><option value=\"roger-sigg\" >Roger Sigg<\/option><option value=\"simon-wick\" >Simon Wick<\/option><option value=\"stefan-schuepbach\" >Stefan Sch\u00fcpbach<\/option><option value=\"stephan-bolliger\" >Stephan Bolliger<\/option><option value=\"susanne-geske\" >Susanne Geske<\/option><option value=\"tabea-inaebnit\" >Tabea In\u00e4bnit<\/option><option value=\"thomas-grieve\" >Thomas Grieve<\/option><option value=\"tina-schmidt\" >Tina Schmidt<\/option><option value=\"werner-messmer\" >Werner Messmer<\/option><option value=\"wieland-mueller\" >Wieland M\u00fcller<\/option><option value=\"yanick-buehler\" >Yanick B\u00fchler<\/option><option value=\"yassir-eric\" >Yassir Eric<\/option>\t\t\t\t\t<\/select>\n\t\t\t\t\t\t\t\t\t\t\t\t\t\t\t\t\t\t\t\t\t\t\t\t\t<noscript>\n\t\t\t\t\t\t<div><input type=\"submit\" value=\"Submit\"\/><\/div>\n\t\t\t\t\t<\/noscript>\n\t\t\t\t<\/form>\n\t\t\t<\/div>\n\t\t\t\t\t\t\t\t\t\t\t\t\t\t\t\t\t\t\t\t\t\t\t\t\t\t\t\t<\/div>\n\t\t\t\t<\/div>\n\t\t\t\t","sermons_blog_filters_books":"\t\t\t\t<div class=\"sm-filtering\">\n\t\t\t\t\t<div id=\"wpfc_sermon_sorting\" class=\"no-spacing\">\n\t\t\t\t\t\t\t\t\t\t\t\t\t\t\t\t\t\t\n\t\t\t\t\t<div class=\"sortBooks\" style=\"display: inline-block\">\n\t\t\t\t<form action=\"https:\/\/sermons.seetal-chile.ch\/fr\/wp-json\/wp\/v2\/wpfc_sermon\/2929\/\" method=\"get\">\n\t\t\t\t\t<select name=\"wpfc_bible_book\"\n\t\t\t\t\t\t\ttitle=\"Livre\"\n\t\t\t\t\t\t\tid=\"wpfc_bible_book\"\n\t\t\t\t\t\t\tonchange=\"if(this.options[this.selectedIndex].value !== ''){return this.form.submit()}else{window.location = window.location.href.split('?')[0];}\"\n\t\t\t\t\t\t\tautocomplete=\"off\"\n\t\t\t\t\t\t>\n\t\t\t\t\t\t<option value=\"\">Livre<\/option>\n\t\t\t\t\t\t\t\t\t\t\t<\/select>\n\t\t\t\t\t\t\t\t\t\t\t\t\t\t\t\t\t\t\t\t\t\t\t\t\t<noscript>\n\t\t\t\t\t\t<div><input type=\"submit\" value=\"Submit\"\/><\/div>\n\t\t\t\t\t<\/noscript>\n\t\t\t\t<\/form>\n\t\t\t<\/div>\n\t\t\t\t\t\t\t\t\t\t\t\t\t<\/div>\n\t\t\t\t<\/div>\n\t\t\t\t","sermons_blog_filters_service_types":"\t\t\t\t<div class=\"sm-filtering\">\n\t\t\t\t\t<div id=\"wpfc_sermon_sorting\" class=\"no-spacing\">\n\t\t\t\t\t\t\t\t\t\t\t\t\t\t\t\t\t\t\t\t\t\t\t\n\t\t\t\t\t<div class=\"sortServiceTypes\" style=\"display: inline-block\">\n\t\t\t\t<form action=\"https:\/\/sermons.seetal-chile.ch\/fr\/wp-json\/wp\/v2\/wpfc_sermon\/2929\/\" method=\"get\">\n\t\t\t\t\t<select name=\"wpfc_service_type\"\n\t\t\t\t\t\t\ttitle=\"Type De Service\"\n\t\t\t\t\t\t\tid=\"wpfc_service_type\"\n\t\t\t\t\t\t\tonchange=\"if(this.options[this.selectedIndex].value !== ''){return this.form.submit()}else{window.location = window.location.href.split('?')[0];}\"\n\t\t\t\t\t\t\tautocomplete=\"off\"\n\t\t\t\t\t\t>\n\t\t\t\t\t\t<option value=\"\">Type De Service<\/option>\n\t\t\t\t\t\t<option value=\"glow-celebration\" >glow Celebration<\/option><option value=\"gottesdienst\" >Gottesdienst<\/option>\t\t\t\t\t<\/select>\n\t\t\t\t\t\t\t\t\t\t\t\t\t\t\t\t\t\t\t\t\t\t\t\t\t<noscript>\n\t\t\t\t\t\t<div><input type=\"submit\" value=\"Submit\"\/><\/div>\n\t\t\t\t\t<\/noscript>\n\t\t\t\t<\/form>\n\t\t\t<\/div>\n\t\t\t\t\t\t\t\t<\/div>\n\t\t\t\t<\/div>\n\t\t\t\t","sermons_blog_filters_dates":"\t\t\t\t<div class=\"sm-filtering\">\n\t\t\t\t\t<div id=\"wpfc_sermon_sorting\" class=\"no-spacing\">\n\t\t\t\t\t\t\t\t\t\t\t\t\t\t\t\t\t\t\t\t\t\t\t\t\t\t\t\t\n\t\t\t\t\t<div class=\"sortDates\" style=\"display: inline-block\">\n\t\t\t\t<form action=\"https:\/\/sermons.seetal-chile.ch\/fr\/wp-json\/wp\/v2\/wpfc_sermon\/2929\/\" method=\"get\">\n\t\t\t\t\t<select name=\"wpfc_dates\"\n\t\t\t\t\t\t\ttitle=\"Date\"\n\t\t\t\t\t\t\tid=\"wpfc_dates\"\n\t\t\t\t\t\t\tonchange=\"if(this.options[this.selectedIndex].value !== ''){return this.form.submit()}else{window.location = window.location.href.split('?')[0];}\"\n\t\t\t\t\t\t\tautocomplete=\"off\"\n\t\t\t\t\t\t>\n\t\t\t\t\t\t<option value=\"\">Date<\/option>\n\t\t\t\t\t\t<option value=\"04-2026\" >Apr 2026<\/option><option value=\"03-2026\" >Mar 2026<\/option><option value=\"02-2026\" >Feb 2026<\/option><option value=\"01-2026\" >Jan 2026<\/option><option value=\"12-2025\" >Dec 2025<\/option><option value=\"11-2025\" >Nov 2025<\/option><option value=\"10-2025\" >Oct 2025<\/option><option value=\"09-2025\" >Sep 2025<\/option><option value=\"08-2025\" >Aug 2025<\/option><option value=\"07-2025\" >Jul 2025<\/option><option value=\"06-2025\" >Jun 2025<\/option><option value=\"05-2025\" >May 2025<\/option><option value=\"04-2025\" >Apr 2025<\/option><option value=\"03-2025\" >Mar 2025<\/option><option value=\"02-2025\" >Feb 2025<\/option><option value=\"01-2025\" >Jan 2025<\/option><option value=\"12-2024\" >Dec 2024<\/option><option value=\"11-2024\" >Nov 2024<\/option><option value=\"10-2024\" >Oct 2024<\/option><option value=\"09-2024\" >Sep 2024<\/option><option value=\"08-2024\" >Aug 2024<\/option><option value=\"07-2024\" >Jul 2024<\/option><option value=\"06-2024\" >Jun 2024<\/option><option value=\"05-2024\" >May 2024<\/option><option value=\"04-2024\" >Apr 2024<\/option><option value=\"03-2024\" >Mar 2024<\/option><option value=\"02-2024\" >Feb 2024<\/option><option value=\"01-2024\" >Jan 2024<\/option><option value=\"12-2023\" >Dec 2023<\/option><option value=\"11-2023\" >Nov 2023<\/option><option value=\"10-2023\" >Oct 2023<\/option><option value=\"09-2023\" >Sep 2023<\/option><option value=\"08-2023\" >Aug 2023<\/option><option value=\"07-2023\" >Jul 2023<\/option><option value=\"06-2023\" >Jun 2023<\/option><option value=\"05-2023\" >May 2023<\/option><option value=\"04-2023\" >Apr 2023<\/option><option value=\"03-2023\" >Mar 2023<\/option><option value=\"02-2023\" >Feb 2023<\/option><option value=\"01-2023\" >Jan 2023<\/option><option value=\"12-2022\" >Dec 2022<\/option><option value=\"11-2022\" >Nov 2022<\/option><option value=\"10-2022\" >Oct 2022<\/option><option value=\"09-2022\" >Sep 2022<\/option><option value=\"08-2022\" >Aug 2022<\/option><option value=\"07-2022\" >Jul 2022<\/option><option value=\"06-2022\" >Jun 2022<\/option><option value=\"05-2022\" >May 2022<\/option><option value=\"04-2022\" >Apr 2022<\/option><option value=\"03-2022\" >Mar 2022<\/option><option value=\"02-2022\" >Feb 2022<\/option><option value=\"01-2022\" >Jan 2022<\/option><option value=\"12-2021\" >Dec 2021<\/option><option value=\"11-2021\" >Nov 2021<\/option><option value=\"10-2021\" >Oct 2021<\/option><option value=\"09-2021\" >Sep 2021<\/option><option value=\"08-2021\" >Aug 2021<\/option><option value=\"07-2021\" >Jul 2021<\/option><option value=\"06-2021\" >Jun 2021<\/option><option value=\"05-2021\" >May 2021<\/option><option value=\"04-2021\" >Apr 2021<\/option><option value=\"03-2021\" >Mar 2021<\/option><option value=\"02-2021\" >Feb 2021<\/option><option value=\"01-2021\" >Jan 2021<\/option><option value=\"12-2020\" >Dec 2020<\/option><option value=\"11-2020\" >Nov 2020<\/option><option value=\"10-2020\" >Oct 2020<\/option><option value=\"09-2020\" >Sep 2020<\/option><option value=\"08-2020\" >Aug 2020<\/option><option value=\"07-2020\" >Jul 2020<\/option><option value=\"06-2020\" >Jun 2020<\/option><option value=\"05-2020\" >May 2020<\/option><option value=\"04-2020\" >Apr 2020<\/option><option value=\"03-2020\" >Mar 2020<\/option><option value=\"02-2020\" >Feb 2020<\/option><option value=\"01-2020\" >Jan 2020<\/option><option value=\"12-2019\" >Dec 2019<\/option><option value=\"11-2019\" >Nov 2019<\/option><option value=\"10-2019\" >Oct 2019<\/option><option value=\"09-2019\" >Sep 2019<\/option><option value=\"08-2019\" >Aug 2019<\/option><option value=\"07-2019\" >Jul 2019<\/option><option value=\"06-2019\" >Jun 2019<\/option><option value=\"05-2019\" >May 2019<\/option><option value=\"04-2019\" >Apr 2019<\/option><option value=\"03-2019\" >Mar 2019<\/option><option value=\"02-2019\" >Feb 2019<\/option><option value=\"01-2019\" >Jan 2019<\/option><option value=\"12-2018\" >Dec 2018<\/option><option value=\"11-2018\" >Nov 2018<\/option><option value=\"10-2018\" >Oct 2018<\/option><option value=\"09-2018\" >Sep 2018<\/option><option value=\"08-2018\" >Aug 2018<\/option><option value=\"07-2018\" >Jul 2018<\/option><option value=\"06-2018\" >Jun 2018<\/option><option value=\"05-2018\" >May 2018<\/option><option value=\"04-2018\" >Apr 2018<\/option><option value=\"03-2018\" >Mar 2018<\/option><option value=\"02-2018\" >Feb 2018<\/option><option value=\"01-2018\" >Jan 2018<\/option><option value=\"12-2017\" >Dec 2017<\/option><option value=\"11-2017\" >Nov 2017<\/option><option value=\"10-2017\" >Oct 2017<\/option><option value=\"09-2017\" >Sep 2017<\/option><option value=\"08-2017\" >Aug 2017<\/option><option value=\"07-2017\" >Jul 2017<\/option><option value=\"06-2017\" >Jun 2017<\/option><option value=\"05-2017\" >May 2017<\/option><option value=\"04-2017\" >Apr 2017<\/option><option value=\"03-2017\" >Mar 2017<\/option><option value=\"02-2017\" >Feb 2017<\/option><option value=\"01-2017\" >Jan 2017<\/option><option value=\"12-2016\" >Dec 2016<\/option><option value=\"11-2016\" >Nov 2016<\/option><option value=\"10-2016\" >Oct 2016<\/option><option value=\"09-2016\" >Sep 2016<\/option><option value=\"08-2016\" >Aug 2016<\/option><option value=\"07-2016\" >Jul 2016<\/option><option value=\"06-2016\" >Jun 2016<\/option><option value=\"05-2016\" >May 2016<\/option><option value=\"04-2016\" >Apr 2016<\/option><option value=\"03-2016\" >Mar 2016<\/option><option value=\"02-2016\" >Feb 2016<\/option><option value=\"01-2016\" >Jan 2016<\/option><option value=\"12-2015\" >Dec 2015<\/option><option value=\"11-2015\" >Nov 2015<\/option><option value=\"10-2015\" >Oct 2015<\/option><option value=\"09-2015\" >Sep 2015<\/option><option value=\"08-2015\" >Aug 2015<\/option><option value=\"07-2015\" >Jul 2015<\/option>\t\t\t\t\t<\/select>\n\t\t\t\t\t\t\t\t\t\t\t\t\t\t\t\t\t\t\t\t\t\t\t\t\t<noscript>\n\t\t\t\t\t\t<div><input type=\"submit\" value=\"Submit\"\/><\/div>\n\t\t\t\t\t<\/noscript>\n\t\t\t\t<\/form>\n\t\t\t<\/div>\n\t\t\t<\/div>\n\t\t\t\t<\/div>\n\t\t\t\t","sermons_blog_image_url":"https:\/\/sermons.seetal-chile.ch\/wp-content\/uploads\/2020\/01\/Serie_Wie-du-und-ich_large-scaled.jpg","sermons_blog_video":"<video controls preload=\"metadata\" class=\"wpfc-sermon-video-player \" data-plyr_seek='0'><source src=\"https:\/\/youtu.be\/EJofJBdbUHo\"><\/video>","sermons_blog_series":"<a href=\"https:\/\/sermons.seetal-chile.ch\/fr\/series\/wie-du-und-ich\/\" rel=\"tag\">Wie du und ich<\/a>","sermons_blog_meta_sermon_description":"Gebete sind tief in die aktive Beziehung mit Gott verankert. Sie basieren darauf, dass wir Gott immer wieder fragen, was er tun m\u00f6chte, und danach genau daf\u00fcr beten und danach\u2026","sermons_blog_show_readmore":true,"sermons_blog_audio":"<audio controls preload=\"metadata\" class=\"wpfc-sermon-player \" ><source src=\"https:\/\/resources.seetal-chile.ch\/files\/predigten\/mp3\/predigt_200628.mp3\" type=\"audio\/mp3\"><\/audio>","sermons_blog_preacher_image":"","sermons_blog_preacher":false,"sermons_blog_bible_passage":"Jakobus 5,14-17","sermons_blog_service_type":"<a href=\"https:\/\/sermons.seetal-chile.ch\/fr\/type-de-service\/gottesdienst\/\" rel=\"tag\">Gottesdienst<\/a>","sermon_audio":"https:\/\/resources.seetal-chile.ch\/files\/predigten\/mp3\/predigt_200628.mp3","sermon_audio_duration":"","_views":"6666","bible_passage":"Jakobus 5,14-17","sermon_video_embed":"","sermon_video_url":"https:\/\/youtu.be\/EJofJBdbUHo","sermon_bulletin":"","_featured_url":false,"sermon_date":1593337548,"_sermon_date_auto":false,"_links":{"self":[{"href":"https:\/\/sermons.seetal-chile.ch\/fr\/wp-json\/wp\/v2\/wpfc_sermon\/2929","targetHints":{"allow":["GET"]}}],"collection":[{"href":"https:\/\/sermons.seetal-chile.ch\/fr\/wp-json\/wp\/v2\/wpfc_sermon"}],"about":[{"href":"https:\/\/sermons.seetal-chile.ch\/fr\/wp-json\/wp\/v2\/types\/wpfc_sermon"}],"author":[{"embeddable":true,"href":"https:\/\/sermons.seetal-chile.ch\/fr\/wp-json\/wp\/v2\/users\/1"}],"replies":[{"embeddable":true,"href":"https:\/\/sermons.seetal-chile.ch\/fr\/wp-json\/wp\/v2\/comments?post=2929"}],"version-history":[{"count":7,"href":"https:\/\/sermons.seetal-chile.ch\/fr\/wp-json\/wp\/v2\/wpfc_sermon\/2929\/revisions"}],"predecessor-version":[{"id":2937,"href":"https:\/\/sermons.seetal-chile.ch\/fr\/wp-json\/wp\/v2\/wpfc_sermon\/2929\/revisions\/2937"}],"wp:attachment":[{"href":"https:\/\/sermons.seetal-chile.ch\/fr\/wp-json\/wp\/v2\/media?parent=2929"}],"wp:term":[{"taxonomy":"wpfc_preacher","embeddable":true,"href":"https:\/\/sermons.seetal-chile.ch\/fr\/wp-json\/wp\/v2\/wpfc_preacher?post=2929"},{"taxonomy":"wpfc_sermon_series","embeddable":true,"href":"https:\/\/sermons.seetal-chile.ch\/fr\/wp-json\/wp\/v2\/wpfc_sermon_series?post=2929"},{"taxonomy":"wpfc_sermon_topics","embeddable":true,"href":"https:\/\/sermons.seetal-chile.ch\/fr\/wp-json\/wp\/v2\/wpfc_sermon_topics?post=2929"},{"taxonomy":"wpfc_bible_book","embeddable":true,"href":"https:\/\/sermons.seetal-chile.ch\/fr\/wp-json\/wp\/v2\/wpfc_bible_book?post=2929"},{"taxonomy":"wpfc_service_type","embeddable":true,"href":"https:\/\/sermons.seetal-chile.ch\/fr\/wp-json\/wp\/v2\/wpfc_service_type?post=2929"}],"curies":[{"name":"wp","href":"https:\/\/api.w.org\/{rel}","templated":true}]}}