{"id":2789,"date":"2020-04-05T10:50:33","date_gmt":"2020-04-05T08:50:33","guid":{"rendered":"https:\/\/sermons.seetal-chile.ch\/?post_type=wpfc_sermon&#038;p=2789"},"modified":"2020-04-05T07:16:38","modified_gmt":"2020-04-05T05:16:38","slug":"riesen-sind-auch-nur-zwerge","status":"publish","type":"wpfc_sermon","link":"https:\/\/sermons.seetal-chile.ch\/fr\/sermons\/riesen-sind-auch-nur-zwerge\/","title":{"rendered":"Les g\u00e9ants ne sont que des&nbsp;nains"},"content":{"rendered":"<p>Bible Text : 4:13\u201314 | Pre\u00ada\u00adcher : Chris\u00adti\u00adan Seitz | Series : Com\u00adme toi et moi | \u00abLes g\u00e9ants ne sont que des nains\u00bb, de Caleb, le cou\u00adra\u00adge\u00adux espi\u00adon de Dieu. Avec l\u2019ai\u00adde du Saint-Esprit, j\u2019ai\u00adme\u00adrais fai\u00adre com\u00adprend\u00adre \u00e0 mes audi\u00adteurs que nous pou\u00advons \u00eatre cou\u00adra\u00adge\u00adux en che\u00admin avec Dieu, car les d\u00e9fis gigan\u00adtes\u00adques devi\u00aden\u00adnent petits dans sa perspective.<\/p>\n<p>&nbsp;<br>\nLa pr\u00e9\u00addi\u00adca\u00adti\u00adon est pr\u00e9\u00adc\u00e9\u00add\u00e9e d\u2019un court-m\u00e9trage&nbsp;:<br>\n<iframe loading=\"lazy\" title=\"M\u00e9dias en ligne 5\" width=\"500\" height=\"281\" src=\"https:\/\/www.youtube.com\/embed\/mq_r9SvtsDU?feature=oembed\" frameborder=\"0\" allow=\"accelerometer; autoplay; clipboard-write; encrypted-media; gyroscope; picture-in-picture; web-share\" referrerpolicy=\"strict-origin-when-cross-origin\" allowfullscreen><\/iframe><br>\n&nbsp;<br>\nLa main sur le c\u0153ur et en tou\u00adte hon\u00adn\u00eate\u00adt\u00e9. \u2013 Qui d\u2019ent\u00adre vous aurait os\u00e9 aller au cin\u00e9\u00adma avec une tel\u00adle com\u00adpa\u00adgnie ? Il faut vrai\u00adment avoir du cou\u00adra\u00adge, n\u2019est-ce pas ? Moi-m\u00eame, j\u2019au\u00adrais \u00e9t\u00e9 assez mal \u00e0 l\u2019ai\u00adse avec autant de durs \u00e0 cui\u00adre dans la m\u00eame salle. Rien que la vue et le nombre de ces gars un peu bizar\u00adres, puis l\u2019i\u00adma\u00adgi\u00adna\u00adti\u00adon de ce qui pour\u00adrait se pas\u00adser main\u00adten\u00adant, m\u2019au\u00adrai\u00adent fait sor\u00adtir de la salle assez rapi\u00adde\u00adment ;). Il faut une bon\u00adne dose de cou\u00adra\u00adge pour prend\u00adre, com\u00adme les der\u00adniers cou\u00adples, les deux der\u00adni\u00e8\u00adres places libres et y res\u00adter assis le temps d\u2019un film\u2026 ! En nous appu\u00adyant sur l\u2019his\u00adtoire de Caleb, l\u2019un des 12 espi\u00adons isra\u00e9\u00adli\u00adens char\u00adg\u00e9s d\u2019e\u00adspion\u00adner la terre pro\u00admi\u00adse de Cana\u00adan, nous vou\u00adlons app\u00adrend\u00adre \u00e0 ne pas nous lais\u00adser inti\u00admi\u00adder par les d\u00e9fis, afin de viv\u00adre aujour\u00add\u2019hui not\u00adre pierre chr\u00e9\u00adti\u00aden\u00adne avec enco\u00adre plus de cou\u00adra\u00adge gr\u00e2ce \u00e0 l\u2019E\u00adsprit de Dieu. J\u2019ai don\u00adn\u00e9 \u00e0 la pr\u00e9\u00addi\u00adca\u00adti\u00adon de ce matin le tit\u00adre sui\u00advant : \u00abLes g\u00e9ants ne sont apr\u00e8s tout que des nains\u00bb, de Caleb, le cou\u00adra\u00adge\u00adux espi\u00adon de Dieu. Je vais nous lire des extraits de l\u2019his\u00adtoire tir\u00e9e de la Gen\u00e8\u00adse, cha\u00adpi\u00adt\u00adres 13\u201314. Je pen\u00adse que les 12 espi\u00adons ont d\u00fb res\u00adsen\u00adtir la m\u00eame cho\u00adse que les cou\u00adples au cin\u00e9\u00adma en voy\u00adant la popu\u00adla\u00adti\u00adon g\u00e9an\u00adte de Cana\u00adan ! En voy\u00adant cela et en \u00e9tant soi-m\u00eame en mino\u00adri\u00adt\u00e9, on peut com\u00adprend\u00adre que le c\u0153ur se ser\u00adre et que l\u2019on com\u00admence \u00e0 avoir&nbsp;peur&nbsp;?<br>\nQu\u2019est-ce qui est si dif\u00adf\u00e9\u00adrent chez&nbsp;Caleb&nbsp;?<br>\nSeuls les deux hom\u00admes craignant Dieu, Caleb et Josu\u00e9, r\u00e9a\u00adgis\u00adsent com\u00adme les der\u00adniers cou\u00adples du clip et ne veu\u00adlent pas se lais\u00adser d\u00e9tour\u00adner de leur mis\u00adsi\u00adon et de leur pro\u00adjet ! Seuls Caleb et Josu\u00e9 font l\u2019exp\u00e9\u00adri\u00adence posi\u00adti\u00adve, \u00e0 la fin de l\u2019his\u00adtoire, que rien de mal ne leur arri\u00adve au \u00abcin\u00e9\u00adma\u00bb ou dans la Terre pro\u00admi\u00adse ! Mais qu\u2019y a\u2011t-il de si dif\u00adf\u00e9\u00adrent chez Caleb ? Qu\u2019est-ce qui est si cou\u00adra\u00adge\u00adux pour qu\u2019il ne veuille pas se sous\u00adtrai\u00adre \u00e0 l\u2019\u00e9\u00adnor\u00adme d\u00e9fi de la con\u00adqu\u00eate du pays ? La r\u00e9pon\u00adse se trouve au ver\u00adset 24 du cha\u00adpit\u00adre 14, o\u00f9 il est \u00e9crit : \u00abIl y a en Caleb (<span class=\"amp\">&amp;<\/span> Josu\u00e9) un aut\u00adre esprit\u00bb que chez les dix aut\u00adres espi\u00adons. Caleb est dot\u00e9 d\u2019un aut\u00adre esprit, il a donc dans ses baga\u00adges des outils et des moy\u00adens auxi\u00adli\u00adai\u00adres un peu dif\u00adf\u00e9r\u00adents aux\u00adquels il peut avoir recours. Il pos\u00ads\u00e8\u00adde quel\u00adque cho\u00adse qui le rend cou\u00adra\u00adge\u00adux et d\u00e9termin\u00e9&nbsp;!<br>\n&nbsp;<br>\nL\u2019his\u00adtoire com\u00admence lors\u00adque le chef isra\u00e9\u00adli\u00adte Mo\u00ef\u00adse char\u00adge les respons\u00adables, les chefs ou les anci\u00adens de chaque tri\u00adbu d\u2019u\u00adne mis\u00adsi\u00adon d\u2019e\u00adspion\u00adna\u00adge. Com\u00adme Dieu veut don\u00adner la terre en pro\u00adpri\u00e9\u00adt\u00e9 au peu\u00adple, ces 12 hom\u00admes, tous cou\u00adra\u00adge\u00adux et exp\u00e9\u00adri\u00admen\u00adt\u00e9s, doi\u00advent en quel\u00adque sor\u00adte for\u00admer \u00abl\u2019a\u00advant-gar\u00adde\u00bb et v\u00e9ri\u00adfier la situa\u00adti\u00adon l\u00e0-bas dans le pays, ce qui les attend. Et ce ne sont pas des nobos ou des d\u00e9bu\u00adtants un peu na\u00effs. Non, ils pos\u00ads\u00e8\u00addent tous des qua\u00adli\u00adt\u00e9s de direc\u00adtion av\u00e9\u00adr\u00e9es ! Ce sont de v\u00e9ri\u00adta\u00adbles cad\u00adres, tous issus de l\u2019en\u00adcad\u00adre\u00adment\u2026 Et cet\u00adte mis\u00adsi\u00adon d\u2019en\u00adqu\u00eate a vrai\u00adment du piquant ! Ima\u00adgi\u00adnez un peu : En ter\u00adri\u00adtoire enne\u00admi, \u2013 der\u00adri\u00e8\u00adre les lignes enne\u00admies, il s\u2019a\u00adgit d\u2019ob\u00adte\u00adnir des rens\u00adeig\u00adne\u00adments d\u00e9tail\u00adl\u00e9s sur l\u2019e\u00adspace vital&nbsp;local.<br>\nQuel\u00adle est la natu\u00adre du sol ? Quel est le cli\u00admat local ? Et \u00e0 quoi res\u00adsem\u00adble la v\u00e9g\u00e9\u00adta\u00adti\u00adon ? Y a\u2011t-il des plans d\u2019ur\u00adba\u00adnis\u00adme locaux et quel est le niveau de l\u2019ar\u00adm\u00e9e pro\u00adfes\u00adsi\u00adon\u00adnel\u00adle ? Les 12 agents ont \u00e0 pei\u00adne 6 semain\u00ades, soit 40 jours, pour par\u00adcour\u00adir envi\u00adron 600 km. Donc, quand Dieu appel\u00adle des col\u00adla\u00adbo\u00adra\u00adteurs ou dis\u00adtri\u00adbue des mis\u00adsi\u00adons de ser\u00advice quel\u00adcon\u00adques, c\u2019est l\u00e0 qu\u2019on ent\u00adre vrai\u00adment dans le vif du sujet. Mais aujour\u00add\u2019hui, nous recrut\u00adons sou\u00advent des col\u00adla\u00adbo\u00adra\u00adteurs d\u2019u\u00adne tou\u00adte aut\u00adre mani\u00e8\u00adre, n\u2019est-ce pas ? Nous pla\u00ad\u00e7ons le niveau plus bas, selon la devi\u00adse : \u00abTu n\u2019as pas beso\u00adin de beau\u00adcoup d\u2019en\u00adga\u00adge\u00adment si tu aides ici ! Cela ne prend pas beau\u00adcoup de temps non plus ! Et tu n\u2019as pas for\u00adc\u00e9\u00adment beso\u00adin de con\u00adnais\u00adsances, tu t\u2019y fer\u00adas au fil du&nbsp;temps\u2026<br>\nNous en res\u00adtons tr\u00e8s sou\u00advent au c\u00f4t\u00e9 humain des t\u00e2ches et des pro\u00adfils de t\u00e2ches. Per\u00adson\u00adnel\u00adle\u00adment, je pen\u00adse que Dieu nous met sou\u00advent au d\u00e9fi, voi\u00adre nous d\u00e9pas\u00adse, afin que nous puis\u00adsi\u00adons fai\u00adre l\u2019exp\u00e9\u00adri\u00adence de son sou\u00adti\u00aden et de son aide puis\u00adsan\u00adte ! Dieu nous impo\u00adse un far\u00addeau, mais il nous aide aus\u00adsi\u2026 Pres\u00adque tous les per\u00adson\u00adna\u00adges de la Bible com\u00adme Abra\u00adham, Mo\u00ef\u00adse, David, Pierre et Paul peu\u00advent en par\u00adler\u2026 C\u2019est frap\u00adpant, tous les explo\u00adra\u00adteurs sont d\u2019ac\u00adcord : le pays explo\u00adr\u00e9 est for\u00admi\u00adda\u00adble ! Au sens figu\u00adr\u00e9, c\u2019est vrai\u00adment le pays pro\u00admis depuis long\u00adtemps par Dieu, o\u00f9 cou\u00adlent le lait et le miel. Il y a beau\u00adcoup de pro\u00adduits agri\u00adco\u00adles en abond\u00adance (rai\u00adsins, figues, gre\u00adna\u00addes) et tout est de la meil\u00adleu\u00adre qua\u00adli\u00adt\u00e9 alimentaire.<br>\nLa dif\u00adf\u00e9\u00adrence spirituelle<br>\nJus\u00adqu\u2019\u00e0 pr\u00e9\u00adsent, il n\u2019y a pas la moind\u00adre dif\u00adf\u00e9\u00adrence dans les rap\u00adports ent\u00adre Kaleb et les aut\u00adres agents. Tous per\u00ad\u00e7oi\u00advent les aspects posi\u00adtifs avec la m\u00eame recon\u00adnais\u00adsance ! Et m\u00eame en ce qui con\u00adcer\u00adne les effets second\u00adai\u00adres n\u00e9ga\u00adtifs et les d\u00e9fis que chaque t\u00e2che impli\u00adque, tous sont d\u2019ac\u00adcord. Il y a des habi\u00adtants gigan\u00adtes\u00adques et tr\u00e8s robus\u00adtes phy\u00adsi\u00adquement, les Ana\u00adkit. Ils par\u00adlent tous de vil\u00adles dif\u00adfi\u00adci\u00adles \u00e0 prend\u00adre et bien for\u00adti\u00adfi\u00e9es, sans oublier une immense arm\u00e9e de sol\u00addats aguer\u00adris au com\u00adbat. Les faits sont l\u00e0, pour tous, de la m\u00eame mani\u00e8\u00adre ! Dans la per\u00adcep\u00adti\u00adon et l\u2019ob\u00adser\u00adva\u00adti\u00adon ana\u00adly\u00adtique des cho\u00adses, tout est enco\u00adre en ord\u00adre jus\u00adqu\u2019\u00e0 pr\u00e9\u00adsent. Mais voi\u00adci la gran\u00adde dif\u00adf\u00e9\u00adrence ent\u00adre le cou\u00adra\u00adge\u00adux Caleb, dot\u00e9 de l\u2019e\u00adsprit de Dieu, et les aut\u00adres, deve\u00adnus ent\u00adre-temps crain\u00adti\u00adfs. Que s\u2019est-il pas\u00ads\u00e9 ent\u00adre-temps, je me le deman\u00adde ? La dif\u00adf\u00e9\u00adrence spi\u00adri\u00adtu\u00adel\u00adle r\u00e9si\u00adde dans l\u2019in\u00adter\u00adpr\u00e9\u00adta\u00adti\u00adon des faits ! Ce que je vois et per\u00ad\u00e7ois avec les m\u00eames yeux peut \u00eatre et sera inter\u00adpr\u00e9\u00adt\u00e9 de mani\u00e8\u00adre tota\u00adle\u00adment dif\u00adf\u00e9\u00adren\u00adte d\u2019u\u00adne per\u00adson\u00adne \u00e0 l\u2019aut\u00adre. \u00abLa foi est une aut\u00adre inter\u00adpr\u00e9\u00adta\u00adti\u00adon de la m\u00eame r\u00e9a\u00adli\u00adt\u00e9\u00bb. Il s\u2019a\u00adgit en effet de savoir quel\u00adles con\u00adclu\u00adsi\u00adons je tire des faits, lors\u00adque des g\u00e9ants qua\u00adsi sur\u00adpuis\u00adsants, c\u2019est-\u00e0-dire des pro\u00adbl\u00e8\u00admes et des d\u00e9fis, se dres\u00adsent sur mon che\u00admin. Les cho\u00adses ne se pas\u00adsent pas sim\u00adple\u00adment et sans heurts.<br>\nAlors que les dix aut\u00adres dou\u00adtent de leurs pro\u00adpres forces pour lut\u00adter cont\u00adre les immenses habi\u00adtants, Caleb s\u2019ac\u00adcro\u00adche, peut-\u00eatre un peu na\u00ef\u00adve\u00adment aux yeux de cer\u00adta\u00adins, \u00e0 la pro\u00admes\u00adse que Dieu leur a fai\u00adte de leur don\u00adner la terre. Il est per\u00adsua\u00add\u00e9 que Dieu pren\u00addra soin d\u2019eux per\u00adson\u00adnel\u00adle\u00adment et qu\u2019il inter\u00advi\u00aden\u00addra pour qu\u2019ils obti\u00aden\u00adnent le&nbsp;pays.<br>\nLes 10 \u00e9clair\u00adeurs com\u00adpa\u00adrent les g\u00e9ants vivant dans le pays \u00e0 eux-m\u00eames et \u00e0 leurs pro\u00adpres con\u00addi\u00adti\u00adons. Ils com\u00adpa\u00adrent leurs pro\u00adpres qua\u00adli\u00adt\u00e9s \u00e0 cel\u00adles des g\u00e9ants et font l\u2019ana\u00adly\u00adse sui\u00advan\u00adte : \u00abIls n\u2019ont pas la moind\u00adre chan\u00adce cont\u00adre les Cana\u00adn\u00e9\u00adens et les Ana\u00adkim\u00bb. D\u2019un point de vue pure\u00adment humain, ils ont m\u00eame rai\u00adson ! Caleb, quant \u00e0 lui, est gui\u00add\u00e9 par l\u2019E\u00adsprit Saint de Dieu, et c\u2019est pr\u00e9\u00adcis\u00ad\u00e9\u00adment ce qui fait sa foi, son cou\u00adra\u00adge et son esprit dif\u00adf\u00e9\u00adrent. Il compa\u00adre les g\u00e9ants \u00e0 son Dieu, il con\u00adfron\u00adte les \u00e9nor\u00admes d\u00e9fis \u2013 les pos\u00adsi\u00adbi\u00adli\u00adt\u00e9s tou\u00adjours plus gran\u00addes de Dieu \u2013 et c\u2019est l\u00e0 que les g\u00e9ants se r\u00e9tr\u00e9\u00adcis\u00adsent soudain.<br>\nJohn Knox, un r\u00e9for\u00adma\u00adteur \u00e9cos\u00adsais, a dit un jour \u00e0 pro\u00adpos de la foi : \u00abqu\u2019un indi\u00advi\u00addu, avec Dieu, est tou\u00adjours dans la majo\u00adri\u00adt\u00e9 et m\u00eame sup\u00e9\u00adri\u00adeur\u00bb Caleb se sent ici un peu com\u00adme \u00c9li\u00ads\u00e9e dans 2 Rois 6, 16, lors\u00adque celui-ci se tient sur les rem\u00adparts de Dotan avec son ser\u00advi\u00adteur crain\u00adtif et que, de l\u2019aut\u00adre c\u00f4t\u00e9, le sei\u00adgneur sur\u00adpuis\u00adsant des Ara\u00adm\u00e9\u00adens enne\u00admis cam\u00adpe autour de la ville. Sou\u00adda\u00adin, les yeux spi\u00adri\u00adtuels du c\u0153ur du ser\u00advi\u00adteur s\u2019ou\u00advrent et le rideau du mon\u00adde invi\u00adsi\u00adble s\u2019\u00e9\u00adcar\u00adte, de sor\u00adte que les deux hom\u00admes voi\u00adent le ciel rem\u00adpli de chars et de chevaux de feu. La ques\u00adti\u00adon est ici : Quels sont les points de r\u00e9f\u00e9\u00adrence qui d\u00e9ter\u00admi\u00adnent ta pen\u00ads\u00e9e et ta per\u00adcep\u00adti\u00adon dans les situa\u00adtions dif\u00adfi\u00adci\u00adles de la vie ? Vers quoi regar\u00addes-tu ? Antoine de St. Exu\u00adpery le for\u00admu\u00adle ain\u00adsi : \u00abOn ne voit bien qu\u2019a\u00advec le c\u0153ur\u00bb et le pro\u00adp\u00adh\u00e8\u00adte Samu\u00adel se voit dire dans 1 Sam. 16,9 : \u00abQu\u2019un hom\u00adme ne voit que ce qui est devant ses yeux !\u00bb. Voir, ai-je enten\u00addu un jour, signi\u00adfie pri\u00advil\u00e9\u00adgier ! Nous par\u00adlons aujour\u00add\u2019hui de per\u00adcep\u00adti\u00adon s\u00e9lective.<br>\nLes g\u00e9ants<br>\nNous voy\u00adons g\u00e9n\u00e9\u00adra\u00adle\u00adment ce qui nous pr\u00e9\u00adoc\u00adcupe en ce moment : Les femmes ence\u00adin\u00adtes voi\u00adent de plus en plus d\u2019au\u00adt\u00adres femmes ence\u00adin\u00adtes et les per\u00adson\u00adnes anxieu\u00adses voi\u00adent \u00e0 chaque coin de rue un dan\u00adger qui les guet\u00adte. Envi\u00adron 1200 ans plus tard, l\u2019\u00e9\u00adp\u00eet\u00adre aux H\u00e9b\u00adreux dans le <span class=\"caps\">NT<\/span>, cha\u00adpit\u00adre 13, 6, dit \u00abque nous ne devons jamais perd\u00adre con\u00adfi\u00adance en Dieu, m\u00eame lors\u00adque des dif\u00adfi\u00adcul\u00adt\u00e9s s\u2019ac\u00adcu\u00admu\u00adlent devant nous\u00bb. Lors\u00adque des \u00abg\u00e9ants\u00bb se met\u00adtent en tra\u00advers de not\u00adre che\u00admin, nous devri\u00adons \u00eatre s\u00fbrs d\u2019\u00eat\u00adre tou\u00adjours assis sur l\u2019\u00e9\u00adpau\u00adle d\u2019un g\u00e9ant enco\u00adre plus grand qui nous por\u00adte et nous tient ! Main\u00adten\u00adant, je te deman\u00adde de r\u00e9fl\u00e9\u00adchir un instant \u00e0 quoi res\u00adsem\u00adblent les g\u00e9ants qui te font peur dans ta vie ? Quel\u00adles sont les dif\u00adfi\u00adcul\u00adt\u00e9s et les d\u00e9fis aux\u00adquels tu es con\u00adfron\u00adt\u00e9 en ce moment et qu\u2019est-ce qui t\u2019emp\u00ea\u00adche d\u2019oc\u00adcup\u00ader ta \u00abterre pro\u00admi\u00adse\u00bb, c\u2019est-\u00e0-dire la \u00abterre\u00bb que Dieu t\u2019a pro\u00admi\u00adse ? Qu\u2019est-ce qui t\u2019emp\u00ea\u00adche d\u2019\u00eat\u00adre en rou\u00adte pour la mis\u00adsi\u00adon de Dieu et de le ser\u00advir ? Es-tu plu\u00adt\u00f4t ori\u00aden\u00adt\u00e9 vers les pro\u00adbl\u00e8\u00admes et les g\u00e9ants et com\u00adpa\u00adres-tu tes pro\u00adpres forces avec les d\u00e9fis aux\u00adquels tu es con\u00adfron\u00adt\u00e9 ? Ou as-tu le m\u00eame cou\u00adra\u00adge que Caleb pour con\u00adfron\u00adter tes g\u00e9ants aux pos\u00adsi\u00adbi\u00adli\u00adt\u00e9s de Dieu et \u00e0 ses promesses&nbsp;?<br>\nAdolf Schlat\u00adter, un th\u00e9o\u00adlo\u00adgien pro\u00adtes\u00adtant, a affir\u00adm\u00e9 un jour : \u00abLa Bible veut abso\u00adlu\u00adment aider \u00e0 recon\u00adna\u00eet\u00adre le mon\u00adde invi\u00adsi\u00adble de Dieu com\u00adme une r\u00e9a\u00adli\u00adt\u00e9 bien r\u00e9el\u00adle\u00bb. Et saint Augus\u00adtin d\u2019a\u00adjou\u00adter : \u00abLes mira\u00adcles ne sont pas cont\u00adre la natu\u00adre, mais seu\u00adle\u00adment cont\u00adre la natu\u00adre que nous con\u00adnais\u00adsons ! Dis que Dieu est tou\u00adjours plus grand et tou\u00adjours plus fort que le plus grand d\u00e9fi que tu puis\u00adses ren\u00adcon\u00adtrer\u00bb ! Pro\u00adver\u00adbe afri\u00adcain : \u00abTu peux tran\u00adquil\u00adle\u00adment dire \u00e0 ton Dieu com\u00adbien tes pro\u00adbl\u00e8\u00admes sont grands. Mais ensuite, tu dev\u00adrais aus\u00adsi dire \u00e0 tes pro\u00adbl\u00e8\u00admes com\u00adbien ton Dieu est grand !\u00bb \u00catre \u00e9qui\u00adp\u00e9 et en rou\u00adte avec l\u2019E\u00adsprit de Dieu signi\u00adfie pour moi que je n\u2019ai (en fait) plus beso\u00adin d\u2019a\u00advoir peur, car Dieu ne nous a pas don\u00adn\u00e9 un esprit de peur, mais d\u2019a\u00admour, de force et de pru\u00addence ! Les g\u00e9ants ne sont aus\u00adsi que des nains quand je les con\u00adfron\u00adte \u00e0 la tou\u00adte-puis\u00adsance de&nbsp;Dieu.<br>\nDans l\u2019\u00e9\u00adp\u00eet\u00adre aux Romains, au cha\u00adpit\u00adre 8, Paul affir\u00adme de lui-m\u00eame : \u00abqu\u2019il est cer\u00adtain que ni la mort ni la vie, ni les anges ni les puis\u00adsances, ni les cho\u00adses pr\u00e9\u00adsen\u00adtes ni les cho\u00adses \u00e0 venir, ni les cho\u00adses \u00e9le\u00adv\u00e9es ni les cho\u00adses bas\u00adses, ni aucu\u00adne aut\u00adre cr\u00e9a\u00adtu\u00adre ne pour\u00adra le s\u00e9pa\u00adrer de l\u2019a\u00admour de Dieu qui est dans le Christ J\u00e9sus, not\u00adre Seigneur\u00bb.<br>\nJe suis con\u00advain\u00adcu que le cou\u00adra\u00adge exem\u00adplai\u00adre de Caleb r\u00e9si\u00adde aus\u00adsi dans les exp\u00e9\u00adri\u00aden\u00adces posi\u00adti\u00adves qu\u2019il a fai\u00adtes jus\u00adqu\u2019\u00e0 pr\u00e9\u00adsent avec Dieu. Caleb n\u2019a pas oubli\u00e9 com\u00adment Dieu l\u2019a lib\u00e9\u00adr\u00e9 de la cap\u00adti\u00advi\u00adt\u00e9, lui et des cen\u00adtai\u00adnes de mil\u00adliers d\u2019au\u00adt\u00adres Isra\u00e9\u00adli\u00adtes. Caleb pui\u00adse force et cou\u00adra\u00adge dans le sou\u00adve\u00adnir des grands actes de Dieu dans sa vie. Il ne mini\u00admi\u00adse pas ses exp\u00e9\u00adri\u00aden\u00adces pas\u00ads\u00e9es par\u00adce qu\u2019el\u00adles remon\u00adtent peut-\u00eatre \u00e0 un cer\u00adtain temps ! Il est con\u00adsci\u00adent que Dieu l\u2019a tou\u00adjours aid\u00e9 par des mira\u00adcles iso\u00adl\u00e9s dans le pas\u00ads\u00e9 et que c\u2019est pour lui une peti\u00adte cho\u00adse de tou\u00adjours r\u00e9p\u00e9\u00adter ces signes et ces actes ! R\u00e9fl\u00e9\u00adchis donc \u00e0 l\u2019en\u00addroit o\u00f9 tu pour\u00adrais fai\u00adre preuve de cou\u00adra\u00adge spi\u00adri\u00adtuel ou t\u2019e\u00adxer\u00adcer \u00e0 en fai\u00adre preuve au cours de la semaine pro\u00adchai\u00adne ou de la nou\u00advel\u00adle&nbsp;ann\u00e9e&nbsp;?<\/p>\n<p>\tY a\u2011t-il une occa\u00adsi\u00adon de par\u00adler de ta&nbsp;foi&nbsp;?<br>\n\tPeux-tu, avec l\u2019ai\u00adde de Dieu, oser fai\u00adre quel\u00adque cho\u00adse dont tu ne te cro\u00adirais pas capable&nbsp;?<br>\n\tOu peut-\u00eatre o\u00f9 peux-tu aller \u00e0 la ren\u00adcont\u00adre d\u2019un pro\u00adbl\u00e8\u00adme plu\u00adt\u00f4t que de fuir ou d\u2019\u00e9\u00advi\u00adter une aut\u00adre personne&nbsp;?<\/p>\n<p>\u00catre dot\u00e9 d\u2019e\u00adsprit et de cou\u00adra\u00adge signi\u00adfie pour moi avan\u00adcer dans la vie avec un \u00e9tat d\u2019e\u00adsprit nou\u00adveau et dif\u00adf\u00e9\u00adrent ! Gr\u00e2ce \u00e0 Caleb, j\u2019app\u00adrends que je veux m\u2019ap\u00adpuy\u00ader davan\u00adta\u00adge sur les pro\u00admes\u00adses de Dieu que sur ma pro\u00adpre voix int\u00e9\u00adri\u00adeu\u00adre pure\u00adment humaine ! Paul recom\u00adman\u00adde aux chr\u00e9\u00adti\u00adens dans \u00c9ph\u00e8\u00adse 4,23 : \u00abRenou\u00adve\u00adlez-vous dans vot\u00adre esprit et dans vot\u00adre pen\u00ads\u00e9e\u00bb \/ m\u00e9tano\u00efa\/conversion signi\u00adfie \u00abchan\u00adger d\u2019a\u00advis \u2013 repen\u00adser\u00bb et \u00e0 l\u2019\u00e9g\u00adli\u00adse de Rome, il \u00e9crit 12,2 \u00abNe vous con\u00adfor\u00admez pas au mon\u00adde pr\u00e9\u00adsent, mais chan\u00adgez par le renou\u00advel\u00adle\u00adment de vot\u00adre intel\u00adli\u00adgence, afin de pou\u00advoir exami\u00adner quel\u00adle est la volon\u00adt\u00e9 de Dieu, c\u2019est-\u00e0-dire ce qui est bon, agr\u00e9a\u00adble et parfait\u00bb.&nbsp;<br>\n\u00catre dot\u00e9 de l\u2019E\u00adsprit de Dieu et de son cou\u00adra\u00adge ne signi\u00adfie pas en pre\u00admier lieu mon\u00adtrer une quel\u00adcon\u00adque preuve de per\u00adfor\u00admance ou de qua\u00adli\u00adfi\u00adca\u00adti\u00adon, mais con\u00adsid\u00e9\u00adrer la vie et ses d\u00e9fis dans la per\u00adspec\u00adti\u00adve de Dieu et les inter\u00adpr\u00e9\u00adter aus\u00adsi avec les yeux spi\u00adri\u00adtuels du&nbsp;c\u0153ur.<\/p>","protected":false},"excerpt":{"rendered":"<p>Bible Text : 4:13\u201314 | Pre\u00ada\u00adcher : Chris\u00adti\u00adan Seitz | Series : Com\u00adme toi et moi | \u00abLes g\u00e9ants ne sont que des nains\u00bb, de Caleb, le cou\u00adra\u00adge\u00adux espi\u00adon de Dieu. Avec l\u2019ai\u00adde du Saint-Esprit, j\u2019ai\u00adme\u00adrais fai\u00adre com\u00adprend\u00adre \u00e0 mes audi\u00adteurs que nous pou\u00advons \u00eatre cou\u00adra\u00adge\u00adux en che\u00admin avec Dieu, car les d\u00e9fis gigan\u00adtes\u00adques devi\u00aden\u00adnent petits dans sa per\u00adspec\u00adti\u00adve.&nbsp;Le&nbsp;\u2026<\/p>","protected":false},"author":1,"featured_media":0,"comment_status":"closed","ping_status":"closed","template":"","wpfc_preacher":[66],"wpfc_sermon_series":[63],"wpfc_sermon_topics":[],"wpfc_bible_book":[],"wpfc_service_type":[12],"class_list":{"0":"wpfc_preacher-christian-seitz","1":"wpfc_sermon_series-wie-du-und-ich","2":"wpfc-sermon-single","3":"post-2789","4":"wpfc_sermon","5":"type-wpfc_sermon","6":"status-publish","7":"hentry","10":"wpfc_service_type-gottesdienst"},"acf":[],"sermons_blog_filters_topics":"\t\t\t\t<div class=\"sm-filtering\">\n\t\t\t\t\t<div id=\"wpfc_sermon_sorting\" class=\"no-spacing\">\n\t\t\t\t\t\t\t\t\t\t\t\t\t\n\t\t\t\t\t<div class=\"sortTopics\" style=\"display: inline-block\">\n\t\t\t\t<form action=\"https:\/\/sermons.seetal-chile.ch\/fr\/wp-json\/wp\/v2\/wpfc_sermon\/2789\/\" method=\"get\">\n\t\t\t\t\t<select name=\"wpfc_sermon_topics\"\n\t\t\t\t\t\t\ttitle=\"Sujet\"\n\t\t\t\t\t\t\tid=\"wpfc_sermon_topics\"\n\t\t\t\t\t\t\tonchange=\"if(this.options[this.selectedIndex].value !== ''){return this.form.submit()}else{window.location = window.location.href.split('?')[0];}\"\n\t\t\t\t\t\t\tautocomplete=\"off\"\n\t\t\t\t\t\t>\n\t\t\t\t\t\t<option value=\"\">Sujet<\/option>\n\t\t\t\t\t\t<option value=\"freude\" >Freude<\/option><option value=\"heiliger-geist\" >Heiliger Geist<\/option><option value=\"hoffnung\" >Hoffnung<\/option><option value=\"liebe\" >Liebe<\/option><option value=\"pfingsten\" >Pfingsten<\/option>\t\t\t\t\t<\/select>\n\t\t\t\t\t\t\t\t\t\t\t\t\t\t\t\t\t\t\t\t\t\t\t\t\t<noscript>\n\t\t\t\t\t\t<div><input type=\"submit\" value=\"Submit\"\/><\/div>\n\t\t\t\t\t<\/noscript>\n\t\t\t\t<\/form>\n\t\t\t<\/div>\n\t\t\t\t\t\t\t\t\t\t\t\t\t\t\t\t\t\t<\/div>\n\t\t\t\t<\/div>\n\t\t\t\t","sermons_blog_filters_series":"\t\t\t\t<div class=\"sm-filtering\">\n\t\t\t\t\t<div id=\"wpfc_sermon_sorting\" class=\"no-spacing\">\n\t\t\t\t\t\t\t\t\n\t\t\t\t\t<div class=\"sortSeries\" style=\"display: inline-block\">\n\t\t\t\t<form action=\"https:\/\/sermons.seetal-chile.ch\/fr\/wp-json\/wp\/v2\/wpfc_sermon\/2789\/\" method=\"get\">\n\t\t\t\t\t<select name=\"wpfc_sermon_series\"\n\t\t\t\t\t\t\ttitle=\"S\u00e9ries\"\n\t\t\t\t\t\t\tid=\"wpfc_sermon_series\"\n\t\t\t\t\t\t\tonchange=\"if(this.options[this.selectedIndex].value !== ''){return this.form.submit()}else{window.location = window.location.href.split('?')[0];}\"\n\t\t\t\t\t\t\tautocomplete=\"off\"\n\t\t\t\t\t\t>\n\t\t\t\t\t\t<option value=\"\">S\u00e9ries<\/option>\n\t\t\t\t\t\t<option value=\"abentueuer-gebaet\" >Abent\u00fc\u00fcr Geb\u00e4t<\/option><option value=\"advent-2019\" >Advent 2019<\/option><option value=\"bestseller-die-bibel\" >Bestseller - Die Bibel<\/option><option value=\"connected\" >connected<\/option><option value=\"creatio\" >CREATIO<\/option><option value=\"eifach-muetig\" >EIFACH muetig \u2013 mit Jesus als Vorbild<\/option><option value=\"einfach-leise-gegenwaertig\" >Einfach. Leise. Gegenw\u00e4rtig.<\/option><option value=\"folge-du-mir-nach\" >Folge du mir nach<\/option><option value=\"glow\" >glow<\/option><option value=\"heilig-heilig-heilig\" >Heilig - Heilig - Heilig<\/option><option value=\"metamorphose\" >Metamorphose<\/option><option value=\"reformation\" >Reformation<\/option><option value=\"seetal-chile-talk\" >seetal chile Talk<\/option><option value=\"teens-segnung\" >Teens Segnung<\/option><option value=\"weitsicht\" >Weitsicht<\/option><option value=\"wie-du-und-ich\" >Wie du und ich<\/option><option value=\"willkommen-daheim\" >Willkommen daheim<\/option>\t\t\t\t\t<\/select>\n\t\t\t\t\t\t\t\t\t\t\t\t\t\t\t\t\t\t\t\t\t\t\t\t\t<noscript>\n\t\t\t\t\t\t<div><input type=\"submit\" value=\"Submit\"\/><\/div>\n\t\t\t\t\t<\/noscript>\n\t\t\t\t<\/form>\n\t\t\t<\/div>\n\t\t\t\t\t\t\t\t\t\t\t\t\t\t\t\t\t\t\t\t\t\t\t<\/div>\n\t\t\t\t<\/div>\n\t\t\t\t","sermons_blog_filters_preachers":"\t\t\t\t<div class=\"sm-filtering\">\n\t\t\t\t\t<div id=\"wpfc_sermon_sorting\" class=\"no-spacing\">\n\t\t\t\n\t\t\t\t\t<div class=\"sortPreacher\" style=\"display: inline-block\">\n\t\t\t\t<form action=\"https:\/\/sermons.seetal-chile.ch\/fr\/wp-json\/wp\/v2\/wpfc_sermon\/2789\/\" method=\"get\">\n\t\t\t\t\t<select name=\"wpfc_preacher\"\n\t\t\t\t\t\t\ttitle=\"Pr\u00e9dicateur\"\n\t\t\t\t\t\t\tid=\"wpfc_preacher\"\n\t\t\t\t\t\t\tonchange=\"if(this.options[this.selectedIndex].value !== ''){return this.form.submit()}else{window.location = window.location.href.split('?')[0];}\"\n\t\t\t\t\t\t\tautocomplete=\"off\"\n\t\t\t\t\t\t>\n\t\t\t\t\t\t<option value=\"\">Pr\u00e9dicateur<\/option>\n\t\t\t\t\t\t<option value=\"amin-afsharnaderi\" >Amin Afsharnaderi<\/option><option value=\"amir-khalid\" >Amir Khalid<\/option><option value=\"andre-heiniger\" >Andr\u00e9 Heiniger<\/option><option value=\"andreas-jakob\" >Andreas Jakob<\/option><option value=\"ansgar-gmuer\" >Ansgar Gm\u00fcr<\/option><option value=\"barbara-benz\" >Barbara Benz<\/option><option value=\"beat-ungricht\" >Beat Ungricht<\/option><option value=\"beati-forster\" >Beati Forster<\/option><option value=\"beni-leuenberger\" >Beni Leuenberger<\/option><option value=\"bernhard-hohl\" >Bernhard Hohl<\/option><option value=\"cedric-bruegger\" >C\u00e9dric Br\u00fcgger<\/option><option value=\"christian-haslebacher\" >Christian Haslebacher<\/option><option value=\"christian-seitz\" >Christian Seitz<\/option><option value=\"christoph-kunz\" >Christoph Kunz<\/option><option value=\"corinne-jost\" >Corinne Jost<\/option><option value=\"cornelia-roth\" >Cornelia Roth<\/option><option value=\"daniel-bieri\" >Daniel Bieri<\/option><option value=\"debora-sommer\" >Debora Sommer<\/option><option value=\"erich-hunziker\" >Erich Hunziker<\/option><option value=\"esther-wehrli\" >Esther Wehrli<\/option><option value=\"florian-glaser\" >Florian Glaser<\/option><option value=\"gaby-wentland\" >Gaby Wentland<\/option><option value=\"hans-doessegger\" >Hans D\u00f6ssegger<\/option><option value=\"harry-graf\" >Harry Graf<\/option><option value=\"ina-von-schoultz\" >Ina von Schoultz<\/option><option value=\"jan-timon-beck\" >Jan-Timon Beck<\/option><option value=\"john-ghanim\" >John Ghanim<\/option><option value=\"juergen-will\" >J\u00fcrgen Will<\/option><option value=\"markus-inaebnit\" >Markus In\u00e4bnit<\/option><option value=\"martin-dreyer\" >Martin Dreyer<\/option><option value=\"martin-kiener\" >Martin Kiener<\/option><option value=\"matthias-altwegg\" >Matthias Altwegg<\/option><option value=\"michael-bont\" >Michael Bont<\/option><option value=\"mohanathas-balasubramaniam\" >Mohanathas Balasubramaniam<\/option><option value=\"nathalie-schertenleib\" >Nathalie Schertenleib<\/option><option value=\"peter-inaebnit\" >Peter In\u00e4bnit<\/option><option value=\"peter-michel\" >Peter Michel<\/option><option value=\"rene-winkler\" >Ren\u00e9 Winkler<\/option><option value=\"roger-sigg\" >Roger Sigg<\/option><option value=\"simon-wick\" >Simon Wick<\/option><option value=\"stefan-schuepbach\" >Stefan Sch\u00fcpbach<\/option><option value=\"stephan-bolliger\" >Stephan Bolliger<\/option><option value=\"susanne-geske\" >Susanne Geske<\/option><option value=\"tabea-inaebnit\" >Tabea In\u00e4bnit<\/option><option value=\"thomas-grieve\" >Thomas Grieve<\/option><option value=\"tina-schmidt\" >Tina Schmidt<\/option><option value=\"werner-messmer\" >Werner Messmer<\/option><option value=\"wieland-mueller\" >Wieland M\u00fcller<\/option><option value=\"yanick-buehler\" >Yanick B\u00fchler<\/option><option value=\"yassir-eric\" >Yassir Eric<\/option>\t\t\t\t\t<\/select>\n\t\t\t\t\t\t\t\t\t\t\t\t\t\t\t\t\t\t\t\t\t\t\t\t\t<noscript>\n\t\t\t\t\t\t<div><input type=\"submit\" value=\"Submit\"\/><\/div>\n\t\t\t\t\t<\/noscript>\n\t\t\t\t<\/form>\n\t\t\t<\/div>\n\t\t\t\t\t\t\t\t\t\t\t\t\t\t\t\t\t\t\t\t\t\t\t\t\t\t\t\t<\/div>\n\t\t\t\t<\/div>\n\t\t\t\t","sermons_blog_filters_books":"\t\t\t\t<div class=\"sm-filtering\">\n\t\t\t\t\t<div id=\"wpfc_sermon_sorting\" class=\"no-spacing\">\n\t\t\t\t\t\t\t\t\t\t\t\t\t\t\t\t\t\t\n\t\t\t\t\t<div class=\"sortBooks\" style=\"display: inline-block\">\n\t\t\t\t<form action=\"https:\/\/sermons.seetal-chile.ch\/fr\/wp-json\/wp\/v2\/wpfc_sermon\/2789\/\" method=\"get\">\n\t\t\t\t\t<select name=\"wpfc_bible_book\"\n\t\t\t\t\t\t\ttitle=\"Livre\"\n\t\t\t\t\t\t\tid=\"wpfc_bible_book\"\n\t\t\t\t\t\t\tonchange=\"if(this.options[this.selectedIndex].value !== ''){return this.form.submit()}else{window.location = window.location.href.split('?')[0];}\"\n\t\t\t\t\t\t\tautocomplete=\"off\"\n\t\t\t\t\t\t>\n\t\t\t\t\t\t<option value=\"\">Livre<\/option>\n\t\t\t\t\t\t\t\t\t\t\t<\/select>\n\t\t\t\t\t\t\t\t\t\t\t\t\t\t\t\t\t\t\t\t\t\t\t\t\t<noscript>\n\t\t\t\t\t\t<div><input type=\"submit\" value=\"Submit\"\/><\/div>\n\t\t\t\t\t<\/noscript>\n\t\t\t\t<\/form>\n\t\t\t<\/div>\n\t\t\t\t\t\t\t\t\t\t\t\t\t<\/div>\n\t\t\t\t<\/div>\n\t\t\t\t","sermons_blog_filters_service_types":"\t\t\t\t<div class=\"sm-filtering\">\n\t\t\t\t\t<div id=\"wpfc_sermon_sorting\" class=\"no-spacing\">\n\t\t\t\t\t\t\t\t\t\t\t\t\t\t\t\t\t\t\t\t\t\t\t\n\t\t\t\t\t<div class=\"sortServiceTypes\" style=\"display: inline-block\">\n\t\t\t\t<form action=\"https:\/\/sermons.seetal-chile.ch\/fr\/wp-json\/wp\/v2\/wpfc_sermon\/2789\/\" method=\"get\">\n\t\t\t\t\t<select name=\"wpfc_service_type\"\n\t\t\t\t\t\t\ttitle=\"Type De Service\"\n\t\t\t\t\t\t\tid=\"wpfc_service_type\"\n\t\t\t\t\t\t\tonchange=\"if(this.options[this.selectedIndex].value !== ''){return this.form.submit()}else{window.location = window.location.href.split('?')[0];}\"\n\t\t\t\t\t\t\tautocomplete=\"off\"\n\t\t\t\t\t\t>\n\t\t\t\t\t\t<option value=\"\">Type De Service<\/option>\n\t\t\t\t\t\t<option value=\"glow-celebration\" >glow Celebration<\/option><option value=\"gottesdienst\" >Gottesdienst<\/option>\t\t\t\t\t<\/select>\n\t\t\t\t\t\t\t\t\t\t\t\t\t\t\t\t\t\t\t\t\t\t\t\t\t<noscript>\n\t\t\t\t\t\t<div><input type=\"submit\" value=\"Submit\"\/><\/div>\n\t\t\t\t\t<\/noscript>\n\t\t\t\t<\/form>\n\t\t\t<\/div>\n\t\t\t\t\t\t\t\t<\/div>\n\t\t\t\t<\/div>\n\t\t\t\t","sermons_blog_filters_dates":"\t\t\t\t<div class=\"sm-filtering\">\n\t\t\t\t\t<div id=\"wpfc_sermon_sorting\" class=\"no-spacing\">\n\t\t\t\t\t\t\t\t\t\t\t\t\t\t\t\t\t\t\t\t\t\t\t\t\t\t\t\t\n\t\t\t\t\t<div class=\"sortDates\" style=\"display: inline-block\">\n\t\t\t\t<form action=\"https:\/\/sermons.seetal-chile.ch\/fr\/wp-json\/wp\/v2\/wpfc_sermon\/2789\/\" method=\"get\">\n\t\t\t\t\t<select name=\"wpfc_dates\"\n\t\t\t\t\t\t\ttitle=\"Date\"\n\t\t\t\t\t\t\tid=\"wpfc_dates\"\n\t\t\t\t\t\t\tonchange=\"if(this.options[this.selectedIndex].value !== ''){return this.form.submit()}else{window.location = window.location.href.split('?')[0];}\"\n\t\t\t\t\t\t\tautocomplete=\"off\"\n\t\t\t\t\t\t>\n\t\t\t\t\t\t<option value=\"\">Date<\/option>\n\t\t\t\t\t\t<option value=\"04-2026\" >Apr 2026<\/option><option value=\"03-2026\" >Mar 2026<\/option><option value=\"02-2026\" >Feb 2026<\/option><option value=\"01-2026\" >Jan 2026<\/option><option value=\"12-2025\" >Dec 2025<\/option><option value=\"11-2025\" >Nov 2025<\/option><option value=\"10-2025\" >Oct 2025<\/option><option value=\"09-2025\" >Sep 2025<\/option><option value=\"08-2025\" >Aug 2025<\/option><option value=\"07-2025\" >Jul 2025<\/option><option value=\"06-2025\" >Jun 2025<\/option><option value=\"05-2025\" >May 2025<\/option><option value=\"04-2025\" >Apr 2025<\/option><option value=\"03-2025\" >Mar 2025<\/option><option value=\"02-2025\" >Feb 2025<\/option><option value=\"01-2025\" >Jan 2025<\/option><option value=\"12-2024\" >Dec 2024<\/option><option value=\"11-2024\" >Nov 2024<\/option><option value=\"10-2024\" >Oct 2024<\/option><option value=\"09-2024\" >Sep 2024<\/option><option value=\"08-2024\" >Aug 2024<\/option><option value=\"07-2024\" >Jul 2024<\/option><option value=\"06-2024\" >Jun 2024<\/option><option value=\"05-2024\" >May 2024<\/option><option value=\"04-2024\" >Apr 2024<\/option><option value=\"03-2024\" >Mar 2024<\/option><option value=\"02-2024\" >Feb 2024<\/option><option value=\"01-2024\" >Jan 2024<\/option><option value=\"12-2023\" >Dec 2023<\/option><option value=\"11-2023\" >Nov 2023<\/option><option value=\"10-2023\" >Oct 2023<\/option><option value=\"09-2023\" >Sep 2023<\/option><option value=\"08-2023\" >Aug 2023<\/option><option value=\"07-2023\" >Jul 2023<\/option><option value=\"06-2023\" >Jun 2023<\/option><option value=\"05-2023\" >May 2023<\/option><option value=\"04-2023\" >Apr 2023<\/option><option value=\"03-2023\" >Mar 2023<\/option><option value=\"02-2023\" >Feb 2023<\/option><option value=\"01-2023\" >Jan 2023<\/option><option value=\"12-2022\" >Dec 2022<\/option><option value=\"11-2022\" >Nov 2022<\/option><option value=\"10-2022\" >Oct 2022<\/option><option value=\"09-2022\" >Sep 2022<\/option><option value=\"08-2022\" >Aug 2022<\/option><option value=\"07-2022\" >Jul 2022<\/option><option value=\"06-2022\" >Jun 2022<\/option><option value=\"05-2022\" >May 2022<\/option><option value=\"04-2022\" >Apr 2022<\/option><option value=\"03-2022\" >Mar 2022<\/option><option value=\"02-2022\" >Feb 2022<\/option><option value=\"01-2022\" >Jan 2022<\/option><option value=\"12-2021\" >Dec 2021<\/option><option value=\"11-2021\" >Nov 2021<\/option><option value=\"10-2021\" >Oct 2021<\/option><option value=\"09-2021\" >Sep 2021<\/option><option value=\"08-2021\" >Aug 2021<\/option><option value=\"07-2021\" >Jul 2021<\/option><option value=\"06-2021\" >Jun 2021<\/option><option value=\"05-2021\" >May 2021<\/option><option value=\"04-2021\" >Apr 2021<\/option><option value=\"03-2021\" >Mar 2021<\/option><option value=\"02-2021\" >Feb 2021<\/option><option value=\"01-2021\" >Jan 2021<\/option><option value=\"12-2020\" >Dec 2020<\/option><option value=\"11-2020\" >Nov 2020<\/option><option value=\"10-2020\" >Oct 2020<\/option><option value=\"09-2020\" >Sep 2020<\/option><option value=\"08-2020\" >Aug 2020<\/option><option value=\"07-2020\" >Jul 2020<\/option><option value=\"06-2020\" >Jun 2020<\/option><option value=\"05-2020\" >May 2020<\/option><option value=\"04-2020\" >Apr 2020<\/option><option value=\"03-2020\" >Mar 2020<\/option><option value=\"02-2020\" >Feb 2020<\/option><option value=\"01-2020\" >Jan 2020<\/option><option value=\"12-2019\" >Dec 2019<\/option><option value=\"11-2019\" >Nov 2019<\/option><option value=\"10-2019\" >Oct 2019<\/option><option value=\"09-2019\" >Sep 2019<\/option><option value=\"08-2019\" >Aug 2019<\/option><option value=\"07-2019\" >Jul 2019<\/option><option value=\"06-2019\" >Jun 2019<\/option><option value=\"05-2019\" >May 2019<\/option><option value=\"04-2019\" >Apr 2019<\/option><option value=\"03-2019\" >Mar 2019<\/option><option value=\"02-2019\" >Feb 2019<\/option><option value=\"01-2019\" >Jan 2019<\/option><option value=\"12-2018\" >Dec 2018<\/option><option value=\"11-2018\" >Nov 2018<\/option><option value=\"10-2018\" >Oct 2018<\/option><option value=\"09-2018\" >Sep 2018<\/option><option value=\"08-2018\" >Aug 2018<\/option><option value=\"07-2018\" >Jul 2018<\/option><option value=\"06-2018\" >Jun 2018<\/option><option value=\"05-2018\" >May 2018<\/option><option value=\"04-2018\" >Apr 2018<\/option><option value=\"03-2018\" >Mar 2018<\/option><option value=\"02-2018\" >Feb 2018<\/option><option value=\"01-2018\" >Jan 2018<\/option><option value=\"12-2017\" >Dec 2017<\/option><option value=\"11-2017\" >Nov 2017<\/option><option value=\"10-2017\" >Oct 2017<\/option><option value=\"09-2017\" >Sep 2017<\/option><option value=\"08-2017\" >Aug 2017<\/option><option value=\"07-2017\" >Jul 2017<\/option><option value=\"06-2017\" >Jun 2017<\/option><option value=\"05-2017\" >May 2017<\/option><option value=\"04-2017\" >Apr 2017<\/option><option value=\"03-2017\" >Mar 2017<\/option><option value=\"02-2017\" >Feb 2017<\/option><option value=\"01-2017\" >Jan 2017<\/option><option value=\"12-2016\" >Dec 2016<\/option><option value=\"11-2016\" >Nov 2016<\/option><option value=\"10-2016\" >Oct 2016<\/option><option value=\"09-2016\" >Sep 2016<\/option><option value=\"08-2016\" >Aug 2016<\/option><option value=\"07-2016\" >Jul 2016<\/option><option value=\"06-2016\" >Jun 2016<\/option><option value=\"05-2016\" >May 2016<\/option><option value=\"04-2016\" >Apr 2016<\/option><option value=\"03-2016\" >Mar 2016<\/option><option value=\"02-2016\" >Feb 2016<\/option><option value=\"01-2016\" >Jan 2016<\/option><option value=\"12-2015\" >Dec 2015<\/option><option value=\"11-2015\" >Nov 2015<\/option><option value=\"10-2015\" >Oct 2015<\/option><option value=\"09-2015\" >Sep 2015<\/option><option value=\"08-2015\" >Aug 2015<\/option><option value=\"07-2015\" >Jul 2015<\/option>\t\t\t\t\t<\/select>\n\t\t\t\t\t\t\t\t\t\t\t\t\t\t\t\t\t\t\t\t\t\t\t\t\t<noscript>\n\t\t\t\t\t\t<div><input type=\"submit\" value=\"Submit\"\/><\/div>\n\t\t\t\t\t<\/noscript>\n\t\t\t\t<\/form>\n\t\t\t<\/div>\n\t\t\t<\/div>\n\t\t\t\t<\/div>\n\t\t\t\t","sermons_blog_image_url":"https:\/\/sermons.seetal-chile.ch\/wp-content\/uploads\/2020\/01\/Serie_Wie-du-und-ich_large-scaled.jpg","sermons_blog_video":"<video controls preload=\"metadata\" class=\"wpfc-sermon-video-player \" data-plyr_seek='0'><source src=\"https:\/\/youtu.be\/A3IT1wJuzas\"><\/video>","sermons_blog_series":"<a href=\"https:\/\/sermons.seetal-chile.ch\/fr\/series\/wie-du-und-ich\/\" rel=\"tag\">Wie du und ich<\/a>","sermons_blog_meta_sermon_description":"\u00abRiesen sind auch nur Zwerge\u00bb, von Kaleb, dem mutigen Spion Gottes. Ich m\u00f6chte mit Hilfe des Heiligen Geistes meinen Zuh\u00f6rern deutlich machen, dass wir mutig mit Gott unterwegs sein d\u00fcrfen,\u2026","sermons_blog_show_readmore":true,"sermons_blog_audio":"<audio controls preload=\"metadata\" class=\"wpfc-sermon-player \" ><source src=\"https:\/\/resources.seetal-chile.ch\/files\/predigten\/mp3\/predigt_200405.mp3\" type=\"audio\/mp3\"><\/audio>","sermons_blog_preacher_image":"<a href=\"https:\/\/sermons.seetal-chile.ch\/fr\/pr\u00e9dicateur\/christian-seitz\/\"><img width=\"150\" height=\"150\" src=\"https:\/\/sermons.seetal-chile.ch\/wp-content\/uploads\/2023\/06\/Christian-Seitz-150x150.jpeg\" class=\"attachment-thumbnail size-thumbnail\" alt=\"\" decoding=\"async\" loading=\"lazy\" srcset=\"https:\/\/sermons.seetal-chile.ch\/wp-content\/uploads\/2023\/06\/Christian-Seitz-150x150.jpeg 150w, https:\/\/sermons.seetal-chile.ch\/wp-content\/uploads\/2023\/06\/Christian-Seitz-300x300.jpeg 300w, https:\/\/sermons.seetal-chile.ch\/wp-content\/uploads\/2023\/06\/Christian-Seitz-768x768.jpeg 768w, https:\/\/sermons.seetal-chile.ch\/wp-content\/uploads\/2023\/06\/Christian-Seitz-12x12.jpeg 12w, https:\/\/sermons.seetal-chile.ch\/wp-content\/uploads\/2023\/06\/Christian-Seitz-75x75.jpeg 75w, https:\/\/sermons.seetal-chile.ch\/wp-content\/uploads\/2023\/06\/Christian-Seitz.jpeg 1000w\" sizes=\"auto, (max-width: 150px) 100vw, 150px\" \/><\/a>","sermons_blog_preacher":"<a href=\"https:\/\/sermons.seetal-chile.ch\/fr\/pr\u00e9dicateur\/christian-seitz\/\" rel=\"tag\">Christian Seitz<\/a>","sermons_blog_bible_passage":"4. Mose,13-14","sermons_blog_service_type":"<a href=\"https:\/\/sermons.seetal-chile.ch\/fr\/type-de-service\/gottesdienst\/\" rel=\"tag\">Gottesdienst<\/a>","sermon_audio":"https:\/\/resources.seetal-chile.ch\/files\/predigten\/mp3\/predigt_200405.mp3","sermon_audio_duration":"","_views":"5339","bible_passage":"4. Mose,13-14","sermon_video_embed":"","sermon_video_url":"https:\/\/youtu.be\/A3IT1wJuzas","sermon_bulletin":"","_featured_url":false,"sermon_date":1586083833,"_sermon_date_auto":false,"_links":{"self":[{"href":"https:\/\/sermons.seetal-chile.ch\/fr\/wp-json\/wp\/v2\/wpfc_sermon\/2789","targetHints":{"allow":["GET"]}}],"collection":[{"href":"https:\/\/sermons.seetal-chile.ch\/fr\/wp-json\/wp\/v2\/wpfc_sermon"}],"about":[{"href":"https:\/\/sermons.seetal-chile.ch\/fr\/wp-json\/wp\/v2\/types\/wpfc_sermon"}],"author":[{"embeddable":true,"href":"https:\/\/sermons.seetal-chile.ch\/fr\/wp-json\/wp\/v2\/users\/1"}],"replies":[{"embeddable":true,"href":"https:\/\/sermons.seetal-chile.ch\/fr\/wp-json\/wp\/v2\/comments?post=2789"}],"version-history":[{"count":14,"href":"https:\/\/sermons.seetal-chile.ch\/fr\/wp-json\/wp\/v2\/wpfc_sermon\/2789\/revisions"}],"predecessor-version":[{"id":2803,"href":"https:\/\/sermons.seetal-chile.ch\/fr\/wp-json\/wp\/v2\/wpfc_sermon\/2789\/revisions\/2803"}],"wp:attachment":[{"href":"https:\/\/sermons.seetal-chile.ch\/fr\/wp-json\/wp\/v2\/media?parent=2789"}],"wp:term":[{"taxonomy":"wpfc_preacher","embeddable":true,"href":"https:\/\/sermons.seetal-chile.ch\/fr\/wp-json\/wp\/v2\/wpfc_preacher?post=2789"},{"taxonomy":"wpfc_sermon_series","embeddable":true,"href":"https:\/\/sermons.seetal-chile.ch\/fr\/wp-json\/wp\/v2\/wpfc_sermon_series?post=2789"},{"taxonomy":"wpfc_sermon_topics","embeddable":true,"href":"https:\/\/sermons.seetal-chile.ch\/fr\/wp-json\/wp\/v2\/wpfc_sermon_topics?post=2789"},{"taxonomy":"wpfc_bible_book","embeddable":true,"href":"https:\/\/sermons.seetal-chile.ch\/fr\/wp-json\/wp\/v2\/wpfc_bible_book?post=2789"},{"taxonomy":"wpfc_service_type","embeddable":true,"href":"https:\/\/sermons.seetal-chile.ch\/fr\/wp-json\/wp\/v2\/wpfc_service_type?post=2789"}],"curies":[{"name":"wp","href":"https:\/\/api.w.org\/{rel}","templated":true}]}}